{"id":253,"date":"2018-01-08T18:02:11","date_gmt":"2018-01-08T17:02:11","guid":{"rendered":"http:\/\/www.mbp.chrzanow.pl\/akademiaslowa\/?page_id=253"},"modified":"2018-01-08T18:02:11","modified_gmt":"2018-01-08T17:02:11","slug":"tomaszjulianadryan","status":"publish","type":"page","link":"http:\/\/www.mbp.chrzanow.pl\/akademiaslowa\/index.php\/tomaszjulianadryan\/","title":{"rendered":"Tomasz Julian Adryan"},"content":{"rendered":"\t\t<div data-elementor-type=\"wp-page\" data-elementor-id=\"253\" class=\"elementor elementor-253 elementor-bc-flex-widget\">\n\t\t\t\t\t\t<section class=\"elementor-section elementor-top-section elementor-element elementor-element-51a7a35e elementor-section-boxed elementor-section-height-default elementor-section-height-default\" data-id=\"51a7a35e\" data-element_type=\"section\" data-e-type=\"section\">\n\t\t\t\t\t\t<div class=\"elementor-container elementor-column-gap-no\">\n\t\t\t\t\t<div class=\"elementor-column elementor-col-50 elementor-top-column elementor-element elementor-element-1008a91\" data-id=\"1008a91\" data-element_type=\"column\" data-e-type=\"column\">\n\t\t\t<div class=\"elementor-widget-wrap elementor-element-populated\">\n\t\t\t\t\t\t<div class=\"elementor-element elementor-element-7e14c9b9 elementor-widget elementor-widget-image\" data-id=\"7e14c9b9\" data-element_type=\"widget\" data-e-type=\"widget\" data-widget_type=\"image.default\">\n\t\t\t\t<div class=\"elementor-widget-container\">\n\t\t\t\t\t\t\t\t\t\t\t\t\t\t\t<img fetchpriority=\"high\" decoding=\"async\" width=\"449\" height=\"625\" src=\"http:\/\/www.mbp.chrzanow.pl\/akademiaslowa\/wp-content\/uploads\/2017\/12\/Tomasz-Julian-Adryan-1.jpg\" class=\"attachment-full size-full wp-image-236\" alt=\"\" srcset=\"http:\/\/www.mbp.chrzanow.pl\/akademiaslowa\/wp-content\/uploads\/2017\/12\/Tomasz-Julian-Adryan-1.jpg 449w, http:\/\/www.mbp.chrzanow.pl\/akademiaslowa\/wp-content\/uploads\/2017\/12\/Tomasz-Julian-Adryan-1-216x300.jpg 216w\" sizes=\"(max-width: 449px) 100vw, 449px\" \/>\t\t\t\t\t\t\t\t\t\t\t\t\t\t\t<\/div>\n\t\t\t\t<\/div>\n\t\t\t\t\t<\/div>\n\t\t<\/div>\n\t\t\t\t<div class=\"elementor-column elementor-col-50 elementor-top-column elementor-element elementor-element-61209783\" data-id=\"61209783\" data-element_type=\"column\" data-e-type=\"column\" data-settings=\"{&quot;background_background&quot;:&quot;classic&quot;}\">\n\t\t\t<div class=\"elementor-widget-wrap elementor-element-populated\">\n\t\t\t\t\t\t<section class=\"elementor-section elementor-inner-section elementor-element elementor-element-1fdc2ce elementor-reverse-mobile elementor-section-boxed elementor-section-height-default elementor-section-height-default\" data-id=\"1fdc2ce\" data-element_type=\"section\" data-e-type=\"section\">\n\t\t\t\t\t\t<div class=\"elementor-container elementor-column-gap-default\">\n\t\t\t\t\t<div class=\"elementor-column elementor-col-100 elementor-inner-column elementor-element elementor-element-1000e645\" data-id=\"1000e645\" data-element_type=\"column\" data-e-type=\"column\" data-settings=\"{&quot;background_background&quot;:&quot;classic&quot;}\">\n\t\t\t<div class=\"elementor-widget-wrap elementor-element-populated\">\n\t\t\t\t\t\t<div class=\"elementor-element elementor-element-2285993a elementor-widget elementor-widget-text-editor\" data-id=\"2285993a\" data-element_type=\"widget\" data-e-type=\"widget\" data-widget_type=\"text-editor.default\">\n\t\t\t\t<div class=\"elementor-widget-container\">\n\t\t\t\t\t\t\t\t\t<h3><strong>Tomasz Julian Adryan<\/strong><\/h3><p>autor, urodzony w Chrzanowie 1990 roku, pisz\u0105cy od 2007 roku, zamieszka\u0142y\u00a0 w Chrzanowie, pisz\u0105cy g\u0142\u00f3wnie z potrzeby, a i przekazem, a na pokrzepienie m\u0142odym damom w potrzebie. nienagrodzony autor nienagrodzonych utwor\u00f3w z sosnowych szuflad, <br \/> dyrektor Akademii Bada\u0144 Nadrealnych. Uczestnik wielu og\u00f3lnopolskich\u00a0 konkurs\u00f3w poetyckich. Autor wydanego w 2010 roku tomiku &#8222;Trzy Sny&#8221; w\u00a0 nak\u0142adzie sztuk 1. Wyr\u00f3\u017cniony w na XIII Og\u00f3lnopolskim Konkursie &#8222;Bez <br \/> Granic&#8221; w roku 2011.<\/p>\t\t\t\t\t\t\t\t<\/div>\n\t\t\t\t<\/div>\n\t\t\t\t\t<\/div>\n\t\t<\/div>\n\t\t\t\t\t<\/div>\n\t\t<\/section>\n\t\t\t\t\t<\/div>\n\t\t<\/div>\n\t\t\t\t\t<\/div>\n\t\t<\/section>\n\t\t\t\t<section class=\"elementor-section elementor-top-section elementor-element elementor-element-7e26e011 elementor-section-boxed elementor-section-height-default elementor-section-height-default\" data-id=\"7e26e011\" data-element_type=\"section\" data-e-type=\"section\">\n\t\t\t\t\t\t<div class=\"elementor-container elementor-column-gap-default\">\n\t\t\t\t\t<div class=\"elementor-column elementor-col-100 elementor-top-column elementor-element elementor-element-71923a34\" data-id=\"71923a34\" data-element_type=\"column\" data-e-type=\"column\">\n\t\t\t<div class=\"elementor-widget-wrap\">\n\t\t\t\t\t\t\t<\/div>\n\t\t<\/div>\n\t\t\t\t\t<\/div>\n\t\t<\/section>\n\t\t\t\t<section class=\"elementor-section elementor-top-section elementor-element elementor-element-df06725 elementor-section-boxed elementor-section-height-default elementor-section-height-default\" data-id=\"df06725\" data-element_type=\"section\" data-e-type=\"section\">\n\t\t\t\t\t\t<div class=\"elementor-container elementor-column-gap-default\">\n\t\t\t\t\t<div class=\"elementor-column elementor-col-100 elementor-top-column elementor-element elementor-element-39037c53\" data-id=\"39037c53\" data-element_type=\"column\" data-e-type=\"column\">\n\t\t\t<div class=\"elementor-widget-wrap elementor-element-populated\">\n\t\t\t\t\t\t<div class=\"elementor-element elementor-element-7f49503a elementor-widget elementor-widget-text-editor\" data-id=\"7f49503a\" data-element_type=\"widget\" data-e-type=\"widget\" data-widget_type=\"text-editor.default\">\n\t\t\t\t<div class=\"elementor-widget-container\">\n\t\t\t\t\t\t\t\t\t<h3><strong>[W zrujnowanym mie\u015bcie&#8230;]<\/strong><\/h3><p>W zrujnowanym mie\u015bcie<br \/>W zrujnowanej wie\u017cy<br \/>Mieszka strzelec \u2013 ch\u0142opiec<br \/>Wstaje rano, pije kaw\u0119<br \/>Po nieprzespanej nocy<br \/>Ko\u015bcielnej krypty<br \/>W dzie\u0144 wychodzi po stopniach<br \/>Mi\u0119kkiego i ci\u0119\u017ckiego snu<br \/>Do wie\u017cy<\/p><p>A po opadni\u0119ciu mg\u0142y<br \/>Zabija demony<br \/>Po\u015br\u00f3d ulic<br \/>Ca\u0142y dzie\u0144<br \/>Czasem si\u0119 poddaje<br \/>Bo to jego<\/p>\t\t\t\t\t\t\t\t<\/div>\n\t\t\t\t<\/div>\n\t\t\t\t\t<\/div>\n\t\t<\/div>\n\t\t\t\t\t<\/div>\n\t\t<\/section>\n\t\t\t\t<section class=\"elementor-section elementor-top-section elementor-element elementor-element-7310c754 elementor-section-boxed elementor-section-height-default elementor-section-height-default\" data-id=\"7310c754\" data-element_type=\"section\" data-e-type=\"section\">\n\t\t\t\t\t\t<div class=\"elementor-container elementor-column-gap-default\">\n\t\t\t\t\t<div class=\"elementor-column elementor-col-100 elementor-top-column elementor-element elementor-element-1210aa4\" data-id=\"1210aa4\" data-element_type=\"column\" data-e-type=\"column\">\n\t\t\t<div class=\"elementor-widget-wrap elementor-element-populated\">\n\t\t\t\t\t\t<div class=\"elementor-element elementor-element-68d37b52 elementor-widget elementor-widget-text-editor\" data-id=\"68d37b52\" data-element_type=\"widget\" data-e-type=\"widget\" data-widget_type=\"text-editor.default\">\n\t\t\t\t<div class=\"elementor-widget-container\">\n\t\t\t\t\t\t\t\t\t<h2><strong>Gwiazda<\/strong><\/h2><p>Wznie\u015bmy nasz puchar nico\u015bci i czarnych p\u0142omieni!<\/p><p>Ku pustce nocnego nieba, ku bia\u0142ym mrugni\u0119ciom<\/p><p>Toast ciszy, gdy\u017c nie ma jeszcze s\u0142\u00f3w<\/p><p>Brz\u0119cz\u0105 kryszta\u0142y czar nieustannym piskiem kosmosu<\/p><p>Wlejmy w nas otch\u0142a\u0144 wszech\u015bwiata!<\/p><p>I upadajmy w obj\u0119cia purpurowego snu mg\u0142awic<\/p><p>Ze\u015blizgnijmy si\u0119 po pasach rozta\u0144czonych meteoryt\u00f3w<\/p><p>Prosto w wielko\u015b\u0107 b\u0142\u0119kitnych, gazowych planet<\/p><p>Tymczasem &#8211; nasze w\u0142osy niech oplataj\u0105 pos\u0142ania<\/p><p>Rozsiewaj\u0105c ziarna wszystkiego, niech szukaj\u0105<\/p><p>Dobrego miejsca na zrodzenie<\/p><p>A Ty puchar chwy\u0107<\/p><p>Zbieraj, mieszaj, niech kryszta\u0142 zn\u00f3w zabrzmi<\/p><p>Morza pragnie\u0144 maj\u0105 przyp\u0142yw, a na brzegu<\/p><p>\u0141yskliwe owoce, czerwone rubiny, bia\u0142y kwarc<\/p><p>Znajdziesz je, tylko Ty, wszystko w Tobie<\/p><p>Uwa\u017caj jednak, puchary s\u0105 dwa<\/p><p>Jeden dla Nieba<\/p><p>Drugi dla Ziemi<\/p><p>Zgub pierwszy, staniesz si\u0119 kamieniem<\/p><p>Czarny p\u0142omie\u0144 nie zago\u015bci, umrzesz spragniony<\/p><p>Zabraknie gwiazd<\/p><p>Zgub drugi, otch\u0142a\u0144 zamieni Ci\u0119 w siebie<\/p><p>Za\u015bniesz- \u017c\u00f3\u0142tym snem bez czasu i granic<\/p><p>Wznie\u015bmy nasz puchar nico\u015bci jeszcze raz!<\/p><p>Ku pustce nocnego nieba, ku bia\u0142ym mrugni\u0119ciom<\/p><p>Toast ciszy, gdy\u017c nie ma ju\u017c s\u0142\u00f3w<\/p><p>\u00a0<\/p>\t\t\t\t\t\t\t\t<\/div>\n\t\t\t\t<\/div>\n\t\t\t\t\t<\/div>\n\t\t<\/div>\n\t\t\t\t\t<\/div>\n\t\t<\/section>\n\t\t\t\t<section class=\"elementor-section elementor-top-section elementor-element elementor-element-6c99e7 elementor-section-boxed elementor-section-height-default elementor-section-height-default\" data-id=\"6c99e7\" data-element_type=\"section\" data-e-type=\"section\">\n\t\t\t\t\t\t<div class=\"elementor-container elementor-column-gap-default\">\n\t\t\t\t\t<div class=\"elementor-column elementor-col-100 elementor-top-column elementor-element elementor-element-599bb7c5\" data-id=\"599bb7c5\" data-element_type=\"column\" data-e-type=\"column\">\n\t\t\t<div class=\"elementor-widget-wrap elementor-element-populated\">\n\t\t\t\t\t\t<div class=\"elementor-element elementor-element-6189a09a elementor-widget elementor-widget-text-editor\" data-id=\"6189a09a\" data-element_type=\"widget\" data-e-type=\"widget\" data-widget_type=\"text-editor.default\">\n\t\t\t\t<div class=\"elementor-widget-container\">\n\t\t\t\t\t\t\t\t\t<h3><strong>Bia\u0142e kabaretki<\/strong><\/h3><p>Najbardziej perwersyjna<\/p><p>Cz\u0119\u015b\u0107 garderoby<\/p><p>Bia\u0142e kabaretki<\/p><p>Dziewicze wyuzdanie<\/p><p>\u015awi\u0119ta wulgarno\u015b\u0107<\/p><p>Cienkie bielute\u0144kie<\/p><p>Ramki kawa\u0142ka<\/p><p>Blu\u017anierczej bosko\u015bci<\/p><p>Naci\u0105gni\u0119te do granic<\/p><p>Zach\u0119ty i odrazy<\/p><p>Siatka wspinaczkowa<\/p><p>Wy\u017cej i wy\u017cej<\/p><p>Nigdy tak dobrze<\/p><p>Nie szuka\u0142em<\/p><p>Jej spojrzenia<\/p><p>By zjecha\u0107 palcami<\/p><p>Wczepi\u0107 si\u0119<\/p><p>Na poga\u0144skim rytuale<\/p><p>Znajduj\u0105c zbawienie<\/p>\t\t\t\t\t\t\t\t<\/div>\n\t\t\t\t<\/div>\n\t\t\t\t\t<\/div>\n\t\t<\/div>\n\t\t\t\t\t<\/div>\n\t\t<\/section>\n\t\t\t\t<\/div>\n\t\t","protected":false},"excerpt":{"rendered":"<p> [&hellip;]<\/p>\n","protected":false},"author":1,"featured_media":0,"parent":0,"menu_order":0,"comment_status":"closed","ping_status":"closed","template":"","meta":{"footnotes":""},"class_list":["post-253","page","type-page","status-publish","hentry"],"yoast_head":"<!-- This site is optimized with the Yoast SEO plugin v27.5 - https:\/\/yoast.com\/product\/yoast-seo-wordpress\/ -->\n<title>Tomasz Julian Adryan - Akademia S\u0142owa - Chrzan\u00f3w<\/title>\n<meta name=\"robots\" content=\"index, follow, max-snippet:-1, max-image-preview:large, max-video-preview:-1\" \/>\n<link rel=\"canonical\" href=\"http:\/\/www.mbp.chrzanow.pl\/akademiaslowa\/index.php\/tomaszjulianadryan\/\" \/>\n<meta property=\"og:locale\" content=\"pl_PL\" \/>\n<meta property=\"og:type\" content=\"article\" \/>\n<meta property=\"og:title\" content=\"Tomasz Julian Adryan - Akademia S\u0142owa - Chrzan\u00f3w\" \/>\n<meta property=\"og:description\" content=\"[&hellip;]\" \/>\n<meta property=\"og:url\" content=\"http:\/\/www.mbp.chrzanow.pl\/akademiaslowa\/index.php\/tomaszjulianadryan\/\" \/>\n<meta property=\"og:site_name\" content=\"Akademia S\u0142owa - Chrzan\u00f3w\" \/>\n<meta property=\"og:image\" content=\"http:\/\/www.mbp.chrzanow.pl\/akademiaslowa\/wp-content\/uploads\/2017\/12\/Tomasz-Julian-Adryan-1.jpg\" \/>\n<meta name=\"twitter:card\" content=\"summary_large_image\" \/>\n<meta name=\"twitter:label1\" content=\"Szacowany czas czytania\" \/>\n\t<meta name=\"twitter:data1\" content=\"2 minuty\" \/>\n<script type=\"application\/ld+json\" class=\"yoast-schema-graph\">{\"@context\":\"https:\\\/\\\/schema.org\",\"@graph\":[{\"@type\":\"WebPage\",\"@id\":\"http:\\\/\\\/www.mbp.chrzanow.pl\\\/akademiaslowa\\\/index.php\\\/tomaszjulianadryan\\\/\",\"url\":\"http:\\\/\\\/www.mbp.chrzanow.pl\\\/akademiaslowa\\\/index.php\\\/tomaszjulianadryan\\\/\",\"name\":\"Tomasz Julian Adryan - Akademia S\u0142owa - Chrzan\u00f3w\",\"isPartOf\":{\"@id\":\"https:\\\/\\\/www.mbp.chrzanow.pl\\\/akademiaslowa\\\/#website\"},\"primaryImageOfPage\":{\"@id\":\"http:\\\/\\\/www.mbp.chrzanow.pl\\\/akademiaslowa\\\/index.php\\\/tomaszjulianadryan\\\/#primaryimage\"},\"image\":{\"@id\":\"http:\\\/\\\/www.mbp.chrzanow.pl\\\/akademiaslowa\\\/index.php\\\/tomaszjulianadryan\\\/#primaryimage\"},\"thumbnailUrl\":\"http:\\\/\\\/www.mbp.chrzanow.pl\\\/akademiaslowa\\\/wp-content\\\/uploads\\\/2017\\\/12\\\/Tomasz-Julian-Adryan-1.jpg\",\"datePublished\":\"2018-01-08T17:02:11+00:00\",\"breadcrumb\":{\"@id\":\"http:\\\/\\\/www.mbp.chrzanow.pl\\\/akademiaslowa\\\/index.php\\\/tomaszjulianadryan\\\/#breadcrumb\"},\"inLanguage\":\"pl-PL\",\"potentialAction\":[{\"@type\":\"ReadAction\",\"target\":[\"http:\\\/\\\/www.mbp.chrzanow.pl\\\/akademiaslowa\\\/index.php\\\/tomaszjulianadryan\\\/\"]}]},{\"@type\":\"ImageObject\",\"inLanguage\":\"pl-PL\",\"@id\":\"http:\\\/\\\/www.mbp.chrzanow.pl\\\/akademiaslowa\\\/index.php\\\/tomaszjulianadryan\\\/#primaryimage\",\"url\":\"http:\\\/\\\/www.mbp.chrzanow.pl\\\/akademiaslowa\\\/wp-content\\\/uploads\\\/2017\\\/12\\\/Tomasz-Julian-Adryan-1.jpg\",\"contentUrl\":\"http:\\\/\\\/www.mbp.chrzanow.pl\\\/akademiaslowa\\\/wp-content\\\/uploads\\\/2017\\\/12\\\/Tomasz-Julian-Adryan-1.jpg\",\"width\":449,\"height\":625},{\"@type\":\"BreadcrumbList\",\"@id\":\"http:\\\/\\\/www.mbp.chrzanow.pl\\\/akademiaslowa\\\/index.php\\\/tomaszjulianadryan\\\/#breadcrumb\",\"itemListElement\":[{\"@type\":\"ListItem\",\"position\":1,\"name\":\"Strona g\u0142\u00f3wna\",\"item\":\"https:\\\/\\\/www.mbp.chrzanow.pl\\\/akademiaslowa\\\/\"},{\"@type\":\"ListItem\",\"position\":2,\"name\":\"Tomasz Julian Adryan\"}]},{\"@type\":\"WebSite\",\"@id\":\"https:\\\/\\\/www.mbp.chrzanow.pl\\\/akademiaslowa\\\/#website\",\"url\":\"https:\\\/\\\/www.mbp.chrzanow.pl\\\/akademiaslowa\\\/\",\"name\":\"Akademia S\u0142owa - Chrzan\u00f3w\",\"description\":\"Czym poezja...\",\"publisher\":{\"@id\":\"https:\\\/\\\/www.mbp.chrzanow.pl\\\/akademiaslowa\\\/#organization\"},\"potentialAction\":[{\"@type\":\"SearchAction\",\"target\":{\"@type\":\"EntryPoint\",\"urlTemplate\":\"https:\\\/\\\/www.mbp.chrzanow.pl\\\/akademiaslowa\\\/?s={search_term_string}\"},\"query-input\":{\"@type\":\"PropertyValueSpecification\",\"valueRequired\":true,\"valueName\":\"search_term_string\"}}],\"inLanguage\":\"pl-PL\"},{\"@type\":\"Organization\",\"@id\":\"https:\\\/\\\/www.mbp.chrzanow.pl\\\/akademiaslowa\\\/#organization\",\"name\":\"Akademia S\u0142owa Chrzan\u00f3w\",\"url\":\"https:\\\/\\\/www.mbp.chrzanow.pl\\\/akademiaslowa\\\/\",\"logo\":{\"@type\":\"ImageObject\",\"inLanguage\":\"pl-PL\",\"@id\":\"https:\\\/\\\/www.mbp.chrzanow.pl\\\/akademiaslowa\\\/#\\\/schema\\\/logo\\\/image\\\/\",\"url\":\"http:\\\/\\\/www.mbp.chrzanow.pl\\\/akademiaslowa\\\/wp-content\\\/uploads\\\/2017\\\/12\\\/AkademiaSlowa_www.jpg\",\"contentUrl\":\"http:\\\/\\\/www.mbp.chrzanow.pl\\\/akademiaslowa\\\/wp-content\\\/uploads\\\/2017\\\/12\\\/AkademiaSlowa_www.jpg\",\"width\":500,\"height\":79,\"caption\":\"Akademia S\u0142owa Chrzan\u00f3w\"},\"image\":{\"@id\":\"https:\\\/\\\/www.mbp.chrzanow.pl\\\/akademiaslowa\\\/#\\\/schema\\\/logo\\\/image\\\/\"}}]}<\/script>\n<!-- \/ Yoast SEO plugin. -->","yoast_head_json":{"title":"Tomasz Julian Adryan - Akademia S\u0142owa - Chrzan\u00f3w","robots":{"index":"index","follow":"follow","max-snippet":"max-snippet:-1","max-image-preview":"max-image-preview:large","max-video-preview":"max-video-preview:-1"},"canonical":"http:\/\/www.mbp.chrzanow.pl\/akademiaslowa\/index.php\/tomaszjulianadryan\/","og_locale":"pl_PL","og_type":"article","og_title":"Tomasz Julian Adryan - Akademia S\u0142owa - Chrzan\u00f3w","og_description":"[&hellip;]","og_url":"http:\/\/www.mbp.chrzanow.pl\/akademiaslowa\/index.php\/tomaszjulianadryan\/","og_site_name":"Akademia S\u0142owa - Chrzan\u00f3w","og_image":[{"url":"http:\/\/www.mbp.chrzanow.pl\/akademiaslowa\/wp-content\/uploads\/2017\/12\/Tomasz-Julian-Adryan-1.jpg","type":"","width":"","height":""}],"twitter_card":"summary_large_image","twitter_misc":{"Szacowany czas czytania":"2 minuty"},"schema":{"@context":"https:\/\/schema.org","@graph":[{"@type":"WebPage","@id":"http:\/\/www.mbp.chrzanow.pl\/akademiaslowa\/index.php\/tomaszjulianadryan\/","url":"http:\/\/www.mbp.chrzanow.pl\/akademiaslowa\/index.php\/tomaszjulianadryan\/","name":"Tomasz Julian Adryan - Akademia S\u0142owa - Chrzan\u00f3w","isPartOf":{"@id":"https:\/\/www.mbp.chrzanow.pl\/akademiaslowa\/#website"},"primaryImageOfPage":{"@id":"http:\/\/www.mbp.chrzanow.pl\/akademiaslowa\/index.php\/tomaszjulianadryan\/#primaryimage"},"image":{"@id":"http:\/\/www.mbp.chrzanow.pl\/akademiaslowa\/index.php\/tomaszjulianadryan\/#primaryimage"},"thumbnailUrl":"http:\/\/www.mbp.chrzanow.pl\/akademiaslowa\/wp-content\/uploads\/2017\/12\/Tomasz-Julian-Adryan-1.jpg","datePublished":"2018-01-08T17:02:11+00:00","breadcrumb":{"@id":"http:\/\/www.mbp.chrzanow.pl\/akademiaslowa\/index.php\/tomaszjulianadryan\/#breadcrumb"},"inLanguage":"pl-PL","potentialAction":[{"@type":"ReadAction","target":["http:\/\/www.mbp.chrzanow.pl\/akademiaslowa\/index.php\/tomaszjulianadryan\/"]}]},{"@type":"ImageObject","inLanguage":"pl-PL","@id":"http:\/\/www.mbp.chrzanow.pl\/akademiaslowa\/index.php\/tomaszjulianadryan\/#primaryimage","url":"http:\/\/www.mbp.chrzanow.pl\/akademiaslowa\/wp-content\/uploads\/2017\/12\/Tomasz-Julian-Adryan-1.jpg","contentUrl":"http:\/\/www.mbp.chrzanow.pl\/akademiaslowa\/wp-content\/uploads\/2017\/12\/Tomasz-Julian-Adryan-1.jpg","width":449,"height":625},{"@type":"BreadcrumbList","@id":"http:\/\/www.mbp.chrzanow.pl\/akademiaslowa\/index.php\/tomaszjulianadryan\/#breadcrumb","itemListElement":[{"@type":"ListItem","position":1,"name":"Strona g\u0142\u00f3wna","item":"https:\/\/www.mbp.chrzanow.pl\/akademiaslowa\/"},{"@type":"ListItem","position":2,"name":"Tomasz Julian Adryan"}]},{"@type":"WebSite","@id":"https:\/\/www.mbp.chrzanow.pl\/akademiaslowa\/#website","url":"https:\/\/www.mbp.chrzanow.pl\/akademiaslowa\/","name":"Akademia S\u0142owa - Chrzan\u00f3w","description":"Czym poezja...","publisher":{"@id":"https:\/\/www.mbp.chrzanow.pl\/akademiaslowa\/#organization"},"potentialAction":[{"@type":"SearchAction","target":{"@type":"EntryPoint","urlTemplate":"https:\/\/www.mbp.chrzanow.pl\/akademiaslowa\/?s={search_term_string}"},"query-input":{"@type":"PropertyValueSpecification","valueRequired":true,"valueName":"search_term_string"}}],"inLanguage":"pl-PL"},{"@type":"Organization","@id":"https:\/\/www.mbp.chrzanow.pl\/akademiaslowa\/#organization","name":"Akademia S\u0142owa Chrzan\u00f3w","url":"https:\/\/www.mbp.chrzanow.pl\/akademiaslowa\/","logo":{"@type":"ImageObject","inLanguage":"pl-PL","@id":"https:\/\/www.mbp.chrzanow.pl\/akademiaslowa\/#\/schema\/logo\/image\/","url":"http:\/\/www.mbp.chrzanow.pl\/akademiaslowa\/wp-content\/uploads\/2017\/12\/AkademiaSlowa_www.jpg","contentUrl":"http:\/\/www.mbp.chrzanow.pl\/akademiaslowa\/wp-content\/uploads\/2017\/12\/AkademiaSlowa_www.jpg","width":500,"height":79,"caption":"Akademia S\u0142owa Chrzan\u00f3w"},"image":{"@id":"https:\/\/www.mbp.chrzanow.pl\/akademiaslowa\/#\/schema\/logo\/image\/"}}]}},"_links":{"self":[{"href":"http:\/\/www.mbp.chrzanow.pl\/akademiaslowa\/index.php\/wp-json\/wp\/v2\/pages\/253","targetHints":{"allow":["GET"]}}],"collection":[{"href":"http:\/\/www.mbp.chrzanow.pl\/akademiaslowa\/index.php\/wp-json\/wp\/v2\/pages"}],"about":[{"href":"http:\/\/www.mbp.chrzanow.pl\/akademiaslowa\/index.php\/wp-json\/wp\/v2\/types\/page"}],"author":[{"embeddable":true,"href":"http:\/\/www.mbp.chrzanow.pl\/akademiaslowa\/index.php\/wp-json\/wp\/v2\/users\/1"}],"replies":[{"embeddable":true,"href":"http:\/\/www.mbp.chrzanow.pl\/akademiaslowa\/index.php\/wp-json\/wp\/v2\/comments?post=253"}],"version-history":[{"count":7,"href":"http:\/\/www.mbp.chrzanow.pl\/akademiaslowa\/index.php\/wp-json\/wp\/v2\/pages\/253\/revisions"}],"predecessor-version":[{"id":281,"href":"http:\/\/www.mbp.chrzanow.pl\/akademiaslowa\/index.php\/wp-json\/wp\/v2\/pages\/253\/revisions\/281"}],"wp:attachment":[{"href":"http:\/\/www.mbp.chrzanow.pl\/akademiaslowa\/index.php\/wp-json\/wp\/v2\/media?parent=253"}],"curies":[{"name":"wp","href":"https:\/\/api.w.org\/{rel}","templated":true}]}}