{"id":2516,"date":"2021-09-06T08:39:43","date_gmt":"2021-09-06T06:39:43","guid":{"rendered":"https:\/\/www.mbp.chrzanow.pl\/forumregionalne\/?page_id=2516"},"modified":"2025-11-12T11:28:17","modified_gmt":"2025-11-12T10:28:17","slug":"program","status":"publish","type":"page","link":"https:\/\/www.mbp.chrzanow.pl\/forumregionalne\/program\/","title":{"rendered":"Program"},"content":{"rendered":"\t\t<div data-elementor-type=\"wp-page\" data-elementor-id=\"2516\" class=\"elementor elementor-2516\">\n\t\t\t\t\t\t<section class=\"elementor-section elementor-top-section elementor-element elementor-element-8691ac7 elementor-section-boxed elementor-section-height-default elementor-section-height-default\" data-id=\"8691ac7\" data-element_type=\"section\" data-e-type=\"section\">\n\t\t\t\t\t\t<div class=\"elementor-container elementor-column-gap-default\">\n\t\t\t\t\t<div class=\"elementor-column elementor-col-100 elementor-top-column elementor-element elementor-element-2bedf32\" data-id=\"2bedf32\" data-element_type=\"column\" data-e-type=\"column\">\n\t\t\t<div class=\"elementor-widget-wrap elementor-element-populated\">\n\t\t\t\t\t\t<div class=\"elementor-element elementor-element-3b304e6 elementor-widget elementor-widget-text-editor\" data-id=\"3b304e6\" data-element_type=\"widget\" data-e-type=\"widget\" data-widget_type=\"text-editor.default\">\n\t\t\t\t<div class=\"elementor-widget-container\">\n\t\t\t\t\t\t\t\t\t<h2><strong>20.11.2025<\/strong><\/h2><h4><strong>Miejska Biblioteka Publiczna w Chrzanowie, <br \/>ul. W\u0142adys\u0142awa Broniewskiego 10C, 32-500 Chrzan\u00f3w<\/strong><\/h4><h4>9:30 Rejestracja uczestnik\u00f3w<\/h4><h4>10:00-10:15 Powitanie<\/h4><h4>10:15-11:00 Robert Garstka: <strong><em>Rymarstwo \u2013 gin\u0105cy zaw\u00f3d<\/em><\/strong><\/h4><h4>11:00-11:45 Ewelina M\u0119drala-M\u0142y\u0144ska: <strong><em>Bombka, ba\u0144ka, \u015bwiecide\u0142ko \u2013 zachwycaj\u0105cy konglomerat rzemie\u015blniczy<\/em><\/strong><\/h4><h4>11:45-12:15 Przerwa kawowa<\/h4><h4>12:15-13:00 Marta Gawor: <strong><em>Chrzanowskie rzemios\u0142o i rzemie\u015blnicy od po\u0142owy XIX w. do lat 50. XX w. \u015bwietle dokument\u00f3w Muzeum w Chrzanowie \u2013 przyczynek do dziej\u00f3w<\/em><\/strong><\/h4><h4>13:00-13:45 Agnieszka Oczkowska: <strong><em>Rzemios\u0142o kowalskie i tradycyjna ku\u017ania w powiecie chrzanowskim \u2013 Bez kowala ko\u0144 boso chodzi<\/em><\/strong><\/h4><h4>13:45-14:45 Lunch<\/h4><h4>14:45-15:15 Wystawy: <strong><em>Jan G\u0142uszek z Brode\u0142 \u2013 ostatni garncarz<\/em><\/strong>, <strong><em>Kowalstwo wiejskie.<\/em><\/strong> Oprowadza Marek Oleszycki.<\/h4><h4>15:15-16:00 Anna Koblak: <strong><em>Pokaz plecionkarstwa<\/em><\/strong><\/h4><h4>\u00a0<\/h4><h2><strong>21.11.2025<\/strong><\/h2><h4><strong>Muzeum Ma\u0142opolski Zachodniej w Wygie\u0142zowie<br \/>Wygie\u0142z\u00f3w, ul Podzamcze 1, 32-551 Babice<\/strong><\/h4><h4>9:30 Rejestracja uczestnik\u00f3w<\/h4><h4>10:00-10:15 Powitanie<\/h4><h4>10:15-11:00 Anna Kozak: <strong><em>Budarka, czyli ciesielstwo podhala\u0144skie<\/em><\/strong><\/h4><h4>11:00-11:45 Grzegorz Or\u0142owski: <strong><em>Pocz\u0105tki rzemios\u0142a fotograficznego w Krakowie i regionie<\/em><\/strong><\/h4><h4>11:45-12:15 Przerwa kawowa<\/h4><h4>12:15-13:00 Wyk\u0142ad<\/h4><h4>13:00-13:45 Roch Biborski: <strong><em>Fenomen fabryki Bata w Che\u0142mku \u2013 pr\u00f3ba stworzenia idealnego miejsca dla robotnik\u00f3w<\/em><\/strong><\/h4><h4>13:45-14:45 Lunch<\/h4><h4>14:45-16:00 Wyst\u0119p artystyczny<\/h4><div>\u00a0<\/div><h2><a href=\"\/forumregionalne\/wp-content\/uploads\/2025\/11\/IX_Forum_Regionalne_program.pdf\" target=\"_blank\" rel=\"noopener\"><strong>POBIERZ (PDF, 16KB)<\/strong><\/a><\/h2>\t\t\t\t\t\t\t\t<\/div>\n\t\t\t\t<\/div>\n\t\t\t\t<div class=\"elementor-element elementor-element-ee537be elementor-widget elementor-widget-text-editor\" data-id=\"ee537be\" data-element_type=\"widget\" data-e-type=\"widget\" data-widget_type=\"text-editor.default\">\n\t\t\t\t<div class=\"elementor-widget-container\">\n\t\t\t\t\t\t\t\t\t<p>\u00a0<\/p><p>\u00a0<\/p>\t\t\t\t\t\t\t\t<\/div>\n\t\t\t\t<\/div>\n\t\t\t\t<div class=\"elementor-element elementor-element-e1faf09 elementor-widget elementor-widget-heading\" data-id=\"e1faf09\" data-element_type=\"widget\" data-e-type=\"widget\" data-widget_type=\"heading.default\">\n\t\t\t\t<div class=\"elementor-widget-container\">\n\t\t\t\t\t<h2 class=\"elementor-heading-title elementor-size-default\">Ewelina M\u0119drala-M\u0142y\u0144ska<\/h2>\t\t\t\t<\/div>\n\t\t\t\t<\/div>\n\t\t\t\t<div class=\"elementor-element elementor-element-3a7899e elementor-widget elementor-widget-text-editor\" data-id=\"3a7899e\" data-element_type=\"widget\" data-e-type=\"widget\" data-widget_type=\"text-editor.default\">\n\t\t\t\t<div class=\"elementor-widget-container\">\n\t\t\t\t\t\t\t\t\t<h4>Bombka, ba\u0144ka, \u015bwiecide\u0142ko &#8211; zachwycaj\u0105cy konglomerat rzemie\u015blniczy<\/h4>\t\t\t\t\t\t\t\t<\/div>\n\t\t\t\t<\/div>\n\t\t\t\t<div class=\"elementor-element elementor-element-d8c87c0 elementor-widget-divider--view-line elementor-widget elementor-widget-divider\" data-id=\"d8c87c0\" data-element_type=\"widget\" data-e-type=\"widget\" data-widget_type=\"divider.default\">\n\t\t\t\t<div class=\"elementor-widget-container\">\n\t\t\t\t\t\t\t<div class=\"elementor-divider\">\n\t\t\t<span class=\"elementor-divider-separator\">\n\t\t\t\t\t\t<\/span>\n\t\t<\/div>\n\t\t\t\t\t\t<\/div>\n\t\t\t\t<\/div>\n\t\t\t\t<div class=\"elementor-element elementor-element-23b36a1 elementor-widget elementor-widget-text-editor\" data-id=\"23b36a1\" data-element_type=\"widget\" data-e-type=\"widget\" data-widget_type=\"text-editor.default\">\n\t\t\t\t<div class=\"elementor-widget-container\">\n\t\t\t\t\t\t\t\t\t<h4>Absolwentka etnologii na U\u015a w Cieszynie, Kierowniczka dzia\u0142u Etnografii Muzeum Cz\u0119stochowskiego. Badaczka i edukatorka, pomys\u0142odawczyni i koordynatorka wielu projekt\u00f3w dofinansowanych przez Ministerstwo Kultury i Dziedzictwa Narodowego. Autorka przedsi\u0119wzi\u0119cia badawczego &#8211; Kozieg\u0142owy &#8211; zapomniany o\u015brodek tw\u00f3rczo\u015bci r\u0119kodzielniczej oraz publikacji podsumowuj\u0105cej dzia\u0142ania, kuratorka wystawy &#8211; Karuzela z Madonnami &#8211; wizerunki Matki Boskiej Cz\u0119stochowskiej &#8211; oraz towarzysz\u0105cego jej wydawnictwa. W codziennej pracy stara si\u0119 odkrywa\u0107 i popularyzowa\u0107 elementy to\u017csamo\u015bciowe cz\u0119stochowian oraz edukowa\u0107 w zakresie ich specyfiki.<\/h4><h4>Cz\u0119stochowa jako niezwykle specyficzne miejsce na mapie kulturowej Polski dosy\u0107 cz\u0119sto cierpi na problemy natury to\u017csamo\u015bciowej. Identyfikowanie miasta tylko ze specyfik\u0105 i sakralno\u015bci\u0105 Jasnej G\u00f3ry niezwykle zuba\u017ca jego percepcj\u0119, zar\u00f3wno w oczach ludno\u015bci lokalnej, jak i tej pojawiaj\u0105cej si\u0119 nim w celach turystycznych. Temat wytw\u00f3rczo\u015bci bombkarskiej jest niezwykle interesuj\u0105cym zagadnieniem z punktu widzenia antropologii miasta, historii ludzi, kt\u00f3rzy przez dziesi\u0119ciolecia \u015bcigali si\u0119 w tworzeniu wci\u0105\u017c nowych wzor\u00f3w i zdobywaniu kolejnych rynk\u00f3w zbytu. Firmy, przekazywane z pokolenia na pokolenie, przez lata kszta\u0142ci\u0142y rzemie\u015blnik\u00f3w, kt\u00f3rzy cz\u0119sto odchodzili na \u201eswoje\u201d, tworz\u0105c kolejne manufaktury specjalizuj\u0105ce si\u0119 w projektowaniu i wytwarzaniu bombek choinkowych. Dzi\u015b precyzyjnie wykonywane szklane ozdoby choinkowe eksportowane s\u0105 w znacznej mierze na rynki zachodnie i pozaeuropejskie i s\u0105 artystyczn\u0105 odpowiedzi\u0105 na masow\u0105 tandet\u0119 \u2013 zalew rynku tanimi produktami pochodzenia chi\u0144skiego. Wyj\u0105tkowo\u015b\u0107 zagadnienia polega na fakcie, \u017ce produkt finalny, wytwarzany masowo, jest rezultatem pracy rzemie\u015blnik\u00f3w &#8211; projektant\u00f3w, rze\u017abiarzy, dmuchaczy, dekoratorek &#8211; kt\u00f3rzy przy ka\u017cdym egzemplarzu wykonuj\u0105 szereg dzia\u0142a\u0144 manualnych. Podczas wyst\u0105pienia przestawione zostan\u0105: proces powstawania bombki szklanej oraz rys historyczny rzemios\u0142a w Cz\u0119stochowie i jej najbli\u017cszych okolicach.<\/h4>\t\t\t\t\t\t\t\t<\/div>\n\t\t\t\t<\/div>\n\t\t\t\t\t<\/div>\n\t\t<\/div>\n\t\t\t\t\t<\/div>\n\t\t<\/section>\n\t\t\t\t<section class=\"elementor-section elementor-top-section elementor-element elementor-element-8c644b8 elementor-section-boxed elementor-section-height-default elementor-section-height-default\" data-id=\"8c644b8\" data-element_type=\"section\" data-e-type=\"section\">\n\t\t\t\t\t\t<div class=\"elementor-container elementor-column-gap-default\">\n\t\t\t\t\t<div class=\"elementor-column elementor-col-100 elementor-top-column elementor-element elementor-element-42c9de8\" data-id=\"42c9de8\" data-element_type=\"column\" data-e-type=\"column\">\n\t\t\t<div class=\"elementor-widget-wrap elementor-element-populated\">\n\t\t\t\t\t\t<div class=\"elementor-element elementor-element-72272f7 elementor-widget elementor-widget-text-editor\" data-id=\"72272f7\" data-element_type=\"widget\" data-e-type=\"widget\" data-widget_type=\"text-editor.default\">\n\t\t\t\t<div class=\"elementor-widget-container\">\n\t\t\t\t\t\t\t\t\t<p>\u00a0<\/p><p>\u00a0<\/p>\t\t\t\t\t\t\t\t<\/div>\n\t\t\t\t<\/div>\n\t\t\t\t<div class=\"elementor-element elementor-element-d09f61c elementor-widget elementor-widget-heading\" data-id=\"d09f61c\" data-element_type=\"widget\" data-e-type=\"widget\" data-widget_type=\"heading.default\">\n\t\t\t\t<div class=\"elementor-widget-container\">\n\t\t\t\t\t<h2 class=\"elementor-heading-title elementor-size-default\">dr Robert Garstka<\/h2>\t\t\t\t<\/div>\n\t\t\t\t<\/div>\n\t\t\t\t<div class=\"elementor-element elementor-element-de5a92f elementor-widget elementor-widget-text-editor\" data-id=\"de5a92f\" data-element_type=\"widget\" data-e-type=\"widget\" data-widget_type=\"text-editor.default\">\n\t\t\t\t<div class=\"elementor-widget-container\">\n\t\t\t\t\t\t\t\t\t<h4>Rymarstwo \u2013 gin\u0105cy zaw\u00f3d<\/h4>\t\t\t\t\t\t\t\t<\/div>\n\t\t\t\t<\/div>\n\t\t\t\t<div class=\"elementor-element elementor-element-279bf85 elementor-widget-divider--view-line elementor-widget elementor-widget-divider\" data-id=\"279bf85\" data-element_type=\"widget\" data-e-type=\"widget\" data-widget_type=\"divider.default\">\n\t\t\t\t<div class=\"elementor-widget-container\">\n\t\t\t\t\t\t\t<div class=\"elementor-divider\">\n\t\t\t<span class=\"elementor-divider-separator\">\n\t\t\t\t\t\t<\/span>\n\t\t<\/div>\n\t\t\t\t\t\t<\/div>\n\t\t\t\t<\/div>\n\t\t\t\t<div class=\"elementor-element elementor-element-940db8d elementor-widget elementor-widget-text-editor\" data-id=\"940db8d\" data-element_type=\"widget\" data-e-type=\"widget\" data-widget_type=\"text-editor.default\">\n\t\t\t\t<div class=\"elementor-widget-container\">\n\t\t\t\t\t\t\t\t\t<h4>Fotograf, etnograf, regionalista. Spo\u0142eczny opiekun zabytk\u00f3w, autor i wsp\u00f3\u0142autor publikacji popularnonaukowych. W swoje pracy zawodowej zajmuje si\u0119 g\u0142\u00f3wnie kultur\u0105 ludow\u0105, ze szczeg\u00f3lnym naciskiem na obrz\u0119dowo\u015b\u0107 doroczn\u0105 na G\u00f3rnym \u015al\u0105sku oraz w Ma\u0142opolsce. W polu jego zainteresowa\u0144 znajduje si\u0119 tak\u017ce: ma\u0142a architektura sakralna, tradycyjne budownictwo ludowe i zabytkowe pomniki nagrobne. <br \/>Pr\u00f3ba ukazania historii rymarstwa i zawodu rymarza oraz przemian jakie dokona\u0142y si\u0119 na tym polu, na przestrzeni kilku ostatnich dekad.<\/h4>\t\t\t\t\t\t\t\t<\/div>\n\t\t\t\t<\/div>\n\t\t\t\t\t<\/div>\n\t\t<\/div>\n\t\t\t\t\t<\/div>\n\t\t<\/section>\n\t\t\t\t<section class=\"elementor-section elementor-top-section elementor-element elementor-element-678b67b elementor-section-boxed elementor-section-height-default elementor-section-height-default\" data-id=\"678b67b\" data-element_type=\"section\" data-e-type=\"section\">\n\t\t\t\t\t\t<div class=\"elementor-container elementor-column-gap-default\">\n\t\t\t\t\t<div class=\"elementor-column elementor-col-100 elementor-top-column elementor-element elementor-element-6f5b17f\" data-id=\"6f5b17f\" data-element_type=\"column\" data-e-type=\"column\">\n\t\t\t<div class=\"elementor-widget-wrap elementor-element-populated\">\n\t\t\t\t\t\t<div class=\"elementor-element elementor-element-674764d elementor-widget elementor-widget-text-editor\" data-id=\"674764d\" data-element_type=\"widget\" data-e-type=\"widget\" data-widget_type=\"text-editor.default\">\n\t\t\t\t<div class=\"elementor-widget-container\">\n\t\t\t\t\t\t\t\t\t<p>\u00a0<\/p><p>\u00a0<\/p>\t\t\t\t\t\t\t\t<\/div>\n\t\t\t\t<\/div>\n\t\t\t\t<div class=\"elementor-element elementor-element-49ee968 elementor-widget elementor-widget-heading\" data-id=\"49ee968\" data-element_type=\"widget\" data-e-type=\"widget\" data-widget_type=\"heading.default\">\n\t\t\t\t<div class=\"elementor-widget-container\">\n\t\t\t\t\t<h2 class=\"elementor-heading-title elementor-size-default\">Agnieszka Oczkowska<\/h2>\t\t\t\t<\/div>\n\t\t\t\t<\/div>\n\t\t\t\t<div class=\"elementor-element elementor-element-2f32c00 elementor-widget elementor-widget-text-editor\" data-id=\"2f32c00\" data-element_type=\"widget\" data-e-type=\"widget\" data-widget_type=\"text-editor.default\">\n\t\t\t\t<div class=\"elementor-widget-container\">\n\t\t\t\t\t\t\t\t\t<h4><span data-olk-copy-source=\"MessageBody\">Rzemios\u0142o kowalskie i tradycyjna ku\u017ania w powiecie chrzanowskim &#8211; Bez kowala ko\u0144 boso chodzi<\/span><\/h4>\t\t\t\t\t\t\t\t<\/div>\n\t\t\t\t<\/div>\n\t\t\t\t<div class=\"elementor-element elementor-element-63eb800 elementor-widget-divider--view-line elementor-widget elementor-widget-divider\" data-id=\"63eb800\" data-element_type=\"widget\" data-e-type=\"widget\" data-widget_type=\"divider.default\">\n\t\t\t\t<div class=\"elementor-widget-container\">\n\t\t\t\t\t\t\t<div class=\"elementor-divider\">\n\t\t\t<span class=\"elementor-divider-separator\">\n\t\t\t\t\t\t<\/span>\n\t\t<\/div>\n\t\t\t\t\t\t<\/div>\n\t\t\t\t<\/div>\n\t\t\t\t<div class=\"elementor-element elementor-element-abe709c elementor-widget elementor-widget-text-editor\" data-id=\"abe709c\" data-element_type=\"widget\" data-e-type=\"widget\" data-widget_type=\"text-editor.default\">\n\t\t\t\t<div class=\"elementor-widget-container\">\n\t\t\t\t\t\t\t\t\t<h4 data-olk-copy-source=\"MessageBody\">Absolwentka Uniwersytetu \u015al\u0105skiego Filia w Cieszynie (specjalno\u015b\u0107 etnologiczno\u2013folklorystyczna). Uko\u0144czy\u0142a r\u00f3wnie\u017c podyplomowe Studium Muzeologiczne na Uniwersytecie Jagiello\u0144skim w Krakowie oraz Konserwacji Zabytk\u00f3w Architektury i Urbanistyki na Politechnice Krakowskiej. Publikacje jej autorstwa ukaza\u0142y si\u0119 m.in. w wydawnictwach: \u201e\u015alad tradycji w Skansenach Ma\u0142opolskich\u201d w ramach projektu Skansenova, Etnografowie i Ludoznawcy Polscy\u201d, \u201eDziedzictwo Krakowiak\u00f3w Zachodnich i pogranicza Krakowsko- \u015al\u0105skiego\u201d, \u201eLibi\u0105\u017c miasto pogranicza\u2026\u201d, w Roczniku \u201eMa\u0142opolska. Regiony \u2013 regionalizmy \u2013 ma\u0142e ojczyzny\u201d oraz biuletynach SMNWP.<\/h4><h4>Cho\u0107 ku\u017anie znikn\u0119\u0142y z krajobrazu wielu miejscowo\u015bci, pami\u0119\u0107 o nich wci\u0105\u017c trwa. Kowal pozosta\u0142 symbolem si\u0142y, pracy i umiej\u0119tno\u015bci tworzenia. Jego dzie\u0142o to nie tylko przedmioty u\u017cytkowe, lecz tak\u017ce cz\u0119\u015b\u0107 lokalnego dziedzictwa kulturowego.<\/h4>\t\t\t\t\t\t\t\t<\/div>\n\t\t\t\t<\/div>\n\t\t\t\t\t<\/div>\n\t\t<\/div>\n\t\t\t\t\t<\/div>\n\t\t<\/section>\n\t\t\t\t<section class=\"elementor-section elementor-top-section elementor-element elementor-element-4ce35f3 elementor-section-boxed elementor-section-height-default elementor-section-height-default\" data-id=\"4ce35f3\" data-element_type=\"section\" data-e-type=\"section\">\n\t\t\t\t\t\t<div class=\"elementor-container elementor-column-gap-default\">\n\t\t\t\t\t<div class=\"elementor-column elementor-col-100 elementor-top-column elementor-element elementor-element-8959205\" data-id=\"8959205\" data-element_type=\"column\" data-e-type=\"column\">\n\t\t\t<div class=\"elementor-widget-wrap elementor-element-populated\">\n\t\t\t\t\t\t<div class=\"elementor-element elementor-element-9d88b37 elementor-widget elementor-widget-text-editor\" data-id=\"9d88b37\" data-element_type=\"widget\" data-e-type=\"widget\" data-widget_type=\"text-editor.default\">\n\t\t\t\t<div class=\"elementor-widget-container\">\n\t\t\t\t\t\t\t\t\t<p>\u00a0<\/p><p>\u00a0<\/p>\t\t\t\t\t\t\t\t<\/div>\n\t\t\t\t<\/div>\n\t\t\t\t<div class=\"elementor-element elementor-element-a4e2d8a elementor-widget elementor-widget-heading\" data-id=\"a4e2d8a\" data-element_type=\"widget\" data-e-type=\"widget\" data-widget_type=\"heading.default\">\n\t\t\t\t<div class=\"elementor-widget-container\">\n\t\t\t\t\t<h2 class=\"elementor-heading-title elementor-size-default\">Roch Biborski <\/h2>\t\t\t\t<\/div>\n\t\t\t\t<\/div>\n\t\t\t\t<div class=\"elementor-element elementor-element-ca27563 elementor-widget elementor-widget-text-editor\" data-id=\"ca27563\" data-element_type=\"widget\" data-e-type=\"widget\" data-widget_type=\"text-editor.default\">\n\t\t\t\t<div class=\"elementor-widget-container\">\n\t\t\t\t\t\t\t\t\t<h4><span data-olk-copy-source=\"MessageBody\">Fenomen fabryki Bata w Che\u0142mku &#8211; pr\u00f3ba stworzenia idealnego miejsca dla robotnik\u00f3w<\/span><\/h4>\t\t\t\t\t\t\t\t<\/div>\n\t\t\t\t<\/div>\n\t\t\t\t<div class=\"elementor-element elementor-element-f48c9bc elementor-widget-divider--view-line elementor-widget elementor-widget-divider\" data-id=\"f48c9bc\" data-element_type=\"widget\" data-e-type=\"widget\" data-widget_type=\"divider.default\">\n\t\t\t\t<div class=\"elementor-widget-container\">\n\t\t\t\t\t\t\t<div class=\"elementor-divider\">\n\t\t\t<span class=\"elementor-divider-separator\">\n\t\t\t\t\t\t<\/span>\n\t\t<\/div>\n\t\t\t\t\t\t<\/div>\n\t\t\t\t<\/div>\n\t\t\t\t<div class=\"elementor-element elementor-element-0828d4e elementor-widget elementor-widget-text-editor\" data-id=\"0828d4e\" data-element_type=\"widget\" data-e-type=\"widget\" data-widget_type=\"text-editor.default\">\n\t\t\t\t<div class=\"elementor-widget-container\">\n\t\t\t\t\t\t\t\t\t<h4 data-olk-copy-source=\"MessageBody\">Asystent muzealny w Muzeum Ma\u0142opolski Zachodniej w Wygie\u0142zowie.<\/h4><h4>Temat wyst\u0105pienia obejmuje zagadnienia dotycz\u0105ce koncepcji powstania i cz\u0119\u015bciowej realizacji zak\u0142ad\u00f3w obuwniczych czeskiej firmy Bata. Wa\u017cnym elementem prezentowanej problematyki, b\u0119dzie przybli\u017cenie koncepcji stworzenia miasta idealnego dla pracownik\u00f3w fabryki i ich rodzin. Co wi\u0105za\u0142o si\u0119 z gruntownymi zmianami w lokalnej spo\u0142eczno\u015bci a tak\u017ce stosunk\u00f3w gospodarczych silnie powi\u0105zanych z ma\u0142ymi zak\u0142adami rzemie\u015blniczymi.<\/h4>\t\t\t\t\t\t\t\t<\/div>\n\t\t\t\t<\/div>\n\t\t\t\t\t<\/div>\n\t\t<\/div>\n\t\t\t\t\t<\/div>\n\t\t<\/section>\n\t\t\t\t<section class=\"elementor-section elementor-top-section elementor-element elementor-element-7ef5c16 elementor-section-boxed elementor-section-height-default elementor-section-height-default\" data-id=\"7ef5c16\" data-element_type=\"section\" data-e-type=\"section\">\n\t\t\t\t\t\t<div class=\"elementor-container elementor-column-gap-default\">\n\t\t\t\t\t<div class=\"elementor-column elementor-col-100 elementor-top-column elementor-element elementor-element-1e4d7be\" data-id=\"1e4d7be\" data-element_type=\"column\" data-e-type=\"column\">\n\t\t\t<div class=\"elementor-widget-wrap elementor-element-populated\">\n\t\t\t\t\t\t<div class=\"elementor-element elementor-element-898f3fd elementor-widget elementor-widget-text-editor\" data-id=\"898f3fd\" data-element_type=\"widget\" data-e-type=\"widget\" data-widget_type=\"text-editor.default\">\n\t\t\t\t<div class=\"elementor-widget-container\">\n\t\t\t\t\t\t\t\t\t<p>\u00a0<\/p><p>\u00a0<\/p>\t\t\t\t\t\t\t\t<\/div>\n\t\t\t\t<\/div>\n\t\t\t\t<div class=\"elementor-element elementor-element-ee9226f elementor-widget elementor-widget-heading\" data-id=\"ee9226f\" data-element_type=\"widget\" data-e-type=\"widget\" data-widget_type=\"heading.default\">\n\t\t\t\t<div class=\"elementor-widget-container\">\n\t\t\t\t\t<h2 class=\"elementor-heading-title elementor-size-default\">Anna Kozak<\/h2>\t\t\t\t<\/div>\n\t\t\t\t<\/div>\n\t\t\t\t<div class=\"elementor-element elementor-element-f8e3173 elementor-widget elementor-widget-text-editor\" data-id=\"f8e3173\" data-element_type=\"widget\" data-e-type=\"widget\" data-widget_type=\"text-editor.default\">\n\t\t\t\t<div class=\"elementor-widget-container\">\n\t\t\t\t\t\t\t\t\t<h4>Budarka, czyli ciesielstwo podhala\u0144skie<\/h4>\t\t\t\t\t\t\t\t<\/div>\n\t\t\t\t<\/div>\n\t\t\t\t<div class=\"elementor-element elementor-element-2ba57e7 elementor-widget-divider--view-line elementor-widget elementor-widget-divider\" data-id=\"2ba57e7\" data-element_type=\"widget\" data-e-type=\"widget\" data-widget_type=\"divider.default\">\n\t\t\t\t<div class=\"elementor-widget-container\">\n\t\t\t\t\t\t\t<div class=\"elementor-divider\">\n\t\t\t<span class=\"elementor-divider-separator\">\n\t\t\t\t\t\t<\/span>\n\t\t<\/div>\n\t\t\t\t\t\t<\/div>\n\t\t\t\t<\/div>\n\t\t\t\t<div class=\"elementor-element elementor-element-78b0ed5 elementor-widget elementor-widget-text-editor\" data-id=\"78b0ed5\" data-element_type=\"widget\" data-e-type=\"widget\" data-widget_type=\"text-editor.default\">\n\t\t\t\t<div class=\"elementor-widget-container\">\n\t\t\t\t\t\t\t\t\t<h4>Etnograf, starszy kustosz, kierownik dzia\u0142u etnograficznego Muzeum Tatrza\u0144skiego im. Dra Tytusa Cha\u0142ubi\u0144skiego w Zakopanem, absolwentka Katedry Etnografii S\u0142owian Uniwersytetu Jagiello\u0144skiego oraz Podyplomowego Studium Muzeologicznego przy Instytucie Etnologii i Antropologii Kulturowej r\u00f3wnie\u017c Uniwersytetu Jagiello\u0144skiego, przewodnik tatrza\u0144ski. Jest scenarzystk\u0105 i kuratork\u0105 wystaw sta\u0142ych i czasowych, a tak\u017ce autork\u0105 artyku\u0142\u00f3w po\u015bwi\u0119conych kulturze Podtatrza i zbiorom etnograficznym Muzeum Tatrza\u0144skiego. W sferze jej zainteresowa\u0144 znajduj\u0105 si\u0119 mi\u0119dzy innymi zagadnienia zwi\u0105zane z dawn\u0105 ludow\u0105 plastyk\u0105, wsp\u00f3\u0142czesn\u0105 tw\u00f3rczo\u015bci\u0105 artystyczn\u0105 i rzemie\u015blnicz\u0105 mieszka\u0144c\u00f3w Podtatrza, oraz miejscem dziecka w kulturze wsi podtatrza\u0144skiej.<br \/>Zawodem ciesz\u0105cym si\u0119 na Podhalu najwi\u0119kszym presti\u017cem by\u0142o ciesielstwo, zwane w miejscowej gwarze budark\u0105. Cie\u015ble musieli zna\u0107 dobrze budulec, zw\u0142aszcza jego w\u0142a\u015bciwo\u015bci techniczne, by\u0107 bieg\u0142ymi w jego obr\u00f3bce, posiada\u0107 umiej\u0119tno\u015b\u0107 konstruowania statycznych, bezpiecznych dom\u00f3w, ale przede wszystkim mie\u0107 za sob\u0105 do\u015bwiadczenie zdobyte w wieloletniej pracy pod okiem majstr\u00f3w. Efektem ich pracy by\u0142y domy solidne, o wywa\u017conych proporcjach, odporne na huraganowe wiatry, cz\u0119ste i intensywne opady deszczu i \u015bniegu, a jednocze\u015bnie posiadaj\u0105ce pi\u0119kn\u0105 form\u0119 i ozdobny detal. Podhala\u0144scy cie\u015ble wznosili nie tylko budynki mieszkalne, gospodarcze, czy te\u017c wiejskie obiekty przemys\u0142owe. Niejednokrotnie podejmowali wyzwania wykraczaj\u0105ce poza ich codzienn\u0105 praktyk\u0119. Do takich z pewno\u015bci\u0105 nale\u017ca\u0142a budowa most\u00f3w, ko\u015bcio\u0142\u00f3w, a pocz\u0105wszy od lat dziewi\u0119\u0107dziesi\u0105tych XIX wieku tak\u017ce wilii w stylu zakopia\u0144skim.<\/h4>\t\t\t\t\t\t\t\t<\/div>\n\t\t\t\t<\/div>\n\t\t\t\t\t<\/div>\n\t\t<\/div>\n\t\t\t\t\t<\/div>\n\t\t<\/section>\n\t\t\t\t<section class=\"elementor-section elementor-top-section elementor-element elementor-element-8d99968 elementor-section-boxed elementor-section-height-default elementor-section-height-default\" data-id=\"8d99968\" data-element_type=\"section\" data-e-type=\"section\">\n\t\t\t\t\t\t<div class=\"elementor-container elementor-column-gap-default\">\n\t\t\t\t\t<div class=\"elementor-column elementor-col-100 elementor-top-column elementor-element elementor-element-ecd35d8\" data-id=\"ecd35d8\" data-element_type=\"column\" data-e-type=\"column\">\n\t\t\t<div class=\"elementor-widget-wrap elementor-element-populated\">\n\t\t\t\t\t\t<div class=\"elementor-element elementor-element-2806d1c elementor-widget elementor-widget-text-editor\" data-id=\"2806d1c\" data-element_type=\"widget\" data-e-type=\"widget\" data-widget_type=\"text-editor.default\">\n\t\t\t\t<div class=\"elementor-widget-container\">\n\t\t\t\t\t\t\t\t\t<p>\u00a0<\/p><p>\u00a0<\/p>\t\t\t\t\t\t\t\t<\/div>\n\t\t\t\t<\/div>\n\t\t\t\t<div class=\"elementor-element elementor-element-0857c4f elementor-widget elementor-widget-heading\" data-id=\"0857c4f\" data-element_type=\"widget\" data-e-type=\"widget\" data-widget_type=\"heading.default\">\n\t\t\t\t<div class=\"elementor-widget-container\">\n\t\t\t\t\t<h2 class=\"elementor-heading-title elementor-size-default\">Marta Gawor<\/h2>\t\t\t\t<\/div>\n\t\t\t\t<\/div>\n\t\t\t\t<div class=\"elementor-element elementor-element-0952b3b elementor-widget elementor-widget-text-editor\" data-id=\"0952b3b\" data-element_type=\"widget\" data-e-type=\"widget\" data-widget_type=\"text-editor.default\">\n\t\t\t\t<div class=\"elementor-widget-container\">\n\t\t\t\t\t\t\t\t\t<h4>Chrzanowskie rzemios\u0142o i rzemie\u015blnicy od po\u0142owy XIX w. do lat 50. XX w \u015bwietle dokument\u00f3w Muzeum w Chrzanowie \u2013 przyczynek do dziej\u00f3w.<\/h4>\t\t\t\t\t\t\t\t<\/div>\n\t\t\t\t<\/div>\n\t\t\t\t<div class=\"elementor-element elementor-element-751fb49 elementor-widget-divider--view-line elementor-widget elementor-widget-divider\" data-id=\"751fb49\" data-element_type=\"widget\" data-e-type=\"widget\" data-widget_type=\"divider.default\">\n\t\t\t\t<div class=\"elementor-widget-container\">\n\t\t\t\t\t\t\t<div class=\"elementor-divider\">\n\t\t\t<span class=\"elementor-divider-separator\">\n\t\t\t\t\t\t<\/span>\n\t\t<\/div>\n\t\t\t\t\t\t<\/div>\n\t\t\t\t<\/div>\n\t\t\t\t<div class=\"elementor-element elementor-element-89e8234 elementor-widget elementor-widget-text-editor\" data-id=\"89e8234\" data-element_type=\"widget\" data-e-type=\"widget\" data-widget_type=\"text-editor.default\">\n\t\t\t\t<div class=\"elementor-widget-container\">\n\t\t\t\t\t\t\t\t\t<h4>Kustosz Muzeum w Chrzanowie, absolwentka historii na Uniwersytecie \u015al\u0105skim w Katowicach, studi\u00f3w podyplomowych Uniwersytetu Pedagogicznego w Krakowie z zakresu wiedzy o spo\u0142ecze\u0144stwie. Pracuje w Dziale Historii i Kultury Regionu, zajmuj\u0105c si\u0119 dziejami miasta i regiony chrzanowskiego i organizuj\u0105c wystawy sta\u0142e i czasowe. Opiekuje si\u0119 zbiorami bibliotecznymi Muzeum. Prowadzi warsztaty i lekcje z historii i etnografii<\/h4><h4>Prelekcja b\u0119dzie pr\u00f3b\u0105 przedstawienia funkcjonowania rzemios\u0142a chrzanowskiego od po\u0142owy XIX w. do lat 50. nast\u0119pnego stulecia w obliczu uwarunkowa\u0144 gospodarczych i politycznych. Zostan\u0105 przybli\u017cone zasady dzia\u0142ania Stowarzyszenia Przemys\u0142owego w Chrzanowie. Odtworzona zostanie struktura rzemios\u0142a chrzanowskiego i rzemie\u015blnicy dzia\u0142aj\u0105cy w\u00f3wczas w mie\u015bcie.<\/h4>\t\t\t\t\t\t\t\t<\/div>\n\t\t\t\t<\/div>\n\t\t\t\t\t<\/div>\n\t\t<\/div>\n\t\t\t\t\t<\/div>\n\t\t<\/section>\n\t\t\t\t<section class=\"elementor-section elementor-top-section elementor-element elementor-element-6a6d2d8 elementor-section-boxed elementor-section-height-default elementor-section-height-default\" data-id=\"6a6d2d8\" data-element_type=\"section\" data-e-type=\"section\">\n\t\t\t\t\t\t<div class=\"elementor-container elementor-column-gap-default\">\n\t\t\t\t\t<div class=\"elementor-column elementor-col-100 elementor-top-column elementor-element elementor-element-4c83fc8\" data-id=\"4c83fc8\" data-element_type=\"column\" data-e-type=\"column\">\n\t\t\t<div class=\"elementor-widget-wrap elementor-element-populated\">\n\t\t\t\t\t\t<div class=\"elementor-element elementor-element-a7f6c80 elementor-widget elementor-widget-text-editor\" data-id=\"a7f6c80\" data-element_type=\"widget\" data-e-type=\"widget\" data-widget_type=\"text-editor.default\">\n\t\t\t\t<div class=\"elementor-widget-container\">\n\t\t\t\t\t\t\t\t\t<p>\u00a0<\/p><p>\u00a0<\/p>\t\t\t\t\t\t\t\t<\/div>\n\t\t\t\t<\/div>\n\t\t\t\t<div class=\"elementor-element elementor-element-27ca467 elementor-widget elementor-widget-heading\" data-id=\"27ca467\" data-element_type=\"widget\" data-e-type=\"widget\" data-widget_type=\"heading.default\">\n\t\t\t\t<div class=\"elementor-widget-container\">\n\t\t\t\t\t<h2 class=\"elementor-heading-title elementor-size-default\">Grzegorz Or\u0142owski<\/h2>\t\t\t\t<\/div>\n\t\t\t\t<\/div>\n\t\t\t\t<div class=\"elementor-element elementor-element-8b06254 elementor-widget elementor-widget-text-editor\" data-id=\"8b06254\" data-element_type=\"widget\" data-e-type=\"widget\" data-widget_type=\"text-editor.default\">\n\t\t\t\t<div class=\"elementor-widget-container\">\n\t\t\t\t\t\t\t\t\t<h4><span data-olk-copy-source=\"MessageBody\">Pocz\u0105tki rzemios\u0142a fotograficznego w Krakowie i regionie<\/span><\/h4>\t\t\t\t\t\t\t\t<\/div>\n\t\t\t\t<\/div>\n\t\t\t\t<div class=\"elementor-element elementor-element-248e5bd elementor-widget-divider--view-line elementor-widget elementor-widget-divider\" data-id=\"248e5bd\" data-element_type=\"widget\" data-e-type=\"widget\" data-widget_type=\"divider.default\">\n\t\t\t\t<div class=\"elementor-widget-container\">\n\t\t\t\t\t\t\t<div class=\"elementor-divider\">\n\t\t\t<span class=\"elementor-divider-separator\">\n\t\t\t\t\t\t<\/span>\n\t\t<\/div>\n\t\t\t\t\t\t<\/div>\n\t\t\t\t<\/div>\n\t\t\t\t<div class=\"elementor-element elementor-element-318f67c elementor-widget elementor-widget-text-editor\" data-id=\"318f67c\" data-element_type=\"widget\" data-e-type=\"widget\" data-widget_type=\"text-editor.default\">\n\t\t\t\t<div class=\"elementor-widget-container\">\n\t\t\t\t\t\t\t\t\t<h4><span data-olk-copy-source=\"MessageBody\">Absolwent Wy\u017cszej Szko\u0142y Pedagogicznej w Krakowie, by\u0142y nauczyciel historii. Od 25 lat pracownik pionu archiwalnego krakowskiego oddzia\u0142u Instytutu Pami\u0119ci Narodowej z siedzib\u0105 w Wieliczce. Zajmuje si\u0119 zawodowo porz\u0105dkowaniem dokumentacji archiwalnej, w tym fotografii i negatyw\u00f3w z zasobu IPN. Od 2016 r. spo\u0142eczne opiekuje si\u0119 krzewami winoro\u015bli na terenie skansenu w Wygie\u0142zowie i zamku Lipowiec, obecnie w ramach programu &#8222;Ogrody przyjazne naturze&#8221;, kt\u00f3ry nadzoruje Zesp\u00f3\u0142 Park\u00f3w Krajobrazowych Wojew\u00f3dztwa Ma\u0142opolskiego. Od niedawna zwi\u0105zany jest z Zamkiem Kr\u00f3lewskim na Wawelu &#8211; Pa\u0144stwowymi Zbiorami Sztuki, gdzie podj\u0105\u0142 dodatkow\u0105 prac\u0119 jako przewodnik. Uczestnik wszystkich o\u015bmiu poprzednich edycji Forum Regionalnego w Chrzanowie, Katowicach i Wygie\u0142zowie.<\/span><\/h4><h4>Era fotografii rozpocz\u0119\u0142a si\u0119 we Francji w 1839 r. W\u00f3wczas po raz pierwszy zademonstrowano dagerotypy. Ju\u017c w roku nast\u0119pnym wynalazek ten trafi\u0142 na ziemie polskie, pocz\u0105tkowo do Warszawy, wkr\u00f3tce te\u017c do Krakowa. Dagerotypia by\u0142a jednak technik\u0105 elitarn\u0105, gdy\u017c w wyniku procesu fotochemicznego powstawa\u0142 tylko jeden obrazek na metalowej p\u0142ytce, kt\u00f3rego nie da\u0142o si\u0119 powiela\u0107. Prze\u0142om nast\u0105pi\u0142 oko\u0142o roku 1850, gdy zastosowano technik\u0119 mokrego kolodionu i upowszechni\u0142 si\u0119 proces negatywowo-pozytywowy. Stosowano szklane p\u0142ytki powleczone warstw\u0105 \u015bwiat\u0142oczu\u0142\u0105. Wynalazek ten upowszechnia\u0142 na ziemiach polskich Karol Beyer (1818-1877). Oko\u0142o 1860 r. powsta\u0142 w Krakowie warsztat fotograficzny Walerego Rzewuskiego (1837-1889). Wkr\u00f3tce te\u017c pojawi\u0142y si\u0119 inne konkuruj\u0105ce ze sob\u0105 pracownie wybitnych rzemie\u015blnik\u00f3w-fotograf\u00f3w: Ignacego Izaaka Kriegera (1817\/1820-1889) oraz jego syna Natana (1844-1903), Awita Szuberta (1837-1919), Stanis\u0142awa Biza\u0144skiego (1846-1890), J\u00f3zefa Sebalda (1853-1931) i innych. Fotografowie utrwalali widoki miasta oraz podkrakowskie i ma\u0142opolskie krajobrazy, w tym widoki Tatr. Istotnym prze\u0142omem technologicznym by\u0142o wynalezienie w 1904 r. przez braci A. i L. Lumiere szklanych p\u0142ytek autochromowych. Autochromy to prze\u017arocza barwne, kt\u00f3re mo\u017cna by\u0142o w\u00f3wczas powiela\u0107 przy u\u017cyciu technik poligraficznych, np. cynkografii. Pionierami fotografii barwnej w Krakowie byli Tadeusz Rz\u0105ca (1868-1928), prof. Jan Zdzis\u0142aw W\u0142odek (1885-1940) i Stanis\u0142aw Krygowski (1868-1944).<\/h4>\t\t\t\t\t\t\t\t<\/div>\n\t\t\t\t<\/div>\n\t\t\t\t\t<\/div>\n\t\t<\/div>\n\t\t\t\t\t<\/div>\n\t\t<\/section>\n\t\t\t\t<section class=\"elementor-section elementor-top-section elementor-element elementor-element-998d5a3 elementor-section-full_width elementor-section-stretched elementor-section-height-default elementor-section-height-default\" data-id=\"998d5a3\" data-element_type=\"section\" data-e-type=\"section\" data-settings=\"{&quot;stretch_section&quot;:&quot;section-stretched&quot;}\">\n\t\t\t\t\t\t<div class=\"elementor-container elementor-column-gap-no\">\n\t\t\t\t\t<div class=\"elementor-column elementor-col-100 elementor-top-column elementor-element elementor-element-67ad965\" data-id=\"67ad965\" data-element_type=\"column\" data-e-type=\"column\">\n\t\t\t<div class=\"elementor-widget-wrap elementor-element-populated\">\n\t\t\t\t\t\t<div class=\"elementor-element elementor-element-d0dc3ee elementor-widget elementor-widget-spacer\" data-id=\"d0dc3ee\" data-element_type=\"widget\" data-e-type=\"widget\" data-widget_type=\"spacer.default\">\n\t\t\t\t<div class=\"elementor-widget-container\">\n\t\t\t\t\t\t\t<div class=\"elementor-spacer\">\n\t\t\t<div class=\"elementor-spacer-inner\"><\/div>\n\t\t<\/div>\n\t\t\t\t\t\t<\/div>\n\t\t\t\t<\/div>\n\t\t\t\t<div class=\"elementor-element elementor-element-20d6c1a elementor-widget-divider--view-line elementor-widget elementor-widget-divider\" data-id=\"20d6c1a\" data-element_type=\"widget\" data-e-type=\"widget\" data-widget_type=\"divider.default\">\n\t\t\t\t<div class=\"elementor-widget-container\">\n\t\t\t\t\t\t\t<div class=\"elementor-divider\">\n\t\t\t<span class=\"elementor-divider-separator\">\n\t\t\t\t\t\t<\/span>\n\t\t<\/div>\n\t\t\t\t\t\t<\/div>\n\t\t\t\t<\/div>\n\t\t\t\t\t<\/div>\n\t\t<\/div>\n\t\t\t\t\t<\/div>\n\t\t<\/section>\n\t\t\t\t<\/div>\n\t\t","protected":false},"excerpt":{"rendered":"<p>20.11.2025 Miejska Biblioteka Publiczna w Chrzanowie, ul. W\u0142adys\u0142awa Broniewskiego 10C, 32-500 Chrzan\u00f3w 9:30 Rejestracja uczestnik\u00f3w 10:00-10:15 Powitanie 10:15-11:00 Robert Garstka: Rymarstwo \u2013 gin\u0105cy zaw\u00f3d 11:00-11:45 Ewelina M\u0119drala-M\u0142y\u0144ska: Bombka, ba\u0144ka, \u015bwiecide\u0142ko \u2013 zachwycaj\u0105cy konglomerat rzemie\u015blniczy 11:45-12:15 Przerwa kawowa 12:15-13:00 Marta Gawor: Chrzanowskie rzemios\u0142o i rzemie\u015blnicy od po\u0142owy XIX w. do lat 50. XX w. \u015bwietle dokument\u00f3w [&hellip;]<\/p>\n","protected":false},"author":1,"featured_media":0,"parent":0,"menu_order":0,"comment_status":"closed","ping_status":"closed","template":"","meta":{"footnotes":""},"class_list":["post-2516","page","type-page","status-publish","hentry"],"_links":{"self":[{"href":"https:\/\/www.mbp.chrzanow.pl\/forumregionalne\/wp-json\/wp\/v2\/pages\/2516","targetHints":{"allow":["GET"]}}],"collection":[{"href":"https:\/\/www.mbp.chrzanow.pl\/forumregionalne\/wp-json\/wp\/v2\/pages"}],"about":[{"href":"https:\/\/www.mbp.chrzanow.pl\/forumregionalne\/wp-json\/wp\/v2\/types\/page"}],"author":[{"embeddable":true,"href":"https:\/\/www.mbp.chrzanow.pl\/forumregionalne\/wp-json\/wp\/v2\/users\/1"}],"replies":[{"embeddable":true,"href":"https:\/\/www.mbp.chrzanow.pl\/forumregionalne\/wp-json\/wp\/v2\/comments?post=2516"}],"version-history":[{"count":227,"href":"https:\/\/www.mbp.chrzanow.pl\/forumregionalne\/wp-json\/wp\/v2\/pages\/2516\/revisions"}],"predecessor-version":[{"id":4129,"href":"https:\/\/www.mbp.chrzanow.pl\/forumregionalne\/wp-json\/wp\/v2\/pages\/2516\/revisions\/4129"}],"wp:attachment":[{"href":"https:\/\/www.mbp.chrzanow.pl\/forumregionalne\/wp-json\/wp\/v2\/media?parent=2516"}],"curies":[{"name":"wp","href":"https:\/\/api.w.org\/{rel}","templated":true}]}}