{"id":526,"date":"2017-10-11T07:19:31","date_gmt":"2017-10-11T05:19:31","guid":{"rendered":"http:\/\/www.mbp.chrzanow.pl\/forumregionalne\/?page_id=526"},"modified":"2017-11-07T13:17:26","modified_gmt":"2017-11-07T12:17:26","slug":"program-2","status":"publish","type":"page","link":"https:\/\/www.mbp.chrzanow.pl\/forumregionalne2017\/index.php\/program-2\/","title":{"rendered":"PROGRAM"},"content":{"rendered":"\t\t<div data-elementor-type=\"wp-page\" data-elementor-id=\"526\" class=\"elementor elementor-526 elementor-bc-flex-widget\">\n\t\t\t\t\t\t<section class=\"elementor-section elementor-top-section elementor-element elementor-element-xyjexur elementor-section-boxed elementor-section-height-default elementor-section-height-default\" data-id=\"xyjexur\" data-element_type=\"section\" data-e-type=\"section\">\n\t\t\t\t\t\t<div class=\"elementor-container elementor-column-gap-default\">\n\t\t\t\t\t<div class=\"elementor-column elementor-col-50 elementor-top-column elementor-element elementor-element-yrmfpiq\" data-id=\"yrmfpiq\" data-element_type=\"column\" data-e-type=\"column\">\n\t\t\t<div class=\"elementor-widget-wrap\">\n\t\t\t\t\t\t\t<\/div>\n\t\t<\/div>\n\t\t\t\t<div class=\"elementor-column elementor-col-50 elementor-top-column elementor-element elementor-element-pjmoudn\" data-id=\"pjmoudn\" data-element_type=\"column\" data-e-type=\"column\">\n\t\t\t<div class=\"elementor-widget-wrap elementor-element-populated\">\n\t\t\t\t\t\t<div class=\"elementor-element elementor-element-yvt3ewb elementor-widget elementor-widget-heading\" data-id=\"yvt3ewb\" data-element_type=\"widget\" data-e-type=\"widget\" data-widget_type=\"heading.default\">\n\t\t\t\t<div class=\"elementor-widget-container\">\n\t\t\t\t\t<h5 class=\"elementor-heading-title elementor-size-default\"><a href=\"http:\/\/www.mbp.chrzanow.pl\/forumregionalne\/wp-content\/uploads\/ProgramForumRegionalne.pdf\" target=\"_blank\">Drukuj    <\/a><\/h5>\t\t\t\t<\/div>\n\t\t\t\t<\/div>\n\t\t\t\t\t<\/div>\n\t\t<\/div>\n\t\t\t\t\t<\/div>\n\t\t<\/section>\n\t\t\t\t<section class=\"elementor-section elementor-top-section elementor-element elementor-element-2vpbflv elementor-section-full_width elementor-section-height-default elementor-section-height-default\" data-id=\"2vpbflv\" data-element_type=\"section\" data-e-type=\"section\">\n\t\t\t\t\t\t<div class=\"elementor-container elementor-column-gap-default\">\n\t\t\t\t\t<div class=\"elementor-column elementor-col-100 elementor-top-column elementor-element elementor-element-qr4h26m\" data-id=\"qr4h26m\" data-element_type=\"column\" data-e-type=\"column\">\n\t\t\t<div class=\"elementor-widget-wrap elementor-element-populated\">\n\t\t\t\t\t\t<div class=\"elementor-element elementor-element-lxa3k5p elementor-widget elementor-widget-text-editor\" data-id=\"lxa3k5p\" data-element_type=\"widget\" data-e-type=\"widget\" data-widget_type=\"text-editor.default\">\n\t\t\t\t<div class=\"elementor-widget-container\">\n\t\t\t\t\t\t\t\t\t<table><tbody><tr><td colspan=\"2\" width=\"604\"><p style=\"text-align: center; background-color: #67c148;\"><strong><span style=\"color: #ffffff;\">17 listopada 2017<\/span><\/strong><br \/> <span style=\"color: #ffffff;\"> MIEJSKA BIBLIOTEKA PUBLICZNA W CHRZANOWIE<\/span><br \/> <span style=\"color: #ffffff;\"> <em>Wymagana rejestracja<\/em><\/span><\/p><\/td><\/tr><tr><td width=\"113\">9:00 &#8211; 10:00<\/td><td width=\"491\">Rejestracja \u2013 hol parter<\/td><\/tr><tr><td width=\"113\">10:00 &#8211; 10:20<\/td><td width=\"491\">Otwarcie Forum \u2013 sala konferencyjna<\/td><\/tr><tr><td width=\"113\">10:20- 12:30<\/td><td width=\"491\"><p>Wyk\u0142ady I cz\u0119\u015b\u0107 \u00a0\u2013 sala konferencyjna<br \/> Prelegenci:<br \/><a href=\"http:\/\/www.mbp.chrzanow.pl\/forumregionalne\/index.php\/goscie\/#rg\"><span style=\"color: #2295cb;\">Robert Garstka <\/span><\/a>&#8211; Cudze chwalicie swego nie znacie &#8211; obrz\u0119dowo\u015b\u0107 doroczna <br \/><a href=\"http:\/\/www.mbp.chrzanow.pl\/forumregionalne\/index.php\/goscie\/#go\"><span style=\"color: #2598ce;\">Grzegorz Onyszko<\/span>\u00a0<\/a>&#8211; Zmiany przynale\u017cno\u015bci administracyjnej Zag\u0142\u0119bia D\u0105browskiego i Zachodniej Ma\u0142opolski na przestrzeni wiek\u00f3w (do 1999 roku)<br \/> <a href=\"http:\/\/www.mbp.chrzanow.pl\/forumregionalne\/index.php\/goscie\/#dsg\"><span style=\"color: #2598ce;\">Dobrawa Skonieczna-Gawlik\u00a0<\/span><\/a>&#8211; Tropem badaczy Zag\u0142\u0119bia D\u0105browskiego<br \/><a href=\"http:\/\/www.mbp.chrzanow.pl\/forumregionalne\/index.php\/goscie\/#mp\"><span style=\"color: #2598ce;\">Marek Piotrowski<\/span>\u00a0<\/a>&#8211; Ma\u0142opolska czy \u015al\u0105sk &#8211; Ziemia B\u0119dzi\u0144ska. Walory etniczne Ma\u0142opolski Zachodniej<br \/> <a href=\"http:\/\/www.mbp.chrzanow.pl\/forumregionalne\/index.php\/goscie\/#bw\"><span style=\"color: #2598ce;\">Barbara Stanek-Wr\u00f3bel\u00a0<\/span><\/a>&#8211; Zmiany w przebiegu granicy powiat\u00f3w olkuskiego i chrzanowskiego &#8211; \u017cycie mieszka\u0144c\u00f3w. Granica kordonu czy \u017cycie w zaborach mia\u0142o wp\u0142yw na rozw\u00f3j gospodarczy i kulturalny mieszka\u0144c\u00f3w tych powiat\u00f3w<br \/><span style=\"color: #2598ce;\"><a href=\"http:\/\/www.mbp.chrzanow.pl\/forumregionalne\/index.php\/goscie\/#ao\"><span style=\"color: #2598ce;\">Agnieszka Oczkowska<\/span>\u00a0<\/a><\/span>&#8211; Ziemniaki dawniej z garnka nie wychodzi\u0142y \u2013 o tradycyjnym po\u017cywieniu i jego funkcjonowaniu we wsp\u00f3\u0142czesnych uwarunkowaniach<\/p><\/td><\/tr><tr><td width=\"113\">12:30 &#8211; 13:00<\/td><td width=\"491\">Panel dyskusyjny \u00a0\u2013 sala konferencyjna<br \/> moderatorzy: Robert Garstka, Teresa Jankowska<\/td><\/tr><tr><td width=\"113\">13:00 &#8211; 14:00<\/td><td width=\"491\">Lunch \u2013 hol pi\u0119tro<\/td><\/tr><tr><td width=\"113\">14:00 &#8211; 16:00<\/td><td width=\"491\"><p>Wyk\u0142ady cz\u0119\u015b\u0107 II\u00a0 \u2013 sala konferencyjna<br \/>Prelegenci:<br \/><span style=\"color: #2598ce;\"><a href=\"http:\/\/www.mbp.chrzanow.pl\/forumregionalne\/index.php\/goscie\/#zm\" target=\"_blank\" rel=\"noopener\"><span style=\"color: #2598ce;\">Zbigniew Matuszczyk<\/span><\/a><\/span> &#8211; Dzieje S\u0142awkowa i jego najcenniejsze zabytki.<br \/><a href=\"http:\/\/www.mbp.chrzanow.pl\/forumregionalne\/index.php\/goscie\/#abb\"><span style=\"color: #2598ce;\">Agnieszka B\u0105k\u00a0<\/span><\/a>&#8211; Niematerialne dziedzictwo kulturowe zwyczaj\u00f3w i tradycji pielgrzymowania mieszka\u0144c\u00f3w ziemi chrzanowskiej<br \/><a href=\"http:\/\/www.mbp.chrzanow.pl\/forumregionalne\/index.php\/goscie\/#ibb\"><span style=\"color: #2295cb;\">Iwona Brandys\u00a0<\/span><\/a>&#8211; Sztuka na pograniczu czyli dziedzictwo artystyczne miasta Jaworzna<br \/><a href=\"http:\/\/www.mbp.chrzanow.pl\/forumregionalne\/index.php\/goscie\/#as\"><span style=\"color: #2598ce;\">Agnieszka Szymula<\/span>\u00a0<\/a>&#8211; Wis\u0142a \u2013 wodna granica. To\u017csamo\u015b\u0107 kulturowa mieszka\u0144c\u00f3w pogranicza \u015bl\u0105sko-ma\u0142opolskiego<br \/> <a href=\"http:\/\/www.mbp.chrzanow.pl\/forumregionalne\/index.php\/goscie\/#kk\"><span style=\"color: #2295cb;\">Krzysztof Kulik\u00a0<\/span><\/a>&#8211; Opuszczone ale nie zapomniane<br \/> <a href=\"http:\/\/www.mbp.chrzanow.pl\/forumregionalne\/index.php\/goscie\/#jps\"><span style=\"color: #2295cb;\">Jan Piotr Strzemecki\u00a0<\/span><\/a>&#8211; Chrzan\u00f3w i chrzanowianie<\/p><\/td><\/tr><tr><td width=\"113\">16:00 &#8211; 17:00<\/td><td width=\"491\">Panel dyskusyjny \u00a0\u2013 sala konferencyjna<br \/> moderatorzy: Robert Garstka, Teresa Jankowska<\/td><\/tr><tr><td width=\"113\">17:00 &#8211; 18:00<\/td><td width=\"491\">Rozmowy w kuluarach<\/td><\/tr><tr><td colspan=\"2\" width=\"604\"><p style=\"text-align: center; background-color: #67c148;\"><span style=\"color: #ffffff;\"><strong>17 listopada 2017<\/strong><\/span><br \/> <span style=\"color: #ffffff;\"> MIEJSKA BIBLIOTEKA PUBLICZNA W CHRZANOWIE<\/span><br \/> <span style=\"color: #ffffff;\"> <em>Wst\u0119p wolny<\/em><\/span><\/p><\/td><\/tr><tr><td width=\"113\">9:00 &#8211; 18:00<\/td><td width=\"491\">Stoiska pokazowe wiosek tematycznych: Bol\u0119cina, Dulowej, Zag\u00f3rza &#8211; hol parter<\/td><\/tr><tr><td width=\"113\">8:00 &#8211; 20:00<\/td><td width=\"491\">Stanowisko Cyfrowego Archiwum Tradycji Lokalnej Ziemi Chrzanowskiej \u2013 Dzia\u0142 Czytel\u0144 i Multimedi\u00f3w pi\u0119tro<\/td><\/tr><tr><td width=\"113\">9:00 &#8211; 18:00<\/td><td width=\"491\">Warsztaty genealogiczne \u2013 Dzia\u0142 Promocji i Upowszechniania Czytelnictwa parter<\/td><\/tr><tr><td width=\"113\">9:00\u00a0 &#8211; 18:00<\/td><td width=\"491\">Warsztaty etnograficzne &#8211; Oddzia\u0142 dla Dzieci parter<\/td><\/tr><tr><td width=\"113\">8:00 &#8211; 20:00<\/td><td width=\"491\">Stanowiska do przegl\u0105dania archiw\u00f3w online \u2013 Dzia\u0142 Czytel\u0144 i Multimedi\u00f3w pi\u0119tro<\/td><\/tr><tr><td width=\"113\">8:00 &#8211; 20:00<\/td><td width=\"491\">Pokazy film\u00f3w promocyjnych \u015al\u0105ska, Ma\u0142opolski oraz powiatu chrzanowskiego, pokaz film\u00f3w prelegent\u00f3w \u2013 sala projekcyjna pi\u0119tro<\/td><\/tr><tr><td width=\"113\">9:00 &#8211; 18:00<\/td><td width=\"491\">Punkt Informacji Turystycznej &#8211; pi\u0119tro<\/td><\/tr><\/tbody><\/table>\t\t\t\t\t\t\t\t<\/div>\n\t\t\t\t<\/div>\n\t\t\t\t\t<\/div>\n\t\t<\/div>\n\t\t\t\t\t<\/div>\n\t\t<\/section>\n\t\t\t\t<section class=\"elementor-section elementor-top-section elementor-element elementor-element-a6mzuaz elementor-section-boxed elementor-section-height-default elementor-section-height-default\" data-id=\"a6mzuaz\" data-element_type=\"section\" data-e-type=\"section\">\n\t\t\t\t\t\t<div class=\"elementor-container elementor-column-gap-default\">\n\t\t\t\t\t<div class=\"elementor-column elementor-col-100 elementor-top-column elementor-element elementor-element-iyk09h3\" data-id=\"iyk09h3\" data-element_type=\"column\" data-e-type=\"column\">\n\t\t\t<div class=\"elementor-widget-wrap elementor-element-populated\">\n\t\t\t\t\t\t<div class=\"elementor-element elementor-element-hnp4sml elementor-widget elementor-widget-spacer\" data-id=\"hnp4sml\" data-element_type=\"widget\" data-e-type=\"widget\" data-widget_type=\"spacer.default\">\n\t\t\t\t<div class=\"elementor-widget-container\">\n\t\t\t\t\t\t\t<div class=\"elementor-spacer\">\n\t\t\t<div class=\"elementor-spacer-inner\"><\/div>\n\t\t<\/div>\n\t\t\t\t\t\t<\/div>\n\t\t\t\t<\/div>\n\t\t\t\t\t<\/div>\n\t\t<\/div>\n\t\t\t\t\t<\/div>\n\t\t<\/section>\n\t\t\t\t<section class=\"elementor-section elementor-top-section elementor-element elementor-element-wm78bec elementor-section-boxed elementor-section-height-default elementor-section-height-default\" data-id=\"wm78bec\" data-element_type=\"section\" data-e-type=\"section\">\n\t\t\t\t\t\t<div class=\"elementor-container elementor-column-gap-default\">\n\t\t\t\t\t<div class=\"elementor-column elementor-col-100 elementor-top-column elementor-element elementor-element-r9yp4ia\" data-id=\"r9yp4ia\" data-element_type=\"column\" data-e-type=\"column\">\n\t\t\t<div class=\"elementor-widget-wrap elementor-element-populated\">\n\t\t\t\t\t\t<div class=\"elementor-element elementor-element-bnqpctz elementor-widget elementor-widget-text-editor\" data-id=\"bnqpctz\" data-element_type=\"widget\" data-e-type=\"widget\" data-widget_type=\"text-editor.default\">\n\t\t\t\t<div class=\"elementor-widget-container\">\n\t\t\t\t\t\t\t\t\t<table><tbody><tr><td colspan=\"2\" width=\"604\"><p style=\"text-align: center; background-color: #2598ce;\"><span style=\"color: #ffffff;\"><strong>18 listopada 2017<br \/> <\/strong>MUZEUM \u2013 NADWI\u015aLA\u0143SKI PARK ETNOGRAFICZNY W WYGIE\u0141ZOWIE I ZAMEK LIPOWIEC<\/span><br \/> <span style=\"color: #ffffff;\"> <em>Wymagana rejestracja<\/em><\/span><\/p><\/td><\/tr><tr><td width=\"113\">9:30<\/td><td width=\"491\">Zbi\u00f3rka przy Miejskiej Bibliotece Publicznej w Chrzanowie, ul. Broniewskiego 10C, przejazd na trasie Chrzan\u00f3w-Wygie\u0142z\u00f3w<\/td><\/tr><tr><td width=\"113\">10:00 &#8211; 11:30<\/td><td width=\"491\">Wyk\u0142ady (3 prelegent\u00f3w) \u2013 Dw\u00f3r z Drogini<br \/> <span style=\"color: #2598ce;\"><a href=\"http:\/\/www.mbp.chrzanow.pl\/forumregionalne\/index.php\/goscie\/#goo\"><span style=\"color: #2598ce;\">Grzegorz Or\u0142owski<\/span><\/a><\/span> &#8211; O potrzebie ochrony krakowskiej \u015bwiadomo\u015bci regionalnej<br \/> <a href=\"http:\/\/www.mbp.chrzanow.pl\/forumregionalne\/index.php\/goscie\/#hd\"><span style=\"color: #2295cb;\">Halina Duda<\/span><\/a> &#8211; Suzoje<br \/> <a href=\"http:\/\/www.mbp.chrzanow.pl\/forumregionalne\/index.php\/goscie\/#rm\"><span style=\"color: #2295cb;\">Roman Madejski\u00a0<\/span><\/a>&#8211; Tradycja dziad\u00f3w wielkanocnych na K\u0105tach. Archiwalne zdj\u0119cia ze strojami<\/td><\/tr><tr><td width=\"113\">11:30 &#8211; 13:30<\/td><td width=\"491\">Pokazy zwyczaj\u00f3w i tradycji \u2013 Dw\u00f3r z Drogini<\/td><\/tr><tr><td width=\"113\">13:30 &#8211; 14:30<\/td><td width=\"491\">Lunch<\/td><\/tr><tr><td width=\"113\">14:30 &#8211; 16:00<\/td><td width=\"491\">Zwiedzanie Skansenu \u2013 oprowadza Agnieszka Oczkowska<\/td><\/tr><tr><td width=\"113\">16-00 &#8211; 17:00<\/td><td width=\"491\">Zako\u0144czenie Forum<\/td><\/tr><tr><td width=\"113\">17:00<\/td><td width=\"491\">Zbi\u00f3rka, przejazd na trasie Wygie\u0142z\u00f3w &#8211; Chrzan\u00f3w<\/td><\/tr><tr><td colspan=\"2\" width=\"604\"><p style=\"text-align: center; background-color: #2598ce;\"><span style=\"color: #ffffff;\"><strong>18 listopada 2017<br \/> <\/strong>MUZEUM \u2013 NADWI\u015aLA\u0143SKI PARK ETNOGRAFICZNY W WYGIE\u0141ZOWIE I ZAMEK LIPOWIEC<\/span><br \/> <span style=\"color: #ffffff;\"> <em>bilety wst\u0119pu<br \/> <\/em><\/span><\/p><\/td><\/tr><tr><td width=\"113\">10:00 &#8211; 16:00<\/td><td width=\"491\">Warsztaty etnograficzne \u2013 Dom ma\u0142omiasteczkowy z Chrzanowa oraz Cha\u0142upa z B\u0119czyna<\/td><\/tr><\/tbody><\/table>\t\t\t\t\t\t\t\t<\/div>\n\t\t\t\t<\/div>\n\t\t\t\t\t<\/div>\n\t\t<\/div>\n\t\t\t\t\t<\/div>\n\t\t<\/section>\n\t\t\t\t<section class=\"elementor-section elementor-top-section elementor-element elementor-element-p1fdav0 elementor-section-boxed elementor-section-height-default elementor-section-height-default\" data-id=\"p1fdav0\" data-element_type=\"section\" data-e-type=\"section\">\n\t\t\t\t\t\t<div class=\"elementor-container elementor-column-gap-default\">\n\t\t\t\t\t<div class=\"elementor-column elementor-col-100 elementor-top-column elementor-element elementor-element-rxvjg6r\" data-id=\"rxvjg6r\" data-element_type=\"column\" data-e-type=\"column\">\n\t\t\t<div class=\"elementor-widget-wrap elementor-element-populated\">\n\t\t\t\t\t\t<div class=\"elementor-element elementor-element-q4503nb elementor-widget elementor-widget-heading\" data-id=\"q4503nb\" data-element_type=\"widget\" data-e-type=\"widget\" data-widget_type=\"heading.default\">\n\t\t\t\t<div class=\"elementor-widget-container\">\n\t\t\t\t\t<h5 class=\"elementor-heading-title elementor-size-default\"><a href=\"http:\/\/www.mbp.chrzanow.pl\/forumregionalne\/wp-content\/uploads\/ProgramForumRegionalne.pdf\" target=\"_blank\">Drukuj<\/a><\/h5>\t\t\t\t<\/div>\n\t\t\t\t<\/div>\n\t\t\t\t\t<\/div>\n\t\t<\/div>\n\t\t\t\t\t<\/div>\n\t\t<\/section>\n\t\t\t\t<\/div>\n\t\t","protected":false},"excerpt":{"rendered":"<p>Drukuj 17 listopada 2017 MIEJSKA BIBLIOTEKA PUBLICZNA W CHRZANOWIE Wymagana rejestracja 9:00 &#8211; 10:00 Rejestracja \u2013 hol parter 10:00 &#8211; 10:20 Otwarcie Forum \u2013 sala konferencyjna 10:20- 12:30 Wyk\u0142ady I cz\u0119\u015b\u0107 \u00a0\u2013 sala konferencyjna Prelegenci:Robert Garstka &#8211; Cudze chwalicie swego nie znacie &#8211; obrz\u0119dowo\u015b\u0107 doroczna Grzegorz Onyszko\u00a0&#8211; Zmiany przynale\u017cno\u015bci administracyjnej Zag\u0142\u0119bia D\u0105browskiego i Zachodniej Ma\u0142opolski [&hellip;]<\/p>\n","protected":false},"author":1,"featured_media":0,"parent":0,"menu_order":0,"comment_status":"closed","ping_status":"closed","template":"","meta":{"footnotes":""},"class_list":["post-526","page","type-page","status-publish","hentry"],"_links":{"self":[{"href":"https:\/\/www.mbp.chrzanow.pl\/forumregionalne2017\/index.php\/wp-json\/wp\/v2\/pages\/526","targetHints":{"allow":["GET"]}}],"collection":[{"href":"https:\/\/www.mbp.chrzanow.pl\/forumregionalne2017\/index.php\/wp-json\/wp\/v2\/pages"}],"about":[{"href":"https:\/\/www.mbp.chrzanow.pl\/forumregionalne2017\/index.php\/wp-json\/wp\/v2\/types\/page"}],"author":[{"embeddable":true,"href":"https:\/\/www.mbp.chrzanow.pl\/forumregionalne2017\/index.php\/wp-json\/wp\/v2\/users\/1"}],"replies":[{"embeddable":true,"href":"https:\/\/www.mbp.chrzanow.pl\/forumregionalne2017\/index.php\/wp-json\/wp\/v2\/comments?post=526"}],"version-history":[{"count":107,"href":"https:\/\/www.mbp.chrzanow.pl\/forumregionalne2017\/index.php\/wp-json\/wp\/v2\/pages\/526\/revisions"}],"predecessor-version":[{"id":932,"href":"https:\/\/www.mbp.chrzanow.pl\/forumregionalne2017\/index.php\/wp-json\/wp\/v2\/pages\/526\/revisions\/932"}],"wp:attachment":[{"href":"https:\/\/www.mbp.chrzanow.pl\/forumregionalne2017\/index.php\/wp-json\/wp\/v2\/media?parent=526"}],"curies":[{"name":"wp","href":"https:\/\/api.w.org\/{rel}","templated":true}]}}