{"id":774,"date":"2017-10-27T10:40:31","date_gmt":"2017-10-27T08:40:31","guid":{"rendered":"http:\/\/www.mbp.chrzanow.pl\/forumregionalne\/?page_id=774"},"modified":"2017-11-16T13:47:18","modified_gmt":"2017-11-16T12:47:18","slug":"wydarzenia-otwarte","status":"publish","type":"page","link":"https:\/\/www.mbp.chrzanow.pl\/forumregionalne2017\/index.php\/wydarzenia-otwarte\/","title":{"rendered":"WYDARZENIA OTWARTE"},"content":{"rendered":"\t\t<div data-elementor-type=\"wp-page\" data-elementor-id=\"774\" class=\"elementor elementor-774 elementor-bc-flex-widget\">\n\t\t\t\t\t\t<section class=\"elementor-section elementor-top-section elementor-element elementor-element-axpsdxi elementor-section-full_width elementor-section-height-default elementor-section-height-default\" data-id=\"axpsdxi\" data-element_type=\"section\" data-e-type=\"section\">\n\t\t\t\t\t\t<div class=\"elementor-container elementor-column-gap-default\">\n\t\t\t\t\t<div class=\"elementor-column elementor-col-100 elementor-top-column elementor-element elementor-element-johodaa\" data-id=\"johodaa\" data-element_type=\"column\" data-e-type=\"column\">\n\t\t\t<div class=\"elementor-widget-wrap elementor-element-populated\">\n\t\t\t\t\t\t<div class=\"elementor-element elementor-element-klkxadm elementor-widget elementor-widget-text-editor\" data-id=\"klkxadm\" data-element_type=\"widget\" data-e-type=\"widget\" data-widget_type=\"text-editor.default\">\n\t\t\t\t<div class=\"elementor-widget-container\">\n\t\t\t\t\t\t\t\t\t<table><tbody><tr><td colspan=\"2\" width=\"604\"><p style=\"text-align: center; background-color: #67c148;\"><strong><span style=\"color: #ffffff;\">17 listopada 2017<\/span><\/strong><br \/> <span style=\"color: #ffffff;\"> MIEJSKA BIBLIOTEKA PUBLICZNA W CHRZANOWIE<\/span><\/p><\/td><\/tr><\/tbody><\/table>\t\t\t\t\t\t\t\t<\/div>\n\t\t\t\t<\/div>\n\t\t\t\t<div class=\"elementor-element elementor-element-ccyi163 elementor-widget elementor-widget-heading\" data-id=\"ccyi163\" data-element_type=\"widget\" data-e-type=\"widget\" data-widget_type=\"heading.default\">\n\t\t\t\t<div class=\"elementor-widget-container\">\n\t\t\t\t\t<h2 class=\"elementor-heading-title elementor-size-default\">9:00 - 18:00 Stoiska pokazowe wiosek tematycznych<\/h2>\t\t\t\t<\/div>\n\t\t\t\t<\/div>\n\t\t\t\t\t<\/div>\n\t\t<\/div>\n\t\t\t\t\t<\/div>\n\t\t<\/section>\n\t\t\t\t<section class=\"elementor-section elementor-top-section elementor-element elementor-element-z6eierp elementor-section-boxed elementor-section-height-default elementor-section-height-default\" data-id=\"z6eierp\" data-element_type=\"section\" data-e-type=\"section\">\n\t\t\t\t\t\t<div class=\"elementor-container elementor-column-gap-default\">\n\t\t\t\t\t<div class=\"elementor-column elementor-col-50 elementor-top-column elementor-element elementor-element-i395sx0\" data-id=\"i395sx0\" data-element_type=\"column\" data-e-type=\"column\">\n\t\t\t<div class=\"elementor-widget-wrap elementor-element-populated\">\n\t\t\t\t\t\t<div class=\"elementor-element elementor-element-g1f025a elementor-widget elementor-widget-image\" data-id=\"g1f025a\" data-element_type=\"widget\" data-e-type=\"widget\" data-widget_type=\"image.default\">\n\t\t\t\t<div class=\"elementor-widget-container\">\n\t\t\t\t\t\t\t\t\t\t\t\t\t\t\t<img fetchpriority=\"high\" decoding=\"async\" width=\"259\" height=\"194\" src=\"https:\/\/www.mbp.chrzanow.pl\/forumregionalne2017\/wp-content\/uploads\/2017\/10\/wps.png\" class=\"attachment-full size-full wp-image-780\" alt=\"\" \/>\t\t\t\t\t\t\t\t\t\t\t\t\t\t\t<\/div>\n\t\t\t\t<\/div>\n\t\t\t\t\t<\/div>\n\t\t<\/div>\n\t\t\t\t<div class=\"elementor-column elementor-col-50 elementor-top-column elementor-element elementor-element-xzblurw\" data-id=\"xzblurw\" data-element_type=\"column\" data-e-type=\"column\">\n\t\t\t<div class=\"elementor-widget-wrap elementor-element-populated\">\n\t\t\t\t\t\t<div class=\"elementor-element elementor-element-d8p4co5 elementor-widget elementor-widget-heading\" data-id=\"d8p4co5\" data-element_type=\"widget\" data-e-type=\"widget\" data-widget_type=\"heading.default\">\n\t\t\t\t<div class=\"elementor-widget-container\">\n\t\t\t\t\t<h2 class=\"elementor-heading-title elementor-size-default\">Bol\u0119cin - Wioska pod Ska\u0142\u0105<\/h2>\t\t\t\t<\/div>\n\t\t\t\t<\/div>\n\t\t\t\t<div class=\"elementor-element elementor-element-94zem60 elementor-widget elementor-widget-heading\" data-id=\"94zem60\" data-element_type=\"widget\" data-e-type=\"widget\" data-widget_type=\"heading.default\">\n\t\t\t\t<div class=\"elementor-widget-container\">\n\t\t\t\t\t<h2 class=\"elementor-heading-title elementor-size-default\">Hol - parter (Miejska Biblioteka Publiczna w Chrzanowie, ul. Broniewskiego 10C, 32-500 Chrzan\u00f3w)<\/h2>\t\t\t\t<\/div>\n\t\t\t\t<\/div>\n\t\t\t\t<div class=\"elementor-element elementor-element-lzro87x elementor-widget elementor-widget-text-editor\" data-id=\"lzro87x\" data-element_type=\"widget\" data-e-type=\"widget\" data-widget_type=\"text-editor.default\">\n\t\t\t\t<div class=\"elementor-widget-container\">\n\t\t\t\t\t\t\t\t\t<p style=\"text-align: left;\">Bol\u0119cin &#8211; miejscowo\u015b\u0107 tematyczna, kt\u00f3rej powstanie zwi\u0105zane jest z unikatowym pomnikiem przyrody nieo\u017cywionej &#8211; Ska\u0142k\u0105 Triasow\u0105 zwan\u0105 Kamieniem, kt\u00f3ra powsta\u0142a 215 mln lat temu na dnie ciep\u0142ego triasowego morza. Temat przewodni miejscowo\u015bci to ska\u0142y i kamienie, ich w\u0142a\u015bciwo\u015bci magiczne i lecznicze oraz zwi\u0105zane z nimi wierzenia, ba\u015bnie, legendy i przes\u0105dy. Wioska pod Ska\u0142\u0105 specjalizuje si\u0119 w organizacji r\u00f3\u017cnych form aktywnego wypoczynku z wykorzystaniem dziedzictwa przyrodniczego i historycznego wsi Bol\u0119cin . Nasza oferta obejmuje m.in. gry terenowe, gry fabularne, plenerowe lekcje geologii, przyrody i historii, questy, larpy, zaj\u0119cia i warsztaty na mobilnym stanowisku geologiczno-paleontologicznym.<\/p><p style=\"text-align: left;\"><strong>Opis stoiska<br \/><\/strong>Na stoisku Wioski pod Ska\u0142\u0105 zaprezentowane zostan\u0105:<br \/>&#8211; stroje i rekwizyty animacyjne wykorzystywane w grach terenowych,<br \/>&#8211; makieta triasowego morza,<br \/>&#8211; kolekcja ska\u0142 , skamienia\u0142o\u015bci oraz minera\u0142\u00f3w z Bol\u0119cina i okolic,<br \/>&#8211; przyk\u0142ady r\u0119kodzie\u0142a i tw\u00f3rczo\u015bci ludowej,<br \/>&#8211; przysmaki m.in. wyroby piekarnicze i ciastkarskie, w tym specjalno\u015b\u0107 Wioski &#8211; r\u00f3\u017cnosmakowe Paluchy Skalnego Olbrzyma.<\/p>\t\t\t\t\t\t\t\t<\/div>\n\t\t\t\t<\/div>\n\t\t\t\t\t<\/div>\n\t\t<\/div>\n\t\t\t\t\t<\/div>\n\t\t<\/section>\n\t\t\t\t<section class=\"elementor-section elementor-top-section elementor-element elementor-element-zlvsoyb elementor-section-boxed elementor-section-height-default elementor-section-height-default\" data-id=\"zlvsoyb\" data-element_type=\"section\" data-e-type=\"section\">\n\t\t\t\t\t\t<div class=\"elementor-container elementor-column-gap-default\">\n\t\t\t\t\t<div class=\"elementor-column elementor-col-50 elementor-top-column elementor-element elementor-element-6uwa53j\" data-id=\"6uwa53j\" data-element_type=\"column\" data-e-type=\"column\">\n\t\t\t<div class=\"elementor-widget-wrap elementor-element-populated\">\n\t\t\t\t\t\t<div class=\"elementor-element elementor-element-xme5vyf elementor-widget elementor-widget-image\" data-id=\"xme5vyf\" data-element_type=\"widget\" data-e-type=\"widget\" data-widget_type=\"image.default\">\n\t\t\t\t<div class=\"elementor-widget-container\">\n\t\t\t\t\t\t\t\t\t\t\t\t\t\t\t<img decoding=\"async\" width=\"300\" height=\"200\" src=\"https:\/\/www.mbp.chrzanow.pl\/forumregionalne2017\/wp-content\/uploads\/2017\/11\/dulowa.jpg\" class=\"attachment-large size-large wp-image-947\" alt=\"\" \/>\t\t\t\t\t\t\t\t\t\t\t\t\t\t\t<\/div>\n\t\t\t\t<\/div>\n\t\t\t\t\t<\/div>\n\t\t<\/div>\n\t\t\t\t<div class=\"elementor-column elementor-col-50 elementor-top-column elementor-element elementor-element-0hd0kvd\" data-id=\"0hd0kvd\" data-element_type=\"column\" data-e-type=\"column\">\n\t\t\t<div class=\"elementor-widget-wrap elementor-element-populated\">\n\t\t\t\t\t\t<div class=\"elementor-element elementor-element-xrfnkvh elementor-widget elementor-widget-heading\" data-id=\"xrfnkvh\" data-element_type=\"widget\" data-e-type=\"widget\" data-widget_type=\"heading.default\">\n\t\t\t\t<div class=\"elementor-widget-container\">\n\t\t\t\t\t<h2 class=\"elementor-heading-title elementor-size-default\">\"Dulowa. Zaginiona Wioska\u201d<\/h2>\t\t\t\t<\/div>\n\t\t\t\t<\/div>\n\t\t\t\t<div class=\"elementor-element elementor-element-1bzqdhy elementor-widget elementor-widget-heading\" data-id=\"1bzqdhy\" data-element_type=\"widget\" data-e-type=\"widget\" data-widget_type=\"heading.default\">\n\t\t\t\t<div class=\"elementor-widget-container\">\n\t\t\t\t\t<h2 class=\"elementor-heading-title elementor-size-default\">Hol - parter (Miejska Biblioteka Publiczna w Chrzanowie, ul. Broniewskiego 10C, 32-500 Chrzan\u00f3w)<\/h2>\t\t\t\t<\/div>\n\t\t\t\t<\/div>\n\t\t\t\t<div class=\"elementor-element elementor-element-b83a1a2 elementor-widget elementor-widget-text-editor\" data-id=\"b83a1a2\" data-element_type=\"widget\" data-e-type=\"widget\" data-widget_type=\"text-editor.default\">\n\t\t\t\t<div class=\"elementor-widget-container\">\n\t\t\t\t\t\t\t\t\t<p>\u2026Dawno, dawno temu, w s\u0105siedztwie niewielkiej wsi Dulowa, gdzie\u015b w\u015br\u00f3d p\u00f3l, znajdowa\u0142a si\u0119 pi\u0119kna i malownicza osada \u0141aziska. Nazwano j\u0105 tak na pami\u0105tk\u0119 wykarczowanego niegdy\u015b g\u0119stego lasu. Jej w\u0142a\u015bcicielami byli zgodni ma\u0142\u017conkowie, kt\u00f3rzy po kilku latach ma\u0142\u017ce\u0144stwa doczekali si\u0119 upragnionej, pi\u0119knej c\u00f3rki\u2026\u2026<br \/>Jest to fakt autentyczny, potwierdzony bibliografi\u0105.<br \/>Nieistniej\u0105ce ju\u017c dzisiaj \u0141aziska s\u0105siadowa\u0142y z Dulow\u0105 a granic\u0105 by\u0142a rzeka o nazwie Baba. \u0141aziska rozci\u0105ga\u0142y si\u0119 pomi\u0119dzy Dulow\u0105 a M\u0142oszow\u0105. Niegdy\u015b Baba by\u0142a wielk\u0105 rzek\u0105, dzisiaj pozosta\u0142 tylko strumyk i niczym nieska\u017cony teren z pozosta\u0142o\u015bci\u0105 trawy morskiej, chronionych ro\u015blin i starych drzew.<br \/>\u201eDulowa. Zaginiona Wioska\u201d jest bowiem my\u015bl\u0105 przewodni\u0105, symbolem ca\u0142ego nieistniej\u0105cego \u015bwiata, zaginionych zawod\u00f3w, zaginionych przedmiot\u00f3w, potraw, zwyczaj\u00f3w, sztuki ludowej, tradycji, zabaw, ro\u015blin, \u015blad\u00f3w, kt\u00f3re przepad\u0142y, ale\u2026<br \/>Celem naszej dzia\u0142alno\u015bci jest:<br \/> &#8211; promowanie w\u015br\u00f3d dzieci, m\u0142odzie\u017cy i doros\u0142ych aktywnego stylu \u017cycia, zdrowych nawyk\u00f3w \u017cywieniowych, oraz postaw proekologicznych<br \/> &#8211; edukacja regionalna \u201e Ocali\u0107 od zapomnienia\u201d<br \/> &#8211; o\u017cywianie gospodarki wsi, oraz integracja spo\u0142eczno\u015bci<br \/>Nasza oferta skierowana jest do zorganizowanych grup dzieci, m\u0142odzie\u017cy i doros\u0142ych, obejmuje m.in. warsztaty interaktywne, warsztaty pokazowe, questy, gry terenowe, pokazy scenek r\u00f3\u017cnych zaginionych zawod\u00f3w w plenerze i sali.<\/p><p><strong>Opis stoiska<br \/><\/strong>Na stoisku Wioski zaprezentowane zostan\u0105:<br \/>&#8211; zio\u0142owy zak\u0105tek<br \/>&#8211; zapiecek piekarza<br \/>&#8211; promocja nowego Gospodarstwa Agroturystycznego w Zaginionej Wiosce<br \/>&#8211; stolik promocyjny MT Dulowa<\/p>\t\t\t\t\t\t\t\t<\/div>\n\t\t\t\t<\/div>\n\t\t\t\t\t<\/div>\n\t\t<\/div>\n\t\t\t\t\t<\/div>\n\t\t<\/section>\n\t\t\t\t<section class=\"elementor-section elementor-top-section elementor-element elementor-element-2aymwnq elementor-section-boxed elementor-section-height-default elementor-section-height-default\" data-id=\"2aymwnq\" data-element_type=\"section\" data-e-type=\"section\">\n\t\t\t\t\t\t<div class=\"elementor-container elementor-column-gap-default\">\n\t\t\t\t\t<div class=\"elementor-column elementor-col-50 elementor-top-column elementor-element elementor-element-lkndjqi\" data-id=\"lkndjqi\" data-element_type=\"column\" data-e-type=\"column\">\n\t\t\t<div class=\"elementor-widget-wrap elementor-element-populated\">\n\t\t\t\t\t\t<div class=\"elementor-element elementor-element-uix75n0 elementor-widget elementor-widget-image\" data-id=\"uix75n0\" data-element_type=\"widget\" data-e-type=\"widget\" data-widget_type=\"image.default\">\n\t\t\t\t<div class=\"elementor-widget-container\">\n\t\t\t\t\t\t\t\t\t\t\t\t\t\t\t<img decoding=\"async\" width=\"300\" height=\"194\" src=\"https:\/\/www.mbp.chrzanow.pl\/forumregionalne2017\/wp-content\/uploads\/2017\/11\/zagorze.jpg\" class=\"attachment-large size-large wp-image-888\" alt=\"\" \/>\t\t\t\t\t\t\t\t\t\t\t\t\t\t\t<\/div>\n\t\t\t\t<\/div>\n\t\t\t\t\t<\/div>\n\t\t<\/div>\n\t\t\t\t<div class=\"elementor-column elementor-col-50 elementor-top-column elementor-element elementor-element-qap55hz\" data-id=\"qap55hz\" data-element_type=\"column\" data-e-type=\"column\">\n\t\t\t<div class=\"elementor-widget-wrap elementor-element-populated\">\n\t\t\t\t\t\t<div class=\"elementor-element elementor-element-pulgroz elementor-widget elementor-widget-heading\" data-id=\"pulgroz\" data-element_type=\"widget\" data-e-type=\"widget\" data-widget_type=\"heading.default\">\n\t\t\t\t<div class=\"elementor-widget-container\">\n\t\t\t\t\t<h2 class=\"elementor-heading-title elementor-size-default\">Ka\u015bka i Jasiek zapraszaj\u0105 na rarytasy z Zag\u00f3rza - Wioska u \u0179r\u00f3d\u0142a<\/h2>\t\t\t\t<\/div>\n\t\t\t\t<\/div>\n\t\t\t\t<div class=\"elementor-element elementor-element-eybvkpv elementor-widget elementor-widget-heading\" data-id=\"eybvkpv\" data-element_type=\"widget\" data-e-type=\"widget\" data-widget_type=\"heading.default\">\n\t\t\t\t<div class=\"elementor-widget-container\">\n\t\t\t\t\t<h2 class=\"elementor-heading-title elementor-size-default\">Hol - parter (Miejska Biblioteka Publiczna w Chrzanowie, ul. Broniewskiego 10C, 32-500 Chrzan\u00f3w)<\/h2>\t\t\t\t<\/div>\n\t\t\t\t<\/div>\n\t\t\t\t<div class=\"elementor-element elementor-element-iwgv9wu elementor-widget elementor-widget-text-editor\" data-id=\"iwgv9wu\" data-element_type=\"widget\" data-e-type=\"widget\" data-widget_type=\"text-editor.default\">\n\t\t\t\t<div class=\"elementor-widget-container\">\n\t\t\t\t\t\t\t\t\t<p><strong>Opis stoiska<br \/><\/strong>Na stoisku Wioska u \u0179r\u00f3d\u0142a zaprezentowane zostan\u0105:<br \/>&#8211; zestawy ciast domowych, kawa, herbata ze \u017ar\u00f3dlanej wody,<br \/>&#8211; domowy chleb ze smalcem i og\u00f3rkiem kiszonym<br \/>&#8211; gospodynie z Zag\u00f3rza zdradzaj\u0105 przepisy na kulinarne specja\u0142y<br \/>&#8211; stroiki adwentowe i \u015bwi\u0105teczne<br \/>&#8211; ro\u017cki lawendy<br \/>&#8211; lawenda na pniu brzozy otoczona mchem<br \/>&#8211; filcowe dekoracje do ka\u017cdego domu<\/p>\t\t\t\t\t\t\t\t<\/div>\n\t\t\t\t<\/div>\n\t\t\t\t\t<\/div>\n\t\t<\/div>\n\t\t\t\t\t<\/div>\n\t\t<\/section>\n\t\t\t\t<section class=\"elementor-section elementor-top-section elementor-element elementor-element-8l1kzyn elementor-section-boxed elementor-section-height-default elementor-section-height-default\" data-id=\"8l1kzyn\" data-element_type=\"section\" data-e-type=\"section\">\n\t\t\t\t\t\t<div class=\"elementor-container elementor-column-gap-default\">\n\t\t\t\t\t<div class=\"elementor-column elementor-col-100 elementor-top-column elementor-element elementor-element-ey2j6ce\" data-id=\"ey2j6ce\" data-element_type=\"column\" data-e-type=\"column\">\n\t\t\t<div class=\"elementor-widget-wrap elementor-element-populated\">\n\t\t\t\t\t\t<div class=\"elementor-element elementor-element-7wiu80g elementor-widget elementor-widget-heading\" data-id=\"7wiu80g\" data-element_type=\"widget\" data-e-type=\"widget\" data-widget_type=\"heading.default\">\n\t\t\t\t<div class=\"elementor-widget-container\">\n\t\t\t\t\t<h2 class=\"elementor-heading-title elementor-size-default\">8:00 - 20:00 Stanowisko Cyfrowego Archiwum Tradycji Lokalnej Ziemi Chrzanowskiej<\/h2>\t\t\t\t<\/div>\n\t\t\t\t<\/div>\n\t\t\t\t\t<\/div>\n\t\t<\/div>\n\t\t\t\t\t<\/div>\n\t\t<\/section>\n\t\t\t\t<section class=\"elementor-section elementor-top-section elementor-element elementor-element-a95y36m elementor-section-boxed elementor-section-height-default elementor-section-height-default\" data-id=\"a95y36m\" data-element_type=\"section\" data-e-type=\"section\">\n\t\t\t\t\t\t<div class=\"elementor-container elementor-column-gap-default\">\n\t\t\t\t\t<div class=\"elementor-column elementor-col-50 elementor-top-column elementor-element elementor-element-xt4x8no\" data-id=\"xt4x8no\" data-element_type=\"column\" data-e-type=\"column\">\n\t\t\t<div class=\"elementor-widget-wrap elementor-element-populated\">\n\t\t\t\t\t\t<div class=\"elementor-element elementor-element-b93kxqp elementor-widget elementor-widget-image\" data-id=\"b93kxqp\" data-element_type=\"widget\" data-e-type=\"widget\" data-widget_type=\"image.default\">\n\t\t\t\t<div class=\"elementor-widget-container\">\n\t\t\t\t\t\t\t\t\t\t\t\t\t\t\t<img loading=\"lazy\" decoding=\"async\" width=\"300\" height=\"199\" src=\"https:\/\/www.mbp.chrzanow.pl\/forumregionalne2017\/wp-content\/uploads\/2017\/11\/wet.jpg\" class=\"attachment-large size-large wp-image-925\" alt=\"\" \/>\t\t\t\t\t\t\t\t\t\t\t\t\t\t\t<\/div>\n\t\t\t\t<\/div>\n\t\t\t\t\t<\/div>\n\t\t<\/div>\n\t\t\t\t<div class=\"elementor-column elementor-col-50 elementor-top-column elementor-element elementor-element-xh6bw3n\" data-id=\"xh6bw3n\" data-element_type=\"column\" data-e-type=\"column\">\n\t\t\t<div class=\"elementor-widget-wrap elementor-element-populated\">\n\t\t\t\t\t\t<div class=\"elementor-element elementor-element-k69yddq elementor-widget elementor-widget-heading\" data-id=\"k69yddq\" data-element_type=\"widget\" data-e-type=\"widget\" data-widget_type=\"heading.default\">\n\t\t\t\t<div class=\"elementor-widget-container\">\n\t\t\t\t\t<h2 class=\"elementor-heading-title elementor-size-default\">Ksi\u0119gi z parafii \u015aw. Miko\u0142aja w Chrzanowie<\/h2>\t\t\t\t<\/div>\n\t\t\t\t<\/div>\n\t\t\t\t<div class=\"elementor-element elementor-element-cytbhwn elementor-widget elementor-widget-heading\" data-id=\"cytbhwn\" data-element_type=\"widget\" data-e-type=\"widget\" data-widget_type=\"heading.default\">\n\t\t\t\t<div class=\"elementor-widget-container\">\n\t\t\t\t\t<h2 class=\"elementor-heading-title elementor-size-default\">Dzia\u0142 Czytel\u0144 i Multimedi\u00f3w - pi\u0119tro Miejska Biblioteka Publiczna w Chrzanowie, ul. Broniewskiego 10C, 32-500 Chrzan\u00f3w)<\/h2>\t\t\t\t<\/div>\n\t\t\t\t<\/div>\n\t\t\t\t\t<\/div>\n\t\t<\/div>\n\t\t\t\t\t<\/div>\n\t\t<\/section>\n\t\t\t\t<section class=\"elementor-section elementor-top-section elementor-element elementor-element-kkb7tmn elementor-section-boxed elementor-section-height-default elementor-section-height-default\" data-id=\"kkb7tmn\" data-element_type=\"section\" data-e-type=\"section\">\n\t\t\t\t\t\t<div class=\"elementor-container elementor-column-gap-default\">\n\t\t\t\t\t<div class=\"elementor-column elementor-col-100 elementor-top-column elementor-element elementor-element-owikabk\" data-id=\"owikabk\" data-element_type=\"column\" data-e-type=\"column\">\n\t\t\t<div class=\"elementor-widget-wrap elementor-element-populated\">\n\t\t\t\t\t\t<div class=\"elementor-element elementor-element-i7k5y6z elementor-widget elementor-widget-spacer\" data-id=\"i7k5y6z\" data-element_type=\"widget\" data-e-type=\"widget\" data-widget_type=\"spacer.default\">\n\t\t\t\t<div class=\"elementor-widget-container\">\n\t\t\t\t\t\t\t<div class=\"elementor-spacer\">\n\t\t\t<div class=\"elementor-spacer-inner\"><\/div>\n\t\t<\/div>\n\t\t\t\t\t\t<\/div>\n\t\t\t\t<\/div>\n\t\t\t\t\t<\/div>\n\t\t<\/div>\n\t\t\t\t\t<\/div>\n\t\t<\/section>\n\t\t\t\t<section class=\"elementor-section elementor-top-section elementor-element elementor-element-t9quuvp elementor-section-boxed elementor-section-height-default elementor-section-height-default\" data-id=\"t9quuvp\" data-element_type=\"section\" data-e-type=\"section\">\n\t\t\t\t\t\t<div class=\"elementor-container elementor-column-gap-default\">\n\t\t\t\t\t<div class=\"elementor-column elementor-col-100 elementor-top-column elementor-element elementor-element-6qhfc8r\" data-id=\"6qhfc8r\" data-element_type=\"column\" data-e-type=\"column\">\n\t\t\t<div class=\"elementor-widget-wrap elementor-element-populated\">\n\t\t\t\t\t\t<div class=\"elementor-element elementor-element-fjshxij elementor-widget elementor-widget-heading\" data-id=\"fjshxij\" data-element_type=\"widget\" data-e-type=\"widget\" data-widget_type=\"heading.default\">\n\t\t\t\t<div class=\"elementor-widget-container\">\n\t\t\t\t\t<h2 class=\"elementor-heading-title elementor-size-default\">9:00 - 18:00\tWarsztaty genealogiczne <\/h2>\t\t\t\t<\/div>\n\t\t\t\t<\/div>\n\t\t\t\t\t<\/div>\n\t\t<\/div>\n\t\t\t\t\t<\/div>\n\t\t<\/section>\n\t\t\t\t<section class=\"elementor-section elementor-top-section elementor-element elementor-element-06qebq4 elementor-section-boxed elementor-section-height-default elementor-section-height-default\" data-id=\"06qebq4\" data-element_type=\"section\" data-e-type=\"section\">\n\t\t\t\t\t\t<div class=\"elementor-container elementor-column-gap-default\">\n\t\t\t\t\t<div class=\"elementor-column elementor-col-50 elementor-top-column elementor-element elementor-element-a0s5bw4\" data-id=\"a0s5bw4\" data-element_type=\"column\" data-e-type=\"column\">\n\t\t\t<div class=\"elementor-widget-wrap elementor-element-populated\">\n\t\t\t\t\t\t<div class=\"elementor-element elementor-element-totxhik elementor-widget elementor-widget-image\" data-id=\"totxhik\" data-element_type=\"widget\" data-e-type=\"widget\" data-widget_type=\"image.default\">\n\t\t\t\t<div class=\"elementor-widget-container\">\n\t\t\t\t\t\t\t\t\t\t\t\t\t\t\t<img loading=\"lazy\" decoding=\"async\" width=\"300\" height=\"202\" src=\"https:\/\/www.mbp.chrzanow.pl\/forumregionalne2017\/wp-content\/uploads\/2017\/11\/wgeo.jpg\" class=\"attachment-large size-large wp-image-920\" alt=\"\" \/>\t\t\t\t\t\t\t\t\t\t\t\t\t\t\t<\/div>\n\t\t\t\t<\/div>\n\t\t\t\t\t<\/div>\n\t\t<\/div>\n\t\t\t\t<div class=\"elementor-column elementor-col-50 elementor-top-column elementor-element elementor-element-q8jcav8\" data-id=\"q8jcav8\" data-element_type=\"column\" data-e-type=\"column\">\n\t\t\t<div class=\"elementor-widget-wrap elementor-element-populated\">\n\t\t\t\t\t\t<div class=\"elementor-element elementor-element-63f4sdf elementor-widget elementor-widget-heading\" data-id=\"63f4sdf\" data-element_type=\"widget\" data-e-type=\"widget\" data-widget_type=\"heading.default\">\n\t\t\t\t<div class=\"elementor-widget-container\">\n\t\t\t\t\t<h2 class=\"elementor-heading-title elementor-size-default\">W poszukiwaniu swoich korzeni - pogotowie edukacyjne<\/h2>\t\t\t\t<\/div>\n\t\t\t\t<\/div>\n\t\t\t\t<div class=\"elementor-element elementor-element-6lrn5f6 elementor-widget elementor-widget-heading\" data-id=\"6lrn5f6\" data-element_type=\"widget\" data-e-type=\"widget\" data-widget_type=\"heading.default\">\n\t\t\t\t<div class=\"elementor-widget-container\">\n\t\t\t\t\t<h2 class=\"elementor-heading-title elementor-size-default\">Dzia\u0142 Promocji i Upowszechniania Czytelnictwa parter(Miejska Biblioteka Publiczna w Chrzanowie, ul. Broniewskiego 10C, 32-500 Chrzan\u00f3w)<\/h2>\t\t\t\t<\/div>\n\t\t\t\t<\/div>\n\t\t\t\t<div class=\"elementor-element elementor-element-d2jkjnj elementor-widget elementor-widget-text-editor\" data-id=\"d2jkjnj\" data-element_type=\"widget\" data-e-type=\"widget\" data-widget_type=\"text-editor.default\">\n\t\t\t\t<div class=\"elementor-widget-container\">\n\t\t\t\t\t\t\t\t\t<p>Szukasz korzeni swojej rodziny? Tworzysz jej drzewo genealogiczne? Chcesz dotrze\u0107 do \u017ar\u00f3de\u0142, dzi\u0119ki kt\u00f3rym lepiej poznasz losy swoich krewnych? Informacje o naszych przodkach s\u0105 ukryte w archiwach pa\u0144stwowych i ko\u015bcielnych, ale i nie tylko. Warsztaty genealogiczne pomog\u0105 w dotarciu do tych cennych zasob\u00f3w, dzi\u0119ki kt\u00f3rym poszukiwania w\u0142asnych korzeni stan\u0105 si\u0119 ekscytuj\u0105c\u0105 i wci\u0105gaj\u0105c\u0105 przygod\u0105.<\/p>\t\t\t\t\t\t\t\t<\/div>\n\t\t\t\t<\/div>\n\t\t\t\t\t<\/div>\n\t\t<\/div>\n\t\t\t\t\t<\/div>\n\t\t<\/section>\n\t\t\t\t<section class=\"elementor-section elementor-top-section elementor-element elementor-element-ukz0h17 elementor-section-boxed elementor-section-height-default elementor-section-height-default\" data-id=\"ukz0h17\" data-element_type=\"section\" data-e-type=\"section\">\n\t\t\t\t\t\t<div class=\"elementor-container elementor-column-gap-default\">\n\t\t\t\t\t<div class=\"elementor-column elementor-col-100 elementor-top-column elementor-element elementor-element-n8am0iq\" data-id=\"n8am0iq\" data-element_type=\"column\" data-e-type=\"column\">\n\t\t\t<div class=\"elementor-widget-wrap elementor-element-populated\">\n\t\t\t\t\t\t<div class=\"elementor-element elementor-element-sugwv2p elementor-widget elementor-widget-heading\" data-id=\"sugwv2p\" data-element_type=\"widget\" data-e-type=\"widget\" data-widget_type=\"heading.default\">\n\t\t\t\t<div class=\"elementor-widget-container\">\n\t\t\t\t\t<h2 class=\"elementor-heading-title elementor-size-default\">9:00  - 18:00\tWarsztaty etnograficzne<\/h2>\t\t\t\t<\/div>\n\t\t\t\t<\/div>\n\t\t\t\t\t<\/div>\n\t\t<\/div>\n\t\t\t\t\t<\/div>\n\t\t<\/section>\n\t\t\t\t<section class=\"elementor-section elementor-top-section elementor-element elementor-element-k70dmkt elementor-section-boxed elementor-section-height-default elementor-section-height-default\" data-id=\"k70dmkt\" data-element_type=\"section\" data-e-type=\"section\">\n\t\t\t\t\t\t<div class=\"elementor-container elementor-column-gap-default\">\n\t\t\t\t\t<div class=\"elementor-column elementor-col-50 elementor-top-column elementor-element elementor-element-wa1fyv3\" data-id=\"wa1fyv3\" data-element_type=\"column\" data-e-type=\"column\">\n\t\t\t<div class=\"elementor-widget-wrap elementor-element-populated\">\n\t\t\t\t\t\t<div class=\"elementor-element elementor-element-53qd7ia elementor-widget elementor-widget-image\" data-id=\"53qd7ia\" data-element_type=\"widget\" data-e-type=\"widget\" data-widget_type=\"image.default\">\n\t\t\t\t<div class=\"elementor-widget-container\">\n\t\t\t\t\t\t\t\t\t\t\t\t\t\t\t<img loading=\"lazy\" decoding=\"async\" width=\"300\" height=\"193\" src=\"https:\/\/www.mbp.chrzanow.pl\/forumregionalne2017\/wp-content\/uploads\/2017\/11\/10.jpg\" class=\"attachment-large size-large wp-image-899\" alt=\"\" \/>\t\t\t\t\t\t\t\t\t\t\t\t\t\t\t<\/div>\n\t\t\t\t<\/div>\n\t\t\t\t\t<\/div>\n\t\t<\/div>\n\t\t\t\t<div class=\"elementor-column elementor-col-50 elementor-top-column elementor-element elementor-element-l681nhy\" data-id=\"l681nhy\" data-element_type=\"column\" data-e-type=\"column\">\n\t\t\t<div class=\"elementor-widget-wrap elementor-element-populated\">\n\t\t\t\t\t\t<div class=\"elementor-element elementor-element-k6apwlk elementor-widget elementor-widget-heading\" data-id=\"k6apwlk\" data-element_type=\"widget\" data-e-type=\"widget\" data-widget_type=\"heading.default\">\n\t\t\t\t<div class=\"elementor-widget-container\">\n\t\t\t\t\t<h2 class=\"elementor-heading-title elementor-size-default\">A mo\u017ce tu by\u0142o morze? - warsztaty geologiczno paleontologiczne<\/h2>\t\t\t\t<\/div>\n\t\t\t\t<\/div>\n\t\t\t\t<div class=\"elementor-element elementor-element-w75olm9 elementor-widget elementor-widget-heading\" data-id=\"w75olm9\" data-element_type=\"widget\" data-e-type=\"widget\" data-widget_type=\"heading.default\">\n\t\t\t\t<div class=\"elementor-widget-container\">\n\t\t\t\t\t<h2 class=\"elementor-heading-title elementor-size-default\">Oddzia\u0142 dla Dzieci - parter (Miejska Biblioteka Publiczna w Chrzanowie, ul. Broniewskiego 10C, 32-500 Chrzan\u00f3w)<\/h2>\t\t\t\t<\/div>\n\t\t\t\t<\/div>\n\t\t\t\t<div class=\"elementor-element elementor-element-jw8f66z elementor-widget elementor-widget-text-editor\" data-id=\"jw8f66z\" data-element_type=\"widget\" data-e-type=\"widget\" data-widget_type=\"text-editor.default\">\n\t\t\t\t<div class=\"elementor-widget-container\">\n\t\t\t\t\t\t\t\t\t<p>W trakcie warsztat\u00f3w uczestnicy poznaj\u0105 histori\u0119 geologiczn\u0105 najbli\u017cszej okolicy, przenios\u0105 si\u0119 w czasie do triasu, jury i kredy; dowiedz\u0105 si\u0119 jakie stworzenia \u017cy\u0142y na l\u0105dzie a jakie p\u0142ywa\u0142y w morzu, poznaj\u0105 ska\u0142y,skamienia\u0142o\u015bci i minera\u0142y wyst\u0119puj\u0105ce na terenie Ziemi Chrzanowskiej m.in. skamienia\u0142e amonity, ma\u0142\u017ce, z\u0105b rekina oraz s\u0142ynne &#8222;kamienie piorunowe&#8221; czyli szcz\u0105tki belemnit\u00f3w; dowiedz\u0105 si\u0119 jak mo\u017cna odczytywa\u0107 &#8222;przesz\u0142o\u015b\u0107&#8221; zapisan\u0105 w ska\u0142ach, poznaj\u0105 legendy, ba\u015bnie oraz wierzenia ludowe i rytua\u0142y zwi\u0105zane z kamieniami. Podczas zaj\u0119\u0107 uczestnicy b\u0119d\u0105 mogli pomalowa\u0107 gipsowy odlew skamienia\u0142o\u015bci.<\/p>\t\t\t\t\t\t\t\t<\/div>\n\t\t\t\t<\/div>\n\t\t\t\t\t<\/div>\n\t\t<\/div>\n\t\t\t\t\t<\/div>\n\t\t<\/section>\n\t\t\t\t<section class=\"elementor-section elementor-top-section elementor-element elementor-element-2fqr9jp elementor-section-boxed elementor-section-height-default elementor-section-height-default\" data-id=\"2fqr9jp\" data-element_type=\"section\" data-e-type=\"section\">\n\t\t\t\t\t\t<div class=\"elementor-container elementor-column-gap-default\">\n\t\t\t\t\t<div class=\"elementor-column elementor-col-50 elementor-top-column elementor-element elementor-element-etxq58m\" data-id=\"etxq58m\" data-element_type=\"column\" data-e-type=\"column\">\n\t\t\t<div class=\"elementor-widget-wrap elementor-element-populated\">\n\t\t\t\t\t\t<div class=\"elementor-element elementor-element-65bc4hu elementor-widget elementor-widget-image\" data-id=\"65bc4hu\" data-element_type=\"widget\" data-e-type=\"widget\" data-widget_type=\"image.default\">\n\t\t\t\t<div class=\"elementor-widget-container\">\n\t\t\t\t\t\t\t\t\t\t\t\t\t\t\t<img loading=\"lazy\" decoding=\"async\" width=\"300\" height=\"204\" src=\"https:\/\/www.mbp.chrzanow.pl\/forumregionalne2017\/wp-content\/uploads\/2017\/11\/korale.jpg\" class=\"attachment-large size-large wp-image-943\" alt=\"\" \/>\t\t\t\t\t\t\t\t\t\t\t\t\t\t\t<\/div>\n\t\t\t\t<\/div>\n\t\t\t\t\t<\/div>\n\t\t<\/div>\n\t\t\t\t<div class=\"elementor-column elementor-col-50 elementor-top-column elementor-element elementor-element-e22hbpl\" data-id=\"e22hbpl\" data-element_type=\"column\" data-e-type=\"column\">\n\t\t\t<div class=\"elementor-widget-wrap elementor-element-populated\">\n\t\t\t\t\t\t<div class=\"elementor-element elementor-element-5g5wabc elementor-widget elementor-widget-heading\" data-id=\"5g5wabc\" data-element_type=\"widget\" data-e-type=\"widget\" data-widget_type=\"heading.default\">\n\t\t\t\t<div class=\"elementor-widget-container\">\n\t\t\t\t\t<h2 class=\"elementor-heading-title elementor-size-default\">Czerwone korale - warsztaty etnograficzne<\/h2>\t\t\t\t<\/div>\n\t\t\t\t<\/div>\n\t\t\t\t<div class=\"elementor-element elementor-element-2pukkds elementor-widget elementor-widget-heading\" data-id=\"2pukkds\" data-element_type=\"widget\" data-e-type=\"widget\" data-widget_type=\"heading.default\">\n\t\t\t\t<div class=\"elementor-widget-container\">\n\t\t\t\t\t<h2 class=\"elementor-heading-title elementor-size-default\">Oddzia\u0142 dla Dzieci - parter (Miejska Biblioteka Publiczna w Chrzanowie, ul. Broniewskiego 10C, 32-500 Chrzan\u00f3w)<\/h2>\t\t\t\t<\/div>\n\t\t\t\t<\/div>\n\t\t\t\t<div class=\"elementor-element elementor-element-6wlinj6 elementor-widget elementor-widget-text-editor\" data-id=\"6wlinj6\" data-element_type=\"widget\" data-e-type=\"widget\" data-widget_type=\"text-editor.default\">\n\t\t\t\t<div class=\"elementor-widget-container\">\n\t\t\t\t\t\t\t\t\t<p>W trakcie warsztat\u00f3w uczestnicy poznaj\u0105 histori\u0119 stroju regionalnego, od od\u015bwi\u0119tnego ubioru ch\u0142op\u00f3w podkrakowskich wsi do roli polskiego stroju narodowego, uczestnicy zdob\u0119d\u0105 wiadomo\u015bci na temat tradycyjnej krakowskiej bi\u017cuterii oraz jej symboliki. Dowiedz\u0105 si\u0119 jak\u0105 warto\u015b\u0107 mia\u0142y prawdziwe korale oraz jak dawniej tworzono ich imitacje. Kolejnym etapem b\u0119d\u0105 warsztaty gdzie dzieci b\u0119d\u0105 malowa\u0107 paciorki i komponowa\u0107 korale do stroju krakowskiego. W\u0142asnor\u0119cznie wykonane prace b\u0119d\u0105 efektown\u0105 ozdob\u0105.<\/p>\t\t\t\t\t\t\t\t<\/div>\n\t\t\t\t<\/div>\n\t\t\t\t\t<\/div>\n\t\t<\/div>\n\t\t\t\t\t<\/div>\n\t\t<\/section>\n\t\t\t\t<section class=\"elementor-section elementor-top-section elementor-element elementor-element-1juxjgu elementor-section-boxed elementor-section-height-default elementor-section-height-default\" data-id=\"1juxjgu\" data-element_type=\"section\" data-e-type=\"section\">\n\t\t\t\t\t\t<div class=\"elementor-container elementor-column-gap-default\">\n\t\t\t\t\t<div class=\"elementor-column elementor-col-50 elementor-top-column elementor-element elementor-element-58j45kz\" data-id=\"58j45kz\" data-element_type=\"column\" data-e-type=\"column\">\n\t\t\t<div class=\"elementor-widget-wrap elementor-element-populated\">\n\t\t\t\t\t\t<div class=\"elementor-element elementor-element-jvq7y3u elementor-widget elementor-widget-image\" data-id=\"jvq7y3u\" data-element_type=\"widget\" data-e-type=\"widget\" data-widget_type=\"image.default\">\n\t\t\t\t<div class=\"elementor-widget-container\">\n\t\t\t\t\t\t\t\t\t\t\t\t\t\t\t<img loading=\"lazy\" decoding=\"async\" width=\"300\" height=\"199\" src=\"https:\/\/www.mbp.chrzanow.pl\/forumregionalne2017\/wp-content\/uploads\/2017\/11\/13.jpg\" class=\"attachment-large size-large wp-image-966\" alt=\"\" \/>\t\t\t\t\t\t\t\t\t\t\t\t\t\t\t<\/div>\n\t\t\t\t<\/div>\n\t\t\t\t\t<\/div>\n\t\t<\/div>\n\t\t\t\t<div class=\"elementor-column elementor-col-50 elementor-top-column elementor-element elementor-element-9ycugsq\" data-id=\"9ycugsq\" data-element_type=\"column\" data-e-type=\"column\">\n\t\t\t<div class=\"elementor-widget-wrap elementor-element-populated\">\n\t\t\t\t\t\t<div class=\"elementor-element elementor-element-xt51mqy elementor-widget elementor-widget-heading\" data-id=\"xt51mqy\" data-element_type=\"widget\" data-e-type=\"widget\" data-widget_type=\"heading.default\">\n\t\t\t\t<div class=\"elementor-widget-container\">\n\t\t\t\t\t<h2 class=\"elementor-heading-title elementor-size-default\">My jeste\u015bmy krakowiacy!<\/h2>\t\t\t\t<\/div>\n\t\t\t\t<\/div>\n\t\t\t\t<div class=\"elementor-element elementor-element-aq6lemd elementor-widget elementor-widget-heading\" data-id=\"aq6lemd\" data-element_type=\"widget\" data-e-type=\"widget\" data-widget_type=\"heading.default\">\n\t\t\t\t<div class=\"elementor-widget-container\">\n\t\t\t\t\t<h2 class=\"elementor-heading-title elementor-size-default\">Oddzia\u0142 dla Dzieci - parter (Miejska Biblioteka Publiczna w Chrzanowie, ul. Broniewskiego 10C, 32-500 Chrzan\u00f3w)<\/h2>\t\t\t\t<\/div>\n\t\t\t\t<\/div>\n\t\t\t\t<div class=\"elementor-element elementor-element-v5lc8sv elementor-widget elementor-widget-text-editor\" data-id=\"v5lc8sv\" data-element_type=\"widget\" data-e-type=\"widget\" data-widget_type=\"text-editor.default\">\n\t\t\t\t<div class=\"elementor-widget-container\">\n\t\t\t\t\t\t\t\t\t<p>Zapraszamy na warsztaty plastyczne \u201eMy jeste\u015bmy krakowiacy\u201d inspirowane polsk\u0105 kultur\u0105 ludow\u0105, a w szczeg\u00f3lno\u015bci krakowskim strojem ludowym. Najwa\u017cniejsze elementy stroju krakowskiego dzieci pi\u0119knie ozdobi\u0105 za pomoc\u0105 wst\u0105\u017ceczek, guziczk\u00f3w i l\u015bni\u0105cych cekin\u00f3w.<\/p>\t\t\t\t\t\t\t\t<\/div>\n\t\t\t\t<\/div>\n\t\t\t\t\t<\/div>\n\t\t<\/div>\n\t\t\t\t\t<\/div>\n\t\t<\/section>\n\t\t\t\t<section class=\"elementor-section elementor-top-section elementor-element elementor-element-k83piyy elementor-section-boxed elementor-section-height-default elementor-section-height-default\" data-id=\"k83piyy\" data-element_type=\"section\" data-e-type=\"section\">\n\t\t\t\t\t\t<div class=\"elementor-container elementor-column-gap-default\">\n\t\t\t\t\t<div class=\"elementor-column elementor-col-100 elementor-top-column elementor-element elementor-element-jv3o3gr\" data-id=\"jv3o3gr\" data-element_type=\"column\" data-e-type=\"column\">\n\t\t\t<div class=\"elementor-widget-wrap elementor-element-populated\">\n\t\t\t\t\t\t<div class=\"elementor-element elementor-element-344cu07 elementor-widget elementor-widget-heading\" data-id=\"344cu07\" data-element_type=\"widget\" data-e-type=\"widget\" data-widget_type=\"heading.default\">\n\t\t\t\t<div class=\"elementor-widget-container\">\n\t\t\t\t\t<h2 class=\"elementor-heading-title elementor-size-default\">8:00 - 20:00\tStanowiska do przegl\u0105dania archiw\u00f3w online<\/h2>\t\t\t\t<\/div>\n\t\t\t\t<\/div>\n\t\t\t\t\t<\/div>\n\t\t<\/div>\n\t\t\t\t\t<\/div>\n\t\t<\/section>\n\t\t\t\t<section class=\"elementor-section elementor-top-section elementor-element elementor-element-szr06no elementor-section-boxed elementor-section-height-default elementor-section-height-default\" data-id=\"szr06no\" data-element_type=\"section\" data-e-type=\"section\">\n\t\t\t\t\t\t<div class=\"elementor-container elementor-column-gap-default\">\n\t\t\t\t\t<div class=\"elementor-column elementor-col-50 elementor-top-column elementor-element elementor-element-cnco33u\" data-id=\"cnco33u\" data-element_type=\"column\" data-e-type=\"column\">\n\t\t\t<div class=\"elementor-widget-wrap elementor-element-populated\">\n\t\t\t\t\t\t<div class=\"elementor-element elementor-element-2b45nt8 elementor-widget elementor-widget-image\" data-id=\"2b45nt8\" data-element_type=\"widget\" data-e-type=\"widget\" data-widget_type=\"image.default\">\n\t\t\t\t<div class=\"elementor-widget-container\">\n\t\t\t\t\t\t\t\t\t\t\t\t\t\t\t<img loading=\"lazy\" decoding=\"async\" width=\"300\" height=\"207\" src=\"https:\/\/www.mbp.chrzanow.pl\/forumregionalne2017\/wp-content\/uploads\/2017\/11\/stanowiskokomo.jpg\" class=\"attachment-large size-large wp-image-955\" alt=\"\" \/>\t\t\t\t\t\t\t\t\t\t\t\t\t\t\t<\/div>\n\t\t\t\t<\/div>\n\t\t\t\t\t<\/div>\n\t\t<\/div>\n\t\t\t\t<div class=\"elementor-column elementor-col-50 elementor-top-column elementor-element elementor-element-5zxp0af\" data-id=\"5zxp0af\" data-element_type=\"column\" data-e-type=\"column\">\n\t\t\t<div class=\"elementor-widget-wrap elementor-element-populated\">\n\t\t\t\t\t\t<div class=\"elementor-element elementor-element-owlwn2y elementor-widget elementor-widget-heading\" data-id=\"owlwn2y\" data-element_type=\"widget\" data-e-type=\"widget\" data-widget_type=\"heading.default\">\n\t\t\t\t<div class=\"elementor-widget-container\">\n\t\t\t\t\t<h2 class=\"elementor-heading-title elementor-size-default\">Dzia\u0142 Czytel\u0144 i Multimedi\u00f3w pi\u0119tro (Miejska Biblioteka Publiczna w Chrzanowie, ul. Broniewskiego 10C, 32-500 Chrzan\u00f3w)<\/h2>\t\t\t\t<\/div>\n\t\t\t\t<\/div>\n\t\t\t\t<div class=\"elementor-element elementor-element-n7edsvf elementor-widget elementor-widget-text-editor\" data-id=\"n7edsvf\" data-element_type=\"widget\" data-e-type=\"widget\" data-widget_type=\"text-editor.default\">\n\t\t\t\t<div class=\"elementor-widget-container\">\n\t\t\t\t\t\t\t\t\t<p>Ksi\u0119gi multimedialne so\u0142ectw Gminy Chrzan\u00f3w nie pokazuj\u0105 one miejscowo\u015bci przez histori\u0119 czy walory turystyczne, ale przez codzienno\u015b\u0107 \u017cycia. S\u0105 zaproszeniem do rozmowy z s\u0105siadem o pasji, zainteresowaniach, zwyk\u0142ych dniach \u017cycia w ma\u0142ym \u015brodowisku.<br \/>Pod Grusz\u0105 za Albinem &#8211; Ksi\u0119ga Multimedialna Luszowic<br \/>Drzewa, Krzaki, Ptaki &#8211; Ksi\u0119ga Multimedialna Balina i Okradziej\u00f3wki<br \/>Zwykli &#8211; Niezwykli &#8211; Ksi\u0119ga multimedialna Pogorzyc<br \/>S\u0142owa w Sieci &#8211; Ksi\u0119ga multimedialna P\u0142azy<\/p><p>Cyfrowe Archiwum Tradycji Lokalnej To zbi\u00f3r dokument\u00f3w, fotografii, list\u00f3w, pami\u0119tnik\u00f3w oraz relacji i wspomnie\u0144 mieszka\u0144c\u00f3w ziemi chrzanowskiej.<\/p>\t\t\t\t\t\t\t\t<\/div>\n\t\t\t\t<\/div>\n\t\t\t\t\t<\/div>\n\t\t<\/div>\n\t\t\t\t\t<\/div>\n\t\t<\/section>\n\t\t\t\t<section class=\"elementor-section elementor-top-section elementor-element elementor-element-gfza5zi elementor-section-boxed elementor-section-height-default elementor-section-height-default\" data-id=\"gfza5zi\" data-element_type=\"section\" data-e-type=\"section\">\n\t\t\t\t\t\t<div class=\"elementor-container elementor-column-gap-default\">\n\t\t\t\t\t<div class=\"elementor-column elementor-col-100 elementor-top-column elementor-element elementor-element-8zfxg8k\" data-id=\"8zfxg8k\" data-element_type=\"column\" data-e-type=\"column\">\n\t\t\t<div class=\"elementor-widget-wrap elementor-element-populated\">\n\t\t\t\t\t\t<div class=\"elementor-element elementor-element-123hgkx elementor-widget elementor-widget-heading\" data-id=\"123hgkx\" data-element_type=\"widget\" data-e-type=\"widget\" data-widget_type=\"heading.default\">\n\t\t\t\t<div class=\"elementor-widget-container\">\n\t\t\t\t\t<h2 class=\"elementor-heading-title elementor-size-default\">8:00 - 20:00\tPokazy film\u00f3w promocyjnych \u015al\u0105ska, Ma\u0142opolski oraz powiatu chrzanowskiego, pokaz film\u00f3w prelegent\u00f3w \u2013 sala projekcyjna pi\u0119tro<\/h2>\t\t\t\t<\/div>\n\t\t\t\t<\/div>\n\t\t\t\t\t<\/div>\n\t\t<\/div>\n\t\t\t\t\t<\/div>\n\t\t<\/section>\n\t\t\t\t<section class=\"elementor-section elementor-top-section elementor-element elementor-element-ca4b2by elementor-section-boxed elementor-section-height-default elementor-section-height-default\" data-id=\"ca4b2by\" data-element_type=\"section\" data-e-type=\"section\">\n\t\t\t\t\t\t<div class=\"elementor-container elementor-column-gap-default\">\n\t\t\t\t\t<div class=\"elementor-column elementor-col-100 elementor-top-column elementor-element elementor-element-48neaal\" data-id=\"48neaal\" data-element_type=\"column\" data-e-type=\"column\">\n\t\t\t<div class=\"elementor-widget-wrap elementor-element-populated\">\n\t\t\t\t\t\t<div class=\"elementor-element elementor-element-spk7wax elementor-widget elementor-widget-heading\" data-id=\"spk7wax\" data-element_type=\"widget\" data-e-type=\"widget\" data-widget_type=\"heading.default\">\n\t\t\t\t<div class=\"elementor-widget-container\">\n\t\t\t\t\t<h2 class=\"elementor-heading-title elementor-size-default\">9:00 - 18:00\tPunkt Informacji Turystycznej - pi\u0119tro<\/h2>\t\t\t\t<\/div>\n\t\t\t\t<\/div>\n\t\t\t\t\t<\/div>\n\t\t<\/div>\n\t\t\t\t\t<\/div>\n\t\t<\/section>\n\t\t\t\t<section class=\"elementor-section elementor-top-section elementor-element elementor-element-g0dd19h elementor-section-boxed elementor-section-height-default elementor-section-height-default\" data-id=\"g0dd19h\" data-element_type=\"section\" data-e-type=\"section\">\n\t\t\t\t\t\t<div class=\"elementor-container elementor-column-gap-default\">\n\t\t\t\t\t<div class=\"elementor-column elementor-col-50 elementor-top-column elementor-element elementor-element-gw9xziu\" data-id=\"gw9xziu\" data-element_type=\"column\" data-e-type=\"column\">\n\t\t\t<div class=\"elementor-widget-wrap elementor-element-populated\">\n\t\t\t\t\t\t<div class=\"elementor-element elementor-element-7of0t2a elementor-widget elementor-widget-image\" data-id=\"7of0t2a\" data-element_type=\"widget\" data-e-type=\"widget\" data-widget_type=\"image.default\">\n\t\t\t\t<div class=\"elementor-widget-container\">\n\t\t\t\t\t\t\t\t\t\t\t\t\t\t\t<img loading=\"lazy\" decoding=\"async\" width=\"300\" height=\"214\" src=\"https:\/\/www.mbp.chrzanow.pl\/forumregionalne2017\/wp-content\/uploads\/2017\/11\/msit.jpg\" class=\"attachment-large size-large wp-image-957\" alt=\"\" \/>\t\t\t\t\t\t\t\t\t\t\t\t\t\t\t<\/div>\n\t\t\t\t<\/div>\n\t\t\t\t\t<\/div>\n\t\t<\/div>\n\t\t\t\t<div class=\"elementor-column elementor-col-50 elementor-top-column elementor-element elementor-element-0eiguqo\" data-id=\"0eiguqo\" data-element_type=\"column\" data-e-type=\"column\">\n\t\t\t<div class=\"elementor-widget-wrap elementor-element-populated\">\n\t\t\t\t\t\t\t<\/div>\n\t\t<\/div>\n\t\t\t\t\t<\/div>\n\t\t<\/section>\n\t\t\t\t<section class=\"elementor-section elementor-top-section elementor-element elementor-element-3pwgidc elementor-section-boxed elementor-section-height-default elementor-section-height-default\" data-id=\"3pwgidc\" data-element_type=\"section\" data-e-type=\"section\">\n\t\t\t\t\t\t<div class=\"elementor-container elementor-column-gap-default\">\n\t\t\t\t\t<div class=\"elementor-column elementor-col-100 elementor-top-column elementor-element elementor-element-ynnnj8o\" data-id=\"ynnnj8o\" data-element_type=\"column\" data-e-type=\"column\">\n\t\t\t<div class=\"elementor-widget-wrap elementor-element-populated\">\n\t\t\t\t\t\t<div class=\"elementor-element elementor-element-jr1zjca elementor-widget elementor-widget-text-editor\" data-id=\"jr1zjca\" data-element_type=\"widget\" data-e-type=\"widget\" data-widget_type=\"text-editor.default\">\n\t\t\t\t<div class=\"elementor-widget-container\">\n\t\t\t\t\t\t\t\t\t<table><tbody><tr><td colspan=\"2\" width=\"604\"><p style=\"text-align: center; background-color: #2598ce;\"><span style=\"color: #ffffff;\"><strong>18 listopada 2017<br \/> <\/strong>MUZEUM \u2013 NADWI\u015aLA\u0143SKI PARK ETNOGRAFICZNY W WYGIE\u0141ZOWIE I ZAMEK LIPOWIEC<\/span><\/p><\/td><\/tr><\/tbody><\/table>\t\t\t\t\t\t\t\t<\/div>\n\t\t\t\t<\/div>\n\t\t\t\t\t<\/div>\n\t\t<\/div>\n\t\t\t\t\t<\/div>\n\t\t<\/section>\n\t\t\t\t<section class=\"elementor-section elementor-top-section elementor-element elementor-element-e1o0tqo elementor-section-boxed elementor-section-height-default elementor-section-height-default\" data-id=\"e1o0tqo\" data-element_type=\"section\" data-e-type=\"section\">\n\t\t\t\t\t\t<div class=\"elementor-container elementor-column-gap-default\">\n\t\t\t\t\t<div class=\"elementor-column elementor-col-100 elementor-top-column elementor-element elementor-element-lrdgagt\" data-id=\"lrdgagt\" data-element_type=\"column\" data-e-type=\"column\">\n\t\t\t<div class=\"elementor-widget-wrap elementor-element-populated\">\n\t\t\t\t\t\t<div class=\"elementor-element elementor-element-b8cb9ai elementor-widget elementor-widget-heading\" data-id=\"b8cb9ai\" data-element_type=\"widget\" data-e-type=\"widget\" data-widget_type=\"heading.default\">\n\t\t\t\t<div class=\"elementor-widget-container\">\n\t\t\t\t\t<h2 class=\"elementor-heading-title elementor-size-default\">10:00 - 16:00 Warsztaty Etnograficzne\n<\/h2>\t\t\t\t<\/div>\n\t\t\t\t<\/div>\n\t\t\t\t<div class=\"elementor-element elementor-element-qbtn73h elementor-widget elementor-widget-heading\" data-id=\"qbtn73h\" data-element_type=\"widget\" data-e-type=\"widget\" data-widget_type=\"heading.default\">\n\t\t\t\t<div class=\"elementor-widget-container\">\n\t\t\t\t\t<h2 class=\"elementor-heading-title elementor-size-default\">Warsztaty haft\u200bu - Dom ma\u0142omiasteczkowy z Chrzanowa\u200b<\/h2>\t\t\t\t<\/div>\n\t\t\t\t<\/div>\n\t\t\t\t<div class=\"elementor-element elementor-element-2piyzw9 elementor-widget elementor-widget-text-editor\" data-id=\"2piyzw9\" data-element_type=\"widget\" data-e-type=\"widget\" data-widget_type=\"text-editor.default\">\n\t\t\t\t<div class=\"elementor-widget-container\">\n\t\t\t\t\t\t\t\t\t<p>W trakcie trwania Forum, na stoisku Stowarzyszenia Lud-Art prezentowane b\u0119d\u0105 r\u00f3\u017cnorodne techniki r\u0119kodzielnicze (m.in. haft ludowy, frywolitka, szyde\u0142kowanie). B\u0119dzie r\u00f3wnie\u017c mo\u017cliwo\u015b\u0107 wsparcia dzia\u0142alno\u015bci organizacji poprzez zakup przedmiot\u00f3w r\u0119kodzie\u0142a artystycznego wykonanych przez cz\u0142onkinie Stowarzyszenia.<\/p><p>Stowarzyszenie Mi\u0142o\u015bnik\u00f3w Tradycyjnego R\u0119kodzie\u0142a Ludowego i Artystycznego Lud-Art przy Muzeum Etnograficznym w Krakowie skupia przedstawicieli r\u00f3\u017cnych pokole\u0144, \u015brodowisk i zawod\u00f3w, kt\u00f3rych \u0142\u0105czy zami\u0142owanie do r\u0119kodzie\u0142a. Stowarzyszenie prowadzi bardzo bogat\u0105 i aktywn\u0105 dzia\u0142alno\u015b\u0107 wystawiennicz\u0105 i dydaktyczn\u0105 &#8211; to dziesi\u0105tki wystaw zbiorowych o r\u00f3\u017cnorodnej tematyce, warsztat\u00f3w oraz prezentacji wykonywania haft\u00f3w i koronek, przybli\u017caj\u0105cych znaczenie r\u0119kodzie\u0142a ludowego i artystycznego w polskiej tradycji i kulturze.<\/p>\t\t\t\t\t\t\t\t<\/div>\n\t\t\t\t<\/div>\n\t\t\t\t\t<\/div>\n\t\t<\/div>\n\t\t\t\t\t<\/div>\n\t\t<\/section>\n\t\t\t\t<section class=\"elementor-section elementor-top-section elementor-element elementor-element-nw4jc38 elementor-section-boxed elementor-section-height-default elementor-section-height-default\" data-id=\"nw4jc38\" data-element_type=\"section\" data-e-type=\"section\">\n\t\t\t\t\t\t<div class=\"elementor-container elementor-column-gap-default\">\n\t\t\t\t\t<div class=\"elementor-column elementor-col-100 elementor-top-column elementor-element elementor-element-m1frhm8\" data-id=\"m1frhm8\" data-element_type=\"column\" data-e-type=\"column\">\n\t\t\t<div class=\"elementor-widget-wrap elementor-element-populated\">\n\t\t\t\t\t\t<div class=\"elementor-element elementor-element-a5ne9cm elementor-widget elementor-widget-heading\" data-id=\"a5ne9cm\" data-element_type=\"widget\" data-e-type=\"widget\" data-widget_type=\"heading.default\">\n\t\t\t\t<div class=\"elementor-widget-container\">\n\t\t\t\t\t<h2 class=\"elementor-heading-title elementor-size-default\">Warsztaty tworzenia ozd\u00f3b choinkowych\u200b - Cha\u0142upa z B\u0119czyna\u200b<\/h2>\t\t\t\t<\/div>\n\t\t\t\t<\/div>\n\t\t\t\t<div class=\"elementor-element elementor-element-yif3la9 elementor-widget elementor-widget-text-editor\" data-id=\"yif3la9\" data-element_type=\"widget\" data-e-type=\"widget\" data-widget_type=\"text-editor.default\">\n\t\t\t\t<div class=\"elementor-widget-container\">\n\t\t\t\t\t\t\t\t\t<p>Papier i no\u017cyczki. Tak niewiele potrzeba, \u017ceby stworzy\u0107 prost\u0105 ale efektown\u0105 ozdob\u0119 choinkow\u0105. Ludowe dekoracje \u015bwi\u0105teczne ciesz\u0105 si\u0119 coraz wi\u0119ksz\u0105 popularno\u015bci\u0105. Materia\u0142y, z kt\u00f3rych s\u0105 zrobione s\u0105 proste, ale techniki wykonania trzeba si\u0119 nauczy\u0107.<br \/>W jaki spos\u00f3b je wykona\u0107, poka\u017c\u0105 Pani Kasia i pani Sylwia podczas warsztat\u00f3w bo\u017conarodzeniowych w Wygie\u0142zowie. Pani Katarzyna Adamczak i pani Sylwia Adamczak-Kucharska. Maj\u0105 g\u0142owy pe\u0142ne pomys\u0142\u00f3w i z rozmachem je realizuj\u0105, czerpi\u0105c jednocze\u015bnie gar\u015bciami z rodzinnej tradycji i kultury regionu. Przede wszystkim zajmuj\u0105 si\u0119 plastyk\u0105 obrz\u0119dow\u0105, bibu\u0142karstwem i zielarstwem.<\/p>\t\t\t\t\t\t\t\t<\/div>\n\t\t\t\t<\/div>\n\t\t\t\t\t<\/div>\n\t\t<\/div>\n\t\t\t\t\t<\/div>\n\t\t<\/section>\n\t\t\t\t<\/div>\n\t\t","protected":false},"excerpt":{"rendered":"<p>17 listopada 2017 MIEJSKA BIBLIOTEKA PUBLICZNA W CHRZANOWIE 9:00 &#8211; 18:00 Stoiska pokazowe wiosek tematycznych Bol\u0119cin &#8211; Wioska pod Ska\u0142\u0105 Hol &#8211; parter (Miejska Biblioteka Publiczna w Chrzanowie, ul. Broniewskiego 10C, 32-500 Chrzan\u00f3w) Bol\u0119cin &#8211; miejscowo\u015b\u0107 tematyczna, kt\u00f3rej powstanie zwi\u0105zane jest z unikatowym pomnikiem przyrody nieo\u017cywionej &#8211; Ska\u0142k\u0105 Triasow\u0105 zwan\u0105 Kamieniem, kt\u00f3ra powsta\u0142a 215 mln [&hellip;]<\/p>\n","protected":false},"author":1,"featured_media":0,"parent":0,"menu_order":0,"comment_status":"closed","ping_status":"closed","template":"","meta":{"footnotes":""},"class_list":["post-774","page","type-page","status-publish","hentry"],"_links":{"self":[{"href":"https:\/\/www.mbp.chrzanow.pl\/forumregionalne2017\/index.php\/wp-json\/wp\/v2\/pages\/774","targetHints":{"allow":["GET"]}}],"collection":[{"href":"https:\/\/www.mbp.chrzanow.pl\/forumregionalne2017\/index.php\/wp-json\/wp\/v2\/pages"}],"about":[{"href":"https:\/\/www.mbp.chrzanow.pl\/forumregionalne2017\/index.php\/wp-json\/wp\/v2\/types\/page"}],"author":[{"embeddable":true,"href":"https:\/\/www.mbp.chrzanow.pl\/forumregionalne2017\/index.php\/wp-json\/wp\/v2\/users\/1"}],"replies":[{"embeddable":true,"href":"https:\/\/www.mbp.chrzanow.pl\/forumregionalne2017\/index.php\/wp-json\/wp\/v2\/comments?post=774"}],"version-history":[{"count":65,"href":"https:\/\/www.mbp.chrzanow.pl\/forumregionalne2017\/index.php\/wp-json\/wp\/v2\/pages\/774\/revisions"}],"predecessor-version":[{"id":967,"href":"https:\/\/www.mbp.chrzanow.pl\/forumregionalne2017\/index.php\/wp-json\/wp\/v2\/pages\/774\/revisions\/967"}],"wp:attachment":[{"href":"https:\/\/www.mbp.chrzanow.pl\/forumregionalne2017\/index.php\/wp-json\/wp\/v2\/media?parent=774"}],"curies":[{"name":"wp","href":"https:\/\/api.w.org\/{rel}","templated":true}]}}