{"id":2243,"date":"2020-11-06T10:29:09","date_gmt":"2020-11-06T09:29:09","guid":{"rendered":"https:\/\/www.mbp.chrzanow.pl\/forumregionalne\/?page_id=2243"},"modified":"2022-02-03T11:41:31","modified_gmt":"2022-02-03T10:41:31","slug":"relacja","status":"publish","type":"page","link":"https:\/\/www.mbp.chrzanow.pl\/forumregionalne2020\/index.php\/relacja\/","title":{"rendered":"Relacja"},"content":{"rendered":"\t\t<div data-elementor-type=\"wp-page\" data-elementor-id=\"2243\" class=\"elementor elementor-2243\">\n\t\t\t\t\t\t<section class=\"elementor-section elementor-top-section elementor-element elementor-element-249c4b48 elementor-section-boxed elementor-section-height-default elementor-section-height-default\" data-id=\"249c4b48\" data-element_type=\"section\" data-e-type=\"section\">\n\t\t\t\t\t\t<div class=\"elementor-container elementor-column-gap-default\">\n\t\t\t\t\t<div class=\"elementor-column elementor-col-100 elementor-top-column elementor-element elementor-element-2a2ab4b1\" data-id=\"2a2ab4b1\" data-element_type=\"column\" data-e-type=\"column\">\n\t\t\t<div class=\"elementor-widget-wrap elementor-element-populated\">\n\t\t\t\t\t\t<div class=\"elementor-element elementor-element-3b15695b elementor-widget elementor-widget-heading\" data-id=\"3b15695b\" data-element_type=\"widget\" data-e-type=\"widget\" data-widget_type=\"heading.default\">\n\t\t\t\t<div class=\"elementor-widget-container\">\n\t\t\t\t\t<h2 class=\"elementor-heading-title elementor-size-default\">Relacja z Forum Regionalnego <br>Mi\u0119dzy Ma\u0142opolsk\u0105 a G\u00f3rnym \u015al\u0105skiem \u201eSolidarni w niepodleg\u0142o\u015bci\u201d<\/h2>\t\t\t\t<\/div>\n\t\t\t\t<\/div>\n\t\t\t\t<div class=\"elementor-element elementor-element-b5cf53e elementor-widget elementor-widget-text-editor\" data-id=\"b5cf53e\" data-element_type=\"widget\" data-e-type=\"widget\" data-widget_type=\"text-editor.default\">\n\t\t\t\t<div class=\"elementor-widget-container\">\n\t\t\t\t\t\t\t\t\t<section class=\"elementor-section elementor-top-section elementor-element elementor-element-25c90da elementor-section-boxed elementor-section-height-default elementor-section-height-default\" data-id=\"25c90da\" data-element_type=\"section\"><div class=\"elementor-container elementor-column-gap-default\"><div class=\"elementor-row\"><div class=\"elementor-column elementor-col-100 elementor-top-column elementor-element elementor-element-2235732\" data-id=\"2235732\" data-element_type=\"column\"><div class=\"elementor-column-wrap elementor-element-populated\"><div class=\"elementor-widget-wrap\"><div class=\"elementor-element elementor-element-81ff937 elementor-widget elementor-widget-text-editor\" data-id=\"81ff937\" data-element_type=\"widget\" data-widget_type=\"text-editor.default\"><div class=\"elementor-widget-container\"><div class=\"elementor-text-editor elementor-clearfix\"><p>22 \u2013 23 pa\u017adziernika 2020 roku odby\u0142o si\u0119 <a href=\"https:\/\/www.mbp.chrzanow.pl\/forumregionalne20202020\/\">Forum Regionalne <em>Mi\u0119dzy Ma\u0142opolsk\u0105 a G\u00f3rnym \u015al\u0105skiem<\/em><\/a>, kt\u00f3re by\u0142o podsumowaniem projektu <em>Solidarni w niepodleg\u0142o\u015bci<\/em> dofinansowanego przez <a href=\"https:\/\/www.nck.pl\/\">Narodowe Centrum Kultury<\/a> w ramach programu <em>Kultura interwencje<\/em>.<\/p><p><strong>Patronatem honorowym forum obj\u0119li:<\/strong><\/p><p><a href=\"https:\/\/www.malopolska.pl\/samorzad\/zarzad\/lista-czlonkow-zarzadu\/witold-kozlowski\">Marsza\u0142ek Wojew\u00f3dztwa Ma\u0142opolskiego <\/a><strong>Witold Koz\u0142owski<br \/><\/strong><a href=\"https:\/\/zarzad.slaskie.pl\/content\/jakub-chelstowski\">Marsza\u0142ek Wojew\u00f3dztwa \u015al\u0105skiego <\/a><strong>Jakub Che\u0142stowski<br \/><\/strong><a href=\"https:\/\/www.chrzanow.pl\/samorzad\/\">Burmistrz Miasta Chrzanowa<\/a> <strong>Robert Maciaszek<\/strong><\/p><p><strong>Organizatorzy Forum:<\/strong><\/p><ol><li><a href=\"https:\/\/www.mbp.chrzanow.pl\/\"><strong>Miejska Biblioteka Publiczna w Chrzanowie<\/strong><\/a><\/li><li><a href=\"http:\/\/mnpe.pl\/\"><strong>Muzeum Nadwi\u015bla\u0144ski Park Etnograficzny w Wygie\u0142zowie i Zamek Lipowiec <\/strong><\/a>\u2013 instytucja kultury woj. Ma\u0142opolskiego<\/li><li><a href=\"https:\/\/instytutkorfantego.pl\/\"><strong>Instytut My\u015bli Polskiej im. Wojciecha Korfantego<\/strong><\/a><\/li><\/ol><p><strong>Forum odby\u0142o si\u0119 formie hybrydowej.<\/strong><\/p><\/div><\/div><\/div><\/div><\/div><\/div><\/div><\/div><\/section><section class=\"elementor-section elementor-top-section elementor-element elementor-element-acded1a elementor-section-boxed elementor-section-height-default elementor-section-height-default\" data-id=\"acded1a\" data-element_type=\"section\"><div class=\"elementor-container elementor-column-gap-default\"><div class=\"elementor-row\"><div class=\"elementor-column elementor-col-100 elementor-top-column elementor-element elementor-element-45e2284\" data-id=\"45e2284\" data-element_type=\"column\"><div class=\"elementor-column-wrap elementor-element-populated\"><div class=\"elementor-widget-wrap\"><div class=\"elementor-element elementor-element-c051ca5 elementor-widget elementor-widget-text-editor\" data-id=\"c051ca5\" data-element_type=\"widget\" data-widget_type=\"text-editor.default\"><div class=\"elementor-widget-container\"><div class=\"elementor-text-editor elementor-clearfix\"><p>Celem forum by\u0142o upami\u0119tnienie dziedzictwa historycznego i kulturalnego poprzez udokumentowanie udzia\u0142u mieszka\u0144c\u00f3w regionu w przemianach ustrojowych.<\/p><p>Chcieli\u015bmy spojrze\u0107 na zagadnienia zwi\u0105zane z przemianami ustrojowymi 1980-90 na pograniczu Ma\u0142opolski i G\u00f3rnego \u015al\u0105ska i przybli\u017cy\u0107 problematyk\u0119 powstania <em>Solidarno\u015bci<\/em> i\u00a0pierwszego okresu jej dzia\u0142alno\u015bci, ze szczeg\u00f3lnym uwzgl\u0119dnieniem zagadnie\u0144 zwi\u0105zanych z rozwojem tego ruchu w\u015br\u00f3d mieszka\u0144c\u00f3w regionu i ich udzia\u0142u w przemianach og\u00f3lnopolskich oraz powstaniem samorz\u0105du.<\/p><p><strong>W pierwszym dniu forum, <\/strong>w Miejskiej Bibliotece Publicznej w Chrzanowie, <strong>go\u015b\u0107mi byli<\/strong>:<\/p><ul><li>dr hab. prof. U\u015a Zygmunt Wo\u017aniczka<em> \u2013 Solidarno\u015b\u0107 \u2013 przegrana czy rewolucja?\u00a0<\/em> (obejrzyj <a href=\"https:\/\/www.youtube.com\/watch?v=f4Y7mOV4kNk\"><strong>tutaj<\/strong><\/a> \u2026 i jeszcze <strong><a href=\"https:\/\/www.youtube.com\/watch?v=wVDiTQ8Dw3c\">tutaj<\/a>!<\/strong>)<em><br \/><\/em><\/li><li>Wojciech Sala \u2013 Burmistrz Chrzanowa w latach 1990-1991 (obejrzyj <a href=\"https:\/\/www.youtube.com\/watch?v=9C6Aykgm8LM\"><strong>tutaj<\/strong><\/a>) oraz Jadwiga Dudek \u2013 Radna Rady Miejskiej w Chrzanowie w latach 1990-2002 \u2013 <em>Pocz\u0105tki samorz\u0105du w Chrzanowie <\/em>(obejrzyj <a href=\"https:\/\/www.youtube.com\/watch?v=wELWJ71tMtI\"><strong>video poni\u017cej<\/strong><\/a>)<\/li><li>Marek Szymaszkiewicz \u2013 <em>Kilka osobistych refleksji na temat walki z systemem <\/em>(obejrzyj <a href=\"https:\/\/www.youtube.com\/watch?v=YDk8G7kyLws\"><strong>tutaj<\/strong><\/a>)<\/li><li>dr Jacek Kurek \u2013 <em>Nie ma wolno\u015bci bez Solidarno\u015bci, czyli casus Spartakusa\u00a0<\/em>(obejrzyj <a href=\"https:\/\/www.youtube.com\/watch?v=wELWJ71tMtI\"><strong>video poni\u017cej<\/strong><\/a>)<\/li><li>Piotr Matan \u2013 <em>Losy emigracji stanu wojennego z ziemi chrzanowskiej na podstawie wspomnie\u0144 wychod\u017ac\u00f3w <\/em>(obejrzyj <a href=\"https:\/\/www.youtube.com\/watch?v=wELWJ71tMtI\"><strong>video poni\u017cej<\/strong><\/a>)<\/li><li>Jan Strzemecki \u2013 <em>Moje osobiste retrospekcje na temat przemian w Chrzanowie i w Polsce z lat 1980-1990\u00a0<\/em>(obejrzyj <a href=\"https:\/\/www.youtube.com\/watch?v=wELWJ71tMtI\"><strong>video poni\u017cej<\/strong><\/a>)<\/li><\/ul><\/div><\/div><\/div><\/div><\/div><\/div><\/div><\/div><\/section>\t\t\t\t\t\t\t\t<\/div>\n\t\t\t\t<\/div>\n\t\t\t\t<div class=\"elementor-element elementor-element-8802a05 gallery-spacing-custom elementor-widget elementor-widget-image-gallery\" data-id=\"8802a05\" data-element_type=\"widget\" data-e-type=\"widget\" data-widget_type=\"image-gallery.default\">\n\t\t\t\t<div class=\"elementor-widget-container\">\n\t\t\t\t\t\t\t<div class=\"elementor-image-gallery\">\n\t\t\t<div id='gallery-1' class='gallery galleryid-2243 gallery-columns-4 gallery-size-full'><figure class='gallery-item'>\n\t\t\t<div class='gallery-icon landscape'>\n\t\t\t\t<a data-elementor-open-lightbox=\"yes\" data-elementor-lightbox-slideshow=\"8802a05\" data-elementor-lightbox-title=\"DSC_0312\" data-e-action-hash=\"#elementor-action%3Aaction%3Dlightbox%26settings%3DeyJpZCI6MjI2NSwidXJsIjoiaHR0cHM6XC9cL3d3dy5tYnAuY2hyemFub3cucGxcL2ZvcnVtcmVnaW9uYWxuZTIwMjBcL3dwLWNvbnRlbnRcL3VwbG9hZHNcLzIwMjBcLzExXC9EU0NfMDMxMi5qcGciLCJzbGlkZXNob3ciOiI4ODAyYTA1In0%3D\" href='https:\/\/www.mbp.chrzanow.pl\/forumregionalne2020\/wp-content\/uploads\/2020\/11\/DSC_0312.jpg'><img fetchpriority=\"high\" decoding=\"async\" width=\"1280\" height=\"848\" src=\"https:\/\/www.mbp.chrzanow.pl\/forumregionalne2020\/wp-content\/uploads\/2020\/11\/DSC_0312.jpg\" class=\"attachment-full size-full\" alt=\"\" srcset=\"https:\/\/www.mbp.chrzanow.pl\/forumregionalne2020\/wp-content\/uploads\/2020\/11\/DSC_0312.jpg 1280w, https:\/\/www.mbp.chrzanow.pl\/forumregionalne2020\/wp-content\/uploads\/2020\/11\/DSC_0312-300x199.jpg 300w, https:\/\/www.mbp.chrzanow.pl\/forumregionalne2020\/wp-content\/uploads\/2020\/11\/DSC_0312-1024x678.jpg 1024w, https:\/\/www.mbp.chrzanow.pl\/forumregionalne2020\/wp-content\/uploads\/2020\/11\/DSC_0312-768x509.jpg 768w\" sizes=\"(max-width: 1280px) 100vw, 1280px\" \/><\/a>\n\t\t\t<\/div><\/figure><figure class='gallery-item'>\n\t\t\t<div class='gallery-icon landscape'>\n\t\t\t\t<a data-elementor-open-lightbox=\"yes\" data-elementor-lightbox-slideshow=\"8802a05\" data-elementor-lightbox-title=\"DSC_0310\" data-e-action-hash=\"#elementor-action%3Aaction%3Dlightbox%26settings%3DeyJpZCI6MjI2NCwidXJsIjoiaHR0cHM6XC9cL3d3dy5tYnAuY2hyemFub3cucGxcL2ZvcnVtcmVnaW9uYWxuZTIwMjBcL3dwLWNvbnRlbnRcL3VwbG9hZHNcLzIwMjBcLzExXC9EU0NfMDMxMC5qcGciLCJzbGlkZXNob3ciOiI4ODAyYTA1In0%3D\" href='https:\/\/www.mbp.chrzanow.pl\/forumregionalne2020\/wp-content\/uploads\/2020\/11\/DSC_0310.jpg'><img decoding=\"async\" width=\"1280\" height=\"848\" src=\"https:\/\/www.mbp.chrzanow.pl\/forumregionalne2020\/wp-content\/uploads\/2020\/11\/DSC_0310.jpg\" class=\"attachment-full size-full\" alt=\"\" srcset=\"https:\/\/www.mbp.chrzanow.pl\/forumregionalne2020\/wp-content\/uploads\/2020\/11\/DSC_0310.jpg 1280w, https:\/\/www.mbp.chrzanow.pl\/forumregionalne2020\/wp-content\/uploads\/2020\/11\/DSC_0310-300x199.jpg 300w, https:\/\/www.mbp.chrzanow.pl\/forumregionalne2020\/wp-content\/uploads\/2020\/11\/DSC_0310-1024x678.jpg 1024w, https:\/\/www.mbp.chrzanow.pl\/forumregionalne2020\/wp-content\/uploads\/2020\/11\/DSC_0310-768x509.jpg 768w\" sizes=\"(max-width: 1280px) 100vw, 1280px\" \/><\/a>\n\t\t\t<\/div><\/figure><figure class='gallery-item'>\n\t\t\t<div class='gallery-icon landscape'>\n\t\t\t\t<a data-elementor-open-lightbox=\"yes\" data-elementor-lightbox-slideshow=\"8802a05\" data-elementor-lightbox-title=\"DSC_0308\" data-e-action-hash=\"#elementor-action%3Aaction%3Dlightbox%26settings%3DeyJpZCI6MjI2MywidXJsIjoiaHR0cHM6XC9cL3d3dy5tYnAuY2hyemFub3cucGxcL2ZvcnVtcmVnaW9uYWxuZTIwMjBcL3dwLWNvbnRlbnRcL3VwbG9hZHNcLzIwMjBcLzExXC9EU0NfMDMwOC5qcGciLCJzbGlkZXNob3ciOiI4ODAyYTA1In0%3D\" href='https:\/\/www.mbp.chrzanow.pl\/forumregionalne2020\/wp-content\/uploads\/2020\/11\/DSC_0308.jpg'><img decoding=\"async\" width=\"1280\" height=\"848\" src=\"https:\/\/www.mbp.chrzanow.pl\/forumregionalne2020\/wp-content\/uploads\/2020\/11\/DSC_0308.jpg\" class=\"attachment-full size-full\" alt=\"\" srcset=\"https:\/\/www.mbp.chrzanow.pl\/forumregionalne2020\/wp-content\/uploads\/2020\/11\/DSC_0308.jpg 1280w, https:\/\/www.mbp.chrzanow.pl\/forumregionalne2020\/wp-content\/uploads\/2020\/11\/DSC_0308-300x199.jpg 300w, https:\/\/www.mbp.chrzanow.pl\/forumregionalne2020\/wp-content\/uploads\/2020\/11\/DSC_0308-1024x678.jpg 1024w, https:\/\/www.mbp.chrzanow.pl\/forumregionalne2020\/wp-content\/uploads\/2020\/11\/DSC_0308-768x509.jpg 768w\" sizes=\"(max-width: 1280px) 100vw, 1280px\" \/><\/a>\n\t\t\t<\/div><\/figure><figure class='gallery-item'>\n\t\t\t<div class='gallery-icon landscape'>\n\t\t\t\t<a data-elementor-open-lightbox=\"yes\" data-elementor-lightbox-slideshow=\"8802a05\" data-elementor-lightbox-title=\"DSC_0313\" data-e-action-hash=\"#elementor-action%3Aaction%3Dlightbox%26settings%3DeyJpZCI6MjI2NiwidXJsIjoiaHR0cHM6XC9cL3d3dy5tYnAuY2hyemFub3cucGxcL2ZvcnVtcmVnaW9uYWxuZTIwMjBcL3dwLWNvbnRlbnRcL3VwbG9hZHNcLzIwMjBcLzExXC9EU0NfMDMxMy5qcGciLCJzbGlkZXNob3ciOiI4ODAyYTA1In0%3D\" href='https:\/\/www.mbp.chrzanow.pl\/forumregionalne2020\/wp-content\/uploads\/2020\/11\/DSC_0313.jpg'><img loading=\"lazy\" decoding=\"async\" width=\"1280\" height=\"848\" src=\"https:\/\/www.mbp.chrzanow.pl\/forumregionalne2020\/wp-content\/uploads\/2020\/11\/DSC_0313.jpg\" class=\"attachment-full size-full\" alt=\"\" srcset=\"https:\/\/www.mbp.chrzanow.pl\/forumregionalne2020\/wp-content\/uploads\/2020\/11\/DSC_0313.jpg 1280w, https:\/\/www.mbp.chrzanow.pl\/forumregionalne2020\/wp-content\/uploads\/2020\/11\/DSC_0313-300x199.jpg 300w, https:\/\/www.mbp.chrzanow.pl\/forumregionalne2020\/wp-content\/uploads\/2020\/11\/DSC_0313-1024x678.jpg 1024w, https:\/\/www.mbp.chrzanow.pl\/forumregionalne2020\/wp-content\/uploads\/2020\/11\/DSC_0313-768x509.jpg 768w\" sizes=\"(max-width: 1280px) 100vw, 1280px\" \/><\/a>\n\t\t\t<\/div><\/figure><figure class='gallery-item'>\n\t\t\t<div class='gallery-icon landscape'>\n\t\t\t\t<a data-elementor-open-lightbox=\"yes\" data-elementor-lightbox-slideshow=\"8802a05\" data-elementor-lightbox-title=\"DSC_0316\" data-e-action-hash=\"#elementor-action%3Aaction%3Dlightbox%26settings%3DeyJpZCI6MjI2NywidXJsIjoiaHR0cHM6XC9cL3d3dy5tYnAuY2hyemFub3cucGxcL2ZvcnVtcmVnaW9uYWxuZTIwMjBcL3dwLWNvbnRlbnRcL3VwbG9hZHNcLzIwMjBcLzExXC9EU0NfMDMxNi5qcGciLCJzbGlkZXNob3ciOiI4ODAyYTA1In0%3D\" href='https:\/\/www.mbp.chrzanow.pl\/forumregionalne2020\/wp-content\/uploads\/2020\/11\/DSC_0316.jpg'><img loading=\"lazy\" decoding=\"async\" width=\"1280\" height=\"848\" src=\"https:\/\/www.mbp.chrzanow.pl\/forumregionalne2020\/wp-content\/uploads\/2020\/11\/DSC_0316.jpg\" class=\"attachment-full size-full\" alt=\"\" srcset=\"https:\/\/www.mbp.chrzanow.pl\/forumregionalne2020\/wp-content\/uploads\/2020\/11\/DSC_0316.jpg 1280w, https:\/\/www.mbp.chrzanow.pl\/forumregionalne2020\/wp-content\/uploads\/2020\/11\/DSC_0316-300x199.jpg 300w, https:\/\/www.mbp.chrzanow.pl\/forumregionalne2020\/wp-content\/uploads\/2020\/11\/DSC_0316-1024x678.jpg 1024w, https:\/\/www.mbp.chrzanow.pl\/forumregionalne2020\/wp-content\/uploads\/2020\/11\/DSC_0316-768x509.jpg 768w\" sizes=\"(max-width: 1280px) 100vw, 1280px\" \/><\/a>\n\t\t\t<\/div><\/figure><figure class='gallery-item'>\n\t\t\t<div class='gallery-icon landscape'>\n\t\t\t\t<a data-elementor-open-lightbox=\"yes\" data-elementor-lightbox-slideshow=\"8802a05\" data-elementor-lightbox-title=\"DSC_0342\" data-e-action-hash=\"#elementor-action%3Aaction%3Dlightbox%26settings%3DeyJpZCI6MjI3MCwidXJsIjoiaHR0cHM6XC9cL3d3dy5tYnAuY2hyemFub3cucGxcL2ZvcnVtcmVnaW9uYWxuZTIwMjBcL3dwLWNvbnRlbnRcL3VwbG9hZHNcLzIwMjBcLzExXC9EU0NfMDM0Mi5qcGciLCJzbGlkZXNob3ciOiI4ODAyYTA1In0%3D\" href='https:\/\/www.mbp.chrzanow.pl\/forumregionalne2020\/wp-content\/uploads\/2020\/11\/DSC_0342.jpg'><img loading=\"lazy\" decoding=\"async\" width=\"1280\" height=\"848\" src=\"https:\/\/www.mbp.chrzanow.pl\/forumregionalne2020\/wp-content\/uploads\/2020\/11\/DSC_0342.jpg\" class=\"attachment-full size-full\" alt=\"\" srcset=\"https:\/\/www.mbp.chrzanow.pl\/forumregionalne2020\/wp-content\/uploads\/2020\/11\/DSC_0342.jpg 1280w, https:\/\/www.mbp.chrzanow.pl\/forumregionalne2020\/wp-content\/uploads\/2020\/11\/DSC_0342-300x199.jpg 300w, https:\/\/www.mbp.chrzanow.pl\/forumregionalne2020\/wp-content\/uploads\/2020\/11\/DSC_0342-1024x678.jpg 1024w, https:\/\/www.mbp.chrzanow.pl\/forumregionalne2020\/wp-content\/uploads\/2020\/11\/DSC_0342-768x509.jpg 768w\" sizes=\"(max-width: 1280px) 100vw, 1280px\" \/><\/a>\n\t\t\t<\/div><\/figure><figure class='gallery-item'>\n\t\t\t<div class='gallery-icon landscape'>\n\t\t\t\t<a data-elementor-open-lightbox=\"yes\" data-elementor-lightbox-slideshow=\"8802a05\" data-elementor-lightbox-title=\"DSC_0339\" data-e-action-hash=\"#elementor-action%3Aaction%3Dlightbox%26settings%3DeyJpZCI6MjI2OCwidXJsIjoiaHR0cHM6XC9cL3d3dy5tYnAuY2hyemFub3cucGxcL2ZvcnVtcmVnaW9uYWxuZTIwMjBcL3dwLWNvbnRlbnRcL3VwbG9hZHNcLzIwMjBcLzExXC9EU0NfMDMzOS5qcGciLCJzbGlkZXNob3ciOiI4ODAyYTA1In0%3D\" href='https:\/\/www.mbp.chrzanow.pl\/forumregionalne2020\/wp-content\/uploads\/2020\/11\/DSC_0339.jpg'><img loading=\"lazy\" decoding=\"async\" width=\"1280\" height=\"848\" src=\"https:\/\/www.mbp.chrzanow.pl\/forumregionalne2020\/wp-content\/uploads\/2020\/11\/DSC_0339.jpg\" class=\"attachment-full size-full\" alt=\"\" srcset=\"https:\/\/www.mbp.chrzanow.pl\/forumregionalne2020\/wp-content\/uploads\/2020\/11\/DSC_0339.jpg 1280w, https:\/\/www.mbp.chrzanow.pl\/forumregionalne2020\/wp-content\/uploads\/2020\/11\/DSC_0339-300x199.jpg 300w, https:\/\/www.mbp.chrzanow.pl\/forumregionalne2020\/wp-content\/uploads\/2020\/11\/DSC_0339-1024x678.jpg 1024w, https:\/\/www.mbp.chrzanow.pl\/forumregionalne2020\/wp-content\/uploads\/2020\/11\/DSC_0339-768x509.jpg 768w\" sizes=\"(max-width: 1280px) 100vw, 1280px\" \/><\/a>\n\t\t\t<\/div><\/figure><figure class='gallery-item'>\n\t\t\t<div class='gallery-icon landscape'>\n\t\t\t\t<a data-elementor-open-lightbox=\"yes\" data-elementor-lightbox-slideshow=\"8802a05\" data-elementor-lightbox-title=\"DSC_0341\" data-e-action-hash=\"#elementor-action%3Aaction%3Dlightbox%26settings%3DeyJpZCI6MjI2OSwidXJsIjoiaHR0cHM6XC9cL3d3dy5tYnAuY2hyemFub3cucGxcL2ZvcnVtcmVnaW9uYWxuZTIwMjBcL3dwLWNvbnRlbnRcL3VwbG9hZHNcLzIwMjBcLzExXC9EU0NfMDM0MS5qcGciLCJzbGlkZXNob3ciOiI4ODAyYTA1In0%3D\" href='https:\/\/www.mbp.chrzanow.pl\/forumregionalne2020\/wp-content\/uploads\/2020\/11\/DSC_0341.jpg'><img loading=\"lazy\" decoding=\"async\" width=\"1280\" height=\"848\" src=\"https:\/\/www.mbp.chrzanow.pl\/forumregionalne2020\/wp-content\/uploads\/2020\/11\/DSC_0341.jpg\" class=\"attachment-full size-full\" alt=\"\" srcset=\"https:\/\/www.mbp.chrzanow.pl\/forumregionalne2020\/wp-content\/uploads\/2020\/11\/DSC_0341.jpg 1280w, https:\/\/www.mbp.chrzanow.pl\/forumregionalne2020\/wp-content\/uploads\/2020\/11\/DSC_0341-300x199.jpg 300w, https:\/\/www.mbp.chrzanow.pl\/forumregionalne2020\/wp-content\/uploads\/2020\/11\/DSC_0341-1024x678.jpg 1024w, https:\/\/www.mbp.chrzanow.pl\/forumregionalne2020\/wp-content\/uploads\/2020\/11\/DSC_0341-768x509.jpg 768w\" sizes=\"(max-width: 1280px) 100vw, 1280px\" \/><\/a>\n\t\t\t<\/div><\/figure><figure class='gallery-item'>\n\t\t\t<div class='gallery-icon landscape'>\n\t\t\t\t<a data-elementor-open-lightbox=\"yes\" data-elementor-lightbox-slideshow=\"8802a05\" data-elementor-lightbox-title=\"DSC_0350\" data-e-action-hash=\"#elementor-action%3Aaction%3Dlightbox%26settings%3DeyJpZCI6MjI3MiwidXJsIjoiaHR0cHM6XC9cL3d3dy5tYnAuY2hyemFub3cucGxcL2ZvcnVtcmVnaW9uYWxuZTIwMjBcL3dwLWNvbnRlbnRcL3VwbG9hZHNcLzIwMjBcLzExXC9EU0NfMDM1MC5qcGciLCJzbGlkZXNob3ciOiI4ODAyYTA1In0%3D\" href='https:\/\/www.mbp.chrzanow.pl\/forumregionalne2020\/wp-content\/uploads\/2020\/11\/DSC_0350.jpg'><img loading=\"lazy\" decoding=\"async\" width=\"1280\" height=\"848\" src=\"https:\/\/www.mbp.chrzanow.pl\/forumregionalne2020\/wp-content\/uploads\/2020\/11\/DSC_0350.jpg\" class=\"attachment-full size-full\" alt=\"\" srcset=\"https:\/\/www.mbp.chrzanow.pl\/forumregionalne2020\/wp-content\/uploads\/2020\/11\/DSC_0350.jpg 1280w, https:\/\/www.mbp.chrzanow.pl\/forumregionalne2020\/wp-content\/uploads\/2020\/11\/DSC_0350-300x199.jpg 300w, https:\/\/www.mbp.chrzanow.pl\/forumregionalne2020\/wp-content\/uploads\/2020\/11\/DSC_0350-1024x678.jpg 1024w, https:\/\/www.mbp.chrzanow.pl\/forumregionalne2020\/wp-content\/uploads\/2020\/11\/DSC_0350-768x509.jpg 768w\" sizes=\"(max-width: 1280px) 100vw, 1280px\" \/><\/a>\n\t\t\t<\/div><\/figure><figure class='gallery-item'>\n\t\t\t<div class='gallery-icon landscape'>\n\t\t\t\t<a data-elementor-open-lightbox=\"yes\" data-elementor-lightbox-slideshow=\"8802a05\" data-elementor-lightbox-title=\"DSC_0423\" data-e-action-hash=\"#elementor-action%3Aaction%3Dlightbox%26settings%3DeyJpZCI6MjI2MCwidXJsIjoiaHR0cHM6XC9cL3d3dy5tYnAuY2hyemFub3cucGxcL2ZvcnVtcmVnaW9uYWxuZTIwMjBcL3dwLWNvbnRlbnRcL3VwbG9hZHNcLzIwMjBcLzExXC9EU0NfMDQyMy5qcGciLCJzbGlkZXNob3ciOiI4ODAyYTA1In0%3D\" href='https:\/\/www.mbp.chrzanow.pl\/forumregionalne2020\/wp-content\/uploads\/2020\/11\/DSC_0423.jpg'><img loading=\"lazy\" decoding=\"async\" width=\"1280\" height=\"848\" src=\"https:\/\/www.mbp.chrzanow.pl\/forumregionalne2020\/wp-content\/uploads\/2020\/11\/DSC_0423.jpg\" class=\"attachment-full size-full\" alt=\"\" srcset=\"https:\/\/www.mbp.chrzanow.pl\/forumregionalne2020\/wp-content\/uploads\/2020\/11\/DSC_0423.jpg 1280w, https:\/\/www.mbp.chrzanow.pl\/forumregionalne2020\/wp-content\/uploads\/2020\/11\/DSC_0423-300x199.jpg 300w, https:\/\/www.mbp.chrzanow.pl\/forumregionalne2020\/wp-content\/uploads\/2020\/11\/DSC_0423-1024x678.jpg 1024w, https:\/\/www.mbp.chrzanow.pl\/forumregionalne2020\/wp-content\/uploads\/2020\/11\/DSC_0423-768x509.jpg 768w\" sizes=\"(max-width: 1280px) 100vw, 1280px\" \/><\/a>\n\t\t\t<\/div><\/figure><figure class='gallery-item'>\n\t\t\t<div class='gallery-icon landscape'>\n\t\t\t\t<a data-elementor-open-lightbox=\"yes\" data-elementor-lightbox-slideshow=\"8802a05\" data-elementor-lightbox-title=\"DSC_0422\" data-e-action-hash=\"#elementor-action%3Aaction%3Dlightbox%26settings%3DeyJpZCI6MjI1OSwidXJsIjoiaHR0cHM6XC9cL3d3dy5tYnAuY2hyemFub3cucGxcL2ZvcnVtcmVnaW9uYWxuZTIwMjBcL3dwLWNvbnRlbnRcL3VwbG9hZHNcLzIwMjBcLzExXC9EU0NfMDQyMi5qcGciLCJzbGlkZXNob3ciOiI4ODAyYTA1In0%3D\" href='https:\/\/www.mbp.chrzanow.pl\/forumregionalne2020\/wp-content\/uploads\/2020\/11\/DSC_0422.jpg'><img loading=\"lazy\" decoding=\"async\" width=\"1280\" height=\"848\" src=\"https:\/\/www.mbp.chrzanow.pl\/forumregionalne2020\/wp-content\/uploads\/2020\/11\/DSC_0422.jpg\" class=\"attachment-full size-full\" alt=\"\" srcset=\"https:\/\/www.mbp.chrzanow.pl\/forumregionalne2020\/wp-content\/uploads\/2020\/11\/DSC_0422.jpg 1280w, https:\/\/www.mbp.chrzanow.pl\/forumregionalne2020\/wp-content\/uploads\/2020\/11\/DSC_0422-300x199.jpg 300w, https:\/\/www.mbp.chrzanow.pl\/forumregionalne2020\/wp-content\/uploads\/2020\/11\/DSC_0422-1024x678.jpg 1024w, https:\/\/www.mbp.chrzanow.pl\/forumregionalne2020\/wp-content\/uploads\/2020\/11\/DSC_0422-768x509.jpg 768w\" sizes=\"(max-width: 1280px) 100vw, 1280px\" \/><\/a>\n\t\t\t<\/div><\/figure><figure class='gallery-item'>\n\t\t\t<div class='gallery-icon landscape'>\n\t\t\t\t<a data-elementor-open-lightbox=\"yes\" data-elementor-lightbox-slideshow=\"8802a05\" data-elementor-lightbox-title=\"DSC_0346\" data-e-action-hash=\"#elementor-action%3Aaction%3Dlightbox%26settings%3DeyJpZCI6MjI3MSwidXJsIjoiaHR0cHM6XC9cL3d3dy5tYnAuY2hyemFub3cucGxcL2ZvcnVtcmVnaW9uYWxuZTIwMjBcL3dwLWNvbnRlbnRcL3VwbG9hZHNcLzIwMjBcLzExXC9EU0NfMDM0Ni5qcGciLCJzbGlkZXNob3ciOiI4ODAyYTA1In0%3D\" href='https:\/\/www.mbp.chrzanow.pl\/forumregionalne2020\/wp-content\/uploads\/2020\/11\/DSC_0346.jpg'><img loading=\"lazy\" decoding=\"async\" width=\"1280\" height=\"848\" src=\"https:\/\/www.mbp.chrzanow.pl\/forumregionalne2020\/wp-content\/uploads\/2020\/11\/DSC_0346.jpg\" class=\"attachment-full size-full\" alt=\"\" srcset=\"https:\/\/www.mbp.chrzanow.pl\/forumregionalne2020\/wp-content\/uploads\/2020\/11\/DSC_0346.jpg 1280w, https:\/\/www.mbp.chrzanow.pl\/forumregionalne2020\/wp-content\/uploads\/2020\/11\/DSC_0346-300x199.jpg 300w, https:\/\/www.mbp.chrzanow.pl\/forumregionalne2020\/wp-content\/uploads\/2020\/11\/DSC_0346-1024x678.jpg 1024w, https:\/\/www.mbp.chrzanow.pl\/forumregionalne2020\/wp-content\/uploads\/2020\/11\/DSC_0346-768x509.jpg 768w\" sizes=\"(max-width: 1280px) 100vw, 1280px\" \/><\/a>\n\t\t\t<\/div><\/figure><figure class='gallery-item'>\n\t\t\t<div class='gallery-icon landscape'>\n\t\t\t\t<a data-elementor-open-lightbox=\"yes\" data-elementor-lightbox-slideshow=\"8802a05\" data-elementor-lightbox-title=\"DSC_0382\" data-e-action-hash=\"#elementor-action%3Aaction%3Dlightbox%26settings%3DeyJpZCI6MjI3NSwidXJsIjoiaHR0cHM6XC9cL3d3dy5tYnAuY2hyemFub3cucGxcL2ZvcnVtcmVnaW9uYWxuZTIwMjBcL3dwLWNvbnRlbnRcL3VwbG9hZHNcLzIwMjBcLzExXC9EU0NfMDM4Mi5qcGciLCJzbGlkZXNob3ciOiI4ODAyYTA1In0%3D\" href='https:\/\/www.mbp.chrzanow.pl\/forumregionalne2020\/wp-content\/uploads\/2020\/11\/DSC_0382.jpg'><img loading=\"lazy\" decoding=\"async\" width=\"1280\" height=\"848\" src=\"https:\/\/www.mbp.chrzanow.pl\/forumregionalne2020\/wp-content\/uploads\/2020\/11\/DSC_0382.jpg\" class=\"attachment-full size-full\" alt=\"\" srcset=\"https:\/\/www.mbp.chrzanow.pl\/forumregionalne2020\/wp-content\/uploads\/2020\/11\/DSC_0382.jpg 1280w, https:\/\/www.mbp.chrzanow.pl\/forumregionalne2020\/wp-content\/uploads\/2020\/11\/DSC_0382-300x199.jpg 300w, https:\/\/www.mbp.chrzanow.pl\/forumregionalne2020\/wp-content\/uploads\/2020\/11\/DSC_0382-1024x678.jpg 1024w, https:\/\/www.mbp.chrzanow.pl\/forumregionalne2020\/wp-content\/uploads\/2020\/11\/DSC_0382-768x509.jpg 768w\" sizes=\"(max-width: 1280px) 100vw, 1280px\" \/><\/a>\n\t\t\t<\/div><\/figure><figure class='gallery-item'>\n\t\t\t<div class='gallery-icon landscape'>\n\t\t\t\t<a data-elementor-open-lightbox=\"yes\" data-elementor-lightbox-slideshow=\"8802a05\" data-elementor-lightbox-title=\"DSC_0386\" data-e-action-hash=\"#elementor-action%3Aaction%3Dlightbox%26settings%3DeyJpZCI6MjI3NiwidXJsIjoiaHR0cHM6XC9cL3d3dy5tYnAuY2hyemFub3cucGxcL2ZvcnVtcmVnaW9uYWxuZTIwMjBcL3dwLWNvbnRlbnRcL3VwbG9hZHNcLzIwMjBcLzExXC9EU0NfMDM4Ni5qcGciLCJzbGlkZXNob3ciOiI4ODAyYTA1In0%3D\" href='https:\/\/www.mbp.chrzanow.pl\/forumregionalne2020\/wp-content\/uploads\/2020\/11\/DSC_0386.jpg'><img loading=\"lazy\" decoding=\"async\" width=\"1280\" height=\"848\" src=\"https:\/\/www.mbp.chrzanow.pl\/forumregionalne2020\/wp-content\/uploads\/2020\/11\/DSC_0386.jpg\" class=\"attachment-full size-full\" alt=\"\" srcset=\"https:\/\/www.mbp.chrzanow.pl\/forumregionalne2020\/wp-content\/uploads\/2020\/11\/DSC_0386.jpg 1280w, https:\/\/www.mbp.chrzanow.pl\/forumregionalne2020\/wp-content\/uploads\/2020\/11\/DSC_0386-300x199.jpg 300w, https:\/\/www.mbp.chrzanow.pl\/forumregionalne2020\/wp-content\/uploads\/2020\/11\/DSC_0386-1024x678.jpg 1024w, https:\/\/www.mbp.chrzanow.pl\/forumregionalne2020\/wp-content\/uploads\/2020\/11\/DSC_0386-768x509.jpg 768w\" sizes=\"(max-width: 1280px) 100vw, 1280px\" \/><\/a>\n\t\t\t<\/div><\/figure><figure class='gallery-item'>\n\t\t\t<div class='gallery-icon landscape'>\n\t\t\t\t<a data-elementor-open-lightbox=\"yes\" data-elementor-lightbox-slideshow=\"8802a05\" data-elementor-lightbox-title=\"DSC_0352\" data-e-action-hash=\"#elementor-action%3Aaction%3Dlightbox%26settings%3DeyJpZCI6MjI3MywidXJsIjoiaHR0cHM6XC9cL3d3dy5tYnAuY2hyemFub3cucGxcL2ZvcnVtcmVnaW9uYWxuZTIwMjBcL3dwLWNvbnRlbnRcL3VwbG9hZHNcLzIwMjBcLzExXC9EU0NfMDM1Mi5qcGciLCJzbGlkZXNob3ciOiI4ODAyYTA1In0%3D\" href='https:\/\/www.mbp.chrzanow.pl\/forumregionalne2020\/wp-content\/uploads\/2020\/11\/DSC_0352.jpg'><img loading=\"lazy\" decoding=\"async\" width=\"1280\" height=\"848\" src=\"https:\/\/www.mbp.chrzanow.pl\/forumregionalne2020\/wp-content\/uploads\/2020\/11\/DSC_0352.jpg\" class=\"attachment-full size-full\" alt=\"\" srcset=\"https:\/\/www.mbp.chrzanow.pl\/forumregionalne2020\/wp-content\/uploads\/2020\/11\/DSC_0352.jpg 1280w, https:\/\/www.mbp.chrzanow.pl\/forumregionalne2020\/wp-content\/uploads\/2020\/11\/DSC_0352-300x199.jpg 300w, https:\/\/www.mbp.chrzanow.pl\/forumregionalne2020\/wp-content\/uploads\/2020\/11\/DSC_0352-1024x678.jpg 1024w, https:\/\/www.mbp.chrzanow.pl\/forumregionalne2020\/wp-content\/uploads\/2020\/11\/DSC_0352-768x509.jpg 768w\" sizes=\"(max-width: 1280px) 100vw, 1280px\" \/><\/a>\n\t\t\t<\/div><\/figure><figure class='gallery-item'>\n\t\t\t<div class='gallery-icon landscape'>\n\t\t\t\t<a data-elementor-open-lightbox=\"yes\" data-elementor-lightbox-slideshow=\"8802a05\" data-elementor-lightbox-title=\"DSC_0424\" data-e-action-hash=\"#elementor-action%3Aaction%3Dlightbox%26settings%3DeyJpZCI6MjI2MSwidXJsIjoiaHR0cHM6XC9cL3d3dy5tYnAuY2hyemFub3cucGxcL2ZvcnVtcmVnaW9uYWxuZTIwMjBcL3dwLWNvbnRlbnRcL3VwbG9hZHNcLzIwMjBcLzExXC9EU0NfMDQyNC5qcGciLCJzbGlkZXNob3ciOiI4ODAyYTA1In0%3D\" href='https:\/\/www.mbp.chrzanow.pl\/forumregionalne2020\/wp-content\/uploads\/2020\/11\/DSC_0424.jpg'><img loading=\"lazy\" decoding=\"async\" width=\"1280\" height=\"848\" src=\"https:\/\/www.mbp.chrzanow.pl\/forumregionalne2020\/wp-content\/uploads\/2020\/11\/DSC_0424.jpg\" class=\"attachment-full size-full\" alt=\"\" srcset=\"https:\/\/www.mbp.chrzanow.pl\/forumregionalne2020\/wp-content\/uploads\/2020\/11\/DSC_0424.jpg 1280w, https:\/\/www.mbp.chrzanow.pl\/forumregionalne2020\/wp-content\/uploads\/2020\/11\/DSC_0424-300x199.jpg 300w, https:\/\/www.mbp.chrzanow.pl\/forumregionalne2020\/wp-content\/uploads\/2020\/11\/DSC_0424-1024x678.jpg 1024w, https:\/\/www.mbp.chrzanow.pl\/forumregionalne2020\/wp-content\/uploads\/2020\/11\/DSC_0424-768x509.jpg 768w\" sizes=\"(max-width: 1280px) 100vw, 1280px\" \/><\/a>\n\t\t\t<\/div><\/figure>\n\t\t<\/div>\n\t\t<\/div>\n\t\t\t\t\t\t<\/div>\n\t\t\t\t<\/div>\n\t\t\t\t<div class=\"elementor-element elementor-element-8b1d95d elementor-widget elementor-widget-video\" data-id=\"8b1d95d\" data-element_type=\"widget\" data-e-type=\"widget\" data-settings=\"{&quot;youtube_url&quot;:&quot;https:\\\/\\\/www.youtube.com\\\/watch?v=wELWJ71tMtI&amp;&quot;,&quot;video_type&quot;:&quot;youtube&quot;,&quot;controls&quot;:&quot;yes&quot;}\" data-widget_type=\"video.default\">\n\t\t\t\t<div class=\"elementor-widget-container\">\n\t\t\t\t\t\t\t<div class=\"elementor-wrapper elementor-open-inline\">\n\t\t\t<div class=\"elementor-video\"><\/div>\t\t<\/div>\n\t\t\t\t\t\t<\/div>\n\t\t\t\t<\/div>\n\t\t\t\t<div class=\"elementor-element elementor-element-ff162db elementor-widget elementor-widget-text-editor\" data-id=\"ff162db\" data-element_type=\"widget\" data-e-type=\"widget\" data-widget_type=\"text-editor.default\">\n\t\t\t\t<div class=\"elementor-widget-container\">\n\t\t\t\t\t\t\t\t\t<p>Forum towarzyszy\u0142y wernisa\u017c <a href=\"https:\/\/www.mbp.chrzanow.pl\/2020\/10\/wystawa-solidarni-w-niepodleglosci\/\">wystawy plenerowej <em>Solidarni w niepodleg\u0142o\u015bci<\/em><\/a><\/p>\t\t\t\t\t\t\t\t<\/div>\n\t\t\t\t<\/div>\n\t\t\t\t<div class=\"elementor-element elementor-element-13eb627 elementor-widget elementor-widget-video\" data-id=\"13eb627\" data-element_type=\"widget\" data-e-type=\"widget\" data-settings=\"{&quot;youtube_url&quot;:&quot;https:\\\/\\\/www.youtube.com\\\/watch?v=eVLKiRBOdk8&amp;&quot;,&quot;video_type&quot;:&quot;youtube&quot;,&quot;controls&quot;:&quot;yes&quot;}\" data-widget_type=\"video.default\">\n\t\t\t\t<div class=\"elementor-widget-container\">\n\t\t\t\t\t\t\t<div class=\"elementor-wrapper elementor-open-inline\">\n\t\t\t<div class=\"elementor-video\"><\/div>\t\t<\/div>\n\t\t\t\t\t\t<\/div>\n\t\t\t\t<\/div>\n\t\t\t\t<div class=\"elementor-element elementor-element-55f4b37 gallery-spacing-custom elementor-widget elementor-widget-image-gallery\" data-id=\"55f4b37\" data-element_type=\"widget\" data-e-type=\"widget\" data-widget_type=\"image-gallery.default\">\n\t\t\t\t<div class=\"elementor-widget-container\">\n\t\t\t\t\t\t\t<div class=\"elementor-image-gallery\">\n\t\t\t<div id='gallery-2' class='gallery galleryid-2243 gallery-columns-5 gallery-size-full'><figure class='gallery-item'>\n\t\t\t<div class='gallery-icon landscape'>\n\t\t\t\t<a data-elementor-open-lightbox=\"yes\" data-elementor-lightbox-slideshow=\"55f4b37\" data-elementor-lightbox-title=\"DSC_0507\" data-e-action-hash=\"#elementor-action%3Aaction%3Dlightbox%26settings%3DeyJpZCI6MjI3NywidXJsIjoiaHR0cHM6XC9cL3d3dy5tYnAuY2hyemFub3cucGxcL2ZvcnVtcmVnaW9uYWxuZTIwMjBcL3dwLWNvbnRlbnRcL3VwbG9hZHNcLzIwMjBcLzExXC9EU0NfMDUwNy5qcGciLCJzbGlkZXNob3ciOiI1NWY0YjM3In0%3D\" href='https:\/\/www.mbp.chrzanow.pl\/forumregionalne2020\/wp-content\/uploads\/2020\/11\/DSC_0507.jpg'><img loading=\"lazy\" decoding=\"async\" width=\"1280\" height=\"848\" src=\"https:\/\/www.mbp.chrzanow.pl\/forumregionalne2020\/wp-content\/uploads\/2020\/11\/DSC_0507.jpg\" class=\"attachment-full size-full\" alt=\"\" srcset=\"https:\/\/www.mbp.chrzanow.pl\/forumregionalne2020\/wp-content\/uploads\/2020\/11\/DSC_0507.jpg 1280w, https:\/\/www.mbp.chrzanow.pl\/forumregionalne2020\/wp-content\/uploads\/2020\/11\/DSC_0507-300x199.jpg 300w, https:\/\/www.mbp.chrzanow.pl\/forumregionalne2020\/wp-content\/uploads\/2020\/11\/DSC_0507-1024x678.jpg 1024w, https:\/\/www.mbp.chrzanow.pl\/forumregionalne2020\/wp-content\/uploads\/2020\/11\/DSC_0507-768x509.jpg 768w\" sizes=\"(max-width: 1280px) 100vw, 1280px\" \/><\/a>\n\t\t\t<\/div><\/figure><figure class='gallery-item'>\n\t\t\t<div class='gallery-icon landscape'>\n\t\t\t\t<a data-elementor-open-lightbox=\"yes\" data-elementor-lightbox-slideshow=\"55f4b37\" data-elementor-lightbox-title=\"DSC_0550\" data-e-action-hash=\"#elementor-action%3Aaction%3Dlightbox%26settings%3DeyJpZCI6MjI4NCwidXJsIjoiaHR0cHM6XC9cL3d3dy5tYnAuY2hyemFub3cucGxcL2ZvcnVtcmVnaW9uYWxuZTIwMjBcL3dwLWNvbnRlbnRcL3VwbG9hZHNcLzIwMjBcLzExXC9EU0NfMDU1MC5qcGciLCJzbGlkZXNob3ciOiI1NWY0YjM3In0%3D\" href='https:\/\/www.mbp.chrzanow.pl\/forumregionalne2020\/wp-content\/uploads\/2020\/11\/DSC_0550.jpg'><img loading=\"lazy\" decoding=\"async\" width=\"1280\" height=\"848\" src=\"https:\/\/www.mbp.chrzanow.pl\/forumregionalne2020\/wp-content\/uploads\/2020\/11\/DSC_0550.jpg\" class=\"attachment-full size-full\" alt=\"\" srcset=\"https:\/\/www.mbp.chrzanow.pl\/forumregionalne2020\/wp-content\/uploads\/2020\/11\/DSC_0550.jpg 1280w, https:\/\/www.mbp.chrzanow.pl\/forumregionalne2020\/wp-content\/uploads\/2020\/11\/DSC_0550-300x199.jpg 300w, https:\/\/www.mbp.chrzanow.pl\/forumregionalne2020\/wp-content\/uploads\/2020\/11\/DSC_0550-1024x678.jpg 1024w, https:\/\/www.mbp.chrzanow.pl\/forumregionalne2020\/wp-content\/uploads\/2020\/11\/DSC_0550-768x509.jpg 768w\" sizes=\"(max-width: 1280px) 100vw, 1280px\" \/><\/a>\n\t\t\t<\/div><\/figure><figure class='gallery-item'>\n\t\t\t<div class='gallery-icon landscape'>\n\t\t\t\t<a data-elementor-open-lightbox=\"yes\" data-elementor-lightbox-slideshow=\"55f4b37\" data-elementor-lightbox-title=\"DSC_0538\" data-e-action-hash=\"#elementor-action%3Aaction%3Dlightbox%26settings%3DeyJpZCI6MjI3OCwidXJsIjoiaHR0cHM6XC9cL3d3dy5tYnAuY2hyemFub3cucGxcL2ZvcnVtcmVnaW9uYWxuZTIwMjBcL3dwLWNvbnRlbnRcL3VwbG9hZHNcLzIwMjBcLzExXC9EU0NfMDUzOC5qcGciLCJzbGlkZXNob3ciOiI1NWY0YjM3In0%3D\" href='https:\/\/www.mbp.chrzanow.pl\/forumregionalne2020\/wp-content\/uploads\/2020\/11\/DSC_0538.jpg'><img loading=\"lazy\" decoding=\"async\" width=\"1280\" height=\"848\" src=\"https:\/\/www.mbp.chrzanow.pl\/forumregionalne2020\/wp-content\/uploads\/2020\/11\/DSC_0538.jpg\" class=\"attachment-full size-full\" alt=\"\" srcset=\"https:\/\/www.mbp.chrzanow.pl\/forumregionalne2020\/wp-content\/uploads\/2020\/11\/DSC_0538.jpg 1280w, https:\/\/www.mbp.chrzanow.pl\/forumregionalne2020\/wp-content\/uploads\/2020\/11\/DSC_0538-300x199.jpg 300w, https:\/\/www.mbp.chrzanow.pl\/forumregionalne2020\/wp-content\/uploads\/2020\/11\/DSC_0538-1024x678.jpg 1024w, https:\/\/www.mbp.chrzanow.pl\/forumregionalne2020\/wp-content\/uploads\/2020\/11\/DSC_0538-768x509.jpg 768w\" sizes=\"(max-width: 1280px) 100vw, 1280px\" \/><\/a>\n\t\t\t<\/div><\/figure><figure class='gallery-item'>\n\t\t\t<div class='gallery-icon landscape'>\n\t\t\t\t<a data-elementor-open-lightbox=\"yes\" data-elementor-lightbox-slideshow=\"55f4b37\" data-elementor-lightbox-title=\"DSC_0574\" data-e-action-hash=\"#elementor-action%3Aaction%3Dlightbox%26settings%3DeyJpZCI6MjI4MywidXJsIjoiaHR0cHM6XC9cL3d3dy5tYnAuY2hyemFub3cucGxcL2ZvcnVtcmVnaW9uYWxuZTIwMjBcL3dwLWNvbnRlbnRcL3VwbG9hZHNcLzIwMjBcLzExXC9EU0NfMDU3NC5qcGciLCJzbGlkZXNob3ciOiI1NWY0YjM3In0%3D\" href='https:\/\/www.mbp.chrzanow.pl\/forumregionalne2020\/wp-content\/uploads\/2020\/11\/DSC_0574.jpg'><img loading=\"lazy\" decoding=\"async\" width=\"1280\" height=\"848\" src=\"https:\/\/www.mbp.chrzanow.pl\/forumregionalne2020\/wp-content\/uploads\/2020\/11\/DSC_0574.jpg\" class=\"attachment-full size-full\" alt=\"\" srcset=\"https:\/\/www.mbp.chrzanow.pl\/forumregionalne2020\/wp-content\/uploads\/2020\/11\/DSC_0574.jpg 1280w, https:\/\/www.mbp.chrzanow.pl\/forumregionalne2020\/wp-content\/uploads\/2020\/11\/DSC_0574-300x199.jpg 300w, https:\/\/www.mbp.chrzanow.pl\/forumregionalne2020\/wp-content\/uploads\/2020\/11\/DSC_0574-1024x678.jpg 1024w, https:\/\/www.mbp.chrzanow.pl\/forumregionalne2020\/wp-content\/uploads\/2020\/11\/DSC_0574-768x509.jpg 768w\" sizes=\"(max-width: 1280px) 100vw, 1280px\" \/><\/a>\n\t\t\t<\/div><\/figure><figure class='gallery-item'>\n\t\t\t<div class='gallery-icon landscape'>\n\t\t\t\t<a data-elementor-open-lightbox=\"yes\" data-elementor-lightbox-slideshow=\"55f4b37\" data-elementor-lightbox-title=\"DSC_0566\" data-e-action-hash=\"#elementor-action%3Aaction%3Dlightbox%26settings%3DeyJpZCI6MjI4MCwidXJsIjoiaHR0cHM6XC9cL3d3dy5tYnAuY2hyemFub3cucGxcL2ZvcnVtcmVnaW9uYWxuZTIwMjBcL3dwLWNvbnRlbnRcL3VwbG9hZHNcLzIwMjBcLzExXC9EU0NfMDU2Ni5qcGciLCJzbGlkZXNob3ciOiI1NWY0YjM3In0%3D\" href='https:\/\/www.mbp.chrzanow.pl\/forumregionalne2020\/wp-content\/uploads\/2020\/11\/DSC_0566.jpg'><img loading=\"lazy\" decoding=\"async\" width=\"1280\" height=\"848\" src=\"https:\/\/www.mbp.chrzanow.pl\/forumregionalne2020\/wp-content\/uploads\/2020\/11\/DSC_0566.jpg\" class=\"attachment-full size-full\" alt=\"\" srcset=\"https:\/\/www.mbp.chrzanow.pl\/forumregionalne2020\/wp-content\/uploads\/2020\/11\/DSC_0566.jpg 1280w, https:\/\/www.mbp.chrzanow.pl\/forumregionalne2020\/wp-content\/uploads\/2020\/11\/DSC_0566-300x199.jpg 300w, https:\/\/www.mbp.chrzanow.pl\/forumregionalne2020\/wp-content\/uploads\/2020\/11\/DSC_0566-1024x678.jpg 1024w, https:\/\/www.mbp.chrzanow.pl\/forumregionalne2020\/wp-content\/uploads\/2020\/11\/DSC_0566-768x509.jpg 768w\" sizes=\"(max-width: 1280px) 100vw, 1280px\" \/><\/a>\n\t\t\t<\/div><\/figure><figure class='gallery-item'>\n\t\t\t<div class='gallery-icon landscape'>\n\t\t\t\t<a data-elementor-open-lightbox=\"yes\" data-elementor-lightbox-slideshow=\"55f4b37\" data-elementor-lightbox-title=\"DSC_0572\" data-e-action-hash=\"#elementor-action%3Aaction%3Dlightbox%26settings%3DeyJpZCI6MjI4MSwidXJsIjoiaHR0cHM6XC9cL3d3dy5tYnAuY2hyemFub3cucGxcL2ZvcnVtcmVnaW9uYWxuZTIwMjBcL3dwLWNvbnRlbnRcL3VwbG9hZHNcLzIwMjBcLzExXC9EU0NfMDU3Mi5qcGciLCJzbGlkZXNob3ciOiI1NWY0YjM3In0%3D\" href='https:\/\/www.mbp.chrzanow.pl\/forumregionalne2020\/wp-content\/uploads\/2020\/11\/DSC_0572.jpg'><img loading=\"lazy\" decoding=\"async\" width=\"1280\" height=\"848\" src=\"https:\/\/www.mbp.chrzanow.pl\/forumregionalne2020\/wp-content\/uploads\/2020\/11\/DSC_0572.jpg\" class=\"attachment-full size-full\" alt=\"\" srcset=\"https:\/\/www.mbp.chrzanow.pl\/forumregionalne2020\/wp-content\/uploads\/2020\/11\/DSC_0572.jpg 1280w, https:\/\/www.mbp.chrzanow.pl\/forumregionalne2020\/wp-content\/uploads\/2020\/11\/DSC_0572-300x199.jpg 300w, https:\/\/www.mbp.chrzanow.pl\/forumregionalne2020\/wp-content\/uploads\/2020\/11\/DSC_0572-1024x678.jpg 1024w, https:\/\/www.mbp.chrzanow.pl\/forumregionalne2020\/wp-content\/uploads\/2020\/11\/DSC_0572-768x509.jpg 768w\" sizes=\"(max-width: 1280px) 100vw, 1280px\" \/><\/a>\n\t\t\t<\/div><\/figure><figure class='gallery-item'>\n\t\t\t<div class='gallery-icon landscape'>\n\t\t\t\t<a data-elementor-open-lightbox=\"yes\" data-elementor-lightbox-slideshow=\"55f4b37\" data-elementor-lightbox-title=\"DSC_0559\" data-e-action-hash=\"#elementor-action%3Aaction%3Dlightbox%26settings%3DeyJpZCI6MjI4MiwidXJsIjoiaHR0cHM6XC9cL3d3dy5tYnAuY2hyemFub3cucGxcL2ZvcnVtcmVnaW9uYWxuZTIwMjBcL3dwLWNvbnRlbnRcL3VwbG9hZHNcLzIwMjBcLzExXC9EU0NfMDU1OS5qcGciLCJzbGlkZXNob3ciOiI1NWY0YjM3In0%3D\" href='https:\/\/www.mbp.chrzanow.pl\/forumregionalne2020\/wp-content\/uploads\/2020\/11\/DSC_0559.jpg'><img loading=\"lazy\" decoding=\"async\" width=\"1280\" height=\"848\" src=\"https:\/\/www.mbp.chrzanow.pl\/forumregionalne2020\/wp-content\/uploads\/2020\/11\/DSC_0559.jpg\" class=\"attachment-full size-full\" alt=\"\" srcset=\"https:\/\/www.mbp.chrzanow.pl\/forumregionalne2020\/wp-content\/uploads\/2020\/11\/DSC_0559.jpg 1280w, https:\/\/www.mbp.chrzanow.pl\/forumregionalne2020\/wp-content\/uploads\/2020\/11\/DSC_0559-300x199.jpg 300w, https:\/\/www.mbp.chrzanow.pl\/forumregionalne2020\/wp-content\/uploads\/2020\/11\/DSC_0559-1024x678.jpg 1024w, https:\/\/www.mbp.chrzanow.pl\/forumregionalne2020\/wp-content\/uploads\/2020\/11\/DSC_0559-768x509.jpg 768w\" sizes=\"(max-width: 1280px) 100vw, 1280px\" \/><\/a>\n\t\t\t<\/div><\/figure><figure class='gallery-item'>\n\t\t\t<div class='gallery-icon landscape'>\n\t\t\t\t<a data-elementor-open-lightbox=\"yes\" data-elementor-lightbox-slideshow=\"55f4b37\" data-elementor-lightbox-title=\"DSC_0546\" data-e-action-hash=\"#elementor-action%3Aaction%3Dlightbox%26settings%3DeyJpZCI6MjI4NSwidXJsIjoiaHR0cHM6XC9cL3d3dy5tYnAuY2hyemFub3cucGxcL2ZvcnVtcmVnaW9uYWxuZTIwMjBcL3dwLWNvbnRlbnRcL3VwbG9hZHNcLzIwMjBcLzExXC9EU0NfMDU0Ni5qcGciLCJzbGlkZXNob3ciOiI1NWY0YjM3In0%3D\" href='https:\/\/www.mbp.chrzanow.pl\/forumregionalne2020\/wp-content\/uploads\/2020\/11\/DSC_0546.jpg'><img loading=\"lazy\" decoding=\"async\" width=\"1280\" height=\"848\" src=\"https:\/\/www.mbp.chrzanow.pl\/forumregionalne2020\/wp-content\/uploads\/2020\/11\/DSC_0546.jpg\" class=\"attachment-full size-full\" alt=\"\" srcset=\"https:\/\/www.mbp.chrzanow.pl\/forumregionalne2020\/wp-content\/uploads\/2020\/11\/DSC_0546.jpg 1280w, https:\/\/www.mbp.chrzanow.pl\/forumregionalne2020\/wp-content\/uploads\/2020\/11\/DSC_0546-300x199.jpg 300w, https:\/\/www.mbp.chrzanow.pl\/forumregionalne2020\/wp-content\/uploads\/2020\/11\/DSC_0546-1024x678.jpg 1024w, https:\/\/www.mbp.chrzanow.pl\/forumregionalne2020\/wp-content\/uploads\/2020\/11\/DSC_0546-768x509.jpg 768w\" sizes=\"(max-width: 1280px) 100vw, 1280px\" \/><\/a>\n\t\t\t<\/div><\/figure><figure class='gallery-item'>\n\t\t\t<div class='gallery-icon landscape'>\n\t\t\t\t<a data-elementor-open-lightbox=\"yes\" data-elementor-lightbox-slideshow=\"55f4b37\" data-elementor-lightbox-title=\"DSC_0560\" data-e-action-hash=\"#elementor-action%3Aaction%3Dlightbox%26settings%3DeyJpZCI6MjI4NiwidXJsIjoiaHR0cHM6XC9cL3d3dy5tYnAuY2hyemFub3cucGxcL2ZvcnVtcmVnaW9uYWxuZTIwMjBcL3dwLWNvbnRlbnRcL3VwbG9hZHNcLzIwMjBcLzExXC9EU0NfMDU2MC5qcGciLCJzbGlkZXNob3ciOiI1NWY0YjM3In0%3D\" href='https:\/\/www.mbp.chrzanow.pl\/forumregionalne2020\/wp-content\/uploads\/2020\/11\/DSC_0560.jpg'><img loading=\"lazy\" decoding=\"async\" width=\"1280\" height=\"848\" src=\"https:\/\/www.mbp.chrzanow.pl\/forumregionalne2020\/wp-content\/uploads\/2020\/11\/DSC_0560.jpg\" class=\"attachment-full size-full\" alt=\"\" srcset=\"https:\/\/www.mbp.chrzanow.pl\/forumregionalne2020\/wp-content\/uploads\/2020\/11\/DSC_0560.jpg 1280w, https:\/\/www.mbp.chrzanow.pl\/forumregionalne2020\/wp-content\/uploads\/2020\/11\/DSC_0560-300x199.jpg 300w, https:\/\/www.mbp.chrzanow.pl\/forumregionalne2020\/wp-content\/uploads\/2020\/11\/DSC_0560-1024x678.jpg 1024w, https:\/\/www.mbp.chrzanow.pl\/forumregionalne2020\/wp-content\/uploads\/2020\/11\/DSC_0560-768x509.jpg 768w\" sizes=\"(max-width: 1280px) 100vw, 1280px\" \/><\/a>\n\t\t\t<\/div><\/figure><figure class='gallery-item'>\n\t\t\t<div class='gallery-icon landscape'>\n\t\t\t\t<a data-elementor-open-lightbox=\"yes\" data-elementor-lightbox-slideshow=\"55f4b37\" data-elementor-lightbox-title=\"DSC_0563\" data-e-action-hash=\"#elementor-action%3Aaction%3Dlightbox%26settings%3DeyJpZCI6MjI4NywidXJsIjoiaHR0cHM6XC9cL3d3dy5tYnAuY2hyemFub3cucGxcL2ZvcnVtcmVnaW9uYWxuZTIwMjBcL3dwLWNvbnRlbnRcL3VwbG9hZHNcLzIwMjBcLzExXC9EU0NfMDU2My5qcGciLCJzbGlkZXNob3ciOiI1NWY0YjM3In0%3D\" href='https:\/\/www.mbp.chrzanow.pl\/forumregionalne2020\/wp-content\/uploads\/2020\/11\/DSC_0563.jpg'><img loading=\"lazy\" decoding=\"async\" width=\"1280\" height=\"848\" src=\"https:\/\/www.mbp.chrzanow.pl\/forumregionalne2020\/wp-content\/uploads\/2020\/11\/DSC_0563.jpg\" class=\"attachment-full size-full\" alt=\"\" srcset=\"https:\/\/www.mbp.chrzanow.pl\/forumregionalne2020\/wp-content\/uploads\/2020\/11\/DSC_0563.jpg 1280w, https:\/\/www.mbp.chrzanow.pl\/forumregionalne2020\/wp-content\/uploads\/2020\/11\/DSC_0563-300x199.jpg 300w, https:\/\/www.mbp.chrzanow.pl\/forumregionalne2020\/wp-content\/uploads\/2020\/11\/DSC_0563-1024x678.jpg 1024w, https:\/\/www.mbp.chrzanow.pl\/forumregionalne2020\/wp-content\/uploads\/2020\/11\/DSC_0563-768x509.jpg 768w\" sizes=\"(max-width: 1280px) 100vw, 1280px\" \/><\/a>\n\t\t\t<\/div><\/figure>\n\t\t<\/div>\n\t\t<\/div>\n\t\t\t\t\t\t<\/div>\n\t\t\t\t<\/div>\n\t\t\t\t<div class=\"elementor-element elementor-element-fb6fd72 elementor-widget elementor-widget-text-editor\" data-id=\"fb6fd72\" data-element_type=\"widget\" data-e-type=\"widget\" data-widget_type=\"text-editor.default\">\n\t\t\t\t<div class=\"elementor-widget-container\">\n\t\t\t\t\t\t\t\t\t<p>oraz uroczyste rozstrzygni\u0119cie <a href=\"https:\/\/www.mbp.chrzanow.pl\/2020\/09\/konkurs-literacki-na-wspomnienia-pt-opowiesci-o-niewolnosci\/\">konkursu <em>Opowie\u015bci o (nie)wolno\u015bci<\/em>.<\/a><\/p>\t\t\t\t\t\t\t\t<\/div>\n\t\t\t\t<\/div>\n\t\t\t\t<div class=\"elementor-element elementor-element-b41c5e2 elementor-widget elementor-widget-video\" data-id=\"b41c5e2\" data-element_type=\"widget\" data-e-type=\"widget\" data-settings=\"{&quot;youtube_url&quot;:&quot;https:\\\/\\\/www.youtube.com\\\/watch?v=470N6VxCPqo&quot;,&quot;video_type&quot;:&quot;youtube&quot;,&quot;controls&quot;:&quot;yes&quot;}\" data-widget_type=\"video.default\">\n\t\t\t\t<div class=\"elementor-widget-container\">\n\t\t\t\t\t\t\t<div class=\"elementor-wrapper elementor-open-inline\">\n\t\t\t<div class=\"elementor-video\"><\/div>\t\t<\/div>\n\t\t\t\t\t\t<\/div>\n\t\t\t\t<\/div>\n\t\t\t\t<div class=\"elementor-element elementor-element-70e4a10 gallery-spacing-custom elementor-widget elementor-widget-image-gallery\" data-id=\"70e4a10\" data-element_type=\"widget\" data-e-type=\"widget\" data-widget_type=\"image-gallery.default\">\n\t\t\t\t<div class=\"elementor-widget-container\">\n\t\t\t\t\t\t\t<div class=\"elementor-image-gallery\">\n\t\t\t<div id='gallery-3' class='gallery galleryid-2243 gallery-columns-4 gallery-size-full'><figure class='gallery-item'>\n\t\t\t<div class='gallery-icon landscape'>\n\t\t\t\t<a data-elementor-open-lightbox=\"yes\" data-elementor-lightbox-slideshow=\"70e4a10\" data-elementor-lightbox-title=\"DSC_0450\" data-e-action-hash=\"#elementor-action%3Aaction%3Dlightbox%26settings%3DeyJpZCI6MjI5MCwidXJsIjoiaHR0cHM6XC9cL3d3dy5tYnAuY2hyemFub3cucGxcL2ZvcnVtcmVnaW9uYWxuZTIwMjBcL3dwLWNvbnRlbnRcL3VwbG9hZHNcLzIwMjBcLzExXC9EU0NfMDQ1MC5qcGciLCJzbGlkZXNob3ciOiI3MGU0YTEwIn0%3D\" href='https:\/\/www.mbp.chrzanow.pl\/forumregionalne2020\/wp-content\/uploads\/2020\/11\/DSC_0450.jpg'><img loading=\"lazy\" decoding=\"async\" width=\"1280\" height=\"848\" src=\"https:\/\/www.mbp.chrzanow.pl\/forumregionalne2020\/wp-content\/uploads\/2020\/11\/DSC_0450.jpg\" class=\"attachment-full size-full\" alt=\"\" srcset=\"https:\/\/www.mbp.chrzanow.pl\/forumregionalne2020\/wp-content\/uploads\/2020\/11\/DSC_0450.jpg 1280w, https:\/\/www.mbp.chrzanow.pl\/forumregionalne2020\/wp-content\/uploads\/2020\/11\/DSC_0450-300x199.jpg 300w, https:\/\/www.mbp.chrzanow.pl\/forumregionalne2020\/wp-content\/uploads\/2020\/11\/DSC_0450-1024x678.jpg 1024w, https:\/\/www.mbp.chrzanow.pl\/forumregionalne2020\/wp-content\/uploads\/2020\/11\/DSC_0450-768x509.jpg 768w\" sizes=\"(max-width: 1280px) 100vw, 1280px\" \/><\/a>\n\t\t\t<\/div><\/figure><figure class='gallery-item'>\n\t\t\t<div class='gallery-icon landscape'>\n\t\t\t\t<a data-elementor-open-lightbox=\"yes\" data-elementor-lightbox-slideshow=\"70e4a10\" data-elementor-lightbox-title=\"DSC_0468\" data-e-action-hash=\"#elementor-action%3Aaction%3Dlightbox%26settings%3DeyJpZCI6MjI5MSwidXJsIjoiaHR0cHM6XC9cL3d3dy5tYnAuY2hyemFub3cucGxcL2ZvcnVtcmVnaW9uYWxuZTIwMjBcL3dwLWNvbnRlbnRcL3VwbG9hZHNcLzIwMjBcLzExXC9EU0NfMDQ2OC5qcGciLCJzbGlkZXNob3ciOiI3MGU0YTEwIn0%3D\" href='https:\/\/www.mbp.chrzanow.pl\/forumregionalne2020\/wp-content\/uploads\/2020\/11\/DSC_0468.jpg'><img loading=\"lazy\" decoding=\"async\" width=\"1280\" height=\"848\" src=\"https:\/\/www.mbp.chrzanow.pl\/forumregionalne2020\/wp-content\/uploads\/2020\/11\/DSC_0468.jpg\" class=\"attachment-full size-full\" alt=\"\" srcset=\"https:\/\/www.mbp.chrzanow.pl\/forumregionalne2020\/wp-content\/uploads\/2020\/11\/DSC_0468.jpg 1280w, https:\/\/www.mbp.chrzanow.pl\/forumregionalne2020\/wp-content\/uploads\/2020\/11\/DSC_0468-300x199.jpg 300w, https:\/\/www.mbp.chrzanow.pl\/forumregionalne2020\/wp-content\/uploads\/2020\/11\/DSC_0468-1024x678.jpg 1024w, https:\/\/www.mbp.chrzanow.pl\/forumregionalne2020\/wp-content\/uploads\/2020\/11\/DSC_0468-768x509.jpg 768w\" sizes=\"(max-width: 1280px) 100vw, 1280px\" \/><\/a>\n\t\t\t<\/div><\/figure><figure class='gallery-item'>\n\t\t\t<div class='gallery-icon landscape'>\n\t\t\t\t<a data-elementor-open-lightbox=\"yes\" data-elementor-lightbox-slideshow=\"70e4a10\" data-elementor-lightbox-title=\"DSC_0471\" data-e-action-hash=\"#elementor-action%3Aaction%3Dlightbox%26settings%3DeyJpZCI6MjI5MiwidXJsIjoiaHR0cHM6XC9cL3d3dy5tYnAuY2hyemFub3cucGxcL2ZvcnVtcmVnaW9uYWxuZTIwMjBcL3dwLWNvbnRlbnRcL3VwbG9hZHNcLzIwMjBcLzExXC9EU0NfMDQ3MS5qcGciLCJzbGlkZXNob3ciOiI3MGU0YTEwIn0%3D\" href='https:\/\/www.mbp.chrzanow.pl\/forumregionalne2020\/wp-content\/uploads\/2020\/11\/DSC_0471.jpg'><img loading=\"lazy\" decoding=\"async\" width=\"1280\" height=\"848\" src=\"https:\/\/www.mbp.chrzanow.pl\/forumregionalne2020\/wp-content\/uploads\/2020\/11\/DSC_0471.jpg\" class=\"attachment-full size-full\" alt=\"\" srcset=\"https:\/\/www.mbp.chrzanow.pl\/forumregionalne2020\/wp-content\/uploads\/2020\/11\/DSC_0471.jpg 1280w, https:\/\/www.mbp.chrzanow.pl\/forumregionalne2020\/wp-content\/uploads\/2020\/11\/DSC_0471-300x199.jpg 300w, https:\/\/www.mbp.chrzanow.pl\/forumregionalne2020\/wp-content\/uploads\/2020\/11\/DSC_0471-1024x678.jpg 1024w, https:\/\/www.mbp.chrzanow.pl\/forumregionalne2020\/wp-content\/uploads\/2020\/11\/DSC_0471-768x509.jpg 768w\" sizes=\"(max-width: 1280px) 100vw, 1280px\" \/><\/a>\n\t\t\t<\/div><\/figure><figure class='gallery-item'>\n\t\t\t<div class='gallery-icon landscape'>\n\t\t\t\t<a data-elementor-open-lightbox=\"yes\" data-elementor-lightbox-slideshow=\"70e4a10\" data-elementor-lightbox-title=\"DSC_0482\" data-e-action-hash=\"#elementor-action%3Aaction%3Dlightbox%26settings%3DeyJpZCI6MjI5MywidXJsIjoiaHR0cHM6XC9cL3d3dy5tYnAuY2hyemFub3cucGxcL2ZvcnVtcmVnaW9uYWxuZTIwMjBcL3dwLWNvbnRlbnRcL3VwbG9hZHNcLzIwMjBcLzExXC9EU0NfMDQ4Mi5qcGciLCJzbGlkZXNob3ciOiI3MGU0YTEwIn0%3D\" href='https:\/\/www.mbp.chrzanow.pl\/forumregionalne2020\/wp-content\/uploads\/2020\/11\/DSC_0482.jpg'><img loading=\"lazy\" decoding=\"async\" width=\"1280\" height=\"848\" src=\"https:\/\/www.mbp.chrzanow.pl\/forumregionalne2020\/wp-content\/uploads\/2020\/11\/DSC_0482.jpg\" class=\"attachment-full size-full\" alt=\"\" srcset=\"https:\/\/www.mbp.chrzanow.pl\/forumregionalne2020\/wp-content\/uploads\/2020\/11\/DSC_0482.jpg 1280w, https:\/\/www.mbp.chrzanow.pl\/forumregionalne2020\/wp-content\/uploads\/2020\/11\/DSC_0482-300x199.jpg 300w, https:\/\/www.mbp.chrzanow.pl\/forumregionalne2020\/wp-content\/uploads\/2020\/11\/DSC_0482-1024x678.jpg 1024w, https:\/\/www.mbp.chrzanow.pl\/forumregionalne2020\/wp-content\/uploads\/2020\/11\/DSC_0482-768x509.jpg 768w\" sizes=\"(max-width: 1280px) 100vw, 1280px\" \/><\/a>\n\t\t\t<\/div><\/figure><figure class='gallery-item'>\n\t\t\t<div class='gallery-icon landscape'>\n\t\t\t\t<a data-elementor-open-lightbox=\"yes\" data-elementor-lightbox-slideshow=\"70e4a10\" data-elementor-lightbox-title=\"DSC_0437\" data-e-action-hash=\"#elementor-action%3Aaction%3Dlightbox%26settings%3DeyJpZCI6MjI5NCwidXJsIjoiaHR0cHM6XC9cL3d3dy5tYnAuY2hyemFub3cucGxcL2ZvcnVtcmVnaW9uYWxuZTIwMjBcL3dwLWNvbnRlbnRcL3VwbG9hZHNcLzIwMjBcLzExXC9EU0NfMDQzNy5qcGciLCJzbGlkZXNob3ciOiI3MGU0YTEwIn0%3D\" href='https:\/\/www.mbp.chrzanow.pl\/forumregionalne2020\/wp-content\/uploads\/2020\/11\/DSC_0437.jpg'><img loading=\"lazy\" decoding=\"async\" width=\"1280\" height=\"848\" src=\"https:\/\/www.mbp.chrzanow.pl\/forumregionalne2020\/wp-content\/uploads\/2020\/11\/DSC_0437.jpg\" class=\"attachment-full size-full\" alt=\"\" srcset=\"https:\/\/www.mbp.chrzanow.pl\/forumregionalne2020\/wp-content\/uploads\/2020\/11\/DSC_0437.jpg 1280w, https:\/\/www.mbp.chrzanow.pl\/forumregionalne2020\/wp-content\/uploads\/2020\/11\/DSC_0437-300x199.jpg 300w, https:\/\/www.mbp.chrzanow.pl\/forumregionalne2020\/wp-content\/uploads\/2020\/11\/DSC_0437-1024x678.jpg 1024w, https:\/\/www.mbp.chrzanow.pl\/forumregionalne2020\/wp-content\/uploads\/2020\/11\/DSC_0437-768x509.jpg 768w\" sizes=\"(max-width: 1280px) 100vw, 1280px\" \/><\/a>\n\t\t\t<\/div><\/figure><figure class='gallery-item'>\n\t\t\t<div class='gallery-icon landscape'>\n\t\t\t\t<a data-elementor-open-lightbox=\"yes\" data-elementor-lightbox-slideshow=\"70e4a10\" data-elementor-lightbox-title=\"DSC_0439\" data-e-action-hash=\"#elementor-action%3Aaction%3Dlightbox%26settings%3DeyJpZCI6MjI5NSwidXJsIjoiaHR0cHM6XC9cL3d3dy5tYnAuY2hyemFub3cucGxcL2ZvcnVtcmVnaW9uYWxuZTIwMjBcL3dwLWNvbnRlbnRcL3VwbG9hZHNcLzIwMjBcLzExXC9EU0NfMDQzOS5qcGciLCJzbGlkZXNob3ciOiI3MGU0YTEwIn0%3D\" href='https:\/\/www.mbp.chrzanow.pl\/forumregionalne2020\/wp-content\/uploads\/2020\/11\/DSC_0439.jpg'><img loading=\"lazy\" decoding=\"async\" width=\"1280\" height=\"848\" src=\"https:\/\/www.mbp.chrzanow.pl\/forumregionalne2020\/wp-content\/uploads\/2020\/11\/DSC_0439.jpg\" class=\"attachment-full size-full\" alt=\"\" srcset=\"https:\/\/www.mbp.chrzanow.pl\/forumregionalne2020\/wp-content\/uploads\/2020\/11\/DSC_0439.jpg 1280w, https:\/\/www.mbp.chrzanow.pl\/forumregionalne2020\/wp-content\/uploads\/2020\/11\/DSC_0439-300x199.jpg 300w, https:\/\/www.mbp.chrzanow.pl\/forumregionalne2020\/wp-content\/uploads\/2020\/11\/DSC_0439-1024x678.jpg 1024w, https:\/\/www.mbp.chrzanow.pl\/forumregionalne2020\/wp-content\/uploads\/2020\/11\/DSC_0439-768x509.jpg 768w\" sizes=\"(max-width: 1280px) 100vw, 1280px\" \/><\/a>\n\t\t\t<\/div><\/figure><figure class='gallery-item'>\n\t\t\t<div class='gallery-icon landscape'>\n\t\t\t\t<a data-elementor-open-lightbox=\"yes\" data-elementor-lightbox-slideshow=\"70e4a10\" data-elementor-lightbox-title=\"DSC_0443\" data-e-action-hash=\"#elementor-action%3Aaction%3Dlightbox%26settings%3DeyJpZCI6MjI5NiwidXJsIjoiaHR0cHM6XC9cL3d3dy5tYnAuY2hyemFub3cucGxcL2ZvcnVtcmVnaW9uYWxuZTIwMjBcL3dwLWNvbnRlbnRcL3VwbG9hZHNcLzIwMjBcLzExXC9EU0NfMDQ0My5qcGciLCJzbGlkZXNob3ciOiI3MGU0YTEwIn0%3D\" href='https:\/\/www.mbp.chrzanow.pl\/forumregionalne2020\/wp-content\/uploads\/2020\/11\/DSC_0443.jpg'><img loading=\"lazy\" decoding=\"async\" width=\"1280\" height=\"848\" src=\"https:\/\/www.mbp.chrzanow.pl\/forumregionalne2020\/wp-content\/uploads\/2020\/11\/DSC_0443.jpg\" class=\"attachment-full size-full\" alt=\"\" srcset=\"https:\/\/www.mbp.chrzanow.pl\/forumregionalne2020\/wp-content\/uploads\/2020\/11\/DSC_0443.jpg 1280w, https:\/\/www.mbp.chrzanow.pl\/forumregionalne2020\/wp-content\/uploads\/2020\/11\/DSC_0443-300x199.jpg 300w, https:\/\/www.mbp.chrzanow.pl\/forumregionalne2020\/wp-content\/uploads\/2020\/11\/DSC_0443-1024x678.jpg 1024w, https:\/\/www.mbp.chrzanow.pl\/forumregionalne2020\/wp-content\/uploads\/2020\/11\/DSC_0443-768x509.jpg 768w\" sizes=\"(max-width: 1280px) 100vw, 1280px\" \/><\/a>\n\t\t\t<\/div><\/figure><figure class='gallery-item'>\n\t\t\t<div class='gallery-icon landscape'>\n\t\t\t\t<a data-elementor-open-lightbox=\"yes\" data-elementor-lightbox-slideshow=\"70e4a10\" data-elementor-lightbox-title=\"DSC_0496\" data-e-action-hash=\"#elementor-action%3Aaction%3Dlightbox%26settings%3DeyJpZCI6MjI5NywidXJsIjoiaHR0cHM6XC9cL3d3dy5tYnAuY2hyemFub3cucGxcL2ZvcnVtcmVnaW9uYWxuZTIwMjBcL3dwLWNvbnRlbnRcL3VwbG9hZHNcLzIwMjBcLzExXC9EU0NfMDQ5Ni5qcGciLCJzbGlkZXNob3ciOiI3MGU0YTEwIn0%3D\" href='https:\/\/www.mbp.chrzanow.pl\/forumregionalne2020\/wp-content\/uploads\/2020\/11\/DSC_0496.jpg'><img loading=\"lazy\" decoding=\"async\" width=\"1280\" height=\"848\" src=\"https:\/\/www.mbp.chrzanow.pl\/forumregionalne2020\/wp-content\/uploads\/2020\/11\/DSC_0496.jpg\" class=\"attachment-full size-full\" alt=\"\" srcset=\"https:\/\/www.mbp.chrzanow.pl\/forumregionalne2020\/wp-content\/uploads\/2020\/11\/DSC_0496.jpg 1280w, https:\/\/www.mbp.chrzanow.pl\/forumregionalne2020\/wp-content\/uploads\/2020\/11\/DSC_0496-300x199.jpg 300w, https:\/\/www.mbp.chrzanow.pl\/forumregionalne2020\/wp-content\/uploads\/2020\/11\/DSC_0496-1024x678.jpg 1024w, https:\/\/www.mbp.chrzanow.pl\/forumregionalne2020\/wp-content\/uploads\/2020\/11\/DSC_0496-768x509.jpg 768w\" sizes=\"(max-width: 1280px) 100vw, 1280px\" \/><\/a>\n\t\t\t<\/div><\/figure><figure class='gallery-item'>\n\t\t\t<div class='gallery-icon landscape'>\n\t\t\t\t<a data-elementor-open-lightbox=\"yes\" data-elementor-lightbox-slideshow=\"70e4a10\" data-elementor-lightbox-title=\"DSC_0502\" data-e-action-hash=\"#elementor-action%3Aaction%3Dlightbox%26settings%3DeyJpZCI6MjI5OCwidXJsIjoiaHR0cHM6XC9cL3d3dy5tYnAuY2hyemFub3cucGxcL2ZvcnVtcmVnaW9uYWxuZTIwMjBcL3dwLWNvbnRlbnRcL3VwbG9hZHNcLzIwMjBcLzExXC9EU0NfMDUwMi5qcGciLCJzbGlkZXNob3ciOiI3MGU0YTEwIn0%3D\" href='https:\/\/www.mbp.chrzanow.pl\/forumregionalne2020\/wp-content\/uploads\/2020\/11\/DSC_0502.jpg'><img loading=\"lazy\" decoding=\"async\" width=\"1280\" height=\"848\" src=\"https:\/\/www.mbp.chrzanow.pl\/forumregionalne2020\/wp-content\/uploads\/2020\/11\/DSC_0502.jpg\" class=\"attachment-full size-full\" alt=\"\" srcset=\"https:\/\/www.mbp.chrzanow.pl\/forumregionalne2020\/wp-content\/uploads\/2020\/11\/DSC_0502.jpg 1280w, https:\/\/www.mbp.chrzanow.pl\/forumregionalne2020\/wp-content\/uploads\/2020\/11\/DSC_0502-300x199.jpg 300w, https:\/\/www.mbp.chrzanow.pl\/forumregionalne2020\/wp-content\/uploads\/2020\/11\/DSC_0502-1024x678.jpg 1024w, https:\/\/www.mbp.chrzanow.pl\/forumregionalne2020\/wp-content\/uploads\/2020\/11\/DSC_0502-768x509.jpg 768w\" sizes=\"(max-width: 1280px) 100vw, 1280px\" \/><\/a>\n\t\t\t<\/div><\/figure><figure class='gallery-item'>\n\t\t\t<div class='gallery-icon landscape'>\n\t\t\t\t<a data-elementor-open-lightbox=\"yes\" data-elementor-lightbox-slideshow=\"70e4a10\" data-elementor-lightbox-title=\"DSC_0530\" data-e-action-hash=\"#elementor-action%3Aaction%3Dlightbox%26settings%3DeyJpZCI6MjI5OSwidXJsIjoiaHR0cHM6XC9cL3d3dy5tYnAuY2hyemFub3cucGxcL2ZvcnVtcmVnaW9uYWxuZTIwMjBcL3dwLWNvbnRlbnRcL3VwbG9hZHNcLzIwMjBcLzExXC9EU0NfMDUzMC5qcGciLCJzbGlkZXNob3ciOiI3MGU0YTEwIn0%3D\" href='https:\/\/www.mbp.chrzanow.pl\/forumregionalne2020\/wp-content\/uploads\/2020\/11\/DSC_0530.jpg'><img loading=\"lazy\" decoding=\"async\" width=\"1280\" height=\"848\" src=\"https:\/\/www.mbp.chrzanow.pl\/forumregionalne2020\/wp-content\/uploads\/2020\/11\/DSC_0530.jpg\" class=\"attachment-full size-full\" alt=\"\" srcset=\"https:\/\/www.mbp.chrzanow.pl\/forumregionalne2020\/wp-content\/uploads\/2020\/11\/DSC_0530.jpg 1280w, https:\/\/www.mbp.chrzanow.pl\/forumregionalne2020\/wp-content\/uploads\/2020\/11\/DSC_0530-300x199.jpg 300w, https:\/\/www.mbp.chrzanow.pl\/forumregionalne2020\/wp-content\/uploads\/2020\/11\/DSC_0530-1024x678.jpg 1024w, https:\/\/www.mbp.chrzanow.pl\/forumregionalne2020\/wp-content\/uploads\/2020\/11\/DSC_0530-768x509.jpg 768w\" sizes=\"(max-width: 1280px) 100vw, 1280px\" \/><\/a>\n\t\t\t<\/div><\/figure>\n\t\t<\/div>\n\t\t<\/div>\n\t\t\t\t\t\t<\/div>\n\t\t\t\t<\/div>\n\t\t\t\t<div class=\"elementor-element elementor-element-32bf4af elementor-widget elementor-widget-text-editor\" data-id=\"32bf4af\" data-element_type=\"widget\" data-e-type=\"widget\" data-widget_type=\"text-editor.default\">\n\t\t\t\t<div class=\"elementor-widget-container\">\n\t\t\t\t\t\t\t\t\t<section class=\"elementor-section elementor-top-section elementor-element elementor-element-a2e61ea elementor-section-boxed elementor-section-height-default elementor-section-height-default\" data-id=\"a2e61ea\" data-element_type=\"section\"><div class=\"elementor-container elementor-column-gap-default\"><div class=\"elementor-row\"><div class=\"elementor-column elementor-col-100 elementor-top-column elementor-element elementor-element-1ceef29\" data-id=\"1ceef29\" data-element_type=\"column\"><div class=\"elementor-column-wrap elementor-element-populated\"><div class=\"elementor-widget-wrap\"><div class=\"elementor-element elementor-element-efa3f03 elementor-widget elementor-widget-text-editor\" data-id=\"efa3f03\" data-element_type=\"widget\" data-widget_type=\"text-editor.default\"><div class=\"elementor-widget-container\"><div class=\"elementor-text-editor elementor-clearfix\"><p><strong>Drugi dzie\u0144 forum<\/strong> mia\u0142 miejsce w uroczej scenerii <a href=\"http:\/\/mnpe.pl\/\">Muzeum \u2013 Nadwi\u015bla\u0144ski Park Etnograficzny w\u00a0Wygie\u0142zowie i Zamek Lipowiec<\/a>. Wyst\u0105pili:<\/p><ul><li>Grzegorz Or\u0142owski \u2013 <em>Ryszard Kowalski (1939-1983). Dzia\u0142acz Solidarno\u015bci\u00a0<\/em><\/li><li>Zbigniew Duda \u2013 Burmistrz Miasta Trzebini w latach 1991-1998 (obejrzyj <a href=\"https:\/\/www.youtube.com\/watch?v=m5unjGOEfx8\"><strong>tutaj<\/strong><\/a>)<\/li><li>Jan Jarczyk i Czes\u0142aw Ko\u0142odziejczyk \u2013 za\u0142o\u017cyciele Zwi\u0105zku Zawodowego <em>Solidarno\u015b\u0107<\/em> Zak\u0142ad\u00f3w Metalurgicznych w Trzebini (obejrzyj <a href=\"https:\/\/www.youtube.com\/watch?v=JEPwbFuxlsE\"><strong>tutaj<\/strong><\/a>)<\/li><li>dr Jolanta Piskorz \u2013 <em>Inwigilacja trzebi\u0144skiej Solidarno\u015bci przez S\u0142u\u017cb\u0119 Bezpiecze\u0144stwa <\/em>(obejrzyj<a href=\"https:\/\/www.youtube.com\/watch?v=J3NnQ2xdwGw\"> <strong>video poni\u017cej<\/strong><\/a>)<em><br \/><\/em><\/li><li>Alicja Molenda i Roman Liszka \u2013 za\u0142o\u017cyciele Tygodnika Ziemi Chrzanowskiej <em>Prze\u0142om<\/em> (obejrzyj <a href=\"https:\/\/www.youtube.com\/watch?v=Kk6rem_7tfo\"><strong>tutaj<\/strong><\/a>)<\/li><\/ul><\/div><\/div><\/div><\/div><\/div><\/div><\/div><\/div><\/section>\t\t\t\t\t\t\t\t<\/div>\n\t\t\t\t<\/div>\n\t\t\t\t<div class=\"elementor-element elementor-element-6eae996 elementor-widget elementor-widget-video\" data-id=\"6eae996\" data-element_type=\"widget\" data-e-type=\"widget\" data-settings=\"{&quot;youtube_url&quot;:&quot;https:\\\/\\\/www.youtube.com\\\/watch?v=J3NnQ2xdwGw&quot;,&quot;video_type&quot;:&quot;youtube&quot;,&quot;controls&quot;:&quot;yes&quot;}\" data-widget_type=\"video.default\">\n\t\t\t\t<div class=\"elementor-widget-container\">\n\t\t\t\t\t\t\t<div class=\"elementor-wrapper elementor-open-inline\">\n\t\t\t<div class=\"elementor-video\"><\/div>\t\t<\/div>\n\t\t\t\t\t\t<\/div>\n\t\t\t\t<\/div>\n\t\t\t\t<div class=\"elementor-element elementor-element-6f221d0 gallery-spacing-custom elementor-widget elementor-widget-image-gallery\" data-id=\"6f221d0\" data-element_type=\"widget\" data-e-type=\"widget\" data-widget_type=\"image-gallery.default\">\n\t\t\t\t<div class=\"elementor-widget-container\">\n\t\t\t\t\t\t\t<div class=\"elementor-image-gallery\">\n\t\t\t<div id='gallery-4' class='gallery galleryid-2243 gallery-columns-4 gallery-size-full'><figure class='gallery-item'>\n\t\t\t<div class='gallery-icon landscape'>\n\t\t\t\t<a data-elementor-open-lightbox=\"yes\" data-elementor-lightbox-slideshow=\"6f221d0\" data-elementor-lightbox-title=\"DSC_0607\" data-e-action-hash=\"#elementor-action%3Aaction%3Dlightbox%26settings%3DeyJpZCI6MjMwMywidXJsIjoiaHR0cHM6XC9cL3d3dy5tYnAuY2hyemFub3cucGxcL2ZvcnVtcmVnaW9uYWxuZTIwMjBcL3dwLWNvbnRlbnRcL3VwbG9hZHNcLzIwMjBcLzExXC9EU0NfMDYwNy5qcGciLCJzbGlkZXNob3ciOiI2ZjIyMWQwIn0%3D\" href='https:\/\/www.mbp.chrzanow.pl\/forumregionalne2020\/wp-content\/uploads\/2020\/11\/DSC_0607.jpg'><img loading=\"lazy\" decoding=\"async\" width=\"1280\" height=\"848\" src=\"https:\/\/www.mbp.chrzanow.pl\/forumregionalne2020\/wp-content\/uploads\/2020\/11\/DSC_0607.jpg\" class=\"attachment-full size-full\" alt=\"\" srcset=\"https:\/\/www.mbp.chrzanow.pl\/forumregionalne2020\/wp-content\/uploads\/2020\/11\/DSC_0607.jpg 1280w, https:\/\/www.mbp.chrzanow.pl\/forumregionalne2020\/wp-content\/uploads\/2020\/11\/DSC_0607-300x199.jpg 300w, https:\/\/www.mbp.chrzanow.pl\/forumregionalne2020\/wp-content\/uploads\/2020\/11\/DSC_0607-1024x678.jpg 1024w, https:\/\/www.mbp.chrzanow.pl\/forumregionalne2020\/wp-content\/uploads\/2020\/11\/DSC_0607-768x509.jpg 768w\" sizes=\"(max-width: 1280px) 100vw, 1280px\" \/><\/a>\n\t\t\t<\/div><\/figure><figure class='gallery-item'>\n\t\t\t<div class='gallery-icon landscape'>\n\t\t\t\t<a data-elementor-open-lightbox=\"yes\" data-elementor-lightbox-slideshow=\"6f221d0\" data-elementor-lightbox-title=\"DSC_0614\" data-e-action-hash=\"#elementor-action%3Aaction%3Dlightbox%26settings%3DeyJpZCI6MjMwNCwidXJsIjoiaHR0cHM6XC9cL3d3dy5tYnAuY2hyemFub3cucGxcL2ZvcnVtcmVnaW9uYWxuZTIwMjBcL3dwLWNvbnRlbnRcL3VwbG9hZHNcLzIwMjBcLzExXC9EU0NfMDYxNC5qcGciLCJzbGlkZXNob3ciOiI2ZjIyMWQwIn0%3D\" href='https:\/\/www.mbp.chrzanow.pl\/forumregionalne2020\/wp-content\/uploads\/2020\/11\/DSC_0614.jpg'><img loading=\"lazy\" decoding=\"async\" width=\"1280\" height=\"848\" src=\"https:\/\/www.mbp.chrzanow.pl\/forumregionalne2020\/wp-content\/uploads\/2020\/11\/DSC_0614.jpg\" class=\"attachment-full size-full\" alt=\"\" srcset=\"https:\/\/www.mbp.chrzanow.pl\/forumregionalne2020\/wp-content\/uploads\/2020\/11\/DSC_0614.jpg 1280w, https:\/\/www.mbp.chrzanow.pl\/forumregionalne2020\/wp-content\/uploads\/2020\/11\/DSC_0614-300x199.jpg 300w, https:\/\/www.mbp.chrzanow.pl\/forumregionalne2020\/wp-content\/uploads\/2020\/11\/DSC_0614-1024x678.jpg 1024w, https:\/\/www.mbp.chrzanow.pl\/forumregionalne2020\/wp-content\/uploads\/2020\/11\/DSC_0614-768x509.jpg 768w\" sizes=\"(max-width: 1280px) 100vw, 1280px\" \/><\/a>\n\t\t\t<\/div><\/figure><figure class='gallery-item'>\n\t\t\t<div class='gallery-icon landscape'>\n\t\t\t\t<a data-elementor-open-lightbox=\"yes\" data-elementor-lightbox-slideshow=\"6f221d0\" data-elementor-lightbox-title=\"DSC_0619\" data-e-action-hash=\"#elementor-action%3Aaction%3Dlightbox%26settings%3DeyJpZCI6MjMyMywidXJsIjoiaHR0cHM6XC9cL3d3dy5tYnAuY2hyemFub3cucGxcL2ZvcnVtcmVnaW9uYWxuZTIwMjBcL3dwLWNvbnRlbnRcL3VwbG9hZHNcLzIwMjBcLzExXC9EU0NfMDYxOS5qcGciLCJzbGlkZXNob3ciOiI2ZjIyMWQwIn0%3D\" href='https:\/\/www.mbp.chrzanow.pl\/forumregionalne2020\/wp-content\/uploads\/2020\/11\/DSC_0619.jpg'><img loading=\"lazy\" decoding=\"async\" width=\"1280\" height=\"848\" src=\"https:\/\/www.mbp.chrzanow.pl\/forumregionalne2020\/wp-content\/uploads\/2020\/11\/DSC_0619.jpg\" class=\"attachment-full size-full\" alt=\"\" srcset=\"https:\/\/www.mbp.chrzanow.pl\/forumregionalne2020\/wp-content\/uploads\/2020\/11\/DSC_0619.jpg 1280w, https:\/\/www.mbp.chrzanow.pl\/forumregionalne2020\/wp-content\/uploads\/2020\/11\/DSC_0619-300x199.jpg 300w, https:\/\/www.mbp.chrzanow.pl\/forumregionalne2020\/wp-content\/uploads\/2020\/11\/DSC_0619-1024x678.jpg 1024w, https:\/\/www.mbp.chrzanow.pl\/forumregionalne2020\/wp-content\/uploads\/2020\/11\/DSC_0619-768x509.jpg 768w\" sizes=\"(max-width: 1280px) 100vw, 1280px\" \/><\/a>\n\t\t\t<\/div><\/figure><figure class='gallery-item'>\n\t\t\t<div class='gallery-icon landscape'>\n\t\t\t\t<a data-elementor-open-lightbox=\"yes\" data-elementor-lightbox-slideshow=\"6f221d0\" data-elementor-lightbox-title=\"DSC_0705\" data-e-action-hash=\"#elementor-action%3Aaction%3Dlightbox%26settings%3DeyJpZCI6MjMxNiwidXJsIjoiaHR0cHM6XC9cL3d3dy5tYnAuY2hyemFub3cucGxcL2ZvcnVtcmVnaW9uYWxuZTIwMjBcL3dwLWNvbnRlbnRcL3VwbG9hZHNcLzIwMjBcLzExXC9EU0NfMDcwNS5qcGciLCJzbGlkZXNob3ciOiI2ZjIyMWQwIn0%3D\" href='https:\/\/www.mbp.chrzanow.pl\/forumregionalne2020\/wp-content\/uploads\/2020\/11\/DSC_0705.jpg'><img loading=\"lazy\" decoding=\"async\" width=\"1280\" height=\"848\" src=\"https:\/\/www.mbp.chrzanow.pl\/forumregionalne2020\/wp-content\/uploads\/2020\/11\/DSC_0705.jpg\" class=\"attachment-full size-full\" alt=\"\" srcset=\"https:\/\/www.mbp.chrzanow.pl\/forumregionalne2020\/wp-content\/uploads\/2020\/11\/DSC_0705.jpg 1280w, https:\/\/www.mbp.chrzanow.pl\/forumregionalne2020\/wp-content\/uploads\/2020\/11\/DSC_0705-300x199.jpg 300w, https:\/\/www.mbp.chrzanow.pl\/forumregionalne2020\/wp-content\/uploads\/2020\/11\/DSC_0705-1024x678.jpg 1024w, https:\/\/www.mbp.chrzanow.pl\/forumregionalne2020\/wp-content\/uploads\/2020\/11\/DSC_0705-768x509.jpg 768w\" sizes=\"(max-width: 1280px) 100vw, 1280px\" \/><\/a>\n\t\t\t<\/div><\/figure><figure class='gallery-item'>\n\t\t\t<div class='gallery-icon landscape'>\n\t\t\t\t<a data-elementor-open-lightbox=\"yes\" data-elementor-lightbox-slideshow=\"6f221d0\" data-elementor-lightbox-title=\"DSC_0632\" data-e-action-hash=\"#elementor-action%3Aaction%3Dlightbox%26settings%3DeyJpZCI6MjMwOCwidXJsIjoiaHR0cHM6XC9cL3d3dy5tYnAuY2hyemFub3cucGxcL2ZvcnVtcmVnaW9uYWxuZTIwMjBcL3dwLWNvbnRlbnRcL3VwbG9hZHNcLzIwMjBcLzExXC9EU0NfMDYzMi5qcGciLCJzbGlkZXNob3ciOiI2ZjIyMWQwIn0%3D\" href='https:\/\/www.mbp.chrzanow.pl\/forumregionalne2020\/wp-content\/uploads\/2020\/11\/DSC_0632.jpg'><img loading=\"lazy\" decoding=\"async\" width=\"1280\" height=\"848\" src=\"https:\/\/www.mbp.chrzanow.pl\/forumregionalne2020\/wp-content\/uploads\/2020\/11\/DSC_0632.jpg\" class=\"attachment-full size-full\" alt=\"\" srcset=\"https:\/\/www.mbp.chrzanow.pl\/forumregionalne2020\/wp-content\/uploads\/2020\/11\/DSC_0632.jpg 1280w, https:\/\/www.mbp.chrzanow.pl\/forumregionalne2020\/wp-content\/uploads\/2020\/11\/DSC_0632-300x199.jpg 300w, https:\/\/www.mbp.chrzanow.pl\/forumregionalne2020\/wp-content\/uploads\/2020\/11\/DSC_0632-1024x678.jpg 1024w, https:\/\/www.mbp.chrzanow.pl\/forumregionalne2020\/wp-content\/uploads\/2020\/11\/DSC_0632-768x509.jpg 768w\" sizes=\"(max-width: 1280px) 100vw, 1280px\" \/><\/a>\n\t\t\t<\/div><\/figure><figure class='gallery-item'>\n\t\t\t<div class='gallery-icon landscape'>\n\t\t\t\t<a data-elementor-open-lightbox=\"yes\" data-elementor-lightbox-slideshow=\"6f221d0\" data-elementor-lightbox-title=\"DSC_0642\" data-e-action-hash=\"#elementor-action%3Aaction%3Dlightbox%26settings%3DeyJpZCI6MjMwOSwidXJsIjoiaHR0cHM6XC9cL3d3dy5tYnAuY2hyemFub3cucGxcL2ZvcnVtcmVnaW9uYWxuZTIwMjBcL3dwLWNvbnRlbnRcL3VwbG9hZHNcLzIwMjBcLzExXC9EU0NfMDY0Mi5qcGciLCJzbGlkZXNob3ciOiI2ZjIyMWQwIn0%3D\" href='https:\/\/www.mbp.chrzanow.pl\/forumregionalne2020\/wp-content\/uploads\/2020\/11\/DSC_0642.jpg'><img loading=\"lazy\" decoding=\"async\" width=\"1280\" height=\"848\" src=\"https:\/\/www.mbp.chrzanow.pl\/forumregionalne2020\/wp-content\/uploads\/2020\/11\/DSC_0642.jpg\" class=\"attachment-full size-full\" alt=\"\" srcset=\"https:\/\/www.mbp.chrzanow.pl\/forumregionalne2020\/wp-content\/uploads\/2020\/11\/DSC_0642.jpg 1280w, https:\/\/www.mbp.chrzanow.pl\/forumregionalne2020\/wp-content\/uploads\/2020\/11\/DSC_0642-300x199.jpg 300w, https:\/\/www.mbp.chrzanow.pl\/forumregionalne2020\/wp-content\/uploads\/2020\/11\/DSC_0642-1024x678.jpg 1024w, https:\/\/www.mbp.chrzanow.pl\/forumregionalne2020\/wp-content\/uploads\/2020\/11\/DSC_0642-768x509.jpg 768w\" sizes=\"(max-width: 1280px) 100vw, 1280px\" \/><\/a>\n\t\t\t<\/div><\/figure><figure class='gallery-item'>\n\t\t\t<div class='gallery-icon landscape'>\n\t\t\t\t<a data-elementor-open-lightbox=\"yes\" data-elementor-lightbox-slideshow=\"6f221d0\" data-elementor-lightbox-title=\"DSC_0643\" data-e-action-hash=\"#elementor-action%3Aaction%3Dlightbox%26settings%3DeyJpZCI6MjMxMCwidXJsIjoiaHR0cHM6XC9cL3d3dy5tYnAuY2hyemFub3cucGxcL2ZvcnVtcmVnaW9uYWxuZTIwMjBcL3dwLWNvbnRlbnRcL3VwbG9hZHNcLzIwMjBcLzExXC9EU0NfMDY0My5qcGciLCJzbGlkZXNob3ciOiI2ZjIyMWQwIn0%3D\" href='https:\/\/www.mbp.chrzanow.pl\/forumregionalne2020\/wp-content\/uploads\/2020\/11\/DSC_0643.jpg'><img loading=\"lazy\" decoding=\"async\" width=\"1280\" height=\"848\" src=\"https:\/\/www.mbp.chrzanow.pl\/forumregionalne2020\/wp-content\/uploads\/2020\/11\/DSC_0643.jpg\" class=\"attachment-full size-full\" alt=\"\" srcset=\"https:\/\/www.mbp.chrzanow.pl\/forumregionalne2020\/wp-content\/uploads\/2020\/11\/DSC_0643.jpg 1280w, https:\/\/www.mbp.chrzanow.pl\/forumregionalne2020\/wp-content\/uploads\/2020\/11\/DSC_0643-300x199.jpg 300w, https:\/\/www.mbp.chrzanow.pl\/forumregionalne2020\/wp-content\/uploads\/2020\/11\/DSC_0643-1024x678.jpg 1024w, https:\/\/www.mbp.chrzanow.pl\/forumregionalne2020\/wp-content\/uploads\/2020\/11\/DSC_0643-768x509.jpg 768w\" sizes=\"(max-width: 1280px) 100vw, 1280px\" \/><\/a>\n\t\t\t<\/div><\/figure><figure class='gallery-item'>\n\t\t\t<div class='gallery-icon landscape'>\n\t\t\t\t<a data-elementor-open-lightbox=\"yes\" data-elementor-lightbox-slideshow=\"6f221d0\" data-elementor-lightbox-title=\"DSC_0651\" data-e-action-hash=\"#elementor-action%3Aaction%3Dlightbox%26settings%3DeyJpZCI6MjMxMiwidXJsIjoiaHR0cHM6XC9cL3d3dy5tYnAuY2hyemFub3cucGxcL2ZvcnVtcmVnaW9uYWxuZTIwMjBcL3dwLWNvbnRlbnRcL3VwbG9hZHNcLzIwMjBcLzExXC9EU0NfMDY1MS5qcGciLCJzbGlkZXNob3ciOiI2ZjIyMWQwIn0%3D\" href='https:\/\/www.mbp.chrzanow.pl\/forumregionalne2020\/wp-content\/uploads\/2020\/11\/DSC_0651.jpg'><img loading=\"lazy\" decoding=\"async\" width=\"1280\" height=\"848\" src=\"https:\/\/www.mbp.chrzanow.pl\/forumregionalne2020\/wp-content\/uploads\/2020\/11\/DSC_0651.jpg\" class=\"attachment-full size-full\" alt=\"\" srcset=\"https:\/\/www.mbp.chrzanow.pl\/forumregionalne2020\/wp-content\/uploads\/2020\/11\/DSC_0651.jpg 1280w, https:\/\/www.mbp.chrzanow.pl\/forumregionalne2020\/wp-content\/uploads\/2020\/11\/DSC_0651-300x199.jpg 300w, https:\/\/www.mbp.chrzanow.pl\/forumregionalne2020\/wp-content\/uploads\/2020\/11\/DSC_0651-1024x678.jpg 1024w, https:\/\/www.mbp.chrzanow.pl\/forumregionalne2020\/wp-content\/uploads\/2020\/11\/DSC_0651-768x509.jpg 768w\" sizes=\"(max-width: 1280px) 100vw, 1280px\" \/><\/a>\n\t\t\t<\/div><\/figure><figure class='gallery-item'>\n\t\t\t<div class='gallery-icon landscape'>\n\t\t\t\t<a data-elementor-open-lightbox=\"yes\" data-elementor-lightbox-slideshow=\"6f221d0\" data-elementor-lightbox-title=\"DSC_0672\" data-e-action-hash=\"#elementor-action%3Aaction%3Dlightbox%26settings%3DeyJpZCI6MjMxMywidXJsIjoiaHR0cHM6XC9cL3d3dy5tYnAuY2hyemFub3cucGxcL2ZvcnVtcmVnaW9uYWxuZTIwMjBcL3dwLWNvbnRlbnRcL3VwbG9hZHNcLzIwMjBcLzExXC9EU0NfMDY3Mi5qcGciLCJzbGlkZXNob3ciOiI2ZjIyMWQwIn0%3D\" href='https:\/\/www.mbp.chrzanow.pl\/forumregionalne2020\/wp-content\/uploads\/2020\/11\/DSC_0672.jpg'><img loading=\"lazy\" decoding=\"async\" width=\"1280\" height=\"848\" src=\"https:\/\/www.mbp.chrzanow.pl\/forumregionalne2020\/wp-content\/uploads\/2020\/11\/DSC_0672.jpg\" class=\"attachment-full size-full\" alt=\"\" srcset=\"https:\/\/www.mbp.chrzanow.pl\/forumregionalne2020\/wp-content\/uploads\/2020\/11\/DSC_0672.jpg 1280w, https:\/\/www.mbp.chrzanow.pl\/forumregionalne2020\/wp-content\/uploads\/2020\/11\/DSC_0672-300x199.jpg 300w, https:\/\/www.mbp.chrzanow.pl\/forumregionalne2020\/wp-content\/uploads\/2020\/11\/DSC_0672-1024x678.jpg 1024w, https:\/\/www.mbp.chrzanow.pl\/forumregionalne2020\/wp-content\/uploads\/2020\/11\/DSC_0672-768x509.jpg 768w\" sizes=\"(max-width: 1280px) 100vw, 1280px\" \/><\/a>\n\t\t\t<\/div><\/figure><figure class='gallery-item'>\n\t\t\t<div class='gallery-icon landscape'>\n\t\t\t\t<a data-elementor-open-lightbox=\"yes\" data-elementor-lightbox-slideshow=\"6f221d0\" data-elementor-lightbox-title=\"DSC_0678\" data-e-action-hash=\"#elementor-action%3Aaction%3Dlightbox%26settings%3DeyJpZCI6MjMyMiwidXJsIjoiaHR0cHM6XC9cL3d3dy5tYnAuY2hyemFub3cucGxcL2ZvcnVtcmVnaW9uYWxuZTIwMjBcL3dwLWNvbnRlbnRcL3VwbG9hZHNcLzIwMjBcLzExXC9EU0NfMDY3OC5qcGciLCJzbGlkZXNob3ciOiI2ZjIyMWQwIn0%3D\" href='https:\/\/www.mbp.chrzanow.pl\/forumregionalne2020\/wp-content\/uploads\/2020\/11\/DSC_0678.jpg'><img loading=\"lazy\" decoding=\"async\" width=\"1280\" height=\"848\" src=\"https:\/\/www.mbp.chrzanow.pl\/forumregionalne2020\/wp-content\/uploads\/2020\/11\/DSC_0678.jpg\" class=\"attachment-full size-full\" alt=\"\" srcset=\"https:\/\/www.mbp.chrzanow.pl\/forumregionalne2020\/wp-content\/uploads\/2020\/11\/DSC_0678.jpg 1280w, https:\/\/www.mbp.chrzanow.pl\/forumregionalne2020\/wp-content\/uploads\/2020\/11\/DSC_0678-300x199.jpg 300w, https:\/\/www.mbp.chrzanow.pl\/forumregionalne2020\/wp-content\/uploads\/2020\/11\/DSC_0678-1024x678.jpg 1024w, https:\/\/www.mbp.chrzanow.pl\/forumregionalne2020\/wp-content\/uploads\/2020\/11\/DSC_0678-768x509.jpg 768w\" sizes=\"(max-width: 1280px) 100vw, 1280px\" \/><\/a>\n\t\t\t<\/div><\/figure><figure class='gallery-item'>\n\t\t\t<div class='gallery-icon landscape'>\n\t\t\t\t<a data-elementor-open-lightbox=\"yes\" data-elementor-lightbox-slideshow=\"6f221d0\" data-elementor-lightbox-title=\"DSC_0674\" data-e-action-hash=\"#elementor-action%3Aaction%3Dlightbox%26settings%3DeyJpZCI6MjMyMSwidXJsIjoiaHR0cHM6XC9cL3d3dy5tYnAuY2hyemFub3cucGxcL2ZvcnVtcmVnaW9uYWxuZTIwMjBcL3dwLWNvbnRlbnRcL3VwbG9hZHNcLzIwMjBcLzExXC9EU0NfMDY3NC5qcGciLCJzbGlkZXNob3ciOiI2ZjIyMWQwIn0%3D\" href='https:\/\/www.mbp.chrzanow.pl\/forumregionalne2020\/wp-content\/uploads\/2020\/11\/DSC_0674.jpg'><img loading=\"lazy\" decoding=\"async\" width=\"1280\" height=\"848\" src=\"https:\/\/www.mbp.chrzanow.pl\/forumregionalne2020\/wp-content\/uploads\/2020\/11\/DSC_0674.jpg\" class=\"attachment-full size-full\" alt=\"\" srcset=\"https:\/\/www.mbp.chrzanow.pl\/forumregionalne2020\/wp-content\/uploads\/2020\/11\/DSC_0674.jpg 1280w, https:\/\/www.mbp.chrzanow.pl\/forumregionalne2020\/wp-content\/uploads\/2020\/11\/DSC_0674-300x199.jpg 300w, https:\/\/www.mbp.chrzanow.pl\/forumregionalne2020\/wp-content\/uploads\/2020\/11\/DSC_0674-1024x678.jpg 1024w, https:\/\/www.mbp.chrzanow.pl\/forumregionalne2020\/wp-content\/uploads\/2020\/11\/DSC_0674-768x509.jpg 768w\" sizes=\"(max-width: 1280px) 100vw, 1280px\" \/><\/a>\n\t\t\t<\/div><\/figure><figure class='gallery-item'>\n\t\t\t<div class='gallery-icon landscape'>\n\t\t\t\t<a data-elementor-open-lightbox=\"yes\" data-elementor-lightbox-slideshow=\"6f221d0\" data-elementor-lightbox-title=\"DSC_0681\" data-e-action-hash=\"#elementor-action%3Aaction%3Dlightbox%26settings%3DeyJpZCI6MjMxNCwidXJsIjoiaHR0cHM6XC9cL3d3dy5tYnAuY2hyemFub3cucGxcL2ZvcnVtcmVnaW9uYWxuZTIwMjBcL3dwLWNvbnRlbnRcL3VwbG9hZHNcLzIwMjBcLzExXC9EU0NfMDY4MS5qcGciLCJzbGlkZXNob3ciOiI2ZjIyMWQwIn0%3D\" href='https:\/\/www.mbp.chrzanow.pl\/forumregionalne2020\/wp-content\/uploads\/2020\/11\/DSC_0681.jpg'><img loading=\"lazy\" decoding=\"async\" width=\"1280\" height=\"848\" src=\"https:\/\/www.mbp.chrzanow.pl\/forumregionalne2020\/wp-content\/uploads\/2020\/11\/DSC_0681.jpg\" class=\"attachment-full size-full\" alt=\"\" srcset=\"https:\/\/www.mbp.chrzanow.pl\/forumregionalne2020\/wp-content\/uploads\/2020\/11\/DSC_0681.jpg 1280w, https:\/\/www.mbp.chrzanow.pl\/forumregionalne2020\/wp-content\/uploads\/2020\/11\/DSC_0681-300x199.jpg 300w, https:\/\/www.mbp.chrzanow.pl\/forumregionalne2020\/wp-content\/uploads\/2020\/11\/DSC_0681-1024x678.jpg 1024w, https:\/\/www.mbp.chrzanow.pl\/forumregionalne2020\/wp-content\/uploads\/2020\/11\/DSC_0681-768x509.jpg 768w\" sizes=\"(max-width: 1280px) 100vw, 1280px\" \/><\/a>\n\t\t\t<\/div><\/figure><figure class='gallery-item'>\n\t\t\t<div class='gallery-icon landscape'>\n\t\t\t\t<a data-elementor-open-lightbox=\"yes\" data-elementor-lightbox-slideshow=\"6f221d0\" data-elementor-lightbox-title=\"DSC_0628\" data-e-action-hash=\"#elementor-action%3Aaction%3Dlightbox%26settings%3DeyJpZCI6MjMwNywidXJsIjoiaHR0cHM6XC9cL3d3dy5tYnAuY2hyemFub3cucGxcL2ZvcnVtcmVnaW9uYWxuZTIwMjBcL3dwLWNvbnRlbnRcL3VwbG9hZHNcLzIwMjBcLzExXC9EU0NfMDYyOC5qcGciLCJzbGlkZXNob3ciOiI2ZjIyMWQwIn0%3D\" href='https:\/\/www.mbp.chrzanow.pl\/forumregionalne2020\/wp-content\/uploads\/2020\/11\/DSC_0628.jpg'><img loading=\"lazy\" decoding=\"async\" width=\"1280\" height=\"848\" src=\"https:\/\/www.mbp.chrzanow.pl\/forumregionalne2020\/wp-content\/uploads\/2020\/11\/DSC_0628.jpg\" class=\"attachment-full size-full\" alt=\"\" srcset=\"https:\/\/www.mbp.chrzanow.pl\/forumregionalne2020\/wp-content\/uploads\/2020\/11\/DSC_0628.jpg 1280w, https:\/\/www.mbp.chrzanow.pl\/forumregionalne2020\/wp-content\/uploads\/2020\/11\/DSC_0628-300x199.jpg 300w, https:\/\/www.mbp.chrzanow.pl\/forumregionalne2020\/wp-content\/uploads\/2020\/11\/DSC_0628-1024x678.jpg 1024w, https:\/\/www.mbp.chrzanow.pl\/forumregionalne2020\/wp-content\/uploads\/2020\/11\/DSC_0628-768x509.jpg 768w\" sizes=\"(max-width: 1280px) 100vw, 1280px\" \/><\/a>\n\t\t\t<\/div><\/figure><figure class='gallery-item'>\n\t\t\t<div class='gallery-icon landscape'>\n\t\t\t\t<a data-elementor-open-lightbox=\"yes\" data-elementor-lightbox-slideshow=\"6f221d0\" data-elementor-lightbox-title=\"DSC_0698\" data-e-action-hash=\"#elementor-action%3Aaction%3Dlightbox%26settings%3DeyJpZCI6MjMxNSwidXJsIjoiaHR0cHM6XC9cL3d3dy5tYnAuY2hyemFub3cucGxcL2ZvcnVtcmVnaW9uYWxuZTIwMjBcL3dwLWNvbnRlbnRcL3VwbG9hZHNcLzIwMjBcLzExXC9EU0NfMDY5OC5qcGciLCJzbGlkZXNob3ciOiI2ZjIyMWQwIn0%3D\" href='https:\/\/www.mbp.chrzanow.pl\/forumregionalne2020\/wp-content\/uploads\/2020\/11\/DSC_0698.jpg'><img loading=\"lazy\" decoding=\"async\" width=\"1280\" height=\"848\" src=\"https:\/\/www.mbp.chrzanow.pl\/forumregionalne2020\/wp-content\/uploads\/2020\/11\/DSC_0698.jpg\" class=\"attachment-full size-full\" alt=\"\" srcset=\"https:\/\/www.mbp.chrzanow.pl\/forumregionalne2020\/wp-content\/uploads\/2020\/11\/DSC_0698.jpg 1280w, https:\/\/www.mbp.chrzanow.pl\/forumregionalne2020\/wp-content\/uploads\/2020\/11\/DSC_0698-300x199.jpg 300w, https:\/\/www.mbp.chrzanow.pl\/forumregionalne2020\/wp-content\/uploads\/2020\/11\/DSC_0698-1024x678.jpg 1024w, https:\/\/www.mbp.chrzanow.pl\/forumregionalne2020\/wp-content\/uploads\/2020\/11\/DSC_0698-768x509.jpg 768w\" sizes=\"(max-width: 1280px) 100vw, 1280px\" \/><\/a>\n\t\t\t<\/div><\/figure><figure class='gallery-item'>\n\t\t\t<div class='gallery-icon landscape'>\n\t\t\t\t<a data-elementor-open-lightbox=\"yes\" data-elementor-lightbox-slideshow=\"6f221d0\" data-elementor-lightbox-title=\"DSC_0751\" data-e-action-hash=\"#elementor-action%3Aaction%3Dlightbox%26settings%3DeyJpZCI6MjMyMCwidXJsIjoiaHR0cHM6XC9cL3d3dy5tYnAuY2hyemFub3cucGxcL2ZvcnVtcmVnaW9uYWxuZTIwMjBcL3dwLWNvbnRlbnRcL3VwbG9hZHNcLzIwMjBcLzExXC9EU0NfMDc1MS5qcGciLCJzbGlkZXNob3ciOiI2ZjIyMWQwIn0%3D\" href='https:\/\/www.mbp.chrzanow.pl\/forumregionalne2020\/wp-content\/uploads\/2020\/11\/DSC_0751.jpg'><img loading=\"lazy\" decoding=\"async\" width=\"1280\" height=\"848\" src=\"https:\/\/www.mbp.chrzanow.pl\/forumregionalne2020\/wp-content\/uploads\/2020\/11\/DSC_0751.jpg\" class=\"attachment-full size-full\" alt=\"\" srcset=\"https:\/\/www.mbp.chrzanow.pl\/forumregionalne2020\/wp-content\/uploads\/2020\/11\/DSC_0751.jpg 1280w, https:\/\/www.mbp.chrzanow.pl\/forumregionalne2020\/wp-content\/uploads\/2020\/11\/DSC_0751-300x199.jpg 300w, https:\/\/www.mbp.chrzanow.pl\/forumregionalne2020\/wp-content\/uploads\/2020\/11\/DSC_0751-1024x678.jpg 1024w, https:\/\/www.mbp.chrzanow.pl\/forumregionalne2020\/wp-content\/uploads\/2020\/11\/DSC_0751-768x509.jpg 768w\" sizes=\"(max-width: 1280px) 100vw, 1280px\" \/><\/a>\n\t\t\t<\/div><\/figure><figure class='gallery-item'>\n\t\t\t<div class='gallery-icon landscape'>\n\t\t\t\t<a data-elementor-open-lightbox=\"yes\" data-elementor-lightbox-slideshow=\"6f221d0\" data-elementor-lightbox-title=\"DSC_0718\" data-e-action-hash=\"#elementor-action%3Aaction%3Dlightbox%26settings%3DeyJpZCI6MjMxOCwidXJsIjoiaHR0cHM6XC9cL3d3dy5tYnAuY2hyemFub3cucGxcL2ZvcnVtcmVnaW9uYWxuZTIwMjBcL3dwLWNvbnRlbnRcL3VwbG9hZHNcLzIwMjBcLzExXC9EU0NfMDcxOC5qcGciLCJzbGlkZXNob3ciOiI2ZjIyMWQwIn0%3D\" href='https:\/\/www.mbp.chrzanow.pl\/forumregionalne2020\/wp-content\/uploads\/2020\/11\/DSC_0718.jpg'><img loading=\"lazy\" decoding=\"async\" width=\"1280\" height=\"848\" src=\"https:\/\/www.mbp.chrzanow.pl\/forumregionalne2020\/wp-content\/uploads\/2020\/11\/DSC_0718.jpg\" class=\"attachment-full size-full\" alt=\"\" srcset=\"https:\/\/www.mbp.chrzanow.pl\/forumregionalne2020\/wp-content\/uploads\/2020\/11\/DSC_0718.jpg 1280w, https:\/\/www.mbp.chrzanow.pl\/forumregionalne2020\/wp-content\/uploads\/2020\/11\/DSC_0718-300x199.jpg 300w, https:\/\/www.mbp.chrzanow.pl\/forumregionalne2020\/wp-content\/uploads\/2020\/11\/DSC_0718-1024x678.jpg 1024w, https:\/\/www.mbp.chrzanow.pl\/forumregionalne2020\/wp-content\/uploads\/2020\/11\/DSC_0718-768x509.jpg 768w\" sizes=\"(max-width: 1280px) 100vw, 1280px\" \/><\/a>\n\t\t\t<\/div><\/figure><figure class='gallery-item'>\n\t\t\t<div class='gallery-icon landscape'>\n\t\t\t\t<a data-elementor-open-lightbox=\"yes\" data-elementor-lightbox-slideshow=\"6f221d0\" data-elementor-lightbox-title=\"DSC_0727\" data-e-action-hash=\"#elementor-action%3Aaction%3Dlightbox%26settings%3DeyJpZCI6MjMxOSwidXJsIjoiaHR0cHM6XC9cL3d3dy5tYnAuY2hyemFub3cucGxcL2ZvcnVtcmVnaW9uYWxuZTIwMjBcL3dwLWNvbnRlbnRcL3VwbG9hZHNcLzIwMjBcLzExXC9EU0NfMDcyNy5qcGciLCJzbGlkZXNob3ciOiI2ZjIyMWQwIn0%3D\" href='https:\/\/www.mbp.chrzanow.pl\/forumregionalne2020\/wp-content\/uploads\/2020\/11\/DSC_0727.jpg'><img loading=\"lazy\" decoding=\"async\" width=\"1280\" height=\"848\" src=\"https:\/\/www.mbp.chrzanow.pl\/forumregionalne2020\/wp-content\/uploads\/2020\/11\/DSC_0727.jpg\" class=\"attachment-full size-full\" alt=\"\" srcset=\"https:\/\/www.mbp.chrzanow.pl\/forumregionalne2020\/wp-content\/uploads\/2020\/11\/DSC_0727.jpg 1280w, https:\/\/www.mbp.chrzanow.pl\/forumregionalne2020\/wp-content\/uploads\/2020\/11\/DSC_0727-300x199.jpg 300w, https:\/\/www.mbp.chrzanow.pl\/forumregionalne2020\/wp-content\/uploads\/2020\/11\/DSC_0727-1024x678.jpg 1024w, https:\/\/www.mbp.chrzanow.pl\/forumregionalne2020\/wp-content\/uploads\/2020\/11\/DSC_0727-768x509.jpg 768w\" sizes=\"(max-width: 1280px) 100vw, 1280px\" \/><\/a>\n\t\t\t<\/div><\/figure><figure class='gallery-item'>\n\t\t\t<div class='gallery-icon landscape'>\n\t\t\t\t<a data-elementor-open-lightbox=\"yes\" data-elementor-lightbox-slideshow=\"6f221d0\" data-elementor-lightbox-title=\"DSC_0758\" data-e-action-hash=\"#elementor-action%3Aaction%3Dlightbox%26settings%3DeyJpZCI6MjMwMiwidXJsIjoiaHR0cHM6XC9cL3d3dy5tYnAuY2hyemFub3cucGxcL2ZvcnVtcmVnaW9uYWxuZTIwMjBcL3dwLWNvbnRlbnRcL3VwbG9hZHNcLzIwMjBcLzExXC9EU0NfMDc1OC5qcGciLCJzbGlkZXNob3ciOiI2ZjIyMWQwIn0%3D\" href='https:\/\/www.mbp.chrzanow.pl\/forumregionalne2020\/wp-content\/uploads\/2020\/11\/DSC_0758.jpg'><img loading=\"lazy\" decoding=\"async\" width=\"1280\" height=\"848\" src=\"https:\/\/www.mbp.chrzanow.pl\/forumregionalne2020\/wp-content\/uploads\/2020\/11\/DSC_0758.jpg\" class=\"attachment-full size-full\" alt=\"\" srcset=\"https:\/\/www.mbp.chrzanow.pl\/forumregionalne2020\/wp-content\/uploads\/2020\/11\/DSC_0758.jpg 1280w, https:\/\/www.mbp.chrzanow.pl\/forumregionalne2020\/wp-content\/uploads\/2020\/11\/DSC_0758-300x199.jpg 300w, https:\/\/www.mbp.chrzanow.pl\/forumregionalne2020\/wp-content\/uploads\/2020\/11\/DSC_0758-1024x678.jpg 1024w, https:\/\/www.mbp.chrzanow.pl\/forumregionalne2020\/wp-content\/uploads\/2020\/11\/DSC_0758-768x509.jpg 768w\" sizes=\"(max-width: 1280px) 100vw, 1280px\" \/><\/a>\n\t\t\t<\/div><\/figure>\n\t\t<\/div>\n\t\t<\/div>\n\t\t\t\t\t\t<\/div>\n\t\t\t\t<\/div>\n\t\t\t\t<div class=\"elementor-element elementor-element-ce31001 elementor-widget elementor-widget-text-editor\" data-id=\"ce31001\" data-element_type=\"widget\" data-e-type=\"widget\" data-widget_type=\"text-editor.default\">\n\t\t\t\t<div class=\"elementor-widget-container\">\n\t\t\t\t\t\t\t\t\t<p>Po sesji plenarnej uczestnicy i internauci wys\u0142uchali wspania\u0142ego koncertu <em>Tabulatura Joannis de Lublin 1540 \u2013 Sacrum et Profanum<\/em> w wykonaniu zespo\u0142u <a href=\"https:\/\/www.cracowsingers.pl\/pl\/strona-glowna\/\"><em>Cracow Singers<\/em><\/a>.<\/p>\t\t\t\t\t\t\t\t<\/div>\n\t\t\t\t<\/div>\n\t\t\t\t<div class=\"elementor-element elementor-element-56baf87 elementor-widget elementor-widget-video\" data-id=\"56baf87\" data-element_type=\"widget\" data-e-type=\"widget\" data-settings=\"{&quot;youtube_url&quot;:&quot;https:\\\/\\\/www.youtube.com\\\/watch?v=E4CiOxVmHaA&quot;,&quot;video_type&quot;:&quot;youtube&quot;,&quot;controls&quot;:&quot;yes&quot;}\" data-widget_type=\"video.default\">\n\t\t\t\t<div class=\"elementor-widget-container\">\n\t\t\t\t\t\t\t<div class=\"elementor-wrapper elementor-open-inline\">\n\t\t\t<div class=\"elementor-video\"><\/div>\t\t<\/div>\n\t\t\t\t\t\t<\/div>\n\t\t\t\t<\/div>\n\t\t\t\t<div class=\"elementor-element elementor-element-81a186e elementor-widget elementor-widget-text-editor\" data-id=\"81a186e\" data-element_type=\"widget\" data-e-type=\"widget\" data-widget_type=\"text-editor.default\">\n\t\t\t\t<div class=\"elementor-widget-container\">\n\t\t\t\t\t\t\t\t\t<p>Specjalne <strong>podzi\u0119kowania<\/strong> kierujemy do naszych <strong>partner\u00f3w<\/strong>: <a href=\"https:\/\/instytutkorfantego.pl\/\">Instytutu My\u015bli Polskiej im. Wojciecha Korfantego<\/a>, <a href=\"http:\/\/mnpe.pl\/\">Muzeum \u2013 Nadwi\u015bla\u0144ski Park Etnograficzny w Wygie\u0142zowie i Zamek Lipowiec<\/a>.<\/p>\t\t\t\t\t\t\t\t<\/div>\n\t\t\t\t<\/div>\n\t\t\t\t\t<\/div>\n\t\t<\/div>\n\t\t\t\t\t<\/div>\n\t\t<\/section>\n\t\t\t\t<\/div>\n\t\t","protected":false},"excerpt":{"rendered":"<p>Relacja z Forum Regionalnego Mi\u0119dzy Ma\u0142opolsk\u0105 a G\u00f3rnym \u015al\u0105skiem \u201eSolidarni w niepodleg\u0142o\u015bci\u201d 22 \u2013 23 pa\u017adziernika 2020 roku odby\u0142o si\u0119 Forum Regionalne Mi\u0119dzy Ma\u0142opolsk\u0105 a G\u00f3rnym \u015al\u0105skiem, kt\u00f3re by\u0142o podsumowaniem projektu Solidarni w niepodleg\u0142o\u015bci dofinansowanego przez Narodowe Centrum Kultury w ramach programu Kultura interwencje. Patronatem honorowym forum obj\u0119li: Marsza\u0142ek Wojew\u00f3dztwa Ma\u0142opolskiego Witold Koz\u0142owskiMarsza\u0142ek Wojew\u00f3dztwa \u015al\u0105skiego [&hellip;]<\/p>\n","protected":false},"author":1,"featured_media":0,"parent":0,"menu_order":0,"comment_status":"closed","ping_status":"closed","template":"","meta":{"footnotes":""},"class_list":["post-2243","page","type-page","status-publish","hentry"],"_links":{"self":[{"href":"https:\/\/www.mbp.chrzanow.pl\/forumregionalne2020\/index.php\/wp-json\/wp\/v2\/pages\/2243","targetHints":{"allow":["GET"]}}],"collection":[{"href":"https:\/\/www.mbp.chrzanow.pl\/forumregionalne2020\/index.php\/wp-json\/wp\/v2\/pages"}],"about":[{"href":"https:\/\/www.mbp.chrzanow.pl\/forumregionalne2020\/index.php\/wp-json\/wp\/v2\/types\/page"}],"author":[{"embeddable":true,"href":"https:\/\/www.mbp.chrzanow.pl\/forumregionalne2020\/index.php\/wp-json\/wp\/v2\/users\/1"}],"replies":[{"embeddable":true,"href":"https:\/\/www.mbp.chrzanow.pl\/forumregionalne2020\/index.php\/wp-json\/wp\/v2\/comments?post=2243"}],"version-history":[{"count":31,"href":"https:\/\/www.mbp.chrzanow.pl\/forumregionalne2020\/index.php\/wp-json\/wp\/v2\/pages\/2243\/revisions"}],"predecessor-version":[{"id":2427,"href":"https:\/\/www.mbp.chrzanow.pl\/forumregionalne2020\/index.php\/wp-json\/wp\/v2\/pages\/2243\/revisions\/2427"}],"wp:attachment":[{"href":"https:\/\/www.mbp.chrzanow.pl\/forumregionalne2020\/index.php\/wp-json\/wp\/v2\/media?parent=2243"}],"curies":[{"name":"wp","href":"https:\/\/api.w.org\/{rel}","templated":true}]}}