{"id":2265,"date":"2021-07-02T12:30:35","date_gmt":"2021-07-02T10:30:35","guid":{"rendered":"https:\/\/www.mbp.chrzanow.pl\/forumregionalne\/?page_id=2265"},"modified":"2022-02-03T13:02:03","modified_gmt":"2022-02-03T12:02:03","slug":"konkurs","status":"publish","type":"page","link":"https:\/\/www.mbp.chrzanow.pl\/forumregionalne2022\/index.php\/konkurs\/","title":{"rendered":"Konkurs"},"content":{"rendered":"\t\t<div data-elementor-type=\"wp-page\" data-elementor-id=\"2265\" class=\"elementor elementor-2265\">\n\t\t\t\t\t\t<section class=\"elementor-section elementor-top-section elementor-element elementor-element-3f87f16 elementor-section-boxed elementor-section-height-default elementor-section-height-default\" data-id=\"3f87f16\" data-element_type=\"section\" data-e-type=\"section\">\n\t\t\t\t\t\t<div class=\"elementor-container elementor-column-gap-default\">\n\t\t\t\t\t<div class=\"elementor-column elementor-col-100 elementor-top-column elementor-element elementor-element-297bf9f\" data-id=\"297bf9f\" data-element_type=\"column\" data-e-type=\"column\">\n\t\t\t<div class=\"elementor-widget-wrap elementor-element-populated\">\n\t\t\t\t\t\t<div class=\"elementor-element elementor-element-63158cf elementor-widget elementor-widget-heading\" data-id=\"63158cf\" data-element_type=\"widget\" data-e-type=\"widget\" data-widget_type=\"heading.default\">\n\t\t\t\t<div class=\"elementor-widget-container\">\n\t\t\t\t\t<h4 class=\"elementor-heading-title elementor-size-default\">KONKURS<\/h4>\t\t\t\t<\/div>\n\t\t\t\t<\/div>\n\t\t\t\t\t<\/div>\n\t\t<\/div>\n\t\t\t\t\t<\/div>\n\t\t<\/section>\n\t\t\t\t<section class=\"elementor-section elementor-top-section elementor-element elementor-element-c790b5d elementor-section-boxed elementor-section-height-default elementor-section-height-default\" data-id=\"c790b5d\" data-element_type=\"section\" data-e-type=\"section\">\n\t\t\t\t\t\t<div class=\"elementor-container elementor-column-gap-default\">\n\t\t\t\t\t<div class=\"elementor-column elementor-col-100 elementor-top-column elementor-element elementor-element-6e866e0\" data-id=\"6e866e0\" data-element_type=\"column\" data-e-type=\"column\">\n\t\t\t<div class=\"elementor-widget-wrap elementor-element-populated\">\n\t\t\t\t\t\t<div class=\"elementor-element elementor-element-8701245 elementor-widget elementor-widget-spacer\" data-id=\"8701245\" data-element_type=\"widget\" data-e-type=\"widget\" data-widget_type=\"spacer.default\">\n\t\t\t\t<div class=\"elementor-widget-container\">\n\t\t\t\t\t\t\t<div class=\"elementor-spacer\">\n\t\t\t<div class=\"elementor-spacer-inner\"><\/div>\n\t\t<\/div>\n\t\t\t\t\t\t<\/div>\n\t\t\t\t<\/div>\n\t\t\t\t\t<\/div>\n\t\t<\/div>\n\t\t\t\t\t<\/div>\n\t\t<\/section>\n\t\t\t\t<section class=\"elementor-section elementor-top-section elementor-element elementor-element-752d108 elementor-section-boxed elementor-section-height-default elementor-section-height-default\" data-id=\"752d108\" data-element_type=\"section\" data-e-type=\"section\">\n\t\t\t\t\t\t<div class=\"elementor-container elementor-column-gap-default\">\n\t\t\t\t\t<div class=\"elementor-column elementor-col-100 elementor-top-column elementor-element elementor-element-cb8bee8\" data-id=\"cb8bee8\" data-element_type=\"column\" data-e-type=\"column\">\n\t\t\t<div class=\"elementor-widget-wrap elementor-element-populated\">\n\t\t\t\t\t\t<div class=\"elementor-element elementor-element-dd6cc2c elementor-widget elementor-widget-text-editor\" data-id=\"dd6cc2c\" data-element_type=\"widget\" data-e-type=\"widget\" data-widget_type=\"text-editor.default\">\n\t\t\t\t<div class=\"elementor-widget-container\">\n\t\t\t\t\t\t\t\t\tWyniki konkursu fotograficznego i filmowego \u201eEtnoSedno &#8211; tradycja i wsp\u00f3\u0142czesno\u015b\u0107 kultury ludowej Ma\u0142opolski i G\u00f3rnego \u015al\u0105ska\u201d, dofinansowanego przez Ministerstwo Kultury i Dziedzictwa Narodowego pochodz\u0105cych z Funduszu Promocji Kultury.\t\t\t\t\t\t\t\t<\/div>\n\t\t\t\t<\/div>\n\t\t\t\t\t<\/div>\n\t\t<\/div>\n\t\t\t\t\t<\/div>\n\t\t<\/section>\n\t\t\t\t<section class=\"elementor-section elementor-top-section elementor-element elementor-element-ce44d3d elementor-section-boxed elementor-section-height-default elementor-section-height-default\" data-id=\"ce44d3d\" data-element_type=\"section\" data-e-type=\"section\">\n\t\t\t\t\t\t<div class=\"elementor-container elementor-column-gap-default\">\n\t\t\t\t\t<div class=\"elementor-column elementor-col-100 elementor-top-column elementor-element elementor-element-85381b0\" data-id=\"85381b0\" data-element_type=\"column\" data-e-type=\"column\">\n\t\t\t<div class=\"elementor-widget-wrap elementor-element-populated\">\n\t\t\t\t\t\t<div class=\"elementor-element elementor-element-db4d5f2 elementor-widget elementor-widget-text-editor\" data-id=\"db4d5f2\" data-element_type=\"widget\" data-e-type=\"widget\" data-widget_type=\"text-editor.default\">\n\t\t\t\t<div class=\"elementor-widget-container\">\n\t\t\t\t\t\t\t\t\tOceny prac zg\u0142oszonych do konkursu dokona\u0142a powo\u0142ana przez Organizator\u00f3w Komisja Konkursowa w sk\u0142adzie:\n<\/br><\/br>\n<b>Anna Siewiorek<\/b> \u2013 Dyrektor Miejskiej Biblioteki Publicznej w Chrzanowie\n<br>\n<b>Ma\u0142gorzata Mazur<\/b> \u2013 zast\u0119pca Dyrektora Instytutu My\u015bli Polskiej im. W. Korfantego w Katowicach\n<\/br>\n<b>Piotr Bujakiewicz<\/b> \u2013 zast\u0119pca Dyrektora Muzeum &#8211; Nadwi\u015bla\u0144skiego Parku Etnograficznego w Wygie\u0142zowie i Zamku Lipowiec\t\t\t\t\t\t\t\t<\/div>\n\t\t\t\t<\/div>\n\t\t\t\t<div class=\"elementor-element elementor-element-01d542c elementor-widget elementor-widget-text-editor\" data-id=\"01d542c\" data-element_type=\"widget\" data-e-type=\"widget\" data-widget_type=\"text-editor.default\">\n\t\t\t\t<div class=\"elementor-widget-container\">\n\t\t\t\t\t\t\t\t\tOcenie Komisji Konkursowej podlega\u0142y nast\u0119puj\u0105ce aspekty pracy: pomys\u0142owo\u015b\u0107, zgodno\u015b\u0107 z tematem, jako\u015b\u0107 wykonania, kompozycja.\n<\/br>\nPo ocenie nades\u0142anych na konkurs prac, w dw\u00f3ch kategoriach fotograficznej i filmowej, Komisja Konkursowa postanowi\u0142a uhonorowa\u0107 nast\u0119puj\u0105cych uczestnik\u00f3w:\n<\/br><\/br>\n<b>Kategoria fotografia:<\/b>\n<\/br>\n<span style=\"margin-left: 40px;\">1 miejsce:<\/span><\/br>\n\n<span style=\"margin-left: 60px;\">autor: <b>Mi\u0142osz Jochymek<\/b><\/span><\/br>\n\n<span style=\"margin-left: 60px;\">tytu\u0142 pracy: <b>Do\u017cynki<\/b><\/span><\/br>\n\n<span style=\"margin-left: 40px;\">2 miejsce:<\/br>\n<\/span>\n\n<span style=\"margin-left: 60px;\">autor: <b>Agnieszka Rejdych<\/b><\/span><\/br>\n\n<span style=\"margin-left: 60px;\">tytu\u0142 pracy: <b>Ma\u0142y cz\u0142owiek-50 lat p\u00f3\u017aniej<\/b><\/span><\/br>\n\n<span style=\"margin-left: 40px;\">3 miejsce:<\/br>\n<\/span>\n\n<span style=\"margin-left: 60px;\">autor: <b>Rados\u0142aw Jochymek<\/b><\/span><\/br>\n\n<span style=\"margin-left: 60px;\">tytu\u0142 pracy: <b>Krakowiacy czy \u015al\u0105zacy?<\/b><\/span><\/br><\/br>\n\n<span style=\"margin-left: 40px;\">Wyr\u00f3\u017cnienie:<\/br>\n<\/span>\n\n<span style=\"margin-left: 60px;\">autor: <b>Nikola \u017bbik<\/b><\/span><\/br>\n\n<span style=\"margin-left: 60px;\">tytu\u0142 pracy: <b>No to lepimy<\/b><\/span><\/br>\n\n<\/br><\/br>\n<b>Kategoria filmowa:<\/b>\n<\/br>\n\n<span style=\"margin-left: 40px;\">1 miejsce:<\/span><\/br>\n\n<span style=\"margin-left: 60px;\">autor: <b>Maciej Kasperek<\/b><\/span><\/br>\n\n<span style=\"margin-left: 60px;\">tytu\u0142 pracy: <b>Kultura ludowa wczoraj i dzi\u015b. Ma\u0142opolska<\/b><\/span><\/br>\n\n<span style=\"margin-left: 40px;\">2 miejsce:<\/span><\/br>\n\n<span style=\"margin-left: 60px;\">autor: <b>Zuzanna Kania<\/b><\/span><\/br>\n\n<span style=\"margin-left: 60px;\">tytu\u0142 pracy: <b>Nitk\u0105, ig\u0142\u0105 i szyde\u0142kiem<\/b><\/span><\/br>\t\t\t\t\t\t\t\t<\/div>\n\t\t\t\t<\/div>\n\t\t\t\t<div class=\"elementor-element elementor-element-6c5fbd7 elementor-widget elementor-widget-text-editor\" data-id=\"6c5fbd7\" data-element_type=\"widget\" data-e-type=\"widget\" data-widget_type=\"text-editor.default\">\n\t\t\t\t<div class=\"elementor-widget-container\">\n\t\t\t\t\t\t\t\t\tPula wszystkich nagr\u00f3d w dw\u00f3ch kategoriach wynosi 2000 z\u0142 (s\u0142ownie: dwa tysi\u0105ce z\u0142otych).\n<\/br>\nDecyzja Komisji Konkursowej jest ostateczna.\n\nOrganizatorzy konkursu dzi\u0119kuj\u0105 wszystkim uczestnikom za udzia\u0142, doceniaj\u0105c ich wk\u0142ad i zaanga\u017cowanie.\n\nWr\u0119czenie nagr\u00f3d finansowych nast\u0105pi w dniu 17 listopada 2021 podczas Forum Regionalnego \u201eMi\u0119dzy Ma\u0142opolsk\u0105 a G\u00f3rnym \u015al\u0105skiem\u201d w Instytucie My\u015bli Polskiej im. W. Korfantego w Katowicach, ul. Teatralna 4, oko\u0142o godziny 16.30, zgodnie z programem Forum ustalonym na ten dzie\u0144. Szczeg\u00f3\u0142owy plan Forum Regionalnego dost\u0119pny jest na stronie Miejskiej Biblioteki Publicznej w Chrzanowie .\t\t\t\t\t\t\t\t<\/div>\n\t\t\t\t<\/div>\n\t\t\t\t\t<\/div>\n\t\t<\/div>\n\t\t\t\t\t<\/div>\n\t\t<\/section>\n\t\t\t\t<section class=\"elementor-section elementor-top-section elementor-element elementor-element-bc89620 elementor-section-boxed elementor-section-height-default elementor-section-height-default\" data-id=\"bc89620\" data-element_type=\"section\" data-e-type=\"section\">\n\t\t\t\t\t\t<div class=\"elementor-container elementor-column-gap-default\">\n\t\t\t\t\t<div class=\"elementor-column elementor-col-33 elementor-top-column elementor-element elementor-element-e443b3d\" data-id=\"e443b3d\" data-element_type=\"column\" data-e-type=\"column\">\n\t\t\t<div class=\"elementor-widget-wrap elementor-element-populated\">\n\t\t\t\t\t\t<div class=\"elementor-element elementor-element-a729791 elementor-widget elementor-widget-image\" data-id=\"a729791\" data-element_type=\"widget\" data-e-type=\"widget\" data-widget_type=\"image.default\">\n\t\t\t\t<div class=\"elementor-widget-container\">\n\t\t\t\t\t\t\t\t\t\t\t\t\t\t\t\t<a href=\"https:\/\/www.mbp.chrzanow.pl\/forumregionalne\/wp-content\/uploads\/2021\/09\/konkurs_EtnoSedno__regulamin_termin_20_09_2021.pdf\" target=\"_blank\">\n\t\t\t\t\t\t\t<img fetchpriority=\"high\" decoding=\"async\" width=\"980\" height=\"589\" src=\"https:\/\/www.mbp.chrzanow.pl\/forumregionalne2022\/wp-content\/uploads\/2021\/07\/1-1024x615.png\" class=\"elementor-animation-grow attachment-large size-large wp-image-2326\" alt=\"\" srcset=\"https:\/\/www.mbp.chrzanow.pl\/forumregionalne2022\/wp-content\/uploads\/2021\/07\/1-1024x615.png 1024w, https:\/\/www.mbp.chrzanow.pl\/forumregionalne2022\/wp-content\/uploads\/2021\/07\/1-300x180.png 300w, https:\/\/www.mbp.chrzanow.pl\/forumregionalne2022\/wp-content\/uploads\/2021\/07\/1-768x461.png 768w, https:\/\/www.mbp.chrzanow.pl\/forumregionalne2022\/wp-content\/uploads\/2021\/07\/1.png 1185w\" sizes=\"(max-width: 980px) 100vw, 980px\" \/>\t\t\t\t\t\t\t\t<\/a>\n\t\t\t\t\t\t\t\t\t\t\t\t\t\t\t<\/div>\n\t\t\t\t<\/div>\n\t\t\t\t\t<\/div>\n\t\t<\/div>\n\t\t\t\t<div class=\"elementor-column elementor-col-33 elementor-top-column elementor-element elementor-element-fa22fb4\" data-id=\"fa22fb4\" data-element_type=\"column\" data-e-type=\"column\">\n\t\t\t<div class=\"elementor-widget-wrap elementor-element-populated\">\n\t\t\t\t\t\t<div class=\"elementor-element elementor-element-f4008af elementor-widget elementor-widget-image\" data-id=\"f4008af\" data-element_type=\"widget\" data-e-type=\"widget\" data-widget_type=\"image.default\">\n\t\t\t\t<div class=\"elementor-widget-container\">\n\t\t\t\t\t\t\t\t\t\t\t\t\t\t\t<img decoding=\"async\" width=\"980\" height=\"590\" src=\"https:\/\/www.mbp.chrzanow.pl\/forumregionalne2022\/wp-content\/uploads\/2021\/07\/2-1024x616.png\" class=\"elementor-animation-grow attachment-large size-large wp-image-2327\" alt=\"\" srcset=\"https:\/\/www.mbp.chrzanow.pl\/forumregionalne2022\/wp-content\/uploads\/2021\/07\/2-1024x616.png 1024w, https:\/\/www.mbp.chrzanow.pl\/forumregionalne2022\/wp-content\/uploads\/2021\/07\/2-300x180.png 300w, https:\/\/www.mbp.chrzanow.pl\/forumregionalne2022\/wp-content\/uploads\/2021\/07\/2-768x462.png 768w, https:\/\/www.mbp.chrzanow.pl\/forumregionalne2022\/wp-content\/uploads\/2021\/07\/2.png 1184w\" sizes=\"(max-width: 980px) 100vw, 980px\" \/>\t\t\t\t\t\t\t\t\t\t\t\t\t\t\t<\/div>\n\t\t\t\t<\/div>\n\t\t\t\t\t<\/div>\n\t\t<\/div>\n\t\t\t\t<div class=\"elementor-column elementor-col-33 elementor-top-column elementor-element elementor-element-d198d19\" data-id=\"d198d19\" data-element_type=\"column\" data-e-type=\"column\">\n\t\t\t<div class=\"elementor-widget-wrap elementor-element-populated\">\n\t\t\t\t\t\t<div class=\"elementor-element elementor-element-a1acfc2 elementor-widget elementor-widget-image\" data-id=\"a1acfc2\" data-element_type=\"widget\" data-e-type=\"widget\" data-settings=\"{&quot;_animation&quot;:&quot;none&quot;}\" data-widget_type=\"image.default\">\n\t\t\t\t<div class=\"elementor-widget-container\">\n\t\t\t\t\t\t\t\t\t\t\t\t\t\t\t<img decoding=\"async\" width=\"980\" height=\"590\" src=\"https:\/\/www.mbp.chrzanow.pl\/forumregionalne2022\/wp-content\/uploads\/2021\/07\/3-1024x616.png\" class=\"elementor-animation-grow attachment-large size-large wp-image-2328\" alt=\"\" srcset=\"https:\/\/www.mbp.chrzanow.pl\/forumregionalne2022\/wp-content\/uploads\/2021\/07\/3-1024x616.png 1024w, https:\/\/www.mbp.chrzanow.pl\/forumregionalne2022\/wp-content\/uploads\/2021\/07\/3-300x180.png 300w, https:\/\/www.mbp.chrzanow.pl\/forumregionalne2022\/wp-content\/uploads\/2021\/07\/3-768x462.png 768w, https:\/\/www.mbp.chrzanow.pl\/forumregionalne2022\/wp-content\/uploads\/2021\/07\/3.png 1184w\" sizes=\"(max-width: 980px) 100vw, 980px\" \/>\t\t\t\t\t\t\t\t\t\t\t\t\t\t\t<\/div>\n\t\t\t\t<\/div>\n\t\t\t\t\t<\/div>\n\t\t<\/div>\n\t\t\t\t\t<\/div>\n\t\t<\/section>\n\t\t\t\t<section class=\"elementor-section elementor-top-section elementor-element elementor-element-e2c58d5 elementor-section-stretched elementor-section-boxed elementor-section-height-default elementor-section-height-default\" data-id=\"e2c58d5\" data-element_type=\"section\" data-e-type=\"section\" data-settings=\"{&quot;stretch_section&quot;:&quot;section-stretched&quot;}\">\n\t\t\t\t\t\t<div class=\"elementor-container elementor-column-gap-default\">\n\t\t\t\t\t<div class=\"elementor-column elementor-col-100 elementor-top-column elementor-element elementor-element-bfbcc36\" data-id=\"bfbcc36\" data-element_type=\"column\" data-e-type=\"column\">\n\t\t\t<div class=\"elementor-widget-wrap elementor-element-populated\">\n\t\t\t\t\t\t<div class=\"elementor-element elementor-element-fc2c0b4 elementor-widget elementor-widget-spacer\" data-id=\"fc2c0b4\" data-element_type=\"widget\" data-e-type=\"widget\" data-widget_type=\"spacer.default\">\n\t\t\t\t<div class=\"elementor-widget-container\">\n\t\t\t\t\t\t\t<div class=\"elementor-spacer\">\n\t\t\t<div class=\"elementor-spacer-inner\"><\/div>\n\t\t<\/div>\n\t\t\t\t\t\t<\/div>\n\t\t\t\t<\/div>\n\t\t\t\t\t<\/div>\n\t\t<\/div>\n\t\t\t\t\t<\/div>\n\t\t<\/section>\n\t\t\t\t<section class=\"elementor-section elementor-top-section elementor-element elementor-element-5254055 elementor-section-boxed elementor-section-height-default elementor-section-height-default\" data-id=\"5254055\" data-element_type=\"section\" data-e-type=\"section\">\n\t\t\t\t\t\t<div class=\"elementor-container elementor-column-gap-default\">\n\t\t\t\t\t<div class=\"elementor-column elementor-col-100 elementor-top-column elementor-element elementor-element-f4917eb\" data-id=\"f4917eb\" data-element_type=\"column\" data-e-type=\"column\">\n\t\t\t<div class=\"elementor-widget-wrap elementor-element-populated\">\n\t\t\t\t\t\t<div class=\"elementor-element elementor-element-db06c0c elementor-widget elementor-widget-text-editor\" data-id=\"db06c0c\" data-element_type=\"widget\" data-e-type=\"widget\" data-widget_type=\"text-editor.default\">\n\t\t\t\t<div class=\"elementor-widget-container\">\n\t\t\t\t\t\t\t\t\tDofinansowane ze \u015brodk\u00f3w Ministra Kultury, Dziedzictwa Narodowego i Sportu <\/br>pochodz\u0105cych z Funduszu Promocji Kultury.\t\t\t\t\t\t\t\t<\/div>\n\t\t\t\t<\/div>\n\t\t\t\t\t<\/div>\n\t\t<\/div>\n\t\t\t\t\t<\/div>\n\t\t<\/section>\n\t\t\t\t<section class=\"elementor-section elementor-top-section elementor-element elementor-element-0b9fe8a elementor-section-boxed elementor-section-height-default elementor-section-height-default\" data-id=\"0b9fe8a\" data-element_type=\"section\" data-e-type=\"section\">\n\t\t\t\t\t\t<div class=\"elementor-container elementor-column-gap-default\">\n\t\t\t\t\t<div class=\"elementor-column elementor-col-100 elementor-top-column elementor-element elementor-element-d7db43b\" data-id=\"d7db43b\" data-element_type=\"column\" data-e-type=\"column\">\n\t\t\t<div class=\"elementor-widget-wrap elementor-element-populated\">\n\t\t\t\t\t\t<div class=\"elementor-element elementor-element-061850e elementor-widget elementor-widget-image\" data-id=\"061850e\" data-element_type=\"widget\" data-e-type=\"widget\" data-widget_type=\"image.default\">\n\t\t\t\t<div class=\"elementor-widget-container\">\n\t\t\t\t\t\t\t\t\t\t\t\t\t\t\t<img loading=\"lazy\" decoding=\"async\" width=\"980\" height=\"56\" src=\"https:\/\/www.mbp.chrzanow.pl\/forumregionalne2022\/wp-content\/uploads\/2021\/07\/banery-na-gotowo-1-1-1024x59.png\" class=\"attachment-large size-large wp-image-2404\" alt=\"\" srcset=\"https:\/\/www.mbp.chrzanow.pl\/forumregionalne2022\/wp-content\/uploads\/2021\/07\/banery-na-gotowo-1-1-1024x59.png 1024w, https:\/\/www.mbp.chrzanow.pl\/forumregionalne2022\/wp-content\/uploads\/2021\/07\/banery-na-gotowo-1-1-300x17.png 300w, https:\/\/www.mbp.chrzanow.pl\/forumregionalne2022\/wp-content\/uploads\/2021\/07\/banery-na-gotowo-1-1-768x44.png 768w, https:\/\/www.mbp.chrzanow.pl\/forumregionalne2022\/wp-content\/uploads\/2021\/07\/banery-na-gotowo-1-1-1536x88.png 1536w, https:\/\/www.mbp.chrzanow.pl\/forumregionalne2022\/wp-content\/uploads\/2021\/07\/banery-na-gotowo-1-1-2048x117.png 2048w\" sizes=\"(max-width: 980px) 100vw, 980px\" \/>\t\t\t\t\t\t\t\t\t\t\t\t\t\t\t<\/div>\n\t\t\t\t<\/div>\n\t\t\t\t\t<\/div>\n\t\t<\/div>\n\t\t\t\t\t<\/div>\n\t\t<\/section>\n\t\t\t\t<\/div>\n\t\t","protected":false},"excerpt":{"rendered":"<p>KONKURS Wyniki konkursu fotograficznego i filmowego \u201eEtnoSedno &#8211; tradycja i wsp\u00f3\u0142czesno\u015b\u0107 kultury ludowej Ma\u0142opolski i G\u00f3rnego \u015al\u0105ska\u201d, dofinansowanego przez Ministerstwo Kultury i Dziedzictwa Narodowego pochodz\u0105cych z Funduszu Promocji Kultury.Oceny prac zg\u0142oszonych do konkursu dokona\u0142a powo\u0142ana przez Organizator\u00f3w Komisja Konkursowa w sk\u0142adzie: Anna Siewiorek \u2013 Dyrektor Miejskiej Biblioteki Publicznej w Chrzanowie Ma\u0142gorzata Mazur \u2013 zast\u0119pca Dyrektora [&hellip;]<\/p>\n","protected":false},"author":1,"featured_media":0,"parent":0,"menu_order":0,"comment_status":"closed","ping_status":"closed","template":"","meta":{"footnotes":""},"class_list":["post-2265","page","type-page","status-publish","hentry"],"_links":{"self":[{"href":"https:\/\/www.mbp.chrzanow.pl\/forumregionalne2022\/index.php\/wp-json\/wp\/v2\/pages\/2265","targetHints":{"allow":["GET"]}}],"collection":[{"href":"https:\/\/www.mbp.chrzanow.pl\/forumregionalne2022\/index.php\/wp-json\/wp\/v2\/pages"}],"about":[{"href":"https:\/\/www.mbp.chrzanow.pl\/forumregionalne2022\/index.php\/wp-json\/wp\/v2\/types\/page"}],"author":[{"embeddable":true,"href":"https:\/\/www.mbp.chrzanow.pl\/forumregionalne2022\/index.php\/wp-json\/wp\/v2\/users\/1"}],"replies":[{"embeddable":true,"href":"https:\/\/www.mbp.chrzanow.pl\/forumregionalne2022\/index.php\/wp-json\/wp\/v2\/comments?post=2265"}],"version-history":[{"count":89,"href":"https:\/\/www.mbp.chrzanow.pl\/forumregionalne2022\/index.php\/wp-json\/wp\/v2\/pages\/2265\/revisions"}],"predecessor-version":[{"id":3196,"href":"https:\/\/www.mbp.chrzanow.pl\/forumregionalne2022\/index.php\/wp-json\/wp\/v2\/pages\/2265\/revisions\/3196"}],"wp:attachment":[{"href":"https:\/\/www.mbp.chrzanow.pl\/forumregionalne2022\/index.php\/wp-json\/wp\/v2\/media?parent=2265"}],"curies":[{"name":"wp","href":"https:\/\/api.w.org\/{rel}","templated":true}]}}