{"id":282,"date":"2017-08-10T08:10:11","date_gmt":"2017-08-10T06:10:11","guid":{"rendered":"http:\/\/www.mbp.chrzanow.pl\/forumregionalne\/?page_id=282"},"modified":"2022-11-03T13:46:25","modified_gmt":"2022-11-03T12:46:25","slug":"rejestracja-prelegentow","status":"publish","type":"page","link":"https:\/\/www.mbp.chrzanow.pl\/forumregionalne2022\/index.php\/rejestracja-prelegentow\/","title":{"rendered":"REJESTRACJA PRELEGENT\u00d3W"},"content":{"rendered":"\t\t<div data-elementor-type=\"wp-post\" data-elementor-id=\"282\" class=\"elementor elementor-282\">\n\t\t\t\t\t\t<section class=\"elementor-section elementor-top-section elementor-element elementor-element-38e8adf7 elementor-section-content-middle elementor-section-boxed elementor-section-height-default elementor-section-height-default\" data-id=\"38e8adf7\" data-element_type=\"section\" data-e-type=\"section\">\n\t\t\t\t\t\t<div class=\"elementor-container elementor-column-gap-no\">\n\t\t\t\t\t<div class=\"elementor-column elementor-col-50 elementor-top-column elementor-element elementor-element-13189da8\" data-id=\"13189da8\" data-element_type=\"column\" data-e-type=\"column\">\n\t\t\t<div class=\"elementor-widget-wrap elementor-element-populated\">\n\t\t\t\t\t\t<div class=\"elementor-element elementor-element-5374107b elementor-widget elementor-widget-heading\" data-id=\"5374107b\" data-element_type=\"widget\" data-e-type=\"widget\" data-widget_type=\"heading.default\">\n\t\t\t\t<div class=\"elementor-widget-container\">\n\t\t\t\t\t<h4 class=\"elementor-heading-title elementor-size-default\">ZG\u0141OSZENIE<br>REFERAT\u00d3W DO<\/h4>\t\t\t\t<\/div>\n\t\t\t\t<\/div>\n\t\t\t\t\t<\/div>\n\t\t<\/div>\n\t\t\t\t<div class=\"elementor-column elementor-col-50 elementor-top-column elementor-element elementor-element-7a401758\" data-id=\"7a401758\" data-element_type=\"column\" data-e-type=\"column\">\n\t\t\t<div class=\"elementor-widget-wrap elementor-element-populated\">\n\t\t\t\t\t\t<div class=\"elementor-element elementor-element-3200f18f elementor-widget elementor-widget-text-editor\" data-id=\"3200f18f\" data-element_type=\"widget\" data-e-type=\"widget\" data-widget_type=\"text-editor.default\">\n\t\t\t\t<div class=\"elementor-widget-container\">\n\t\t\t\t\t\t\t\t\t<h3>10.11.2022<\/h3>\t\t\t\t\t\t\t\t<\/div>\n\t\t\t\t<\/div>\n\t\t\t\t\t<\/div>\n\t\t<\/div>\n\t\t\t\t\t<\/div>\n\t\t<\/section>\n\t\t\t\t<section class=\"elementor-section elementor-top-section elementor-element elementor-element-9725911 elementor-section-boxed elementor-section-height-default elementor-section-height-default\" data-id=\"9725911\" data-element_type=\"section\" data-e-type=\"section\">\n\t\t\t\t\t\t<div class=\"elementor-container elementor-column-gap-default\">\n\t\t\t\t\t<div class=\"elementor-column elementor-col-100 elementor-top-column elementor-element elementor-element-12f6be0\" data-id=\"12f6be0\" data-element_type=\"column\" data-e-type=\"column\">\n\t\t\t<div class=\"elementor-widget-wrap elementor-element-populated\">\n\t\t\t\t\t\t<div class=\"elementor-element elementor-element-129d972 elementor-widget elementor-widget-text-editor\" data-id=\"129d972\" data-element_type=\"widget\" data-e-type=\"widget\" data-widget_type=\"text-editor.default\">\n\t\t\t\t<div class=\"elementor-widget-container\">\n\t\t\t\t\t\t\t\t\t<p>Zapraszamy do udzia\u0142u w VI Forum Regionalnym \u201eStra\u017c Ogniowa w spo\u0142eczno\u015bci lokalnej\u201d stra\u017cak\u00f3w, historyk\u00f3w, pasjonat\u00f3w i kolekcjoner\u00f3w.<\/p><p>Wybrani prelegenci b\u0119d\u0105 uczestnikami forum we wskazanym dniu tj. 17,18 listopada 2022 r. w Miejskiej Bibliotece Publicznej w Chrzanowie lub Muzeum \u2013 Nadwi\u015bla\u0144ski Park Etnograficzny w Wygie\u0142zowie i Zamek Lipowiec. W przypadku wi\u0119kszej liczby zg\u0142osze\u0144 wyboru prelegent\u00f3w dokonaj\u0105 przedstawiciele wsp\u00f3\u0142organizator\u00f3w w oparciu o nast\u0119puj\u0105ce kryteria: unikalno\u015b\u0107 tematyki, dorobek naukowy lub do\u015bwiadczenie w realizacji zwi\u0105zane z tematyk\u0105 proponowanego wyst\u0105pienia.<\/p><p>Promowane b\u0119d\u0105 tematy, kt\u00f3re do tej pory nie zosta\u0142y opublikowane lub upowszechnione na innych podobnych wydarzeniach. Prelegenci b\u0119d\u0105 proszeni o przygotowanie tekstu wyk\u0142adu, kt\u00f3ry zostanie opublikowany w materia\u0142ach z VI Forum.<\/p><p>Prezentacje b\u0119d\u0105 nagrywane i transmitowane na \u017cywo podczas trwania forum.<\/p>\t\t\t\t\t\t\t\t<\/div>\n\t\t\t\t<\/div>\n\t\t\t\t<div class=\"elementor-element elementor-element-2b32547 elementor-widget elementor-widget-text-editor\" data-id=\"2b32547\" data-element_type=\"widget\" data-e-type=\"widget\" data-widget_type=\"text-editor.default\">\n\t\t\t\t<div class=\"elementor-widget-container\">\n\t\t\t\t\t\t\t\t\t<p>Dodatkowych informacji udziela koordynator projektu:<br \/>Ma\u0142gorzata Zbroszczyk, pracownik Miejska Biblioteka Publiczna w Chrzanowie<br \/>tel. 32 763 27 48<br \/>e-mail: <a href=\"mailto:mzbroszczyk@mbp.chrzanow.pl\">mzbroszczyk@mbp.chrzanow.pl<\/a><\/p>\t\t\t\t\t\t\t\t<\/div>\n\t\t\t\t<\/div>\n\t\t\t\t\t<\/div>\n\t\t<\/div>\n\t\t\t\t\t<\/div>\n\t\t<\/section>\n\t\t\t\t<section class=\"elementor-section elementor-top-section elementor-element elementor-element-f878bf1 elementor-section-boxed elementor-section-height-default elementor-section-height-default\" data-id=\"f878bf1\" data-element_type=\"section\" data-e-type=\"section\">\n\t\t\t\t\t\t<div class=\"elementor-container elementor-column-gap-default\">\n\t\t\t\t\t<div class=\"elementor-column elementor-col-100 elementor-top-column elementor-element elementor-element-e192279\" data-id=\"e192279\" data-element_type=\"column\" data-e-type=\"column\">\n\t\t\t<div class=\"elementor-widget-wrap elementor-element-populated\">\n\t\t\t\t\t\t<div class=\"elementor-element elementor-element-d929a38 elementor-widget elementor-widget-spacer\" data-id=\"d929a38\" data-element_type=\"widget\" data-e-type=\"widget\" data-widget_type=\"spacer.default\">\n\t\t\t\t<div class=\"elementor-widget-container\">\n\t\t\t\t\t\t\t<div class=\"elementor-spacer\">\n\t\t\t<div class=\"elementor-spacer-inner\"><\/div>\n\t\t<\/div>\n\t\t\t\t\t\t<\/div>\n\t\t\t\t<\/div>\n\t\t\t\t\t<\/div>\n\t\t<\/div>\n\t\t\t\t\t<\/div>\n\t\t<\/section>\n\t\t\t\t<section class=\"elementor-section elementor-top-section elementor-element elementor-element-80977e1 elementor-section-boxed elementor-section-height-default elementor-section-height-default\" data-id=\"80977e1\" data-element_type=\"section\" data-e-type=\"section\">\n\t\t\t\t\t\t<div class=\"elementor-container elementor-column-gap-default\">\n\t\t\t\t\t<div class=\"elementor-column elementor-col-100 elementor-top-column elementor-element elementor-element-114eb45\" data-id=\"114eb45\" data-element_type=\"column\" data-e-type=\"column\">\n\t\t\t<div class=\"elementor-widget-wrap elementor-element-populated\">\n\t\t\t\t\t\t<div class=\"elementor-element elementor-element-f9e084d elementor-button-info elementor-align-center elementor-widget elementor-widget-button\" data-id=\"f9e084d\" data-element_type=\"widget\" data-e-type=\"widget\" data-widget_type=\"button.default\">\n\t\t\t\t<div class=\"elementor-widget-container\">\n\t\t\t\t\t\t\t\t\t<div class=\"elementor-button-wrapper\">\n\t\t\t\t\t<a class=\"elementor-button elementor-button-link elementor-size-xl\" href=\"https:\/\/forms.gle\/h1jSXVNwG1gks5KC6\">\n\t\t\t\t\t\t<span class=\"elementor-button-content-wrapper\">\n\t\t\t\t\t\t\t\t\t<span class=\"elementor-button-text\">Formularz zg\u0142oszenia referat\u00f3w<\/span>\n\t\t\t\t\t<\/span>\n\t\t\t\t\t<\/a>\n\t\t\t\t<\/div>\n\t\t\t\t\t\t\t\t<\/div>\n\t\t\t\t<\/div>\n\t\t\t\t\t<\/div>\n\t\t<\/div>\n\t\t\t\t\t<\/div>\n\t\t<\/section>\n\t\t\t\t<section class=\"elementor-section elementor-top-section elementor-element elementor-element-1c663f2 elementor-section-stretched elementor-section-boxed elementor-section-height-default elementor-section-height-default\" data-id=\"1c663f2\" data-element_type=\"section\" data-e-type=\"section\" data-settings=\"{&quot;stretch_section&quot;:&quot;section-stretched&quot;}\">\n\t\t\t\t\t\t<div class=\"elementor-container elementor-column-gap-default\">\n\t\t\t\t\t<div class=\"elementor-column elementor-col-100 elementor-top-column elementor-element elementor-element-2d745a2\" data-id=\"2d745a2\" data-element_type=\"column\" data-e-type=\"column\">\n\t\t\t<div class=\"elementor-widget-wrap elementor-element-populated\">\n\t\t\t\t\t\t<div class=\"elementor-element elementor-element-8d34537 elementor-widget elementor-widget-spacer\" data-id=\"8d34537\" data-element_type=\"widget\" data-e-type=\"widget\" data-widget_type=\"spacer.default\">\n\t\t\t\t<div class=\"elementor-widget-container\">\n\t\t\t\t\t\t\t<div class=\"elementor-spacer\">\n\t\t\t<div class=\"elementor-spacer-inner\"><\/div>\n\t\t<\/div>\n\t\t\t\t\t\t<\/div>\n\t\t\t\t<\/div>\n\t\t\t\t\t<\/div>\n\t\t<\/div>\n\t\t\t\t\t<\/div>\n\t\t<\/section>\n\t\t\t\t<\/div>\n\t\t","protected":false},"excerpt":{"rendered":"<p>ZG\u0141OSZENIEREFERAT\u00d3W DO 10.11.2022 Zapraszamy do udzia\u0142u w VI Forum Regionalnym \u201eStra\u017c Ogniowa w spo\u0142eczno\u015bci lokalnej\u201d stra\u017cak\u00f3w, historyk\u00f3w, pasjonat\u00f3w i kolekcjoner\u00f3w. Wybrani prelegenci b\u0119d\u0105 uczestnikami forum we wskazanym dniu tj. 17,18 listopada 2022 r. w Miejskiej Bibliotece Publicznej w Chrzanowie lub Muzeum \u2013 Nadwi\u015bla\u0144ski Park Etnograficzny w Wygie\u0142zowie i Zamek Lipowiec. W przypadku wi\u0119kszej liczby zg\u0142osze\u0144 [&hellip;]<\/p>\n","protected":false},"author":1,"featured_media":0,"parent":0,"menu_order":0,"comment_status":"closed","ping_status":"closed","template":"","meta":{"footnotes":""},"class_list":["post-282","page","type-page","status-publish","hentry"],"_links":{"self":[{"href":"https:\/\/www.mbp.chrzanow.pl\/forumregionalne2022\/index.php\/wp-json\/wp\/v2\/pages\/282","targetHints":{"allow":["GET"]}}],"collection":[{"href":"https:\/\/www.mbp.chrzanow.pl\/forumregionalne2022\/index.php\/wp-json\/wp\/v2\/pages"}],"about":[{"href":"https:\/\/www.mbp.chrzanow.pl\/forumregionalne2022\/index.php\/wp-json\/wp\/v2\/types\/page"}],"author":[{"embeddable":true,"href":"https:\/\/www.mbp.chrzanow.pl\/forumregionalne2022\/index.php\/wp-json\/wp\/v2\/users\/1"}],"replies":[{"embeddable":true,"href":"https:\/\/www.mbp.chrzanow.pl\/forumregionalne2022\/index.php\/wp-json\/wp\/v2\/comments?post=282"}],"version-history":[{"count":87,"href":"https:\/\/www.mbp.chrzanow.pl\/forumregionalne2022\/index.php\/wp-json\/wp\/v2\/pages\/282\/revisions"}],"predecessor-version":[{"id":3447,"href":"https:\/\/www.mbp.chrzanow.pl\/forumregionalne2022\/index.php\/wp-json\/wp\/v2\/pages\/282\/revisions\/3447"}],"wp:attachment":[{"href":"https:\/\/www.mbp.chrzanow.pl\/forumregionalne2022\/index.php\/wp-json\/wp\/v2\/media?parent=282"}],"curies":[{"name":"wp","href":"https:\/\/api.w.org\/{rel}","templated":true}]}}