{"id":50,"date":"2020-06-03T13:12:57","date_gmt":"2020-06-03T11:12:57","guid":{"rendered":"https:\/\/www.mbp.chrzanow.pl\/solidarni\/?page_id=50"},"modified":"2020-10-06T08:51:47","modified_gmt":"2020-10-06T06:51:47","slug":"konkurs","status":"publish","type":"page","link":"https:\/\/www.mbp.chrzanow.pl\/solidarni\/?page_id=50","title":{"rendered":"Konkurs literacki"},"content":{"rendered":"\t\t<div data-elementor-type=\"wp-page\" data-elementor-id=\"50\" class=\"elementor elementor-50\">\n\t\t\t\t\t\t<section class=\"elementor-section elementor-top-section elementor-element elementor-element-52adf32 elementor-section-boxed elementor-section-height-default elementor-section-height-default\" data-id=\"52adf32\" data-element_type=\"section\" data-e-type=\"section\">\n\t\t\t\t\t\t<div class=\"elementor-container elementor-column-gap-default\">\n\t\t\t\t\t<div class=\"elementor-column elementor-col-100 elementor-top-column elementor-element elementor-element-ccc9c5b\" data-id=\"ccc9c5b\" data-element_type=\"column\" data-e-type=\"column\">\n\t\t\t<div class=\"elementor-widget-wrap elementor-element-populated\">\n\t\t\t\t\t\t<div class=\"elementor-element elementor-element-797347c elementor-widget elementor-widget-heading\" data-id=\"797347c\" data-element_type=\"widget\" data-e-type=\"widget\" data-widget_type=\"heading.default\">\n\t\t\t\t<div class=\"elementor-widget-container\">\n\t\t\t\t\t<h3 class=\"elementor-heading-title elementor-size-default\">Konkurs literacki na wspomnienia pt. \"Opowie\u015bci o (nie)wolno\u015bci\"<\/h3>\t\t\t\t<\/div>\n\t\t\t\t<\/div>\n\t\t\t\t\t<\/div>\n\t\t<\/div>\n\t\t\t\t\t<\/div>\n\t\t<\/section>\n\t\t\t\t<section class=\"elementor-section elementor-top-section elementor-element elementor-element-4c770ff elementor-section-boxed elementor-section-height-default elementor-section-height-default\" data-id=\"4c770ff\" data-element_type=\"section\" data-e-type=\"section\">\n\t\t\t\t\t\t<div class=\"elementor-container elementor-column-gap-default\">\n\t\t\t\t\t<div class=\"elementor-column elementor-col-100 elementor-top-column elementor-element elementor-element-8166716\" data-id=\"8166716\" data-element_type=\"column\" data-e-type=\"column\">\n\t\t\t<div class=\"elementor-widget-wrap elementor-element-populated\">\n\t\t\t\t\t\t<div class=\"elementor-element elementor-element-f47a2e7 elementor-widget elementor-widget-text-editor\" data-id=\"f47a2e7\" data-element_type=\"widget\" data-e-type=\"widget\" data-widget_type=\"text-editor.default\">\n\t\t\t\t<div class=\"elementor-widget-container\">\n\t\t\t\t\t\t\t\t\t<p>Konkurs zorganizowany w dw\u00f3ch kategoriach: dla doros\u0142ych oraz dla m\u0142odzie\u017cy w wieku od 13 do 18 lat. Doros\u0142ych zapraszamy do opisu swoich wspomnie\u0144. Natomiast m\u0142odzie\u017c zach\u0119camy do wykonania pami\u0119tnika na podstawie rozm\u00f3w z rodzicami, dziadkami i innymi doros\u0142ymi.<\/p>\n<p>Prace oceni jury. Wr\u0119czenie nagr\u00f3d nast\u0105pi 22 pa\u017adziernika 2020 podczas Forum Regionalnego.<\/p>\t\t\t\t\t\t\t\t<\/div>\n\t\t\t\t<\/div>\n\t\t\t\t\t<\/div>\n\t\t<\/div>\n\t\t\t\t\t<\/div>\n\t\t<\/section>\n\t\t\t\t<section class=\"elementor-section elementor-top-section elementor-element elementor-element-381a916 elementor-section-boxed elementor-section-height-default elementor-section-height-default\" data-id=\"381a916\" data-element_type=\"section\" data-e-type=\"section\">\n\t\t\t\t\t\t<div class=\"elementor-container elementor-column-gap-default\">\n\t\t\t\t\t<div class=\"elementor-column elementor-col-50 elementor-top-column elementor-element elementor-element-5634b54\" data-id=\"5634b54\" data-element_type=\"column\" data-e-type=\"column\">\n\t\t\t<div class=\"elementor-widget-wrap elementor-element-populated\">\n\t\t\t\t\t\t<div class=\"elementor-element elementor-element-556b327 elementor-align-right elementor-widget elementor-widget-button\" data-id=\"556b327\" data-element_type=\"widget\" data-e-type=\"widget\" data-widget_type=\"button.default\">\n\t\t\t\t<div class=\"elementor-widget-container\">\n\t\t\t\t\t\t\t\t\t<div class=\"elementor-button-wrapper\">\n\t\t\t\t\t<a class=\"elementor-button elementor-button-link elementor-size-lg\" href=\"https:\/\/www.mbp.chrzanow.pl\/solidarni\/wp-content\/uploads\/2020\/10\/REGULAMIN_konkurs_Opowie\u015bci-o-niewolno\u015bci_18_10.pdf\" target=\"_blank\">\n\t\t\t\t\t\t<span class=\"elementor-button-content-wrapper\">\n\t\t\t\t\t\t\t\t\t<span class=\"elementor-button-text\">Regulamin<\/span>\n\t\t\t\t\t<\/span>\n\t\t\t\t\t<\/a>\n\t\t\t\t<\/div>\n\t\t\t\t\t\t\t\t<\/div>\n\t\t\t\t<\/div>\n\t\t\t\t\t<\/div>\n\t\t<\/div>\n\t\t\t\t<div class=\"elementor-column elementor-col-50 elementor-top-column elementor-element elementor-element-d3cdfd4\" data-id=\"d3cdfd4\" data-element_type=\"column\" data-e-type=\"column\">\n\t\t\t<div class=\"elementor-widget-wrap elementor-element-populated\">\n\t\t\t\t\t\t<div class=\"elementor-element elementor-element-f324093 elementor-widget elementor-widget-button\" data-id=\"f324093\" data-element_type=\"widget\" data-e-type=\"widget\" data-widget_type=\"button.default\">\n\t\t\t\t<div class=\"elementor-widget-container\">\n\t\t\t\t\t\t\t\t\t<div class=\"elementor-button-wrapper\">\n\t\t\t\t\t<a class=\"elementor-button elementor-button-link elementor-size-lg\" href=\"https:\/\/www.mbp.chrzanow.pl\/solidarni\/wp-content\/uploads\/2020\/10\/Karta-zg\u0142oszenia-uczestnika-konkursu-za\u0142\u0105cznik-do-regulaminu-konkursu-formularz-obowiazujacy-od-marca-2020.pdf\" target=\"_blank\">\n\t\t\t\t\t\t<span class=\"elementor-button-content-wrapper\">\n\t\t\t\t\t\t\t\t\t<span class=\"elementor-button-text\">Karta zg\u0142oszenia<\/span>\n\t\t\t\t\t<\/span>\n\t\t\t\t\t<\/a>\n\t\t\t\t<\/div>\n\t\t\t\t\t\t\t\t<\/div>\n\t\t\t\t<\/div>\n\t\t\t\t\t<\/div>\n\t\t<\/div>\n\t\t\t\t\t<\/div>\n\t\t<\/section>\n\t\t\t\t<section class=\"elementor-section elementor-top-section elementor-element elementor-element-c3b4238 elementor-section-boxed elementor-section-height-default elementor-section-height-default\" data-id=\"c3b4238\" data-element_type=\"section\" data-e-type=\"section\">\n\t\t\t\t\t\t<div class=\"elementor-container elementor-column-gap-default\">\n\t\t\t\t\t<div class=\"elementor-column elementor-col-100 elementor-top-column elementor-element elementor-element-d464308\" data-id=\"d464308\" data-element_type=\"column\" data-e-type=\"column\">\n\t\t\t<div class=\"elementor-widget-wrap elementor-element-populated\">\n\t\t\t\t\t\t<div class=\"elementor-element elementor-element-d734278 elementor-widget elementor-widget-image\" data-id=\"d734278\" data-element_type=\"widget\" data-e-type=\"widget\" data-widget_type=\"image.default\">\n\t\t\t\t<div class=\"elementor-widget-container\">\n\t\t\t\t\t\t\t\t\t\t\t\t\t\t\t<img fetchpriority=\"high\" decoding=\"async\" width=\"960\" height=\"636\" src=\"https:\/\/www.mbp.chrzanow.pl\/solidarni\/wp-content\/uploads\/2020\/06\/DSC_0419-1024x678.jpg\" class=\"attachment-large size-large wp-image-92\" alt=\"Robert Garstka z Instytutu My\u015bli Polskiej z Katowic, Anna Siewiorek z Miejskiej Biblioteki Publicznej w Chrzanowie i Marek Grabski ze Skansenu w Wygie\u0142zowie podczas Forum regionalnego 2019\" srcset=\"https:\/\/www.mbp.chrzanow.pl\/solidarni\/wp-content\/uploads\/2020\/06\/DSC_0419-1024x678.jpg 1024w, https:\/\/www.mbp.chrzanow.pl\/solidarni\/wp-content\/uploads\/2020\/06\/DSC_0419-300x199.jpg 300w, https:\/\/www.mbp.chrzanow.pl\/solidarni\/wp-content\/uploads\/2020\/06\/DSC_0419-768x509.jpg 768w, https:\/\/www.mbp.chrzanow.pl\/solidarni\/wp-content\/uploads\/2020\/06\/DSC_0419-1140x755.jpg 1140w, https:\/\/www.mbp.chrzanow.pl\/solidarni\/wp-content\/uploads\/2020\/06\/DSC_0419-500x330.jpg 500w, https:\/\/www.mbp.chrzanow.pl\/solidarni\/wp-content\/uploads\/2020\/06\/DSC_0419.jpg 1280w\" sizes=\"(max-width: 960px) 100vw, 960px\" \/>\t\t\t\t\t\t\t\t\t\t\t\t\t\t\t<\/div>\n\t\t\t\t<\/div>\n\t\t\t\t\t<\/div>\n\t\t<\/div>\n\t\t\t\t\t<\/div>\n\t\t<\/section>\n\t\t\t\t<section class=\"elementor-section elementor-top-section elementor-element elementor-element-54a0513 elementor-section-boxed elementor-section-height-default elementor-section-height-default\" data-id=\"54a0513\" data-element_type=\"section\" data-e-type=\"section\">\n\t\t\t\t\t\t<div class=\"elementor-container elementor-column-gap-default\">\n\t\t\t\t\t<div class=\"elementor-column elementor-col-100 elementor-top-column elementor-element elementor-element-c93d86a\" data-id=\"c93d86a\" data-element_type=\"column\" data-e-type=\"column\">\n\t\t\t<div class=\"elementor-widget-wrap elementor-element-populated\">\n\t\t\t\t\t\t<div class=\"elementor-element elementor-element-050d0d3 elementor-widget elementor-widget-image\" data-id=\"050d0d3\" data-element_type=\"widget\" data-e-type=\"widget\" data-widget_type=\"image.default\">\n\t\t\t\t<div class=\"elementor-widget-container\">\n\t\t\t\t\t\t\t\t\t\t\t\t\t\t\t<img decoding=\"async\" width=\"960\" height=\"231\" src=\"https:\/\/www.mbp.chrzanow.pl\/solidarni\/wp-content\/uploads\/2020\/06\/kultura_interwencje-1024x246.jpg\" class=\"attachment-large size-large wp-image-139\" alt=\"Loga organizatora projektu i partner\u00f3w\" srcset=\"https:\/\/www.mbp.chrzanow.pl\/solidarni\/wp-content\/uploads\/2020\/06\/kultura_interwencje-1024x246.jpg 1024w, https:\/\/www.mbp.chrzanow.pl\/solidarni\/wp-content\/uploads\/2020\/06\/kultura_interwencje-300x72.jpg 300w, https:\/\/www.mbp.chrzanow.pl\/solidarni\/wp-content\/uploads\/2020\/06\/kultura_interwencje-768x185.jpg 768w, https:\/\/www.mbp.chrzanow.pl\/solidarni\/wp-content\/uploads\/2020\/06\/kultura_interwencje-1140x274.jpg 1140w, https:\/\/www.mbp.chrzanow.pl\/solidarni\/wp-content\/uploads\/2020\/06\/kultura_interwencje.jpg 1280w\" sizes=\"(max-width: 960px) 100vw, 960px\" \/>\t\t\t\t\t\t\t\t\t\t\t\t\t\t\t<\/div>\n\t\t\t\t<\/div>\n\t\t\t\t\t<\/div>\n\t\t<\/div>\n\t\t\t\t\t<\/div>\n\t\t<\/section>\n\t\t\t\t<\/div>\n\t\t","protected":false},"excerpt":{"rendered":"<p>Konkurs literacki na wspomnienia pt. &#8222;Opowie\u015bci o (nie)wolno\u015bci&#8221; Konkurs zorganizowany w dw\u00f3ch kategoriach: dla doros\u0142ych oraz dla m\u0142odzie\u017cy w wieku od 13 do 18 lat. Doros\u0142ych zapraszamy do opisu swoich wspomnie\u0144. Natomiast m\u0142odzie\u017c zach\u0119camy do wykonania pami\u0119tnika na podstawie rozm\u00f3w z rodzicami, dziadkami i innymi doros\u0142ymi. Prace oceni jury. Wr\u0119czenie nagr\u00f3d nast\u0105pi 22 pa\u017adziernika 2020 podczas Forum Regionalnego. Regulamin Karta zg\u0142oszenia<\/p>\n","protected":false},"author":2,"featured_media":209,"parent":0,"menu_order":0,"comment_status":"closed","ping_status":"closed","template":"","meta":{"footnotes":""},"class_list":["post-50","page","type-page","status-publish","has-post-thumbnail","hentry"],"_links":{"self":[{"href":"https:\/\/www.mbp.chrzanow.pl\/solidarni\/index.php?rest_route=\/wp\/v2\/pages\/50","targetHints":{"allow":["GET"]}}],"collection":[{"href":"https:\/\/www.mbp.chrzanow.pl\/solidarni\/index.php?rest_route=\/wp\/v2\/pages"}],"about":[{"href":"https:\/\/www.mbp.chrzanow.pl\/solidarni\/index.php?rest_route=\/wp\/v2\/types\/page"}],"author":[{"embeddable":true,"href":"https:\/\/www.mbp.chrzanow.pl\/solidarni\/index.php?rest_route=\/wp\/v2\/users\/2"}],"replies":[{"embeddable":true,"href":"https:\/\/www.mbp.chrzanow.pl\/solidarni\/index.php?rest_route=%2Fwp%2Fv2%2Fcomments&post=50"}],"version-history":[{"count":18,"href":"https:\/\/www.mbp.chrzanow.pl\/solidarni\/index.php?rest_route=\/wp\/v2\/pages\/50\/revisions"}],"predecessor-version":[{"id":213,"href":"https:\/\/www.mbp.chrzanow.pl\/solidarni\/index.php?rest_route=\/wp\/v2\/pages\/50\/revisions\/213"}],"wp:featuredmedia":[{"embeddable":true,"href":"https:\/\/www.mbp.chrzanow.pl\/solidarni\/index.php?rest_route=\/wp\/v2\/media\/209"}],"wp:attachment":[{"href":"https:\/\/www.mbp.chrzanow.pl\/solidarni\/index.php?rest_route=%2Fwp%2Fv2%2Fmedia&parent=50"}],"curies":[{"name":"wp","href":"https:\/\/api.w.org\/{rel}","templated":true}]}}