{"id":65,"date":"2022-05-17T11:45:06","date_gmt":"2022-05-17T09:45:06","guid":{"rendered":"https:\/\/www.mbp.chrzanow.pl\/wiejskitrek\/?page_id=65"},"modified":"2023-01-12T11:19:27","modified_gmt":"2023-01-12T10:19:27","slug":"edukacja","status":"publish","type":"page","link":"https:\/\/www.mbp.chrzanow.pl\/wiejskitrek\/index.php\/edukacja\/","title":{"rendered":"EDUKACJA"},"content":{"rendered":"\t\t<div data-elementor-type=\"wp-page\" data-elementor-id=\"65\" class=\"elementor elementor-65\">\n\t\t\t\t\t\t<section class=\"elementor-section elementor-top-section elementor-element elementor-element-0a25fda elementor-section-boxed elementor-section-height-default elementor-section-height-default\" data-id=\"0a25fda\" data-element_type=\"section\" data-e-type=\"section\">\n\t\t\t\t\t\t<div class=\"elementor-container elementor-column-gap-default\">\n\t\t\t\t\t<div class=\"elementor-column elementor-col-100 elementor-top-column elementor-element elementor-element-b0ba080\" data-id=\"b0ba080\" data-element_type=\"column\" data-e-type=\"column\">\n\t\t\t<div class=\"elementor-widget-wrap elementor-element-populated\">\n\t\t\t\t\t\t<div class=\"elementor-element elementor-element-c5a6af6 elementor-widget elementor-widget-spacer\" data-id=\"c5a6af6\" data-element_type=\"widget\" data-e-type=\"widget\" data-widget_type=\"spacer.default\">\n\t\t\t\t<div class=\"elementor-widget-container\">\n\t\t\t\t\t\t\t<div class=\"elementor-spacer\">\n\t\t\t<div class=\"elementor-spacer-inner\"><\/div>\n\t\t<\/div>\n\t\t\t\t\t\t<\/div>\n\t\t\t\t<\/div>\n\t\t\t\t<div class=\"elementor-element elementor-element-2cc47ac elementor-widget elementor-widget-heading\" data-id=\"2cc47ac\" data-element_type=\"widget\" data-e-type=\"widget\" data-widget_type=\"heading.default\">\n\t\t\t\t<div class=\"elementor-widget-container\">\n\t\t\t\t\t<h2 class=\"elementor-heading-title elementor-size-default\">EDUKACJA<\/h2>\t\t\t\t<\/div>\n\t\t\t\t<\/div>\n\t\t\t\t<div class=\"elementor-element elementor-element-3660d04 elementor-widget elementor-widget-text-editor\" data-id=\"3660d04\" data-element_type=\"widget\" data-e-type=\"widget\" data-widget_type=\"text-editor.default\">\n\t\t\t\t<div class=\"elementor-widget-container\">\n\t\t\t\t\t\t\t\t\t<p>Blok z wydarzeniami po\u015bwi\u0119conymi nauce, w ramach kt\u00f3rego zorganizowali\u015bmy cykl wyk\u0142ad\u00f3w dla m\u0142odzie\u017cy szkolnej pod has\u0142em &#8222;Wie\u015b w literaturze polskiej&#8221; oraz warsztaty fotograficzne #villagestyle zako\u0144czone wystaw\u0105 fotografii uczestnik\u00f3w kursu, kt\u00f3ra mia\u0142a miejsce w Bibliotece G\u0142\u00f3wnej w Chrzanowie.<\/p>\t\t\t\t\t\t\t\t<\/div>\n\t\t\t\t<\/div>\n\t\t\t\t<section class=\"elementor-section elementor-inner-section elementor-element elementor-element-3cf3a6e elementor-section-boxed elementor-section-height-default elementor-section-height-default\" data-id=\"3cf3a6e\" data-element_type=\"section\" data-e-type=\"section\">\n\t\t\t\t\t\t<div class=\"elementor-container elementor-column-gap-default\">\n\t\t\t\t\t<div class=\"elementor-column elementor-col-33 elementor-inner-column elementor-element elementor-element-b258dc9\" data-id=\"b258dc9\" data-element_type=\"column\" data-e-type=\"column\">\n\t\t\t<div class=\"elementor-widget-wrap elementor-element-populated\">\n\t\t\t\t\t\t<div class=\"elementor-element elementor-element-fe639d6 elementor-widget elementor-widget-heading\" data-id=\"fe639d6\" data-element_type=\"widget\" data-e-type=\"widget\" data-widget_type=\"heading.default\">\n\t\t\t\t<div class=\"elementor-widget-container\">\n\t\t\t\t\t<h2 class=\"elementor-heading-title elementor-size-default\">Wyk\u0142ady <br>\"Wie\u015b w literaturze i kulturze\"<\/h2>\t\t\t\t<\/div>\n\t\t\t\t<\/div>\n\t\t\t\t<div class=\"elementor-element elementor-element-3811dba elementor-widget elementor-widget-text-editor\" data-id=\"3811dba\" data-element_type=\"widget\" data-e-type=\"widget\" data-widget_type=\"text-editor.default\">\n\t\t\t\t<div class=\"elementor-widget-container\">\n\t\t\t\t\t\t\t\t\t<p>Wyk\u0142ady, kt\u00f3re przygotowa\u0142a i prowadzi\u0142a Wies\u0142awa Molik &#8211; B\u0105k prowadzone byly w czterech filiach bibliotecznych &#8211; w Balinie, Pogorzycach, P\u0142azie i Luszowicach&nbsp; dla m\u0142odzie\u017cy szkolnej z klas VI-VIII. Opowiedziana historia motywu wsi na przestrzeni wielu epok literackich si\u0119gaj\u0105c do najwa\u017cniejszych dzie\u0142 literatury polskiej cz\u0119sto zabarwiana w\u0105tkami pe\u0142nymi humoru nawi\u0105zuj\u0105cymi do omawianych miejsc i bohater\u00f3w stanowi\u0142a niezwyk\u0142\u0105 podr\u00f3\u017c w czasie, kulturze i historii polskiej wsi.&nbsp; <\/p>\t\t\t\t\t\t\t\t<\/div>\n\t\t\t\t<\/div>\n\t\t\t\t<div class=\"elementor-element elementor-element-f6b4a2c elementor-widget elementor-widget-image-gallery\" data-id=\"f6b4a2c\" data-element_type=\"widget\" data-e-type=\"widget\" data-widget_type=\"image-gallery.default\">\n\t\t\t\t<div class=\"elementor-widget-container\">\n\t\t\t\t\t\t\t<div class=\"elementor-image-gallery\">\n\t\t\t\n\t\t<style type=\"text\/css\">\n\t\t\t#gallery-1 {\n\t\t\t\tmargin: auto;\n\t\t\t}\n\t\t\t#gallery-1 .gallery-item {\n\t\t\t\tfloat: left;\n\t\t\t\tmargin-top: 10px;\n\t\t\t\ttext-align: center;\n\t\t\t\twidth: 25%;\n\t\t\t}\n\t\t\t#gallery-1 img {\n\t\t\t\tborder: 2px solid #cfcfcf;\n\t\t\t}\n\t\t\t#gallery-1 .gallery-caption {\n\t\t\t\tmargin-left: 0;\n\t\t\t}\n\t\t\t\/* see gallery_shortcode() in wp-includes\/media.php *\/\n\t\t<\/style>\n\t\t<div id='gallery-1' class='gallery galleryid-65 gallery-columns-4 gallery-size-thumbnail'><dl class='gallery-item'>\n\t\t\t<dt class='gallery-icon landscape'>\n\t\t\t\t<a data-elementor-open-lightbox=\"yes\" data-elementor-lightbox-slideshow=\"f6b4a2c\" data-elementor-lightbox-title=\"IMG_20221021_100216835\" data-e-action-hash=\"#elementor-action%3Aaction%3Dlightbox%26settings%3DeyJpZCI6NDI1LCJ1cmwiOiJodHRwczpcL1wvd3d3Lm1icC5jaHJ6YW5vdy5wbFwvd2llanNraXRyZWtcL3dwLWNvbnRlbnRcL3VwbG9hZHNcLzIwMjJcLzExXC9JTUdfMjAyMjEwMjFfMTAwMjE2ODM1LXNjYWxlZC5qcGciLCJzbGlkZXNob3ciOiJmNmI0YTJjIn0%3D\" href='https:\/\/www.mbp.chrzanow.pl\/wiejskitrek\/wp-content\/uploads\/2022\/11\/IMG_20221021_100216835-scaled.jpg'><img decoding=\"async\" width=\"150\" height=\"150\" src=\"https:\/\/www.mbp.chrzanow.pl\/wiejskitrek\/wp-content\/uploads\/2022\/11\/IMG_20221021_100216835-150x150.jpg\" class=\"attachment-thumbnail size-thumbnail\" alt=\"\" \/><\/a>\n\t\t\t<\/dt><\/dl><dl class='gallery-item'>\n\t\t\t<dt class='gallery-icon portrait'>\n\t\t\t\t<a data-elementor-open-lightbox=\"yes\" data-elementor-lightbox-slideshow=\"f6b4a2c\" data-elementor-lightbox-title=\"IMG_20221021_100328235\" data-e-action-hash=\"#elementor-action%3Aaction%3Dlightbox%26settings%3DeyJpZCI6NDI2LCJ1cmwiOiJodHRwczpcL1wvd3d3Lm1icC5jaHJ6YW5vdy5wbFwvd2llanNraXRyZWtcL3dwLWNvbnRlbnRcL3VwbG9hZHNcLzIwMjJcLzExXC9JTUdfMjAyMjEwMjFfMTAwMzI4MjM1LXNjYWxlZC5qcGciLCJzbGlkZXNob3ciOiJmNmI0YTJjIn0%3D\" href='https:\/\/www.mbp.chrzanow.pl\/wiejskitrek\/wp-content\/uploads\/2022\/11\/IMG_20221021_100328235-scaled.jpg'><img decoding=\"async\" width=\"150\" height=\"150\" src=\"https:\/\/www.mbp.chrzanow.pl\/wiejskitrek\/wp-content\/uploads\/2022\/11\/IMG_20221021_100328235-150x150.jpg\" class=\"attachment-thumbnail size-thumbnail\" alt=\"\" \/><\/a>\n\t\t\t<\/dt><\/dl><dl class='gallery-item'>\n\t\t\t<dt class='gallery-icon landscape'>\n\t\t\t\t<a data-elementor-open-lightbox=\"yes\" data-elementor-lightbox-slideshow=\"f6b4a2c\" data-elementor-lightbox-title=\"IMG_20221021_100343459\" data-e-action-hash=\"#elementor-action%3Aaction%3Dlightbox%26settings%3DeyJpZCI6NDI3LCJ1cmwiOiJodHRwczpcL1wvd3d3Lm1icC5jaHJ6YW5vdy5wbFwvd2llanNraXRyZWtcL3dwLWNvbnRlbnRcL3VwbG9hZHNcLzIwMjJcLzExXC9JTUdfMjAyMjEwMjFfMTAwMzQzNDU5LXNjYWxlZC5qcGciLCJzbGlkZXNob3ciOiJmNmI0YTJjIn0%3D\" href='https:\/\/www.mbp.chrzanow.pl\/wiejskitrek\/wp-content\/uploads\/2022\/11\/IMG_20221021_100343459-scaled.jpg'><img decoding=\"async\" width=\"150\" height=\"150\" src=\"https:\/\/www.mbp.chrzanow.pl\/wiejskitrek\/wp-content\/uploads\/2022\/11\/IMG_20221021_100343459-150x150.jpg\" class=\"attachment-thumbnail size-thumbnail\" alt=\"\" \/><\/a>\n\t\t\t<\/dt><\/dl><dl class='gallery-item'>\n\t\t\t<dt class='gallery-icon portrait'>\n\t\t\t\t<a data-elementor-open-lightbox=\"yes\" data-elementor-lightbox-slideshow=\"f6b4a2c\" data-elementor-lightbox-title=\"IMG_20221021_100414978\" data-e-action-hash=\"#elementor-action%3Aaction%3Dlightbox%26settings%3DeyJpZCI6NDI4LCJ1cmwiOiJodHRwczpcL1wvd3d3Lm1icC5jaHJ6YW5vdy5wbFwvd2llanNraXRyZWtcL3dwLWNvbnRlbnRcL3VwbG9hZHNcLzIwMjJcLzExXC9JTUdfMjAyMjEwMjFfMTAwNDE0OTc4LXNjYWxlZC5qcGciLCJzbGlkZXNob3ciOiJmNmI0YTJjIn0%3D\" href='https:\/\/www.mbp.chrzanow.pl\/wiejskitrek\/wp-content\/uploads\/2022\/11\/IMG_20221021_100414978-scaled.jpg'><img loading=\"lazy\" decoding=\"async\" width=\"150\" height=\"150\" src=\"https:\/\/www.mbp.chrzanow.pl\/wiejskitrek\/wp-content\/uploads\/2022\/11\/IMG_20221021_100414978-150x150.jpg\" class=\"attachment-thumbnail size-thumbnail\" alt=\"\" \/><\/a>\n\t\t\t<\/dt><\/dl><br style=\"clear: both\" \/><dl class='gallery-item'>\n\t\t\t<dt class='gallery-icon portrait'>\n\t\t\t\t<a data-elementor-open-lightbox=\"yes\" data-elementor-lightbox-slideshow=\"f6b4a2c\" data-elementor-lightbox-title=\"IMG_20221021_105619522\" data-e-action-hash=\"#elementor-action%3Aaction%3Dlightbox%26settings%3DeyJpZCI6NDI5LCJ1cmwiOiJodHRwczpcL1wvd3d3Lm1icC5jaHJ6YW5vdy5wbFwvd2llanNraXRyZWtcL3dwLWNvbnRlbnRcL3VwbG9hZHNcLzIwMjJcLzExXC9JTUdfMjAyMjEwMjFfMTA1NjE5NTIyLXNjYWxlZC5qcGciLCJzbGlkZXNob3ciOiJmNmI0YTJjIn0%3D\" href='https:\/\/www.mbp.chrzanow.pl\/wiejskitrek\/wp-content\/uploads\/2022\/11\/IMG_20221021_105619522-scaled.jpg'><img loading=\"lazy\" decoding=\"async\" width=\"150\" height=\"150\" src=\"https:\/\/www.mbp.chrzanow.pl\/wiejskitrek\/wp-content\/uploads\/2022\/11\/IMG_20221021_105619522-150x150.jpg\" class=\"attachment-thumbnail size-thumbnail\" alt=\"\" \/><\/a>\n\t\t\t<\/dt><\/dl><dl class='gallery-item'>\n\t\t\t<dt class='gallery-icon landscape'>\n\t\t\t\t<a data-elementor-open-lightbox=\"yes\" data-elementor-lightbox-slideshow=\"f6b4a2c\" data-elementor-lightbox-title=\"IMG_20221021_110941209\" data-e-action-hash=\"#elementor-action%3Aaction%3Dlightbox%26settings%3DeyJpZCI6NDMwLCJ1cmwiOiJodHRwczpcL1wvd3d3Lm1icC5jaHJ6YW5vdy5wbFwvd2llanNraXRyZWtcL3dwLWNvbnRlbnRcL3VwbG9hZHNcLzIwMjJcLzExXC9JTUdfMjAyMjEwMjFfMTEwOTQxMjA5LXNjYWxlZC5qcGciLCJzbGlkZXNob3ciOiJmNmI0YTJjIn0%3D\" href='https:\/\/www.mbp.chrzanow.pl\/wiejskitrek\/wp-content\/uploads\/2022\/11\/IMG_20221021_110941209-scaled.jpg'><img loading=\"lazy\" decoding=\"async\" width=\"150\" height=\"150\" src=\"https:\/\/www.mbp.chrzanow.pl\/wiejskitrek\/wp-content\/uploads\/2022\/11\/IMG_20221021_110941209-150x150.jpg\" class=\"attachment-thumbnail size-thumbnail\" alt=\"\" \/><\/a>\n\t\t\t<\/dt><\/dl><dl class='gallery-item'>\n\t\t\t<dt class='gallery-icon portrait'>\n\t\t\t\t<a data-elementor-open-lightbox=\"yes\" data-elementor-lightbox-slideshow=\"f6b4a2c\" data-elementor-lightbox-title=\"IMG_20221021_111016085\" data-e-action-hash=\"#elementor-action%3Aaction%3Dlightbox%26settings%3DeyJpZCI6NDMxLCJ1cmwiOiJodHRwczpcL1wvd3d3Lm1icC5jaHJ6YW5vdy5wbFwvd2llanNraXRyZWtcL3dwLWNvbnRlbnRcL3VwbG9hZHNcLzIwMjJcLzExXC9JTUdfMjAyMjEwMjFfMTExMDE2MDg1LXNjYWxlZC5qcGciLCJzbGlkZXNob3ciOiJmNmI0YTJjIn0%3D\" href='https:\/\/www.mbp.chrzanow.pl\/wiejskitrek\/wp-content\/uploads\/2022\/11\/IMG_20221021_111016085-scaled.jpg'><img loading=\"lazy\" decoding=\"async\" width=\"150\" height=\"150\" src=\"https:\/\/www.mbp.chrzanow.pl\/wiejskitrek\/wp-content\/uploads\/2022\/11\/IMG_20221021_111016085-150x150.jpg\" class=\"attachment-thumbnail size-thumbnail\" alt=\"\" \/><\/a>\n\t\t\t<\/dt><\/dl><dl class='gallery-item'>\n\t\t\t<dt class='gallery-icon portrait'>\n\t\t\t\t<a data-elementor-open-lightbox=\"yes\" data-elementor-lightbox-slideshow=\"f6b4a2c\" data-elementor-lightbox-title=\"IMG_20221021_111554228\" data-e-action-hash=\"#elementor-action%3Aaction%3Dlightbox%26settings%3DeyJpZCI6NDMyLCJ1cmwiOiJodHRwczpcL1wvd3d3Lm1icC5jaHJ6YW5vdy5wbFwvd2llanNraXRyZWtcL3dwLWNvbnRlbnRcL3VwbG9hZHNcLzIwMjJcLzExXC9JTUdfMjAyMjEwMjFfMTExNTU0MjI4LXNjYWxlZC5qcGciLCJzbGlkZXNob3ciOiJmNmI0YTJjIn0%3D\" href='https:\/\/www.mbp.chrzanow.pl\/wiejskitrek\/wp-content\/uploads\/2022\/11\/IMG_20221021_111554228-scaled.jpg'><img loading=\"lazy\" decoding=\"async\" width=\"150\" height=\"150\" src=\"https:\/\/www.mbp.chrzanow.pl\/wiejskitrek\/wp-content\/uploads\/2022\/11\/IMG_20221021_111554228-150x150.jpg\" class=\"attachment-thumbnail size-thumbnail\" alt=\"\" \/><\/a>\n\t\t\t<\/dt><\/dl><br style=\"clear: both\" \/><dl class='gallery-item'>\n\t\t\t<dt class='gallery-icon landscape'>\n\t\t\t\t<a data-elementor-open-lightbox=\"yes\" data-elementor-lightbox-slideshow=\"f6b4a2c\" data-elementor-lightbox-title=\"308033774_5715419821848103_5006314493881001187_n\" data-e-action-hash=\"#elementor-action%3Aaction%3Dlightbox%26settings%3DeyJpZCI6NDMzLCJ1cmwiOiJodHRwczpcL1wvd3d3Lm1icC5jaHJ6YW5vdy5wbFwvd2llanNraXRyZWtcL3dwLWNvbnRlbnRcL3VwbG9hZHNcLzIwMjJcLzExXC8zMDgwMzM3NzRfNTcxNTQxOTgyMTg0ODEwM181MDA2MzE0NDkzODgxMDAxMTg3X24uanBnIiwic2xpZGVzaG93IjoiZjZiNGEyYyJ9\" href='https:\/\/www.mbp.chrzanow.pl\/wiejskitrek\/wp-content\/uploads\/2022\/11\/308033774_5715419821848103_5006314493881001187_n.jpg'><img loading=\"lazy\" decoding=\"async\" width=\"150\" height=\"150\" src=\"https:\/\/www.mbp.chrzanow.pl\/wiejskitrek\/wp-content\/uploads\/2022\/11\/308033774_5715419821848103_5006314493881001187_n-150x150.jpg\" class=\"attachment-thumbnail size-thumbnail\" alt=\"\" \/><\/a>\n\t\t\t<\/dt><\/dl><dl class='gallery-item'>\n\t\t\t<dt class='gallery-icon landscape'>\n\t\t\t\t<a data-elementor-open-lightbox=\"yes\" data-elementor-lightbox-slideshow=\"f6b4a2c\" data-elementor-lightbox-title=\"308481611_5715419948514757_9091946105439801078_n\" data-e-action-hash=\"#elementor-action%3Aaction%3Dlightbox%26settings%3DeyJpZCI6NDM0LCJ1cmwiOiJodHRwczpcL1wvd3d3Lm1icC5jaHJ6YW5vdy5wbFwvd2llanNraXRyZWtcL3dwLWNvbnRlbnRcL3VwbG9hZHNcLzIwMjJcLzExXC8zMDg0ODE2MTFfNTcxNTQxOTk0ODUxNDc1N185MDkxOTQ2MTA1NDM5ODAxMDc4X24uanBnIiwic2xpZGVzaG93IjoiZjZiNGEyYyJ9\" href='https:\/\/www.mbp.chrzanow.pl\/wiejskitrek\/wp-content\/uploads\/2022\/11\/308481611_5715419948514757_9091946105439801078_n.jpg'><img loading=\"lazy\" decoding=\"async\" width=\"150\" height=\"150\" src=\"https:\/\/www.mbp.chrzanow.pl\/wiejskitrek\/wp-content\/uploads\/2022\/11\/308481611_5715419948514757_9091946105439801078_n-150x150.jpg\" class=\"attachment-thumbnail size-thumbnail\" alt=\"\" \/><\/a>\n\t\t\t<\/dt><\/dl><dl class='gallery-item'>\n\t\t\t<dt class='gallery-icon landscape'>\n\t\t\t\t<a data-elementor-open-lightbox=\"yes\" data-elementor-lightbox-slideshow=\"f6b4a2c\" data-elementor-lightbox-title=\"308507952_5715419475181471_8540444197521538858_n\" data-e-action-hash=\"#elementor-action%3Aaction%3Dlightbox%26settings%3DeyJpZCI6NDM1LCJ1cmwiOiJodHRwczpcL1wvd3d3Lm1icC5jaHJ6YW5vdy5wbFwvd2llanNraXRyZWtcL3dwLWNvbnRlbnRcL3VwbG9hZHNcLzIwMjJcLzExXC8zMDg1MDc5NTJfNTcxNTQxOTQ3NTE4MTQ3MV84NTQwNDQ0MTk3NTIxNTM4ODU4X24uanBnIiwic2xpZGVzaG93IjoiZjZiNGEyYyJ9\" href='https:\/\/www.mbp.chrzanow.pl\/wiejskitrek\/wp-content\/uploads\/2022\/11\/308507952_5715419475181471_8540444197521538858_n.jpg'><img loading=\"lazy\" decoding=\"async\" width=\"150\" height=\"150\" src=\"https:\/\/www.mbp.chrzanow.pl\/wiejskitrek\/wp-content\/uploads\/2022\/11\/308507952_5715419475181471_8540444197521538858_n-150x150.jpg\" class=\"attachment-thumbnail size-thumbnail\" alt=\"\" \/><\/a>\n\t\t\t<\/dt><\/dl><dl class='gallery-item'>\n\t\t\t<dt class='gallery-icon landscape'>\n\t\t\t\t<a data-elementor-open-lightbox=\"yes\" data-elementor-lightbox-slideshow=\"f6b4a2c\" data-elementor-lightbox-title=\"308617763_5715419485181470_3427503178892900000_n\" data-e-action-hash=\"#elementor-action%3Aaction%3Dlightbox%26settings%3DeyJpZCI6NDM2LCJ1cmwiOiJodHRwczpcL1wvd3d3Lm1icC5jaHJ6YW5vdy5wbFwvd2llanNraXRyZWtcL3dwLWNvbnRlbnRcL3VwbG9hZHNcLzIwMjJcLzExXC8zMDg2MTc3NjNfNTcxNTQxOTQ4NTE4MTQ3MF8zNDI3NTAzMTc4ODkyOTAwMDAwX24uanBnIiwic2xpZGVzaG93IjoiZjZiNGEyYyJ9\" href='https:\/\/www.mbp.chrzanow.pl\/wiejskitrek\/wp-content\/uploads\/2022\/11\/308617763_5715419485181470_3427503178892900000_n.jpg'><img loading=\"lazy\" decoding=\"async\" width=\"150\" height=\"150\" src=\"https:\/\/www.mbp.chrzanow.pl\/wiejskitrek\/wp-content\/uploads\/2022\/11\/308617763_5715419485181470_3427503178892900000_n-150x150.jpg\" class=\"attachment-thumbnail size-thumbnail\" alt=\"\" \/><\/a>\n\t\t\t<\/dt><\/dl><br style=\"clear: both\" \/><dl class='gallery-item'>\n\t\t\t<dt class='gallery-icon landscape'>\n\t\t\t\t<a data-elementor-open-lightbox=\"yes\" data-elementor-lightbox-slideshow=\"f6b4a2c\" data-elementor-lightbox-title=\"wies 3_3a\" data-e-action-hash=\"#elementor-action%3Aaction%3Dlightbox%26settings%3DeyJpZCI6NDM3LCJ1cmwiOiJodHRwczpcL1wvd3d3Lm1icC5jaHJ6YW5vdy5wbFwvd2llanNraXRyZWtcL3dwLWNvbnRlbnRcL3VwbG9hZHNcLzIwMjJcLzExXC93aWVzLTNfM2Etc2NhbGVkLmpwZyIsInNsaWRlc2hvdyI6ImY2YjRhMmMifQ%3D%3D\" href='https:\/\/www.mbp.chrzanow.pl\/wiejskitrek\/wp-content\/uploads\/2022\/11\/wies-3_3a-scaled.jpg'><img loading=\"lazy\" decoding=\"async\" width=\"150\" height=\"150\" src=\"https:\/\/www.mbp.chrzanow.pl\/wiejskitrek\/wp-content\/uploads\/2022\/11\/wies-3_3a-150x150.jpg\" class=\"attachment-thumbnail size-thumbnail\" alt=\"\" \/><\/a>\n\t\t\t<\/dt><\/dl><dl class='gallery-item'>\n\t\t\t<dt class='gallery-icon landscape'>\n\t\t\t\t<a data-elementor-open-lightbox=\"yes\" data-elementor-lightbox-slideshow=\"f6b4a2c\" data-elementor-lightbox-title=\"wies 9_9a\" data-e-action-hash=\"#elementor-action%3Aaction%3Dlightbox%26settings%3DeyJpZCI6NDM4LCJ1cmwiOiJodHRwczpcL1wvd3d3Lm1icC5jaHJ6YW5vdy5wbFwvd2llanNraXRyZWtcL3dwLWNvbnRlbnRcL3VwbG9hZHNcLzIwMjJcLzExXC93aWVzLTlfOWEtc2NhbGVkLmpwZyIsInNsaWRlc2hvdyI6ImY2YjRhMmMifQ%3D%3D\" href='https:\/\/www.mbp.chrzanow.pl\/wiejskitrek\/wp-content\/uploads\/2022\/11\/wies-9_9a-scaled.jpg'><img loading=\"lazy\" decoding=\"async\" width=\"150\" height=\"150\" src=\"https:\/\/www.mbp.chrzanow.pl\/wiejskitrek\/wp-content\/uploads\/2022\/11\/wies-9_9a-150x150.jpg\" class=\"attachment-thumbnail size-thumbnail\" alt=\"\" \/><\/a>\n\t\t\t<\/dt><\/dl><dl class='gallery-item'>\n\t\t\t<dt class='gallery-icon landscape'>\n\t\t\t\t<a data-elementor-open-lightbox=\"yes\" data-elementor-lightbox-slideshow=\"f6b4a2c\" data-elementor-lightbox-title=\"wies 13_13a\" data-e-action-hash=\"#elementor-action%3Aaction%3Dlightbox%26settings%3DeyJpZCI6NDM5LCJ1cmwiOiJodHRwczpcL1wvd3d3Lm1icC5jaHJ6YW5vdy5wbFwvd2llanNraXRyZWtcL3dwLWNvbnRlbnRcL3VwbG9hZHNcLzIwMjJcLzExXC93aWVzLTEzXzEzYS1zY2FsZWQuanBnIiwic2xpZGVzaG93IjoiZjZiNGEyYyJ9\" href='https:\/\/www.mbp.chrzanow.pl\/wiejskitrek\/wp-content\/uploads\/2022\/11\/wies-13_13a-scaled.jpg'><img loading=\"lazy\" decoding=\"async\" width=\"150\" height=\"150\" src=\"https:\/\/www.mbp.chrzanow.pl\/wiejskitrek\/wp-content\/uploads\/2022\/11\/wies-13_13a-150x150.jpg\" class=\"attachment-thumbnail size-thumbnail\" alt=\"\" \/><\/a>\n\t\t\t<\/dt><\/dl><dl class='gallery-item'>\n\t\t\t<dt class='gallery-icon portrait'>\n\t\t\t\t<a data-elementor-open-lightbox=\"yes\" data-elementor-lightbox-slideshow=\"f6b4a2c\" data-elementor-lightbox-title=\"IMG_20221025_111817246_MF_PORTRAITa\" data-e-action-hash=\"#elementor-action%3Aaction%3Dlightbox%26settings%3DeyJpZCI6NDQwLCJ1cmwiOiJodHRwczpcL1wvd3d3Lm1icC5jaHJ6YW5vdy5wbFwvd2llanNraXRyZWtcL3dwLWNvbnRlbnRcL3VwbG9hZHNcLzIwMjJcLzExXC9JTUdfMjAyMjEwMjVfMTExODE3MjQ2X01GX1BPUlRSQUlUYS1zY2FsZWQuanBnIiwic2xpZGVzaG93IjoiZjZiNGEyYyJ9\" href='https:\/\/www.mbp.chrzanow.pl\/wiejskitrek\/wp-content\/uploads\/2022\/11\/IMG_20221025_111817246_MF_PORTRAITa-scaled.jpg'><img loading=\"lazy\" decoding=\"async\" width=\"150\" height=\"150\" src=\"https:\/\/www.mbp.chrzanow.pl\/wiejskitrek\/wp-content\/uploads\/2022\/11\/IMG_20221025_111817246_MF_PORTRAITa-150x150.jpg\" class=\"attachment-thumbnail size-thumbnail\" alt=\"\" \/><\/a>\n\t\t\t<\/dt><\/dl><br style=\"clear: both\" \/><dl class='gallery-item'>\n\t\t\t<dt class='gallery-icon landscape'>\n\t\t\t\t<a data-elementor-open-lightbox=\"yes\" data-elementor-lightbox-slideshow=\"f6b4a2c\" data-elementor-lightbox-title=\"IMG_20221025_112130774_HDRa\" data-e-action-hash=\"#elementor-action%3Aaction%3Dlightbox%26settings%3DeyJpZCI6NDQxLCJ1cmwiOiJodHRwczpcL1wvd3d3Lm1icC5jaHJ6YW5vdy5wbFwvd2llanNraXRyZWtcL3dwLWNvbnRlbnRcL3VwbG9hZHNcLzIwMjJcLzExXC9JTUdfMjAyMjEwMjVfMTEyMTMwNzc0X0hEUmEtc2NhbGVkLmpwZyIsInNsaWRlc2hvdyI6ImY2YjRhMmMifQ%3D%3D\" href='https:\/\/www.mbp.chrzanow.pl\/wiejskitrek\/wp-content\/uploads\/2022\/11\/IMG_20221025_112130774_HDRa-scaled.jpg'><img loading=\"lazy\" decoding=\"async\" width=\"150\" height=\"150\" src=\"https:\/\/www.mbp.chrzanow.pl\/wiejskitrek\/wp-content\/uploads\/2022\/11\/IMG_20221025_112130774_HDRa-150x150.jpg\" class=\"attachment-thumbnail size-thumbnail\" alt=\"\" \/><\/a>\n\t\t\t<\/dt><\/dl><dl class='gallery-item'>\n\t\t\t<dt class='gallery-icon landscape'>\n\t\t\t\t<a data-elementor-open-lightbox=\"yes\" data-elementor-lightbox-slideshow=\"f6b4a2c\" data-elementor-lightbox-title=\"IMG_20221025_114916268_HDRa\" data-e-action-hash=\"#elementor-action%3Aaction%3Dlightbox%26settings%3DeyJpZCI6NDQyLCJ1cmwiOiJodHRwczpcL1wvd3d3Lm1icC5jaHJ6YW5vdy5wbFwvd2llanNraXRyZWtcL3dwLWNvbnRlbnRcL3VwbG9hZHNcLzIwMjJcLzExXC9JTUdfMjAyMjEwMjVfMTE0OTE2MjY4X0hEUmEtc2NhbGVkLmpwZyIsInNsaWRlc2hvdyI6ImY2YjRhMmMifQ%3D%3D\" href='https:\/\/www.mbp.chrzanow.pl\/wiejskitrek\/wp-content\/uploads\/2022\/11\/IMG_20221025_114916268_HDRa-scaled.jpg'><img loading=\"lazy\" decoding=\"async\" width=\"150\" height=\"150\" src=\"https:\/\/www.mbp.chrzanow.pl\/wiejskitrek\/wp-content\/uploads\/2022\/11\/IMG_20221025_114916268_HDRa-150x150.jpg\" class=\"attachment-thumbnail size-thumbnail\" alt=\"\" \/><\/a>\n\t\t\t<\/dt><\/dl>\n\t\t\t<br style='clear: both' \/>\n\t\t<\/div>\n\t\t<\/div>\n\t\t\t\t\t\t<\/div>\n\t\t\t\t<\/div>\n\t\t\t\t\t<\/div>\n\t\t<\/div>\n\t\t\t\t<div class=\"elementor-column elementor-col-33 elementor-inner-column elementor-element elementor-element-e639844\" data-id=\"e639844\" data-element_type=\"column\" data-e-type=\"column\">\n\t\t\t<div class=\"elementor-widget-wrap elementor-element-populated\">\n\t\t\t\t\t\t<div class=\"elementor-element elementor-element-0749ae4 elementor-widget elementor-widget-heading\" data-id=\"0749ae4\" data-element_type=\"widget\" data-e-type=\"widget\" data-widget_type=\"heading.default\">\n\t\t\t\t<div class=\"elementor-widget-container\">\n\t\t\t\t\t<h2 class=\"elementor-heading-title elementor-size-default\">Warsztaty fotograficzne #villagestyle<\/h2>\t\t\t\t<\/div>\n\t\t\t\t<\/div>\n\t\t\t\t<div class=\"elementor-element elementor-element-e64f0f4 elementor-widget elementor-widget-text-editor\" data-id=\"e64f0f4\" data-element_type=\"widget\" data-e-type=\"widget\" data-widget_type=\"text-editor.default\">\n\t\t\t\t<div class=\"elementor-widget-container\">\n\t\t\t\t\t\t\t\t\t<p>Cykl 4 warsztat\u00f3w fotograficznych pod nazw\u0105 &#8222;#villagestyle&#8221; kt\u00f3re odbywa\u0142y si\u0119 w Filii w Balinie przeznaczone by\u0142y dla mieszka\u0144c\u00f3w Balina w tym m\u0142odzie\u017cy ze Szko\u0142y Podstawowej. Pod okiem prowadz\u0105cej warsztaty Katarzyny Kulczyk uczestnicy uczyli si\u0119 podstaw fotografii, tego jak wykorzystywa\u0107 wiejskie dary natury oraz akcesoria przy tworzeniu kompozycji, jak inspirowa\u0107 si\u0119 np ok\u0142adkami ksi\u0105\u017cek i na co zwr\u00f3ci\u0107 uwag\u0119 podczas fotografowania charakterystycznych wiejskich widok\u00f3w (fotografowanie w naturalnym \u015bwietle, dob\u00f3r stroju i akcesori\u00f3w, og\u00f3lna koncepcja zdj\u0119cia).<\/p>\t\t\t\t\t\t\t\t<\/div>\n\t\t\t\t<\/div>\n\t\t\t\t<div class=\"elementor-element elementor-element-0601c1e elementor-widget elementor-widget-image-gallery\" data-id=\"0601c1e\" data-element_type=\"widget\" data-e-type=\"widget\" data-widget_type=\"image-gallery.default\">\n\t\t\t\t<div class=\"elementor-widget-container\">\n\t\t\t\t\t\t\t<div class=\"elementor-image-gallery\">\n\t\t\t\n\t\t<style type=\"text\/css\">\n\t\t\t#gallery-2 {\n\t\t\t\tmargin: auto;\n\t\t\t}\n\t\t\t#gallery-2 .gallery-item {\n\t\t\t\tfloat: left;\n\t\t\t\tmargin-top: 10px;\n\t\t\t\ttext-align: center;\n\t\t\t\twidth: 25%;\n\t\t\t}\n\t\t\t#gallery-2 img {\n\t\t\t\tborder: 2px solid #cfcfcf;\n\t\t\t}\n\t\t\t#gallery-2 .gallery-caption {\n\t\t\t\tmargin-left: 0;\n\t\t\t}\n\t\t\t\/* see gallery_shortcode() in wp-includes\/media.php *\/\n\t\t<\/style>\n\t\t<div id='gallery-2' class='gallery galleryid-65 gallery-columns-4 gallery-size-thumbnail'><dl class='gallery-item'>\n\t\t\t<dt class='gallery-icon portrait'>\n\t\t\t\t<a data-elementor-open-lightbox=\"yes\" data-elementor-lightbox-slideshow=\"0601c1e\" data-elementor-lightbox-title=\"IMG_20220513_160509146\" data-e-action-hash=\"#elementor-action%3Aaction%3Dlightbox%26settings%3DeyJpZCI6NDQ0LCJ1cmwiOiJodHRwczpcL1wvd3d3Lm1icC5jaHJ6YW5vdy5wbFwvd2llanNraXRyZWtcL3dwLWNvbnRlbnRcL3VwbG9hZHNcLzIwMjJcLzExXC9JTUdfMjAyMjA1MTNfMTYwNTA5MTQ2LXNjYWxlZC5qcGciLCJzbGlkZXNob3ciOiIwNjAxYzFlIn0%3D\" href='https:\/\/www.mbp.chrzanow.pl\/wiejskitrek\/wp-content\/uploads\/2022\/11\/IMG_20220513_160509146-scaled.jpg'><img loading=\"lazy\" decoding=\"async\" width=\"150\" height=\"150\" src=\"https:\/\/www.mbp.chrzanow.pl\/wiejskitrek\/wp-content\/uploads\/2022\/11\/IMG_20220513_160509146-150x150.jpg\" class=\"attachment-thumbnail size-thumbnail\" alt=\"\" \/><\/a>\n\t\t\t<\/dt><\/dl><dl class='gallery-item'>\n\t\t\t<dt class='gallery-icon landscape'>\n\t\t\t\t<a data-elementor-open-lightbox=\"yes\" data-elementor-lightbox-slideshow=\"0601c1e\" data-elementor-lightbox-title=\"IMG_20220513_160552514\" data-e-action-hash=\"#elementor-action%3Aaction%3Dlightbox%26settings%3DeyJpZCI6NDQ1LCJ1cmwiOiJodHRwczpcL1wvd3d3Lm1icC5jaHJ6YW5vdy5wbFwvd2llanNraXRyZWtcL3dwLWNvbnRlbnRcL3VwbG9hZHNcLzIwMjJcLzExXC9JTUdfMjAyMjA1MTNfMTYwNTUyNTE0LXNjYWxlZC5qcGciLCJzbGlkZXNob3ciOiIwNjAxYzFlIn0%3D\" href='https:\/\/www.mbp.chrzanow.pl\/wiejskitrek\/wp-content\/uploads\/2022\/11\/IMG_20220513_160552514-scaled.jpg'><img loading=\"lazy\" decoding=\"async\" width=\"150\" height=\"150\" src=\"https:\/\/www.mbp.chrzanow.pl\/wiejskitrek\/wp-content\/uploads\/2022\/11\/IMG_20220513_160552514-150x150.jpg\" class=\"attachment-thumbnail size-thumbnail\" alt=\"\" \/><\/a>\n\t\t\t<\/dt><\/dl><dl class='gallery-item'>\n\t\t\t<dt class='gallery-icon landscape'>\n\t\t\t\t<a data-elementor-open-lightbox=\"yes\" data-elementor-lightbox-slideshow=\"0601c1e\" data-elementor-lightbox-title=\"IMG_20220513_161103662\" data-e-action-hash=\"#elementor-action%3Aaction%3Dlightbox%26settings%3DeyJpZCI6NDQ3LCJ1cmwiOiJodHRwczpcL1wvd3d3Lm1icC5jaHJ6YW5vdy5wbFwvd2llanNraXRyZWtcL3dwLWNvbnRlbnRcL3VwbG9hZHNcLzIwMjJcLzExXC9JTUdfMjAyMjA1MTNfMTYxMTAzNjYyLXNjYWxlZC5qcGciLCJzbGlkZXNob3ciOiIwNjAxYzFlIn0%3D\" href='https:\/\/www.mbp.chrzanow.pl\/wiejskitrek\/wp-content\/uploads\/2022\/11\/IMG_20220513_161103662-scaled.jpg'><img loading=\"lazy\" decoding=\"async\" width=\"150\" height=\"150\" src=\"https:\/\/www.mbp.chrzanow.pl\/wiejskitrek\/wp-content\/uploads\/2022\/11\/IMG_20220513_161103662-150x150.jpg\" class=\"attachment-thumbnail size-thumbnail\" alt=\"\" \/><\/a>\n\t\t\t<\/dt><\/dl><dl class='gallery-item'>\n\t\t\t<dt class='gallery-icon portrait'>\n\t\t\t\t<a data-elementor-open-lightbox=\"yes\" data-elementor-lightbox-slideshow=\"0601c1e\" data-elementor-lightbox-title=\"IMG_20220513_161037665\" data-e-action-hash=\"#elementor-action%3Aaction%3Dlightbox%26settings%3DeyJpZCI6NDQ2LCJ1cmwiOiJodHRwczpcL1wvd3d3Lm1icC5jaHJ6YW5vdy5wbFwvd2llanNraXRyZWtcL3dwLWNvbnRlbnRcL3VwbG9hZHNcLzIwMjJcLzExXC9JTUdfMjAyMjA1MTNfMTYxMDM3NjY1LXNjYWxlZC5qcGciLCJzbGlkZXNob3ciOiIwNjAxYzFlIn0%3D\" href='https:\/\/www.mbp.chrzanow.pl\/wiejskitrek\/wp-content\/uploads\/2022\/11\/IMG_20220513_161037665-scaled.jpg'><img loading=\"lazy\" decoding=\"async\" width=\"150\" height=\"150\" src=\"https:\/\/www.mbp.chrzanow.pl\/wiejskitrek\/wp-content\/uploads\/2022\/11\/IMG_20220513_161037665-150x150.jpg\" class=\"attachment-thumbnail size-thumbnail\" alt=\"\" \/><\/a>\n\t\t\t<\/dt><\/dl><br style=\"clear: both\" \/><dl class='gallery-item'>\n\t\t\t<dt class='gallery-icon portrait'>\n\t\t\t\t<a data-elementor-open-lightbox=\"yes\" data-elementor-lightbox-slideshow=\"0601c1e\" data-elementor-lightbox-title=\"IMG_20220513_162659009_HDR\" data-e-action-hash=\"#elementor-action%3Aaction%3Dlightbox%26settings%3DeyJpZCI6NDQ5LCJ1cmwiOiJodHRwczpcL1wvd3d3Lm1icC5jaHJ6YW5vdy5wbFwvd2llanNraXRyZWtcL3dwLWNvbnRlbnRcL3VwbG9hZHNcLzIwMjJcLzExXC9JTUdfMjAyMjA1MTNfMTYyNjU5MDA5X0hEUi1zY2FsZWQuanBnIiwic2xpZGVzaG93IjoiMDYwMWMxZSJ9\" href='https:\/\/www.mbp.chrzanow.pl\/wiejskitrek\/wp-content\/uploads\/2022\/11\/IMG_20220513_162659009_HDR-scaled.jpg'><img loading=\"lazy\" decoding=\"async\" width=\"150\" height=\"150\" src=\"https:\/\/www.mbp.chrzanow.pl\/wiejskitrek\/wp-content\/uploads\/2022\/11\/IMG_20220513_162659009_HDR-150x150.jpg\" class=\"attachment-thumbnail size-thumbnail\" alt=\"\" \/><\/a>\n\t\t\t<\/dt><\/dl><dl class='gallery-item'>\n\t\t\t<dt class='gallery-icon portrait'>\n\t\t\t\t<a data-elementor-open-lightbox=\"yes\" data-elementor-lightbox-slideshow=\"0601c1e\" data-elementor-lightbox-title=\"IMG_20220513_161136162\" data-e-action-hash=\"#elementor-action%3Aaction%3Dlightbox%26settings%3DeyJpZCI6NDQ4LCJ1cmwiOiJodHRwczpcL1wvd3d3Lm1icC5jaHJ6YW5vdy5wbFwvd2llanNraXRyZWtcL3dwLWNvbnRlbnRcL3VwbG9hZHNcLzIwMjJcLzExXC9JTUdfMjAyMjA1MTNfMTYxMTM2MTYyLXNjYWxlZC5qcGciLCJzbGlkZXNob3ciOiIwNjAxYzFlIn0%3D\" href='https:\/\/www.mbp.chrzanow.pl\/wiejskitrek\/wp-content\/uploads\/2022\/11\/IMG_20220513_161136162-scaled.jpg'><img loading=\"lazy\" decoding=\"async\" width=\"150\" height=\"150\" src=\"https:\/\/www.mbp.chrzanow.pl\/wiejskitrek\/wp-content\/uploads\/2022\/11\/IMG_20220513_161136162-150x150.jpg\" class=\"attachment-thumbnail size-thumbnail\" alt=\"\" \/><\/a>\n\t\t\t<\/dt><\/dl><dl class='gallery-item'>\n\t\t\t<dt class='gallery-icon landscape'>\n\t\t\t\t<a data-elementor-open-lightbox=\"yes\" data-elementor-lightbox-slideshow=\"0601c1e\" data-elementor-lightbox-title=\"IMG_20220513_172419464\" data-e-action-hash=\"#elementor-action%3Aaction%3Dlightbox%26settings%3DeyJpZCI6NDUxLCJ1cmwiOiJodHRwczpcL1wvd3d3Lm1icC5jaHJ6YW5vdy5wbFwvd2llanNraXRyZWtcL3dwLWNvbnRlbnRcL3VwbG9hZHNcLzIwMjJcLzExXC9JTUdfMjAyMjA1MTNfMTcyNDE5NDY0LXNjYWxlZC5qcGciLCJzbGlkZXNob3ciOiIwNjAxYzFlIn0%3D\" href='https:\/\/www.mbp.chrzanow.pl\/wiejskitrek\/wp-content\/uploads\/2022\/11\/IMG_20220513_172419464-scaled.jpg'><img loading=\"lazy\" decoding=\"async\" width=\"150\" height=\"150\" src=\"https:\/\/www.mbp.chrzanow.pl\/wiejskitrek\/wp-content\/uploads\/2022\/11\/IMG_20220513_172419464-150x150.jpg\" class=\"attachment-thumbnail size-thumbnail\" alt=\"\" \/><\/a>\n\t\t\t<\/dt><\/dl><dl class='gallery-item'>\n\t\t\t<dt class='gallery-icon landscape'>\n\t\t\t\t<a data-elementor-open-lightbox=\"yes\" data-elementor-lightbox-slideshow=\"0601c1e\" data-elementor-lightbox-title=\"IMG_20220513_163057873\" data-e-action-hash=\"#elementor-action%3Aaction%3Dlightbox%26settings%3DeyJpZCI6NDUwLCJ1cmwiOiJodHRwczpcL1wvd3d3Lm1icC5jaHJ6YW5vdy5wbFwvd2llanNraXRyZWtcL3dwLWNvbnRlbnRcL3VwbG9hZHNcLzIwMjJcLzExXC9JTUdfMjAyMjA1MTNfMTYzMDU3ODczLXNjYWxlZC5qcGciLCJzbGlkZXNob3ciOiIwNjAxYzFlIn0%3D\" href='https:\/\/www.mbp.chrzanow.pl\/wiejskitrek\/wp-content\/uploads\/2022\/11\/IMG_20220513_163057873-scaled.jpg'><img loading=\"lazy\" decoding=\"async\" width=\"150\" height=\"150\" src=\"https:\/\/www.mbp.chrzanow.pl\/wiejskitrek\/wp-content\/uploads\/2022\/11\/IMG_20220513_163057873-150x150.jpg\" class=\"attachment-thumbnail size-thumbnail\" alt=\"\" \/><\/a>\n\t\t\t<\/dt><\/dl><br style=\"clear: both\" \/><dl class='gallery-item'>\n\t\t\t<dt class='gallery-icon landscape'>\n\t\t\t\t<a data-elementor-open-lightbox=\"yes\" data-elementor-lightbox-slideshow=\"0601c1e\" data-elementor-lightbox-title=\"IMG_20220513_172958779_HDR\" data-e-action-hash=\"#elementor-action%3Aaction%3Dlightbox%26settings%3DeyJpZCI6NDUyLCJ1cmwiOiJodHRwczpcL1wvd3d3Lm1icC5jaHJ6YW5vdy5wbFwvd2llanNraXRyZWtcL3dwLWNvbnRlbnRcL3VwbG9hZHNcLzIwMjJcLzExXC9JTUdfMjAyMjA1MTNfMTcyOTU4Nzc5X0hEUi1zY2FsZWQuanBnIiwic2xpZGVzaG93IjoiMDYwMWMxZSJ9\" href='https:\/\/www.mbp.chrzanow.pl\/wiejskitrek\/wp-content\/uploads\/2022\/11\/IMG_20220513_172958779_HDR-scaled.jpg'><img loading=\"lazy\" decoding=\"async\" width=\"150\" height=\"150\" src=\"https:\/\/www.mbp.chrzanow.pl\/wiejskitrek\/wp-content\/uploads\/2022\/11\/IMG_20220513_172958779_HDR-150x150.jpg\" class=\"attachment-thumbnail size-thumbnail\" alt=\"\" \/><\/a>\n\t\t\t<\/dt><\/dl><dl class='gallery-item'>\n\t\t\t<dt class='gallery-icon portrait'>\n\t\t\t\t<a data-elementor-open-lightbox=\"yes\" data-elementor-lightbox-slideshow=\"0601c1e\" data-elementor-lightbox-title=\"IMG_20220513_173053855_HDR\" data-e-action-hash=\"#elementor-action%3Aaction%3Dlightbox%26settings%3DeyJpZCI6NDUzLCJ1cmwiOiJodHRwczpcL1wvd3d3Lm1icC5jaHJ6YW5vdy5wbFwvd2llanNraXRyZWtcL3dwLWNvbnRlbnRcL3VwbG9hZHNcLzIwMjJcLzExXC9JTUdfMjAyMjA1MTNfMTczMDUzODU1X0hEUi1zY2FsZWQuanBnIiwic2xpZGVzaG93IjoiMDYwMWMxZSJ9\" href='https:\/\/www.mbp.chrzanow.pl\/wiejskitrek\/wp-content\/uploads\/2022\/11\/IMG_20220513_173053855_HDR-scaled.jpg'><img loading=\"lazy\" decoding=\"async\" width=\"150\" height=\"150\" src=\"https:\/\/www.mbp.chrzanow.pl\/wiejskitrek\/wp-content\/uploads\/2022\/11\/IMG_20220513_173053855_HDR-150x150.jpg\" class=\"attachment-thumbnail size-thumbnail\" alt=\"\" \/><\/a>\n\t\t\t<\/dt><\/dl><dl class='gallery-item'>\n\t\t\t<dt class='gallery-icon portrait'>\n\t\t\t\t<a data-elementor-open-lightbox=\"yes\" data-elementor-lightbox-slideshow=\"0601c1e\" data-elementor-lightbox-title=\"IMG_20220513_173150503_HDR\" data-e-action-hash=\"#elementor-action%3Aaction%3Dlightbox%26settings%3DeyJpZCI6NDU0LCJ1cmwiOiJodHRwczpcL1wvd3d3Lm1icC5jaHJ6YW5vdy5wbFwvd2llanNraXRyZWtcL3dwLWNvbnRlbnRcL3VwbG9hZHNcLzIwMjJcLzExXC9JTUdfMjAyMjA1MTNfMTczMTUwNTAzX0hEUi1zY2FsZWQuanBnIiwic2xpZGVzaG93IjoiMDYwMWMxZSJ9\" href='https:\/\/www.mbp.chrzanow.pl\/wiejskitrek\/wp-content\/uploads\/2022\/11\/IMG_20220513_173150503_HDR-scaled.jpg'><img loading=\"lazy\" decoding=\"async\" width=\"150\" height=\"150\" src=\"https:\/\/www.mbp.chrzanow.pl\/wiejskitrek\/wp-content\/uploads\/2022\/11\/IMG_20220513_173150503_HDR-150x150.jpg\" class=\"attachment-thumbnail size-thumbnail\" alt=\"\" \/><\/a>\n\t\t\t<\/dt><\/dl><dl class='gallery-item'>\n\t\t\t<dt class='gallery-icon portrait'>\n\t\t\t\t<a data-elementor-open-lightbox=\"yes\" data-elementor-lightbox-slideshow=\"0601c1e\" data-elementor-lightbox-title=\"IMG_20220513_173308673_MP\" data-e-action-hash=\"#elementor-action%3Aaction%3Dlightbox%26settings%3DeyJpZCI6NDU1LCJ1cmwiOiJodHRwczpcL1wvd3d3Lm1icC5jaHJ6YW5vdy5wbFwvd2llanNraXRyZWtcL3dwLWNvbnRlbnRcL3VwbG9hZHNcLzIwMjJcLzExXC9JTUdfMjAyMjA1MTNfMTczMzA4NjczX01QLXNjYWxlZC5qcGciLCJzbGlkZXNob3ciOiIwNjAxYzFlIn0%3D\" href='https:\/\/www.mbp.chrzanow.pl\/wiejskitrek\/wp-content\/uploads\/2022\/11\/IMG_20220513_173308673_MP-scaled.jpg'><img loading=\"lazy\" decoding=\"async\" width=\"150\" height=\"150\" src=\"https:\/\/www.mbp.chrzanow.pl\/wiejskitrek\/wp-content\/uploads\/2022\/11\/IMG_20220513_173308673_MP-150x150.jpg\" class=\"attachment-thumbnail size-thumbnail\" alt=\"\" \/><\/a>\n\t\t\t<\/dt><\/dl><br style=\"clear: both\" \/><dl class='gallery-item'>\n\t\t\t<dt class='gallery-icon portrait'>\n\t\t\t\t<a data-elementor-open-lightbox=\"yes\" data-elementor-lightbox-slideshow=\"0601c1e\" data-elementor-lightbox-title=\"IMG_20220513_173435752\" data-e-action-hash=\"#elementor-action%3Aaction%3Dlightbox%26settings%3DeyJpZCI6NDU4LCJ1cmwiOiJodHRwczpcL1wvd3d3Lm1icC5jaHJ6YW5vdy5wbFwvd2llanNraXRyZWtcL3dwLWNvbnRlbnRcL3VwbG9hZHNcLzIwMjJcLzExXC9JTUdfMjAyMjA1MTNfMTczNDM1NzUyLXNjYWxlZC5qcGciLCJzbGlkZXNob3ciOiIwNjAxYzFlIn0%3D\" href='https:\/\/www.mbp.chrzanow.pl\/wiejskitrek\/wp-content\/uploads\/2022\/11\/IMG_20220513_173435752-scaled.jpg'><img loading=\"lazy\" decoding=\"async\" width=\"150\" height=\"150\" src=\"https:\/\/www.mbp.chrzanow.pl\/wiejskitrek\/wp-content\/uploads\/2022\/11\/IMG_20220513_173435752-150x150.jpg\" class=\"attachment-thumbnail size-thumbnail\" alt=\"\" \/><\/a>\n\t\t\t<\/dt><\/dl><dl class='gallery-item'>\n\t\t\t<dt class='gallery-icon landscape'>\n\t\t\t\t<a data-elementor-open-lightbox=\"yes\" data-elementor-lightbox-slideshow=\"0601c1e\" data-elementor-lightbox-title=\"IMG_20220513_173346260\" data-e-action-hash=\"#elementor-action%3Aaction%3Dlightbox%26settings%3DeyJpZCI6NDU2LCJ1cmwiOiJodHRwczpcL1wvd3d3Lm1icC5jaHJ6YW5vdy5wbFwvd2llanNraXRyZWtcL3dwLWNvbnRlbnRcL3VwbG9hZHNcLzIwMjJcLzExXC9JTUdfMjAyMjA1MTNfMTczMzQ2MjYwLXNjYWxlZC5qcGciLCJzbGlkZXNob3ciOiIwNjAxYzFlIn0%3D\" href='https:\/\/www.mbp.chrzanow.pl\/wiejskitrek\/wp-content\/uploads\/2022\/11\/IMG_20220513_173346260-scaled.jpg'><img loading=\"lazy\" decoding=\"async\" width=\"150\" height=\"150\" src=\"https:\/\/www.mbp.chrzanow.pl\/wiejskitrek\/wp-content\/uploads\/2022\/11\/IMG_20220513_173346260-150x150.jpg\" class=\"attachment-thumbnail size-thumbnail\" alt=\"\" \/><\/a>\n\t\t\t<\/dt><\/dl><dl class='gallery-item'>\n\t\t\t<dt class='gallery-icon landscape'>\n\t\t\t\t<a data-elementor-open-lightbox=\"yes\" data-elementor-lightbox-slideshow=\"0601c1e\" data-elementor-lightbox-title=\"IMG_20220513_173509973\" data-e-action-hash=\"#elementor-action%3Aaction%3Dlightbox%26settings%3DeyJpZCI6NDU5LCJ1cmwiOiJodHRwczpcL1wvd3d3Lm1icC5jaHJ6YW5vdy5wbFwvd2llanNraXRyZWtcL3dwLWNvbnRlbnRcL3VwbG9hZHNcLzIwMjJcLzExXC9JTUdfMjAyMjA1MTNfMTczNTA5OTczLXNjYWxlZC5qcGciLCJzbGlkZXNob3ciOiIwNjAxYzFlIn0%3D\" href='https:\/\/www.mbp.chrzanow.pl\/wiejskitrek\/wp-content\/uploads\/2022\/11\/IMG_20220513_173509973-scaled.jpg'><img loading=\"lazy\" decoding=\"async\" width=\"150\" height=\"150\" src=\"https:\/\/www.mbp.chrzanow.pl\/wiejskitrek\/wp-content\/uploads\/2022\/11\/IMG_20220513_173509973-150x150.jpg\" class=\"attachment-thumbnail size-thumbnail\" alt=\"\" \/><\/a>\n\t\t\t<\/dt><\/dl><dl class='gallery-item'>\n\t\t\t<dt class='gallery-icon portrait'>\n\t\t\t\t<a data-elementor-open-lightbox=\"yes\" data-elementor-lightbox-slideshow=\"0601c1e\" data-elementor-lightbox-title=\"IMG_20220513_173427662\" data-e-action-hash=\"#elementor-action%3Aaction%3Dlightbox%26settings%3DeyJpZCI6NDU3LCJ1cmwiOiJodHRwczpcL1wvd3d3Lm1icC5jaHJ6YW5vdy5wbFwvd2llanNraXRyZWtcL3dwLWNvbnRlbnRcL3VwbG9hZHNcLzIwMjJcLzExXC9JTUdfMjAyMjA1MTNfMTczNDI3NjYyLXNjYWxlZC5qcGciLCJzbGlkZXNob3ciOiIwNjAxYzFlIn0%3D\" href='https:\/\/www.mbp.chrzanow.pl\/wiejskitrek\/wp-content\/uploads\/2022\/11\/IMG_20220513_173427662-scaled.jpg'><img loading=\"lazy\" decoding=\"async\" width=\"150\" height=\"150\" src=\"https:\/\/www.mbp.chrzanow.pl\/wiejskitrek\/wp-content\/uploads\/2022\/11\/IMG_20220513_173427662-150x150.jpg\" class=\"attachment-thumbnail size-thumbnail\" alt=\"\" \/><\/a>\n\t\t\t<\/dt><\/dl><br style=\"clear: both\" \/><dl class='gallery-item'>\n\t\t\t<dt class='gallery-icon portrait'>\n\t\t\t\t<a data-elementor-open-lightbox=\"yes\" data-elementor-lightbox-slideshow=\"0601c1e\" data-elementor-lightbox-title=\"IMG_20220513_173703978_HDR\" data-e-action-hash=\"#elementor-action%3Aaction%3Dlightbox%26settings%3DeyJpZCI6NDYwLCJ1cmwiOiJodHRwczpcL1wvd3d3Lm1icC5jaHJ6YW5vdy5wbFwvd2llanNraXRyZWtcL3dwLWNvbnRlbnRcL3VwbG9hZHNcLzIwMjJcLzExXC9JTUdfMjAyMjA1MTNfMTczNzAzOTc4X0hEUi1zY2FsZWQuanBnIiwic2xpZGVzaG93IjoiMDYwMWMxZSJ9\" href='https:\/\/www.mbp.chrzanow.pl\/wiejskitrek\/wp-content\/uploads\/2022\/11\/IMG_20220513_173703978_HDR-scaled.jpg'><img loading=\"lazy\" decoding=\"async\" width=\"150\" height=\"150\" src=\"https:\/\/www.mbp.chrzanow.pl\/wiejskitrek\/wp-content\/uploads\/2022\/11\/IMG_20220513_173703978_HDR-150x150.jpg\" class=\"attachment-thumbnail size-thumbnail\" alt=\"\" \/><\/a>\n\t\t\t<\/dt><\/dl><dl class='gallery-item'>\n\t\t\t<dt class='gallery-icon landscape'>\n\t\t\t\t<a data-elementor-open-lightbox=\"yes\" data-elementor-lightbox-slideshow=\"0601c1e\" data-elementor-lightbox-title=\"IMG_20220513_173825793_HDR\" data-e-action-hash=\"#elementor-action%3Aaction%3Dlightbox%26settings%3DeyJpZCI6NDYxLCJ1cmwiOiJodHRwczpcL1wvd3d3Lm1icC5jaHJ6YW5vdy5wbFwvd2llanNraXRyZWtcL3dwLWNvbnRlbnRcL3VwbG9hZHNcLzIwMjJcLzExXC9JTUdfMjAyMjA1MTNfMTczODI1NzkzX0hEUi1zY2FsZWQuanBnIiwic2xpZGVzaG93IjoiMDYwMWMxZSJ9\" href='https:\/\/www.mbp.chrzanow.pl\/wiejskitrek\/wp-content\/uploads\/2022\/11\/IMG_20220513_173825793_HDR-scaled.jpg'><img loading=\"lazy\" decoding=\"async\" width=\"150\" height=\"150\" src=\"https:\/\/www.mbp.chrzanow.pl\/wiejskitrek\/wp-content\/uploads\/2022\/11\/IMG_20220513_173825793_HDR-150x150.jpg\" class=\"attachment-thumbnail size-thumbnail\" alt=\"\" \/><\/a>\n\t\t\t<\/dt><\/dl><dl class='gallery-item'>\n\t\t\t<dt class='gallery-icon portrait'>\n\t\t\t\t<a data-elementor-open-lightbox=\"yes\" data-elementor-lightbox-slideshow=\"0601c1e\" data-elementor-lightbox-title=\"IMG_20220513_174235881\" data-e-action-hash=\"#elementor-action%3Aaction%3Dlightbox%26settings%3DeyJpZCI6NDYyLCJ1cmwiOiJodHRwczpcL1wvd3d3Lm1icC5jaHJ6YW5vdy5wbFwvd2llanNraXRyZWtcL3dwLWNvbnRlbnRcL3VwbG9hZHNcLzIwMjJcLzExXC9JTUdfMjAyMjA1MTNfMTc0MjM1ODgxLXNjYWxlZC5qcGciLCJzbGlkZXNob3ciOiIwNjAxYzFlIn0%3D\" href='https:\/\/www.mbp.chrzanow.pl\/wiejskitrek\/wp-content\/uploads\/2022\/11\/IMG_20220513_174235881-scaled.jpg'><img loading=\"lazy\" decoding=\"async\" width=\"150\" height=\"150\" src=\"https:\/\/www.mbp.chrzanow.pl\/wiejskitrek\/wp-content\/uploads\/2022\/11\/IMG_20220513_174235881-150x150.jpg\" class=\"attachment-thumbnail size-thumbnail\" alt=\"\" \/><\/a>\n\t\t\t<\/dt><\/dl><dl class='gallery-item'>\n\t\t\t<dt class='gallery-icon portrait'>\n\t\t\t\t<a data-elementor-open-lightbox=\"yes\" data-elementor-lightbox-slideshow=\"0601c1e\" data-elementor-lightbox-title=\"IMG_20220513_174605684\" data-e-action-hash=\"#elementor-action%3Aaction%3Dlightbox%26settings%3DeyJpZCI6NDY1LCJ1cmwiOiJodHRwczpcL1wvd3d3Lm1icC5jaHJ6YW5vdy5wbFwvd2llanNraXRyZWtcL3dwLWNvbnRlbnRcL3VwbG9hZHNcLzIwMjJcLzExXC9JTUdfMjAyMjA1MTNfMTc0NjA1Njg0LXNjYWxlZC5qcGciLCJzbGlkZXNob3ciOiIwNjAxYzFlIn0%3D\" href='https:\/\/www.mbp.chrzanow.pl\/wiejskitrek\/wp-content\/uploads\/2022\/11\/IMG_20220513_174605684-scaled.jpg'><img loading=\"lazy\" decoding=\"async\" width=\"150\" height=\"150\" src=\"https:\/\/www.mbp.chrzanow.pl\/wiejskitrek\/wp-content\/uploads\/2022\/11\/IMG_20220513_174605684-150x150.jpg\" class=\"attachment-thumbnail size-thumbnail\" alt=\"\" \/><\/a>\n\t\t\t<\/dt><\/dl><br style=\"clear: both\" \/><dl class='gallery-item'>\n\t\t\t<dt class='gallery-icon portrait'>\n\t\t\t\t<a data-elementor-open-lightbox=\"yes\" data-elementor-lightbox-slideshow=\"0601c1e\" data-elementor-lightbox-title=\"IMG_20220513_174338409\" data-e-action-hash=\"#elementor-action%3Aaction%3Dlightbox%26settings%3DeyJpZCI6NDYzLCJ1cmwiOiJodHRwczpcL1wvd3d3Lm1icC5jaHJ6YW5vdy5wbFwvd2llanNraXRyZWtcL3dwLWNvbnRlbnRcL3VwbG9hZHNcLzIwMjJcLzExXC9JTUdfMjAyMjA1MTNfMTc0MzM4NDA5LXNjYWxlZC5qcGciLCJzbGlkZXNob3ciOiIwNjAxYzFlIn0%3D\" href='https:\/\/www.mbp.chrzanow.pl\/wiejskitrek\/wp-content\/uploads\/2022\/11\/IMG_20220513_174338409-scaled.jpg'><img loading=\"lazy\" decoding=\"async\" width=\"150\" height=\"150\" src=\"https:\/\/www.mbp.chrzanow.pl\/wiejskitrek\/wp-content\/uploads\/2022\/11\/IMG_20220513_174338409-150x150.jpg\" class=\"attachment-thumbnail size-thumbnail\" alt=\"\" \/><\/a>\n\t\t\t<\/dt><\/dl><dl class='gallery-item'>\n\t\t\t<dt class='gallery-icon portrait'>\n\t\t\t\t<a data-elementor-open-lightbox=\"yes\" data-elementor-lightbox-slideshow=\"0601c1e\" data-elementor-lightbox-title=\"IMG_20220513_174510440\" data-e-action-hash=\"#elementor-action%3Aaction%3Dlightbox%26settings%3DeyJpZCI6NDY0LCJ1cmwiOiJodHRwczpcL1wvd3d3Lm1icC5jaHJ6YW5vdy5wbFwvd2llanNraXRyZWtcL3dwLWNvbnRlbnRcL3VwbG9hZHNcLzIwMjJcLzExXC9JTUdfMjAyMjA1MTNfMTc0NTEwNDQwLXNjYWxlZC5qcGciLCJzbGlkZXNob3ciOiIwNjAxYzFlIn0%3D\" href='https:\/\/www.mbp.chrzanow.pl\/wiejskitrek\/wp-content\/uploads\/2022\/11\/IMG_20220513_174510440-scaled.jpg'><img loading=\"lazy\" decoding=\"async\" width=\"150\" height=\"150\" src=\"https:\/\/www.mbp.chrzanow.pl\/wiejskitrek\/wp-content\/uploads\/2022\/11\/IMG_20220513_174510440-150x150.jpg\" class=\"attachment-thumbnail size-thumbnail\" alt=\"\" \/><\/a>\n\t\t\t<\/dt><\/dl><dl class='gallery-item'>\n\t\t\t<dt class='gallery-icon portrait'>\n\t\t\t\t<a data-elementor-open-lightbox=\"yes\" data-elementor-lightbox-slideshow=\"0601c1e\" data-elementor-lightbox-title=\"IMG_20220527_162427576\" data-e-action-hash=\"#elementor-action%3Aaction%3Dlightbox%26settings%3DeyJpZCI6NDY2LCJ1cmwiOiJodHRwczpcL1wvd3d3Lm1icC5jaHJ6YW5vdy5wbFwvd2llanNraXRyZWtcL3dwLWNvbnRlbnRcL3VwbG9hZHNcLzIwMjJcLzExXC9JTUdfMjAyMjA1MjdfMTYyNDI3NTc2LXNjYWxlZC5qcGciLCJzbGlkZXNob3ciOiIwNjAxYzFlIn0%3D\" href='https:\/\/www.mbp.chrzanow.pl\/wiejskitrek\/wp-content\/uploads\/2022\/11\/IMG_20220527_162427576-scaled.jpg'><img loading=\"lazy\" decoding=\"async\" width=\"150\" height=\"150\" src=\"https:\/\/www.mbp.chrzanow.pl\/wiejskitrek\/wp-content\/uploads\/2022\/11\/IMG_20220527_162427576-150x150.jpg\" class=\"attachment-thumbnail size-thumbnail\" alt=\"\" \/><\/a>\n\t\t\t<\/dt><\/dl><dl class='gallery-item'>\n\t\t\t<dt class='gallery-icon portrait'>\n\t\t\t\t<a data-elementor-open-lightbox=\"yes\" data-elementor-lightbox-slideshow=\"0601c1e\" data-elementor-lightbox-title=\"IMG_20220527_164115405_HDR\" data-e-action-hash=\"#elementor-action%3Aaction%3Dlightbox%26settings%3DeyJpZCI6NDY4LCJ1cmwiOiJodHRwczpcL1wvd3d3Lm1icC5jaHJ6YW5vdy5wbFwvd2llanNraXRyZWtcL3dwLWNvbnRlbnRcL3VwbG9hZHNcLzIwMjJcLzExXC9JTUdfMjAyMjA1MjdfMTY0MTE1NDA1X0hEUi1zY2FsZWQuanBnIiwic2xpZGVzaG93IjoiMDYwMWMxZSJ9\" href='https:\/\/www.mbp.chrzanow.pl\/wiejskitrek\/wp-content\/uploads\/2022\/11\/IMG_20220527_164115405_HDR-scaled.jpg'><img loading=\"lazy\" decoding=\"async\" width=\"150\" height=\"150\" src=\"https:\/\/www.mbp.chrzanow.pl\/wiejskitrek\/wp-content\/uploads\/2022\/11\/IMG_20220527_164115405_HDR-150x150.jpg\" class=\"attachment-thumbnail size-thumbnail\" alt=\"\" \/><\/a>\n\t\t\t<\/dt><\/dl><br style=\"clear: both\" \/><dl class='gallery-item'>\n\t\t\t<dt class='gallery-icon landscape'>\n\t\t\t\t<a data-elementor-open-lightbox=\"yes\" data-elementor-lightbox-slideshow=\"0601c1e\" data-elementor-lightbox-title=\"IMG_20220527_165302625_HDR\" data-e-action-hash=\"#elementor-action%3Aaction%3Dlightbox%26settings%3DeyJpZCI6NDY5LCJ1cmwiOiJodHRwczpcL1wvd3d3Lm1icC5jaHJ6YW5vdy5wbFwvd2llanNraXRyZWtcL3dwLWNvbnRlbnRcL3VwbG9hZHNcLzIwMjJcLzExXC9JTUdfMjAyMjA1MjdfMTY1MzAyNjI1X0hEUi1zY2FsZWQuanBnIiwic2xpZGVzaG93IjoiMDYwMWMxZSJ9\" href='https:\/\/www.mbp.chrzanow.pl\/wiejskitrek\/wp-content\/uploads\/2022\/11\/IMG_20220527_165302625_HDR-scaled.jpg'><img loading=\"lazy\" decoding=\"async\" width=\"150\" height=\"150\" src=\"https:\/\/www.mbp.chrzanow.pl\/wiejskitrek\/wp-content\/uploads\/2022\/11\/IMG_20220527_165302625_HDR-150x150.jpg\" class=\"attachment-thumbnail size-thumbnail\" alt=\"\" \/><\/a>\n\t\t\t<\/dt><\/dl><dl class='gallery-item'>\n\t\t\t<dt class='gallery-icon landscape'>\n\t\t\t\t<a data-elementor-open-lightbox=\"yes\" data-elementor-lightbox-slideshow=\"0601c1e\" data-elementor-lightbox-title=\"IMG_20220603_164234252\" data-e-action-hash=\"#elementor-action%3Aaction%3Dlightbox%26settings%3DeyJpZCI6NDcwLCJ1cmwiOiJodHRwczpcL1wvd3d3Lm1icC5jaHJ6YW5vdy5wbFwvd2llanNraXRyZWtcL3dwLWNvbnRlbnRcL3VwbG9hZHNcLzIwMjJcLzExXC9JTUdfMjAyMjA2MDNfMTY0MjM0MjUyLXNjYWxlZC5qcGciLCJzbGlkZXNob3ciOiIwNjAxYzFlIn0%3D\" href='https:\/\/www.mbp.chrzanow.pl\/wiejskitrek\/wp-content\/uploads\/2022\/11\/IMG_20220603_164234252-scaled.jpg'><img loading=\"lazy\" decoding=\"async\" width=\"150\" height=\"150\" src=\"https:\/\/www.mbp.chrzanow.pl\/wiejskitrek\/wp-content\/uploads\/2022\/11\/IMG_20220603_164234252-150x150.jpg\" class=\"attachment-thumbnail size-thumbnail\" alt=\"\" \/><\/a>\n\t\t\t<\/dt><\/dl><dl class='gallery-item'>\n\t\t\t<dt class='gallery-icon portrait'>\n\t\t\t\t<a data-elementor-open-lightbox=\"yes\" data-elementor-lightbox-slideshow=\"0601c1e\" data-elementor-lightbox-title=\"IMG_20220603_171027006\" data-e-action-hash=\"#elementor-action%3Aaction%3Dlightbox%26settings%3DeyJpZCI6NDcxLCJ1cmwiOiJodHRwczpcL1wvd3d3Lm1icC5jaHJ6YW5vdy5wbFwvd2llanNraXRyZWtcL3dwLWNvbnRlbnRcL3VwbG9hZHNcLzIwMjJcLzExXC9JTUdfMjAyMjA2MDNfMTcxMDI3MDA2LXNjYWxlZC5qcGciLCJzbGlkZXNob3ciOiIwNjAxYzFlIn0%3D\" href='https:\/\/www.mbp.chrzanow.pl\/wiejskitrek\/wp-content\/uploads\/2022\/11\/IMG_20220603_171027006-scaled.jpg'><img loading=\"lazy\" decoding=\"async\" width=\"150\" height=\"150\" src=\"https:\/\/www.mbp.chrzanow.pl\/wiejskitrek\/wp-content\/uploads\/2022\/11\/IMG_20220603_171027006-150x150.jpg\" class=\"attachment-thumbnail size-thumbnail\" alt=\"\" \/><\/a>\n\t\t\t<\/dt><\/dl><dl class='gallery-item'>\n\t\t\t<dt class='gallery-icon landscape'>\n\t\t\t\t<a data-elementor-open-lightbox=\"yes\" data-elementor-lightbox-slideshow=\"0601c1e\" data-elementor-lightbox-title=\"IMG_20220603_171111248\" data-e-action-hash=\"#elementor-action%3Aaction%3Dlightbox%26settings%3DeyJpZCI6NDcyLCJ1cmwiOiJodHRwczpcL1wvd3d3Lm1icC5jaHJ6YW5vdy5wbFwvd2llanNraXRyZWtcL3dwLWNvbnRlbnRcL3VwbG9hZHNcLzIwMjJcLzExXC9JTUdfMjAyMjA2MDNfMTcxMTExMjQ4LXNjYWxlZC5qcGciLCJzbGlkZXNob3ciOiIwNjAxYzFlIn0%3D\" href='https:\/\/www.mbp.chrzanow.pl\/wiejskitrek\/wp-content\/uploads\/2022\/11\/IMG_20220603_171111248-scaled.jpg'><img loading=\"lazy\" decoding=\"async\" width=\"150\" height=\"150\" src=\"https:\/\/www.mbp.chrzanow.pl\/wiejskitrek\/wp-content\/uploads\/2022\/11\/IMG_20220603_171111248-150x150.jpg\" class=\"attachment-thumbnail size-thumbnail\" alt=\"\" \/><\/a>\n\t\t\t<\/dt><\/dl><br style=\"clear: both\" \/><dl class='gallery-item'>\n\t\t\t<dt class='gallery-icon portrait'>\n\t\t\t\t<a data-elementor-open-lightbox=\"yes\" data-elementor-lightbox-slideshow=\"0601c1e\" data-elementor-lightbox-title=\"IMG_20220603_171512490\" data-e-action-hash=\"#elementor-action%3Aaction%3Dlightbox%26settings%3DeyJpZCI6NDczLCJ1cmwiOiJodHRwczpcL1wvd3d3Lm1icC5jaHJ6YW5vdy5wbFwvd2llanNraXRyZWtcL3dwLWNvbnRlbnRcL3VwbG9hZHNcLzIwMjJcLzExXC9JTUdfMjAyMjA2MDNfMTcxNTEyNDkwLXNjYWxlZC5qcGciLCJzbGlkZXNob3ciOiIwNjAxYzFlIn0%3D\" href='https:\/\/www.mbp.chrzanow.pl\/wiejskitrek\/wp-content\/uploads\/2022\/11\/IMG_20220603_171512490-scaled.jpg'><img loading=\"lazy\" decoding=\"async\" width=\"150\" height=\"150\" src=\"https:\/\/www.mbp.chrzanow.pl\/wiejskitrek\/wp-content\/uploads\/2022\/11\/IMG_20220603_171512490-150x150.jpg\" class=\"attachment-thumbnail size-thumbnail\" alt=\"\" \/><\/a>\n\t\t\t<\/dt><\/dl><dl class='gallery-item'>\n\t\t\t<dt class='gallery-icon landscape'>\n\t\t\t\t<a data-elementor-open-lightbox=\"yes\" data-elementor-lightbox-slideshow=\"0601c1e\" data-elementor-lightbox-title=\"IMG_20220603_171526623\" data-e-action-hash=\"#elementor-action%3Aaction%3Dlightbox%26settings%3DeyJpZCI6NDc0LCJ1cmwiOiJodHRwczpcL1wvd3d3Lm1icC5jaHJ6YW5vdy5wbFwvd2llanNraXRyZWtcL3dwLWNvbnRlbnRcL3VwbG9hZHNcLzIwMjJcLzExXC9JTUdfMjAyMjA2MDNfMTcxNTI2NjIzLXNjYWxlZC5qcGciLCJzbGlkZXNob3ciOiIwNjAxYzFlIn0%3D\" href='https:\/\/www.mbp.chrzanow.pl\/wiejskitrek\/wp-content\/uploads\/2022\/11\/IMG_20220603_171526623-scaled.jpg'><img loading=\"lazy\" decoding=\"async\" width=\"150\" height=\"150\" src=\"https:\/\/www.mbp.chrzanow.pl\/wiejskitrek\/wp-content\/uploads\/2022\/11\/IMG_20220603_171526623-150x150.jpg\" class=\"attachment-thumbnail size-thumbnail\" alt=\"\" \/><\/a>\n\t\t\t<\/dt><\/dl><dl class='gallery-item'>\n\t\t\t<dt class='gallery-icon portrait'>\n\t\t\t\t<a data-elementor-open-lightbox=\"yes\" data-elementor-lightbox-slideshow=\"0601c1e\" data-elementor-lightbox-title=\"IMG_20220603_172806635\" data-e-action-hash=\"#elementor-action%3Aaction%3Dlightbox%26settings%3DeyJpZCI6NDc1LCJ1cmwiOiJodHRwczpcL1wvd3d3Lm1icC5jaHJ6YW5vdy5wbFwvd2llanNraXRyZWtcL3dwLWNvbnRlbnRcL3VwbG9hZHNcLzIwMjJcLzExXC9JTUdfMjAyMjA2MDNfMTcyODA2NjM1LXNjYWxlZC5qcGciLCJzbGlkZXNob3ciOiIwNjAxYzFlIn0%3D\" href='https:\/\/www.mbp.chrzanow.pl\/wiejskitrek\/wp-content\/uploads\/2022\/11\/IMG_20220603_172806635-scaled.jpg'><img loading=\"lazy\" decoding=\"async\" width=\"150\" height=\"150\" src=\"https:\/\/www.mbp.chrzanow.pl\/wiejskitrek\/wp-content\/uploads\/2022\/11\/IMG_20220603_172806635-150x150.jpg\" class=\"attachment-thumbnail size-thumbnail\" alt=\"\" \/><\/a>\n\t\t\t<\/dt><\/dl><dl class='gallery-item'>\n\t\t\t<dt class='gallery-icon portrait'>\n\t\t\t\t<a data-elementor-open-lightbox=\"yes\" data-elementor-lightbox-slideshow=\"0601c1e\" data-elementor-lightbox-title=\"IMG_20220603_172831136_HDR\" data-e-action-hash=\"#elementor-action%3Aaction%3Dlightbox%26settings%3DeyJpZCI6NDc2LCJ1cmwiOiJodHRwczpcL1wvd3d3Lm1icC5jaHJ6YW5vdy5wbFwvd2llanNraXRyZWtcL3dwLWNvbnRlbnRcL3VwbG9hZHNcLzIwMjJcLzExXC9JTUdfMjAyMjA2MDNfMTcyODMxMTM2X0hEUi1zY2FsZWQuanBnIiwic2xpZGVzaG93IjoiMDYwMWMxZSJ9\" href='https:\/\/www.mbp.chrzanow.pl\/wiejskitrek\/wp-content\/uploads\/2022\/11\/IMG_20220603_172831136_HDR-scaled.jpg'><img loading=\"lazy\" decoding=\"async\" width=\"150\" height=\"150\" src=\"https:\/\/www.mbp.chrzanow.pl\/wiejskitrek\/wp-content\/uploads\/2022\/11\/IMG_20220603_172831136_HDR-150x150.jpg\" class=\"attachment-thumbnail size-thumbnail\" alt=\"\" \/><\/a>\n\t\t\t<\/dt><\/dl><br style=\"clear: both\" \/>\n\t\t<\/div>\n\t\t<\/div>\n\t\t\t\t\t\t<\/div>\n\t\t\t\t<\/div>\n\t\t\t\t\t<\/div>\n\t\t<\/div>\n\t\t\t\t<div class=\"elementor-column elementor-col-33 elementor-inner-column elementor-element elementor-element-ec3aaec\" data-id=\"ec3aaec\" data-element_type=\"column\" data-e-type=\"column\">\n\t\t\t<div class=\"elementor-widget-wrap elementor-element-populated\">\n\t\t\t\t\t\t<div class=\"elementor-element elementor-element-ff02230 elementor-widget elementor-widget-heading\" data-id=\"ff02230\" data-element_type=\"widget\" data-e-type=\"widget\" data-widget_type=\"heading.default\">\n\t\t\t\t<div class=\"elementor-widget-container\">\n\t\t\t\t\t<h2 class=\"elementor-heading-title elementor-size-default\">Wernisa\u017c i po warsztatowa wystawa fotografii<\/h2>\t\t\t\t<\/div>\n\t\t\t\t<\/div>\n\t\t\t\t<div class=\"elementor-element elementor-element-52ab3a0 elementor-widget elementor-widget-text-editor\" data-id=\"52ab3a0\" data-element_type=\"widget\" data-e-type=\"widget\" data-widget_type=\"text-editor.default\">\n\t\t\t\t<div class=\"elementor-widget-container\">\n\t\t\t\t\t\t\t\t\t<p>Na zako\u0144czenie warsztat\u00f3w fotograficznych w Bibliotece G\u0142\u00f3wnej zorganizowany zosta\u0142 wernisa\u017c prac uczestnik\u00f3w kursu po\u0142\u0105czony z wystaw\u0105, podczas kt\u00f3rego ka\u017cdy otrzyma\u0142 podzi\u0119kowanie oraz pakiet ekologicznych gad\u017cet\u00f3w projektowych. Wystawa b\u0119dzie udost\u0119pniana r\u00f3wnie\u017c w innych naszych filiach.<\/p>\t\t\t\t\t\t\t\t<\/div>\n\t\t\t\t<\/div>\n\t\t\t\t<div class=\"elementor-element elementor-element-c583ec4 elementor-widget elementor-widget-image-gallery\" data-id=\"c583ec4\" data-element_type=\"widget\" data-e-type=\"widget\" data-widget_type=\"image-gallery.default\">\n\t\t\t\t<div class=\"elementor-widget-container\">\n\t\t\t\t\t\t\t<div class=\"elementor-image-gallery\">\n\t\t\t\n\t\t<style type=\"text\/css\">\n\t\t\t#gallery-3 {\n\t\t\t\tmargin: auto;\n\t\t\t}\n\t\t\t#gallery-3 .gallery-item {\n\t\t\t\tfloat: left;\n\t\t\t\tmargin-top: 10px;\n\t\t\t\ttext-align: center;\n\t\t\t\twidth: 25%;\n\t\t\t}\n\t\t\t#gallery-3 img {\n\t\t\t\tborder: 2px solid #cfcfcf;\n\t\t\t}\n\t\t\t#gallery-3 .gallery-caption {\n\t\t\t\tmargin-left: 0;\n\t\t\t}\n\t\t\t\/* see gallery_shortcode() in wp-includes\/media.php *\/\n\t\t<\/style>\n\t\t<div id='gallery-3' class='gallery galleryid-65 gallery-columns-4 gallery-size-thumbnail'><dl class='gallery-item'>\n\t\t\t<dt class='gallery-icon landscape'>\n\t\t\t\t<a data-elementor-open-lightbox=\"yes\" data-elementor-lightbox-slideshow=\"c583ec4\" data-elementor-lightbox-title=\"DSC_0001\" data-e-action-hash=\"#elementor-action%3Aaction%3Dlightbox%26settings%3DeyJpZCI6NDc3LCJ1cmwiOiJodHRwczpcL1wvd3d3Lm1icC5jaHJ6YW5vdy5wbFwvd2llanNraXRyZWtcL3dwLWNvbnRlbnRcL3VwbG9hZHNcLzIwMjJcLzExXC9EU0NfMDAwMS1zY2FsZWQuanBnIiwic2xpZGVzaG93IjoiYzU4M2VjNCJ9\" href='https:\/\/www.mbp.chrzanow.pl\/wiejskitrek\/wp-content\/uploads\/2022\/11\/DSC_0001-scaled.jpg'><img loading=\"lazy\" decoding=\"async\" width=\"150\" height=\"150\" src=\"https:\/\/www.mbp.chrzanow.pl\/wiejskitrek\/wp-content\/uploads\/2022\/11\/DSC_0001-150x150.jpg\" class=\"attachment-thumbnail size-thumbnail\" alt=\"\" \/><\/a>\n\t\t\t<\/dt><\/dl><dl class='gallery-item'>\n\t\t\t<dt class='gallery-icon portrait'>\n\t\t\t\t<a data-elementor-open-lightbox=\"yes\" data-elementor-lightbox-slideshow=\"c583ec4\" data-elementor-lightbox-title=\"DSC_0004\" data-e-action-hash=\"#elementor-action%3Aaction%3Dlightbox%26settings%3DeyJpZCI6NDc4LCJ1cmwiOiJodHRwczpcL1wvd3d3Lm1icC5jaHJ6YW5vdy5wbFwvd2llanNraXRyZWtcL3dwLWNvbnRlbnRcL3VwbG9hZHNcLzIwMjJcLzExXC9EU0NfMDAwNC1zY2FsZWQuanBnIiwic2xpZGVzaG93IjoiYzU4M2VjNCJ9\" href='https:\/\/www.mbp.chrzanow.pl\/wiejskitrek\/wp-content\/uploads\/2022\/11\/DSC_0004-scaled.jpg'><img loading=\"lazy\" decoding=\"async\" width=\"150\" height=\"150\" src=\"https:\/\/www.mbp.chrzanow.pl\/wiejskitrek\/wp-content\/uploads\/2022\/11\/DSC_0004-150x150.jpg\" class=\"attachment-thumbnail size-thumbnail\" alt=\"\" \/><\/a>\n\t\t\t<\/dt><\/dl><dl class='gallery-item'>\n\t\t\t<dt class='gallery-icon landscape'>\n\t\t\t\t<a data-elementor-open-lightbox=\"yes\" data-elementor-lightbox-slideshow=\"c583ec4\" data-elementor-lightbox-title=\"DSC_0006\" data-e-action-hash=\"#elementor-action%3Aaction%3Dlightbox%26settings%3DeyJpZCI6NDc5LCJ1cmwiOiJodHRwczpcL1wvd3d3Lm1icC5jaHJ6YW5vdy5wbFwvd2llanNraXRyZWtcL3dwLWNvbnRlbnRcL3VwbG9hZHNcLzIwMjJcLzExXC9EU0NfMDAwNi1zY2FsZWQuanBnIiwic2xpZGVzaG93IjoiYzU4M2VjNCJ9\" href='https:\/\/www.mbp.chrzanow.pl\/wiejskitrek\/wp-content\/uploads\/2022\/11\/DSC_0006-scaled.jpg'><img loading=\"lazy\" decoding=\"async\" width=\"150\" height=\"150\" src=\"https:\/\/www.mbp.chrzanow.pl\/wiejskitrek\/wp-content\/uploads\/2022\/11\/DSC_0006-150x150.jpg\" class=\"attachment-thumbnail size-thumbnail\" alt=\"\" \/><\/a>\n\t\t\t<\/dt><\/dl><dl class='gallery-item'>\n\t\t\t<dt class='gallery-icon portrait'>\n\t\t\t\t<a data-elementor-open-lightbox=\"yes\" data-elementor-lightbox-slideshow=\"c583ec4\" data-elementor-lightbox-title=\"DSC_0007\" data-e-action-hash=\"#elementor-action%3Aaction%3Dlightbox%26settings%3DeyJpZCI6NDgwLCJ1cmwiOiJodHRwczpcL1wvd3d3Lm1icC5jaHJ6YW5vdy5wbFwvd2llanNraXRyZWtcL3dwLWNvbnRlbnRcL3VwbG9hZHNcLzIwMjJcLzExXC9EU0NfMDAwNy1zY2FsZWQuanBnIiwic2xpZGVzaG93IjoiYzU4M2VjNCJ9\" href='https:\/\/www.mbp.chrzanow.pl\/wiejskitrek\/wp-content\/uploads\/2022\/11\/DSC_0007-scaled.jpg'><img loading=\"lazy\" decoding=\"async\" width=\"150\" height=\"150\" src=\"https:\/\/www.mbp.chrzanow.pl\/wiejskitrek\/wp-content\/uploads\/2022\/11\/DSC_0007-150x150.jpg\" class=\"attachment-thumbnail size-thumbnail\" alt=\"\" \/><\/a>\n\t\t\t<\/dt><\/dl><br style=\"clear: both\" \/><dl class='gallery-item'>\n\t\t\t<dt class='gallery-icon landscape'>\n\t\t\t\t<a data-elementor-open-lightbox=\"yes\" data-elementor-lightbox-slideshow=\"c583ec4\" data-elementor-lightbox-title=\"DSC_0009\" data-e-action-hash=\"#elementor-action%3Aaction%3Dlightbox%26settings%3DeyJpZCI6NDgxLCJ1cmwiOiJodHRwczpcL1wvd3d3Lm1icC5jaHJ6YW5vdy5wbFwvd2llanNraXRyZWtcL3dwLWNvbnRlbnRcL3VwbG9hZHNcLzIwMjJcLzExXC9EU0NfMDAwOS1zY2FsZWQuanBnIiwic2xpZGVzaG93IjoiYzU4M2VjNCJ9\" href='https:\/\/www.mbp.chrzanow.pl\/wiejskitrek\/wp-content\/uploads\/2022\/11\/DSC_0009-scaled.jpg'><img loading=\"lazy\" decoding=\"async\" width=\"150\" height=\"150\" src=\"https:\/\/www.mbp.chrzanow.pl\/wiejskitrek\/wp-content\/uploads\/2022\/11\/DSC_0009-150x150.jpg\" class=\"attachment-thumbnail size-thumbnail\" alt=\"\" \/><\/a>\n\t\t\t<\/dt><\/dl><dl class='gallery-item'>\n\t\t\t<dt class='gallery-icon portrait'>\n\t\t\t\t<a data-elementor-open-lightbox=\"yes\" data-elementor-lightbox-slideshow=\"c583ec4\" data-elementor-lightbox-title=\"DSC_0011\" data-e-action-hash=\"#elementor-action%3Aaction%3Dlightbox%26settings%3DeyJpZCI6NDgyLCJ1cmwiOiJodHRwczpcL1wvd3d3Lm1icC5jaHJ6YW5vdy5wbFwvd2llanNraXRyZWtcL3dwLWNvbnRlbnRcL3VwbG9hZHNcLzIwMjJcLzExXC9EU0NfMDAxMS1zY2FsZWQuanBnIiwic2xpZGVzaG93IjoiYzU4M2VjNCJ9\" href='https:\/\/www.mbp.chrzanow.pl\/wiejskitrek\/wp-content\/uploads\/2022\/11\/DSC_0011-scaled.jpg'><img loading=\"lazy\" decoding=\"async\" width=\"150\" height=\"150\" src=\"https:\/\/www.mbp.chrzanow.pl\/wiejskitrek\/wp-content\/uploads\/2022\/11\/DSC_0011-150x150.jpg\" class=\"attachment-thumbnail size-thumbnail\" alt=\"\" \/><\/a>\n\t\t\t<\/dt><\/dl><dl class='gallery-item'>\n\t\t\t<dt class='gallery-icon portrait'>\n\t\t\t\t<a data-elementor-open-lightbox=\"yes\" data-elementor-lightbox-slideshow=\"c583ec4\" data-elementor-lightbox-title=\"DSC_0012\" data-e-action-hash=\"#elementor-action%3Aaction%3Dlightbox%26settings%3DeyJpZCI6NDgzLCJ1cmwiOiJodHRwczpcL1wvd3d3Lm1icC5jaHJ6YW5vdy5wbFwvd2llanNraXRyZWtcL3dwLWNvbnRlbnRcL3VwbG9hZHNcLzIwMjJcLzExXC9EU0NfMDAxMi1zY2FsZWQuanBnIiwic2xpZGVzaG93IjoiYzU4M2VjNCJ9\" href='https:\/\/www.mbp.chrzanow.pl\/wiejskitrek\/wp-content\/uploads\/2022\/11\/DSC_0012-scaled.jpg'><img loading=\"lazy\" decoding=\"async\" width=\"150\" height=\"150\" src=\"https:\/\/www.mbp.chrzanow.pl\/wiejskitrek\/wp-content\/uploads\/2022\/11\/DSC_0012-150x150.jpg\" class=\"attachment-thumbnail size-thumbnail\" alt=\"\" \/><\/a>\n\t\t\t<\/dt><\/dl><dl class='gallery-item'>\n\t\t\t<dt class='gallery-icon landscape'>\n\t\t\t\t<a data-elementor-open-lightbox=\"yes\" data-elementor-lightbox-slideshow=\"c583ec4\" data-elementor-lightbox-title=\"DSC_0014\" data-e-action-hash=\"#elementor-action%3Aaction%3Dlightbox%26settings%3DeyJpZCI6NDg0LCJ1cmwiOiJodHRwczpcL1wvd3d3Lm1icC5jaHJ6YW5vdy5wbFwvd2llanNraXRyZWtcL3dwLWNvbnRlbnRcL3VwbG9hZHNcLzIwMjJcLzExXC9EU0NfMDAxNC1zY2FsZWQuanBnIiwic2xpZGVzaG93IjoiYzU4M2VjNCJ9\" href='https:\/\/www.mbp.chrzanow.pl\/wiejskitrek\/wp-content\/uploads\/2022\/11\/DSC_0014-scaled.jpg'><img loading=\"lazy\" decoding=\"async\" width=\"150\" height=\"150\" src=\"https:\/\/www.mbp.chrzanow.pl\/wiejskitrek\/wp-content\/uploads\/2022\/11\/DSC_0014-150x150.jpg\" class=\"attachment-thumbnail size-thumbnail\" alt=\"\" \/><\/a>\n\t\t\t<\/dt><\/dl><br style=\"clear: both\" \/><dl class='gallery-item'>\n\t\t\t<dt class='gallery-icon portrait'>\n\t\t\t\t<a data-elementor-open-lightbox=\"yes\" data-elementor-lightbox-slideshow=\"c583ec4\" data-elementor-lightbox-title=\"IMG_20220916_103606296\" data-e-action-hash=\"#elementor-action%3Aaction%3Dlightbox%26settings%3DeyJpZCI6ODAxLCJ1cmwiOiJodHRwczpcL1wvd3d3Lm1icC5jaHJ6YW5vdy5wbFwvd2llanNraXRyZWtcL3dwLWNvbnRlbnRcL3VwbG9hZHNcLzIwMjNcLzAxXC9JTUdfMjAyMjA5MTZfMTAzNjA2Mjk2LXNjYWxlZC5qcGciLCJzbGlkZXNob3ciOiJjNTgzZWM0In0%3D\" href='https:\/\/www.mbp.chrzanow.pl\/wiejskitrek\/wp-content\/uploads\/2023\/01\/IMG_20220916_103606296-scaled.jpg'><img loading=\"lazy\" decoding=\"async\" width=\"150\" height=\"150\" src=\"https:\/\/www.mbp.chrzanow.pl\/wiejskitrek\/wp-content\/uploads\/2023\/01\/IMG_20220916_103606296-150x150.jpg\" class=\"attachment-thumbnail size-thumbnail\" alt=\"\" \/><\/a>\n\t\t\t<\/dt><\/dl><dl class='gallery-item'>\n\t\t\t<dt class='gallery-icon landscape'>\n\t\t\t\t<a data-elementor-open-lightbox=\"yes\" data-elementor-lightbox-slideshow=\"c583ec4\" data-elementor-lightbox-title=\"DSC_0016\" data-e-action-hash=\"#elementor-action%3Aaction%3Dlightbox%26settings%3DeyJpZCI6NDg1LCJ1cmwiOiJodHRwczpcL1wvd3d3Lm1icC5jaHJ6YW5vdy5wbFwvd2llanNraXRyZWtcL3dwLWNvbnRlbnRcL3VwbG9hZHNcLzIwMjJcLzExXC9EU0NfMDAxNi1zY2FsZWQuanBnIiwic2xpZGVzaG93IjoiYzU4M2VjNCJ9\" href='https:\/\/www.mbp.chrzanow.pl\/wiejskitrek\/wp-content\/uploads\/2022\/11\/DSC_0016-scaled.jpg'><img loading=\"lazy\" decoding=\"async\" width=\"150\" height=\"150\" src=\"https:\/\/www.mbp.chrzanow.pl\/wiejskitrek\/wp-content\/uploads\/2022\/11\/DSC_0016-150x150.jpg\" class=\"attachment-thumbnail size-thumbnail\" alt=\"\" \/><\/a>\n\t\t\t<\/dt><\/dl><dl class='gallery-item'>\n\t\t\t<dt class='gallery-icon portrait'>\n\t\t\t\t<a data-elementor-open-lightbox=\"yes\" data-elementor-lightbox-slideshow=\"c583ec4\" data-elementor-lightbox-title=\"DSC_0019\" data-e-action-hash=\"#elementor-action%3Aaction%3Dlightbox%26settings%3DeyJpZCI6NDg2LCJ1cmwiOiJodHRwczpcL1wvd3d3Lm1icC5jaHJ6YW5vdy5wbFwvd2llanNraXRyZWtcL3dwLWNvbnRlbnRcL3VwbG9hZHNcLzIwMjJcLzExXC9EU0NfMDAxOS1zY2FsZWQuanBnIiwic2xpZGVzaG93IjoiYzU4M2VjNCJ9\" href='https:\/\/www.mbp.chrzanow.pl\/wiejskitrek\/wp-content\/uploads\/2022\/11\/DSC_0019-scaled.jpg'><img loading=\"lazy\" decoding=\"async\" width=\"150\" height=\"150\" src=\"https:\/\/www.mbp.chrzanow.pl\/wiejskitrek\/wp-content\/uploads\/2022\/11\/DSC_0019-150x150.jpg\" class=\"attachment-thumbnail size-thumbnail\" alt=\"\" \/><\/a>\n\t\t\t<\/dt><\/dl><dl class='gallery-item'>\n\t\t\t<dt class='gallery-icon portrait'>\n\t\t\t\t<a data-elementor-open-lightbox=\"yes\" data-elementor-lightbox-slideshow=\"c583ec4\" data-elementor-lightbox-title=\"DSC_0020\" data-e-action-hash=\"#elementor-action%3Aaction%3Dlightbox%26settings%3DeyJpZCI6NDg3LCJ1cmwiOiJodHRwczpcL1wvd3d3Lm1icC5jaHJ6YW5vdy5wbFwvd2llanNraXRyZWtcL3dwLWNvbnRlbnRcL3VwbG9hZHNcLzIwMjJcLzExXC9EU0NfMDAyMC1zY2FsZWQuanBnIiwic2xpZGVzaG93IjoiYzU4M2VjNCJ9\" href='https:\/\/www.mbp.chrzanow.pl\/wiejskitrek\/wp-content\/uploads\/2022\/11\/DSC_0020-scaled.jpg'><img loading=\"lazy\" decoding=\"async\" width=\"150\" height=\"150\" src=\"https:\/\/www.mbp.chrzanow.pl\/wiejskitrek\/wp-content\/uploads\/2022\/11\/DSC_0020-150x150.jpg\" class=\"attachment-thumbnail size-thumbnail\" alt=\"\" \/><\/a>\n\t\t\t<\/dt><\/dl><br style=\"clear: both\" \/><dl class='gallery-item'>\n\t\t\t<dt class='gallery-icon portrait'>\n\t\t\t\t<a data-elementor-open-lightbox=\"yes\" data-elementor-lightbox-slideshow=\"c583ec4\" data-elementor-lightbox-title=\"DSC_0021\" data-e-action-hash=\"#elementor-action%3Aaction%3Dlightbox%26settings%3DeyJpZCI6NDg4LCJ1cmwiOiJodHRwczpcL1wvd3d3Lm1icC5jaHJ6YW5vdy5wbFwvd2llanNraXRyZWtcL3dwLWNvbnRlbnRcL3VwbG9hZHNcLzIwMjJcLzExXC9EU0NfMDAyMS1zY2FsZWQuanBnIiwic2xpZGVzaG93IjoiYzU4M2VjNCJ9\" href='https:\/\/www.mbp.chrzanow.pl\/wiejskitrek\/wp-content\/uploads\/2022\/11\/DSC_0021-scaled.jpg'><img loading=\"lazy\" decoding=\"async\" width=\"150\" height=\"150\" src=\"https:\/\/www.mbp.chrzanow.pl\/wiejskitrek\/wp-content\/uploads\/2022\/11\/DSC_0021-150x150.jpg\" class=\"attachment-thumbnail size-thumbnail\" alt=\"\" \/><\/a>\n\t\t\t<\/dt><\/dl><dl class='gallery-item'>\n\t\t\t<dt class='gallery-icon portrait'>\n\t\t\t\t<a data-elementor-open-lightbox=\"yes\" data-elementor-lightbox-slideshow=\"c583ec4\" data-elementor-lightbox-title=\"DSC_0022\" data-e-action-hash=\"#elementor-action%3Aaction%3Dlightbox%26settings%3DeyJpZCI6NDg5LCJ1cmwiOiJodHRwczpcL1wvd3d3Lm1icC5jaHJ6YW5vdy5wbFwvd2llanNraXRyZWtcL3dwLWNvbnRlbnRcL3VwbG9hZHNcLzIwMjJcLzExXC9EU0NfMDAyMi1zY2FsZWQuanBnIiwic2xpZGVzaG93IjoiYzU4M2VjNCJ9\" href='https:\/\/www.mbp.chrzanow.pl\/wiejskitrek\/wp-content\/uploads\/2022\/11\/DSC_0022-scaled.jpg'><img loading=\"lazy\" decoding=\"async\" width=\"150\" height=\"150\" src=\"https:\/\/www.mbp.chrzanow.pl\/wiejskitrek\/wp-content\/uploads\/2022\/11\/DSC_0022-150x150.jpg\" class=\"attachment-thumbnail size-thumbnail\" alt=\"\" \/><\/a>\n\t\t\t<\/dt><\/dl><dl class='gallery-item'>\n\t\t\t<dt class='gallery-icon portrait'>\n\t\t\t\t<a data-elementor-open-lightbox=\"yes\" data-elementor-lightbox-slideshow=\"c583ec4\" data-elementor-lightbox-title=\"DSC_0023\" data-e-action-hash=\"#elementor-action%3Aaction%3Dlightbox%26settings%3DeyJpZCI6NDkwLCJ1cmwiOiJodHRwczpcL1wvd3d3Lm1icC5jaHJ6YW5vdy5wbFwvd2llanNraXRyZWtcL3dwLWNvbnRlbnRcL3VwbG9hZHNcLzIwMjJcLzExXC9EU0NfMDAyMy1zY2FsZWQuanBnIiwic2xpZGVzaG93IjoiYzU4M2VjNCJ9\" href='https:\/\/www.mbp.chrzanow.pl\/wiejskitrek\/wp-content\/uploads\/2022\/11\/DSC_0023-scaled.jpg'><img loading=\"lazy\" decoding=\"async\" width=\"150\" height=\"150\" src=\"https:\/\/www.mbp.chrzanow.pl\/wiejskitrek\/wp-content\/uploads\/2022\/11\/DSC_0023-150x150.jpg\" class=\"attachment-thumbnail size-thumbnail\" alt=\"\" \/><\/a>\n\t\t\t<\/dt><\/dl><dl class='gallery-item'>\n\t\t\t<dt class='gallery-icon portrait'>\n\t\t\t\t<a data-elementor-open-lightbox=\"yes\" data-elementor-lightbox-slideshow=\"c583ec4\" data-elementor-lightbox-title=\"DSC_0024\" data-e-action-hash=\"#elementor-action%3Aaction%3Dlightbox%26settings%3DeyJpZCI6NDkxLCJ1cmwiOiJodHRwczpcL1wvd3d3Lm1icC5jaHJ6YW5vdy5wbFwvd2llanNraXRyZWtcL3dwLWNvbnRlbnRcL3VwbG9hZHNcLzIwMjJcLzExXC9EU0NfMDAyNC1zY2FsZWQuanBnIiwic2xpZGVzaG93IjoiYzU4M2VjNCJ9\" href='https:\/\/www.mbp.chrzanow.pl\/wiejskitrek\/wp-content\/uploads\/2022\/11\/DSC_0024-scaled.jpg'><img loading=\"lazy\" decoding=\"async\" width=\"150\" height=\"150\" src=\"https:\/\/www.mbp.chrzanow.pl\/wiejskitrek\/wp-content\/uploads\/2022\/11\/DSC_0024-150x150.jpg\" class=\"attachment-thumbnail size-thumbnail\" alt=\"\" \/><\/a>\n\t\t\t<\/dt><\/dl><br style=\"clear: both\" \/><dl class='gallery-item'>\n\t\t\t<dt class='gallery-icon portrait'>\n\t\t\t\t<a data-elementor-open-lightbox=\"yes\" data-elementor-lightbox-slideshow=\"c583ec4\" data-elementor-lightbox-title=\"DSC_0025\" data-e-action-hash=\"#elementor-action%3Aaction%3Dlightbox%26settings%3DeyJpZCI6NDkyLCJ1cmwiOiJodHRwczpcL1wvd3d3Lm1icC5jaHJ6YW5vdy5wbFwvd2llanNraXRyZWtcL3dwLWNvbnRlbnRcL3VwbG9hZHNcLzIwMjJcLzExXC9EU0NfMDAyNS1zY2FsZWQuanBnIiwic2xpZGVzaG93IjoiYzU4M2VjNCJ9\" href='https:\/\/www.mbp.chrzanow.pl\/wiejskitrek\/wp-content\/uploads\/2022\/11\/DSC_0025-scaled.jpg'><img loading=\"lazy\" decoding=\"async\" width=\"150\" height=\"150\" src=\"https:\/\/www.mbp.chrzanow.pl\/wiejskitrek\/wp-content\/uploads\/2022\/11\/DSC_0025-150x150.jpg\" class=\"attachment-thumbnail size-thumbnail\" alt=\"\" \/><\/a>\n\t\t\t<\/dt><\/dl><dl class='gallery-item'>\n\t\t\t<dt class='gallery-icon portrait'>\n\t\t\t\t<a data-elementor-open-lightbox=\"yes\" data-elementor-lightbox-slideshow=\"c583ec4\" data-elementor-lightbox-title=\"DSC_0026\" data-e-action-hash=\"#elementor-action%3Aaction%3Dlightbox%26settings%3DeyJpZCI6NDkzLCJ1cmwiOiJodHRwczpcL1wvd3d3Lm1icC5jaHJ6YW5vdy5wbFwvd2llanNraXRyZWtcL3dwLWNvbnRlbnRcL3VwbG9hZHNcLzIwMjJcLzExXC9EU0NfMDAyNi1zY2FsZWQuanBnIiwic2xpZGVzaG93IjoiYzU4M2VjNCJ9\" href='https:\/\/www.mbp.chrzanow.pl\/wiejskitrek\/wp-content\/uploads\/2022\/11\/DSC_0026-scaled.jpg'><img loading=\"lazy\" decoding=\"async\" width=\"150\" height=\"150\" src=\"https:\/\/www.mbp.chrzanow.pl\/wiejskitrek\/wp-content\/uploads\/2022\/11\/DSC_0026-150x150.jpg\" class=\"attachment-thumbnail size-thumbnail\" alt=\"\" \/><\/a>\n\t\t\t<\/dt><\/dl><dl class='gallery-item'>\n\t\t\t<dt class='gallery-icon portrait'>\n\t\t\t\t<a data-elementor-open-lightbox=\"yes\" data-elementor-lightbox-slideshow=\"c583ec4\" data-elementor-lightbox-title=\"DSC_0027\" data-e-action-hash=\"#elementor-action%3Aaction%3Dlightbox%26settings%3DeyJpZCI6NDk0LCJ1cmwiOiJodHRwczpcL1wvd3d3Lm1icC5jaHJ6YW5vdy5wbFwvd2llanNraXRyZWtcL3dwLWNvbnRlbnRcL3VwbG9hZHNcLzIwMjJcLzExXC9EU0NfMDAyNy1zY2FsZWQuanBnIiwic2xpZGVzaG93IjoiYzU4M2VjNCJ9\" href='https:\/\/www.mbp.chrzanow.pl\/wiejskitrek\/wp-content\/uploads\/2022\/11\/DSC_0027-scaled.jpg'><img loading=\"lazy\" decoding=\"async\" width=\"150\" height=\"150\" src=\"https:\/\/www.mbp.chrzanow.pl\/wiejskitrek\/wp-content\/uploads\/2022\/11\/DSC_0027-150x150.jpg\" class=\"attachment-thumbnail size-thumbnail\" alt=\"\" \/><\/a>\n\t\t\t<\/dt><\/dl><dl class='gallery-item'>\n\t\t\t<dt class='gallery-icon portrait'>\n\t\t\t\t<a data-elementor-open-lightbox=\"yes\" data-elementor-lightbox-slideshow=\"c583ec4\" data-elementor-lightbox-title=\"DSC_0028\" data-e-action-hash=\"#elementor-action%3Aaction%3Dlightbox%26settings%3DeyJpZCI6NDk1LCJ1cmwiOiJodHRwczpcL1wvd3d3Lm1icC5jaHJ6YW5vdy5wbFwvd2llanNraXRyZWtcL3dwLWNvbnRlbnRcL3VwbG9hZHNcLzIwMjJcLzExXC9EU0NfMDAyOC1zY2FsZWQuanBnIiwic2xpZGVzaG93IjoiYzU4M2VjNCJ9\" href='https:\/\/www.mbp.chrzanow.pl\/wiejskitrek\/wp-content\/uploads\/2022\/11\/DSC_0028-scaled.jpg'><img loading=\"lazy\" decoding=\"async\" width=\"150\" height=\"150\" src=\"https:\/\/www.mbp.chrzanow.pl\/wiejskitrek\/wp-content\/uploads\/2022\/11\/DSC_0028-150x150.jpg\" class=\"attachment-thumbnail size-thumbnail\" alt=\"\" \/><\/a>\n\t\t\t<\/dt><\/dl><br style=\"clear: both\" \/><dl class='gallery-item'>\n\t\t\t<dt class='gallery-icon portrait'>\n\t\t\t\t<a data-elementor-open-lightbox=\"yes\" data-elementor-lightbox-slideshow=\"c583ec4\" data-elementor-lightbox-title=\"DSC_0029\" data-e-action-hash=\"#elementor-action%3Aaction%3Dlightbox%26settings%3DeyJpZCI6NDk2LCJ1cmwiOiJodHRwczpcL1wvd3d3Lm1icC5jaHJ6YW5vdy5wbFwvd2llanNraXRyZWtcL3dwLWNvbnRlbnRcL3VwbG9hZHNcLzIwMjJcLzExXC9EU0NfMDAyOS1zY2FsZWQuanBnIiwic2xpZGVzaG93IjoiYzU4M2VjNCJ9\" href='https:\/\/www.mbp.chrzanow.pl\/wiejskitrek\/wp-content\/uploads\/2022\/11\/DSC_0029-scaled.jpg'><img loading=\"lazy\" decoding=\"async\" width=\"150\" height=\"150\" src=\"https:\/\/www.mbp.chrzanow.pl\/wiejskitrek\/wp-content\/uploads\/2022\/11\/DSC_0029-150x150.jpg\" class=\"attachment-thumbnail size-thumbnail\" alt=\"\" \/><\/a>\n\t\t\t<\/dt><\/dl><dl class='gallery-item'>\n\t\t\t<dt class='gallery-icon portrait'>\n\t\t\t\t<a data-elementor-open-lightbox=\"yes\" data-elementor-lightbox-slideshow=\"c583ec4\" data-elementor-lightbox-title=\"DSC_0030\" data-e-action-hash=\"#elementor-action%3Aaction%3Dlightbox%26settings%3DeyJpZCI6NDk3LCJ1cmwiOiJodHRwczpcL1wvd3d3Lm1icC5jaHJ6YW5vdy5wbFwvd2llanNraXRyZWtcL3dwLWNvbnRlbnRcL3VwbG9hZHNcLzIwMjJcLzExXC9EU0NfMDAzMC1zY2FsZWQuanBnIiwic2xpZGVzaG93IjoiYzU4M2VjNCJ9\" href='https:\/\/www.mbp.chrzanow.pl\/wiejskitrek\/wp-content\/uploads\/2022\/11\/DSC_0030-scaled.jpg'><img loading=\"lazy\" decoding=\"async\" width=\"150\" height=\"150\" src=\"https:\/\/www.mbp.chrzanow.pl\/wiejskitrek\/wp-content\/uploads\/2022\/11\/DSC_0030-150x150.jpg\" class=\"attachment-thumbnail size-thumbnail\" alt=\"\" \/><\/a>\n\t\t\t<\/dt><\/dl><dl class='gallery-item'>\n\t\t\t<dt class='gallery-icon portrait'>\n\t\t\t\t<a data-elementor-open-lightbox=\"yes\" data-elementor-lightbox-slideshow=\"c583ec4\" data-elementor-lightbox-title=\"DSC_0031\" data-e-action-hash=\"#elementor-action%3Aaction%3Dlightbox%26settings%3DeyJpZCI6NDk4LCJ1cmwiOiJodHRwczpcL1wvd3d3Lm1icC5jaHJ6YW5vdy5wbFwvd2llanNraXRyZWtcL3dwLWNvbnRlbnRcL3VwbG9hZHNcLzIwMjJcLzExXC9EU0NfMDAzMS1zY2FsZWQuanBnIiwic2xpZGVzaG93IjoiYzU4M2VjNCJ9\" href='https:\/\/www.mbp.chrzanow.pl\/wiejskitrek\/wp-content\/uploads\/2022\/11\/DSC_0031-scaled.jpg'><img loading=\"lazy\" decoding=\"async\" width=\"150\" height=\"150\" src=\"https:\/\/www.mbp.chrzanow.pl\/wiejskitrek\/wp-content\/uploads\/2022\/11\/DSC_0031-150x150.jpg\" class=\"attachment-thumbnail size-thumbnail\" alt=\"\" \/><\/a>\n\t\t\t<\/dt><\/dl>\n\t\t\t<br style='clear: both' \/>\n\t\t<\/div>\n\t\t<\/div>\n\t\t\t\t\t\t<\/div>\n\t\t\t\t<\/div>\n\t\t\t\t\t<\/div>\n\t\t<\/div>\n\t\t\t\t\t<\/div>\n\t\t<\/section>\n\t\t\t\t<div class=\"elementor-element elementor-element-e6d9365 elementor-widget elementor-widget-image\" data-id=\"e6d9365\" data-element_type=\"widget\" data-e-type=\"widget\" data-widget_type=\"image.default\">\n\t\t\t\t<div class=\"elementor-widget-container\">\n\t\t\t\t\t\t\t\t\t\t\t\t\t\t\t<img loading=\"lazy\" decoding=\"async\" width=\"300\" height=\"84\" src=\"https:\/\/www.mbp.chrzanow.pl\/wiejskitrek\/wp-content\/uploads\/2022\/11\/01_znak_podstawowy_kolor_biale_tlo-1-300x84.png\" class=\"attachment-medium size-medium wp-image-696\" alt=\"\" srcset=\"https:\/\/www.mbp.chrzanow.pl\/wiejskitrek\/wp-content\/uploads\/2022\/11\/01_znak_podstawowy_kolor_biale_tlo-1-300x84.png 300w, https:\/\/www.mbp.chrzanow.pl\/wiejskitrek\/wp-content\/uploads\/2022\/11\/01_znak_podstawowy_kolor_biale_tlo-1-1024x288.png 1024w, https:\/\/www.mbp.chrzanow.pl\/wiejskitrek\/wp-content\/uploads\/2022\/11\/01_znak_podstawowy_kolor_biale_tlo-1-768x216.png 768w, https:\/\/www.mbp.chrzanow.pl\/wiejskitrek\/wp-content\/uploads\/2022\/11\/01_znak_podstawowy_kolor_biale_tlo-1.png 1536w\" sizes=\"(max-width: 300px) 100vw, 300px\" \/>\t\t\t\t\t\t\t\t\t\t\t\t\t\t\t<\/div>\n\t\t\t\t<\/div>\n\t\t\t\t<div class=\"elementor-element elementor-element-de6be84 elementor-widget elementor-widget-text-editor\" data-id=\"de6be84\" data-element_type=\"widget\" data-e-type=\"widget\" data-widget_type=\"text-editor.default\">\n\t\t\t\t<div class=\"elementor-widget-container\">\n\t\t\t\t\t\t\t\t\t<p><b><span style=\"font-size: 12.0pt; line-height: 107%; font-family: 'Times New Roman',serif; mso-fareast-font-family: Calibri; mso-fareast-theme-font: minor-latin; mso-ansi-language: PL; mso-fareast-language: EN-US; mso-bidi-language: AR-SA;\">Dofinansowano ze \u015brodk\u00f3w Ministra Kultury i Dziedzictwa Narodowego pochodz\u0105cych z Funduszu Promocji Kultury \u2013 pa\u0144stwowego funduszu celowego<\/span><\/b><\/p>\t\t\t\t\t\t\t\t<\/div>\n\t\t\t\t<\/div>\n\t\t\t\t\t<\/div>\n\t\t<\/div>\n\t\t\t\t\t<\/div>\n\t\t<\/section>\n\t\t\t\t<\/div>\n\t\t","protected":false},"excerpt":{"rendered":"<p>EDUKACJA Blok z wydarzeniami po\u015bwi\u0119conymi nauce, w ramach kt\u00f3rego zorganizowali\u015bmy cykl wyk\u0142ad\u00f3w dla m\u0142odzie\u017cy szkolnej pod has\u0142em &#8222;Wie\u015b w literaturze polskiej&#8221; oraz warsztaty fotograficzne #villagestyle zako\u0144czone wystaw\u0105 fotografii uczestnik\u00f3w kursu, kt\u00f3ra mia\u0142a miejsce w Bibliotece G\u0142\u00f3wnej w Chrzanowie. Wyk\u0142ady &#8222;Wie\u015b w literaturze i kulturze&#8221; Wyk\u0142ady, kt\u00f3re przygotowa\u0142a i prowadzi\u0142a Wies\u0142awa [&hellip;]<\/p>\n","protected":false},"author":4,"featured_media":0,"parent":0,"menu_order":0,"comment_status":"closed","ping_status":"closed","template":"page-templates\/template-pagebuilder-full-width.php","meta":{"footnotes":""},"class_list":["post-65","page","type-page","status-publish","hentry"],"_links":{"self":[{"href":"https:\/\/www.mbp.chrzanow.pl\/wiejskitrek\/index.php\/wp-json\/wp\/v2\/pages\/65","targetHints":{"allow":["GET"]}}],"collection":[{"href":"https:\/\/www.mbp.chrzanow.pl\/wiejskitrek\/index.php\/wp-json\/wp\/v2\/pages"}],"about":[{"href":"https:\/\/www.mbp.chrzanow.pl\/wiejskitrek\/index.php\/wp-json\/wp\/v2\/types\/page"}],"author":[{"embeddable":true,"href":"https:\/\/www.mbp.chrzanow.pl\/wiejskitrek\/index.php\/wp-json\/wp\/v2\/users\/4"}],"replies":[{"embeddable":true,"href":"https:\/\/www.mbp.chrzanow.pl\/wiejskitrek\/index.php\/wp-json\/wp\/v2\/comments?post=65"}],"version-history":[{"count":31,"href":"https:\/\/www.mbp.chrzanow.pl\/wiejskitrek\/index.php\/wp-json\/wp\/v2\/pages\/65\/revisions"}],"predecessor-version":[{"id":804,"href":"https:\/\/www.mbp.chrzanow.pl\/wiejskitrek\/index.php\/wp-json\/wp\/v2\/pages\/65\/revisions\/804"}],"wp:attachment":[{"href":"https:\/\/www.mbp.chrzanow.pl\/wiejskitrek\/index.php\/wp-json\/wp\/v2\/media?parent=65"}],"curies":[{"name":"wp","href":"https:\/\/api.w.org\/{rel}","templated":true}]}}